{"id":383,"date":"2019-12-03T12:47:54","date_gmt":"2019-12-03T12:47:54","guid":{"rendered":"http:\/\/baselarea.sukoa.link\/?page_id=383"},"modified":"2024-08-27T11:44:30","modified_gmt":"2024-08-27T09:44:30","slug":"team","status":"publish","type":"page","link":"https:\/\/basel.upthere.studio\/?page_id=383","title":{"rendered":"Team"},"content":{"rendered":"[vc_row type=&#8221;full_width_background&#8221; full_screen_row_position=&#8221;middle&#8221; column_margin=&#8221;default&#8221; equal_height=&#8221;yes&#8221; content_placement=&#8221;middle&#8221; column_direction=&#8221;default&#8221; column_direction_tablet=&#8221;default&#8221; column_direction_phone=&#8221;default&#8221; bg_image=&#8221;306&#8243; bg_position=&#8221;center center&#8221; background_image_loading=&#8221;lazy-load&#8221; bg_repeat=&#8221;no-repeat&#8221; scene_position=&#8221;center&#8221; text_color=&#8221;dark&#8221; text_align=&#8221;left&#8221; row_border_radius=&#8221;none&#8221; row_border_radius_applies=&#8221;bg&#8221; overflow=&#8221;visible&#8221; class=&#8221;heroimage&#8221; overlay_strength=&#8221;0.3&#8243; gradient_direction=&#8221;left_to_right&#8221; shape_divider_position=&#8221;bottom&#8221; bg_image_animation=&#8221;none&#8221; shape_type=&#8221;&#8221; gradient_type=&#8221;default&#8221;][vc_column column_padding=&#8221;no-extra-padding&#8221; column_padding_tablet=&#8221;inherit&#8221; column_padding_phone=&#8221;inherit&#8221; column_padding_position=&#8221;top-bottom&#8221; column_element_direction_desktop=&#8221;default&#8221; column_element_spacing=&#8221;default&#8221; desktop_text_alignment=&#8221;default&#8221; tablet_text_alignment=&#8221;default&#8221; phone_text_alignment=&#8221;default&#8221; background_color_opacity=&#8221;1&#8243; background_hover_color_opacity=&#8221;1&#8243; column_backdrop_filter=&#8221;none&#8221; column_shadow=&#8221;none&#8221; column_border_radius=&#8221;none&#8221; column_link_target=&#8221;_self&#8221; column_position=&#8221;default&#8221; gradient_direction=&#8221;left_to_right&#8221; overlay_strength=&#8221;0.3&#8243; width=&#8221;1\/1&#8243; tablet_width_inherit=&#8221;default&#8221; animation_type=&#8221;default&#8221; bg_image_animation=&#8221;none&#8221; border_type=&#8221;simple&#8221; column_border_width=&#8221;none&#8221; column_border_style=&#8221;solid&#8221;][vc_row_inner column_margin=&#8221;default&#8221; column_direction=&#8221;default&#8221; column_direction_tablet=&#8221;default&#8221; column_direction_phone=&#8221;default&#8221; text_align=&#8221;center&#8221; row_position=&#8221;default&#8221; row_position_tablet=&#8221;inherit&#8221; row_position_phone=&#8221;inherit&#8221; overflow=&#8221;visible&#8221; pointer_events=&#8221;all&#8221; el_id=&#8221;hero-content-box&#8221;][vc_column_inner column_padding=&#8221;no-extra-padding&#8221; column_padding_tablet=&#8221;inherit&#8221; column_padding_phone=&#8221;inherit&#8221; column_padding_position=&#8221;all&#8221; column_element_direction_desktop=&#8221;default&#8221; column_element_spacing=&#8221;default&#8221; desktop_text_alignment=&#8221;default&#8221; tablet_text_alignment=&#8221;default&#8221; phone_text_alignment=&#8221;default&#8221; background_color_opacity=&#8221;1&#8243; background_hover_color_opacity=&#8221;1&#8243; column_backdrop_filter=&#8221;none&#8221; column_shadow=&#8221;none&#8221; column_border_radius=&#8221;none&#8221; column_link_target=&#8221;_self&#8221; overflow=&#8221;visible&#8221; gradient_direction=&#8221;left_to_right&#8221; overlay_strength=&#8221;0.3&#8243; width=&#8221;1\/4&#8243; tablet_width_inherit=&#8221;default&#8221; animation_type=&#8221;default&#8221; bg_image_animation=&#8221;none&#8221; border_type=&#8221;simple&#8221; column_border_width=&#8221;none&#8221; column_border_style=&#8221;solid&#8221;][\/vc_column_inner][vc_column_inner column_padding=&#8221;padding-4-percent&#8221; column_padding_tablet=&#8221;inherit&#8221; column_padding_phone=&#8221;inherit&#8221; column_padding_position=&#8221;all&#8221; column_element_direction_desktop=&#8221;default&#8221; column_element_spacing=&#8221;default&#8221; desktop_text_alignment=&#8221;default&#8221; tablet_text_alignment=&#8221;default&#8221; phone_text_alignment=&#8221;default&#8221; background_color=&#8221;#000000&#8243; background_color_opacity=&#8221;0.7&#8243; background_hover_color_opacity=&#8221;1&#8243; column_backdrop_filter=&#8221;none&#8221; column_shadow=&#8221;none&#8221; column_border_radius=&#8221;none&#8221; column_link_target=&#8221;_self&#8221; overflow=&#8221;visible&#8221; gradient_direction=&#8221;left_to_right&#8221; overlay_strength=&#8221;0.3&#8243; width=&#8221;1\/2&#8243; tablet_width_inherit=&#8221;default&#8221; animation_type=&#8221;default&#8221; bg_image_animation=&#8221;none&#8221; border_type=&#8221;simple&#8221; column_border_width=&#8221;none&#8221; column_border_style=&#8221;solid&#8221;][vc_column_text]\n<h1 style=\"text-align: center;\"><span style=\"color: #ffffff;\">Meet our team<\/span><\/h1>\n[\/vc_column_text][\/vc_column_inner][vc_column_inner column_padding=&#8221;no-extra-padding&#8221; column_padding_tablet=&#8221;inherit&#8221; column_padding_phone=&#8221;inherit&#8221; column_padding_position=&#8221;all&#8221; column_element_direction_desktop=&#8221;default&#8221; column_element_spacing=&#8221;default&#8221; desktop_text_alignment=&#8221;default&#8221; tablet_text_alignment=&#8221;default&#8221; phone_text_alignment=&#8221;default&#8221; background_color_opacity=&#8221;1&#8243; background_hover_color_opacity=&#8221;1&#8243; column_backdrop_filter=&#8221;none&#8221; column_shadow=&#8221;none&#8221; column_border_radius=&#8221;none&#8221; column_link_target=&#8221;_self&#8221; overflow=&#8221;visible&#8221; gradient_direction=&#8221;left_to_right&#8221; overlay_strength=&#8221;0.3&#8243; width=&#8221;1\/4&#8243; tablet_width_inherit=&#8221;default&#8221; animation_type=&#8221;default&#8221; bg_image_animation=&#8221;none&#8221; border_type=&#8221;simple&#8221; column_border_width=&#8221;none&#8221; column_border_style=&#8221;solid&#8221;][\/vc_column_inner][\/vc_row_inner][\/vc_column][\/vc_row][vc_row type=&#8221;in_container&#8221; full_screen_row_position=&#8221;middle&#8221; column_margin=&#8221;default&#8221; column_direction=&#8221;default&#8221; column_direction_tablet=&#8221;default&#8221; column_direction_phone=&#8221;default&#8221; scene_position=&#8221;center&#8221; top_padding=&#8221;4%&#8221; bottom_padding=&#8221;4%&#8221; text_color=&#8221;dark&#8221; text_align=&#8221;left&#8221; row_border_radius=&#8221;none&#8221; row_border_radius_applies=&#8221;bg&#8221; overflow=&#8221;visible&#8221; overlay_strength=&#8221;0.3&#8243; gradient_direction=&#8221;left_to_right&#8221; shape_divider_position=&#8221;bottom&#8221; bg_image_animation=&#8221;none&#8221; shape_type=&#8221;&#8221;][vc_column column_padding=&#8221;no-extra-padding&#8221; column_padding_tablet=&#8221;inherit&#8221; column_padding_phone=&#8221;inherit&#8221; column_padding_position=&#8221;all&#8221; column_element_direction_desktop=&#8221;default&#8221; column_element_spacing=&#8221;default&#8221; desktop_text_alignment=&#8221;default&#8221; tablet_text_alignment=&#8221;default&#8221; phone_text_alignment=&#8221;default&#8221; background_color_opacity=&#8221;1&#8243; background_hover_color_opacity=&#8221;1&#8243; column_backdrop_filter=&#8221;none&#8221; column_shadow=&#8221;none&#8221; column_border_radius=&#8221;none&#8221; column_link_target=&#8221;_self&#8221; column_position=&#8221;default&#8221; gradient_direction=&#8221;left_to_right&#8221; overlay_strength=&#8221;0.3&#8243; width=&#8221;1\/6&#8243; tablet_width_inherit=&#8221;default&#8221; animation_type=&#8221;default&#8221; bg_image_animation=&#8221;none&#8221; border_type=&#8221;simple&#8221; column_border_width=&#8221;none&#8221; column_border_style=&#8221;solid&#8221;][\/vc_column][vc_column column_padding=&#8221;no-extra-padding&#8221; column_padding_tablet=&#8221;inherit&#8221; column_padding_phone=&#8221;inherit&#8221; column_padding_position=&#8221;all&#8221; column_element_direction_desktop=&#8221;default&#8221; column_element_spacing=&#8221;default&#8221; desktop_text_alignment=&#8221;default&#8221; tablet_text_alignment=&#8221;default&#8221; phone_text_alignment=&#8221;default&#8221; background_color_opacity=&#8221;1&#8243; background_hover_color_opacity=&#8221;1&#8243; column_backdrop_filter=&#8221;none&#8221; column_shadow=&#8221;none&#8221; column_border_radius=&#8221;none&#8221; column_link_target=&#8221;_self&#8221; column_position=&#8221;default&#8221; gradient_direction=&#8221;left_to_right&#8221; overlay_strength=&#8221;0.3&#8243; width=&#8221;2\/3&#8243; tablet_width_inherit=&#8221;default&#8221; animation_type=&#8221;default&#8221; bg_image_animation=&#8221;none&#8221; border_type=&#8221;simple&#8221; column_border_width=&#8221;none&#8221; column_border_style=&#8221;solid&#8221;][vc_column_text]\n<h5 style=\"text-align: center;\">At Basel Area Business &amp; Innovation, our in-house team includes 35+ associates in the Basel Area, as well as representatives in China, Korea, USA, India and Germany. We have a large network of experts across a number of fields including corporate taxes, business launch, funding, loans, real estate, technology, relocation, marketing, human resources, employment law, and more.<\/h5>\n[\/vc_column_text][\/vc_column][vc_column column_padding=&#8221;no-extra-padding&#8221; column_padding_tablet=&#8221;inherit&#8221; column_padding_phone=&#8221;inherit&#8221; column_padding_position=&#8221;all&#8221; column_element_direction_desktop=&#8221;default&#8221; column_element_spacing=&#8221;default&#8221; desktop_text_alignment=&#8221;default&#8221; tablet_text_alignment=&#8221;default&#8221; phone_text_alignment=&#8221;default&#8221; background_color_opacity=&#8221;1&#8243; background_hover_color_opacity=&#8221;1&#8243; column_backdrop_filter=&#8221;none&#8221; column_shadow=&#8221;none&#8221; column_border_radius=&#8221;none&#8221; column_link_target=&#8221;_self&#8221; column_position=&#8221;default&#8221; gradient_direction=&#8221;left_to_right&#8221; overlay_strength=&#8221;0.3&#8243; width=&#8221;1\/6&#8243; tablet_width_inherit=&#8221;default&#8221; animation_type=&#8221;default&#8221; bg_image_animation=&#8221;none&#8221; border_type=&#8221;simple&#8221; column_border_width=&#8221;none&#8221; column_border_style=&#8221;solid&#8221;][\/vc_column][\/vc_row][vc_row type=&#8221;in_container&#8221; full_screen_row_position=&#8221;middle&#8221; column_margin=&#8221;default&#8221; column_direction=&#8221;default&#8221; column_direction_tablet=&#8221;default&#8221; column_direction_phone=&#8221;default&#8221; scene_position=&#8221;center&#8221; text_color=&#8221;dark&#8221; text_align=&#8221;left&#8221; row_border_radius=&#8221;none&#8221; row_border_radius_applies=&#8221;bg&#8221; overflow=&#8221;visible&#8221; overlay_strength=&#8221;0.3&#8243; gradient_direction=&#8221;left_to_right&#8221; shape_divider_position=&#8221;bottom&#8221; bg_image_animation=&#8221;none&#8221;][vc_column column_padding=&#8221;no-extra-padding&#8221; column_padding_tablet=&#8221;inherit&#8221; column_padding_phone=&#8221;inherit&#8221; column_padding_position=&#8221;all&#8221; column_element_direction_desktop=&#8221;default&#8221; column_element_spacing=&#8221;default&#8221; desktop_text_alignment=&#8221;default&#8221; tablet_text_alignment=&#8221;default&#8221; phone_text_alignment=&#8221;default&#8221; background_color_opacity=&#8221;1&#8243; background_hover_color_opacity=&#8221;1&#8243; column_backdrop_filter=&#8221;none&#8221; column_shadow=&#8221;none&#8221; column_border_radius=&#8221;none&#8221; column_link_target=&#8221;_self&#8221; column_position=&#8221;default&#8221; gradient_direction=&#8221;left_to_right&#8221; overlay_strength=&#8221;0.3&#8243; width=&#8221;1\/1&#8243; tablet_width_inherit=&#8221;default&#8221; animation_type=&#8221;default&#8221; bg_image_animation=&#8221;none&#8221; border_type=&#8221;simple&#8221; column_border_width=&#8221;none&#8221; column_border_style=&#8221;solid&#8221;][vc_column_text]\t<div class=\"ex-tplist  column-5 style-19 fct-lightbox\" id =\"extp-7135\">\n\t\t                <div class=\"extp-search \">\n        <form role=\"search\" method=\"get\" id=\"searchform\" class=\"etp-search-form \" action=\"https:\/\/basel.upthere.studio\/\">\n        \t<div class=\"extp-search-group\">\n            \n                        \t                <select name=\"extp_cat\">\n                \t<option value=\"\">All<\/option>\n                  \t<option value=\"board\">Board<\/option><option value=\"management\">Management<\/option><option value=\"innovation-entrepreneurship\">Innovation and Entrepreneurship<\/option><option value=\"international-markets-business-affairs\">International Markets and Business Affairs<\/option><option value=\"marketing-communications\">Marketing and Communications<\/option><option value=\"shared-services\">Shared Services<\/option><option value=\"innovation-space-infrastructure\">Innovation Space and Infrastructure<\/option>                <\/select>\n            \t                      <input type=\"hidden\" name=\"post_type\" value=\"ex_team\" \/>\n              <span class=\"search-btsm\">\n              \t<input type=\"text\" value=\"\" name=\"s\" id=\"s\" placeholder=\"Search\" class=\"form-control\" \/>\n              \t<button type=\"submit\" class=\"tp-search-submit\" ><i class=\"fa fa-search\"><\/i><\/button>\n              <\/span>\n            <\/div>\n        <\/form>\n        <style type=\"text\/css\">\n\t\t\t\n\t\t<\/style>\n        <\/div>\n        \n                <div class=\"ctgrid\">\n\t\t<div class=\"item-grid\" data-id=\"ex_id-extp-7135-865\"> \t\t\t\t\t<div class=\"exp-arrow exlightbox exlb-extp-7135\" \n\t\t\t\t\t href=\"https:\/\/basel.upthere.studio\/\/wp-content\/uploads\/2019\/01\/Team-profile-ChristofKlo\u0308pper.jpg\" data-glightbox=\"descPosition: right;\" data-class=\"exlb-extp-7135\" >\n\t\t\t\t\t\t\t\t\t<div class=\"glightbox-desc\">\n\t\t      <div class=\"exp-lightbox-info\">\n\t<div class=\"lb-image\"><a href=\"https:\/\/basel.upthere.studio\/?ex_team=christof-klopper\"><img fetchpriority=\"high\" decoding=\"async\" width=\"500\" height=\"500\" src=\"https:\/\/basel.upthere.studio\/\/wp-content\/uploads\/2019\/01\/Team-profile-ChristofKlo\u0308pper.jpg\" class=\"attachment-full size-full wp-post-image\" alt=\"\" srcset=\"https:\/\/basel.upthere.studio\/\/wp-content\/uploads\/2019\/01\/Team-profile-ChristofKlo\u0308pper.jpg 500w, https:\/\/basel.upthere.studio\/\/wp-content\/uploads\/2019\/01\/Team-profile-ChristofKlo\u0308pper-300x300.jpg 300w, https:\/\/basel.upthere.studio\/\/wp-content\/uploads\/2019\/01\/Team-profile-ChristofKlo\u0308pper-150x150.jpg 150w, https:\/\/basel.upthere.studio\/\/wp-content\/uploads\/2019\/01\/Team-profile-ChristofKlo\u0308pper-100x100.jpg 100w, https:\/\/basel.upthere.studio\/\/wp-content\/uploads\/2019\/01\/Team-profile-ChristofKlo\u0308pper-140x140.jpg 140w, https:\/\/basel.upthere.studio\/\/wp-content\/uploads\/2019\/01\/Team-profile-ChristofKlo\u0308pper-350x350.jpg 350w\" sizes=\"(max-width: 500px) 100vw, 500px\" \/><\/a><\/div>\n    <div class=\"lb-info\">\n        <h3><a href=\"https:\/\/basel.upthere.studio\/?ex_team=christof-klopper\">Dr. Christof Kl\u00f6pper<\/a><\/h3>\n        <div class=\"exp-lightbox-meta\">\n            <div class=\"lb-social\"><ul class ='ex-social-account'><li class='teampress-linkedin'><a href='https:\/\/www.linkedin.com\/in\/christof-kloepper-170b56\/'><i class='fab fa-linkedin-in'><\/i><\/a><\/li><li class='teampress-email'><a href='mailto:christof.kloepper@baselarea.swiss'><i class='far fa-envelope'><\/i><\/a><\/li><\/ul><\/div>\n                          <h5><span>Position: <\/span>CEO<\/h5>\n                                                  <h5><span> Email: <\/span><a href=\"mailto:christof.kloepper@baselarea.swiss\">christof.kloepper@baselarea.swiss<\/a><\/h5>\n                    <\/div>\n        <p><p>Christof Klo\u0308pper has been CEO of Basel Area Business &amp; Innovation since 2016.<\/p>\n<p>Prior to this, he was Managing Director at i-net innovation networks. He was Head of Development for Industry and Technology at the office of Industry and Employment in the Basel-Stadt Economics Department and Managing Director and a member of the Board of Directors of Technologiepark Basel AG. Before this, he was a scientific assistant at the University of Basel.<\/p>\n<p>Christof Kl\u00f6pper studied economic geography, economics and business administration in Germany and in the United States. He obtained a doctorate at the University of Basel entitled: \u201cThe Structure and Geography of innovation processes in biotechnology\u201d.<\/p>\n<p><strong>Are you looking to join a vibrant future-focused ecosystem? \u00a0You\u2019ve come to the right place! Together with my team we forge connections and create opportunities for businesses to grow, accelerate, transform and innovate. Stay up to date and sign up to our <a href=\"https:\/\/baselarea.swiss\/newsletter-signup\/\">newsletter<\/a>.<\/strong><\/p>\n<div id=\"highlighter--hover-tools\" style=\"display: none;\">\n<div id=\"highlighter--hover-tools--container\">\n<div class=\"highlighter--icon highlighter--icon-copy\" title=\"Copy\"><\/div>\n<div class=\"highlighter--icon highlighter--icon-change-color\" title=\"Change Color\"><\/div>\n<div class=\"highlighter--icon highlighter--icon-delete\" title=\"Delete\"><\/div>\n<\/div>\n<\/div>\n<div id=\"highlighter--hover-tools\" style=\"display: none;\">\n<div id=\"highlighter--hover-tools--container\">\n<div class=\"highlighter--icon highlighter--icon-copy\" title=\"Copy\"><\/div>\n<div class=\"highlighter--icon highlighter--icon-change-color\" title=\"Change Color\"><\/div>\n<div class=\"highlighter--icon highlighter--icon-delete\" title=\"Delete\"><\/div>\n<\/div>\n<\/div>\n<div id=\"highlighter--hover-tools\" style=\"display: none;\">\n<div id=\"highlighter--hover-tools--container\">\n<div class=\"highlighter--icon highlighter--icon-copy\" title=\"Copy\"><\/div>\n<div class=\"highlighter--icon highlighter--icon-change-color\" title=\"Change Color\"><\/div>\n<div class=\"highlighter--icon highlighter--icon-delete\" title=\"Delete\"><\/div>\n<\/div>\n<\/div>\n<div id=\"highlighter--hover-tools\" style=\"display: none;\">\n<div id=\"highlighter--hover-tools--container\">\n<div class=\"highlighter--icon highlighter--icon-copy\" title=\"Copy\"><\/div>\n<div class=\"highlighter--icon highlighter--icon-change-color\" title=\"Change Color\"><\/div>\n<div class=\"highlighter--icon highlighter--icon-delete\" title=\"Delete\"><\/div>\n<\/div>\n<\/div>\n<div id=\"highlighter--hover-tools\" style=\"display: none;\">\n<div id=\"highlighter--hover-tools--container\">\n<div class=\"highlighter--icon highlighter--icon-copy\" title=\"Copy\"><\/div>\n<div class=\"highlighter--icon highlighter--icon-change-color\" title=\"Change Color\"><\/div>\n<div class=\"highlighter--icon highlighter--icon-delete\" title=\"Delete\"><\/div>\n<\/div>\n<\/div>\n<div id=\"highlighter--hover-tools\" style=\"display: none;\">\n<div id=\"highlighter--hover-tools--container\">\n<div class=\"highlighter--icon highlighter--icon-copy\" title=\"Copy\"><\/div>\n<div class=\"highlighter--icon highlighter--icon-change-color\" title=\"Change Color\"><\/div>\n<div class=\"highlighter--icon highlighter--icon-delete\" title=\"Delete\"><\/div>\n<\/div>\n<\/div>\n<div id=\"highlighter--hover-tools\" style=\"display: none;\">\n<div id=\"highlighter--hover-tools--container\">\n<div class=\"highlighter--icon highlighter--icon-copy\" title=\"Copy\"><\/div>\n<div class=\"highlighter--icon highlighter--icon-change-color\" title=\"Change Color\"><\/div>\n<div class=\"highlighter--icon highlighter--icon-delete\" title=\"Delete\"><\/div>\n<\/div>\n<\/div>\n    <\/div>\n<\/div>\t\t    <\/div>\n    \t\t\t\t\t\t\t<figure class=\"tpstyle-19 tppost-865\">\n  <div class=\"tpstyle-19-image\">\n    <a href=\"https:\/\/basel.upthere.studio\/?ex_team=christof-klopper\" class=\"\">\n      <img fetchpriority=\"high\" decoding=\"async\" width=\"500\" height=\"500\" src=\"https:\/\/basel.upthere.studio\/\/wp-content\/uploads\/2019\/01\/Team-profile-ChristofKlo\u0308pper.jpg\" class=\"attachment-full size-full wp-post-image\" alt=\"\" srcset=\"https:\/\/basel.upthere.studio\/\/wp-content\/uploads\/2019\/01\/Team-profile-ChristofKlo\u0308pper.jpg 500w, https:\/\/basel.upthere.studio\/\/wp-content\/uploads\/2019\/01\/Team-profile-ChristofKlo\u0308pper-300x300.jpg 300w, https:\/\/basel.upthere.studio\/\/wp-content\/uploads\/2019\/01\/Team-profile-ChristofKlo\u0308pper-150x150.jpg 150w, https:\/\/basel.upthere.studio\/\/wp-content\/uploads\/2019\/01\/Team-profile-ChristofKlo\u0308pper-100x100.jpg 100w, https:\/\/basel.upthere.studio\/\/wp-content\/uploads\/2019\/01\/Team-profile-ChristofKlo\u0308pper-140x140.jpg 140w, https:\/\/basel.upthere.studio\/\/wp-content\/uploads\/2019\/01\/Team-profile-ChristofKlo\u0308pper-350x350.jpg 350w\" sizes=\"(max-width: 500px) 100vw, 500px\" \/>          <\/a>\n    \t<p>Click for full profile<\/p>\n\t  <\/div>\n  <figcaption>\n    <h3><a href=\"https:\/\/basel.upthere.studio\/?ex_team=christof-klopper\">Dr. Christof Kl\u00f6pper<\/a><\/h3>\n            <h5>CEO<\/h5>\n        <div class=\"tpstyle-19-icons\">\n      <ul class ='ex-social-account'><li class='teampress-linkedin'><a href='https:\/\/www.linkedin.com\/in\/christof-kloepper-170b56\/'><i class='fab fa-linkedin-in'><\/i><\/a><\/li><li class='teampress-email'><a href='mailto:christof.kloepper@baselarea.swiss'><i class='far fa-envelope'><\/i><\/a><\/li><\/ul>    <\/div>\n  <\/figcaption>\n  \t<style type=\"text\/css\">\n\t\t\t\t\t#extp-7135.ex-tplist .tppost-865 h5{ color:#ae1022}\n\t\t\t#extp-7135.ex-tplist .tppost-865 .tpstyle-19-image{ border-color:#ae1022}\n\t\t\t#extp-7135.ex-tplist .tppost-865 .tpstyle-19-image:before{ border-top-color:#ae1022}\n\t\t\t#extp-7135.ex-tplist .tppost-865 { background:#ae1022}\n\t\t\n\t<\/style>\n\t<\/figure>\t\t\t\t\t<div class=\"exclearfix\"><\/div>\n\t\t\t\t\t<\/div>\n\t\t\t\t\t<\/div><div class=\"item-grid\" data-id=\"ex_id-extp-7135-930\"> \t\t\t\t\t<div class=\"exp-arrow exlightbox exlb-extp-7135\" \n\t\t\t\t\t href=\"https:\/\/basel.upthere.studio\/\/wp-content\/uploads\/2019\/12\/Team-profile-dept-red.jpg\" data-glightbox=\"descPosition: right;\" data-class=\"exlb-extp-7135\" >\n\t\t\t\t\t\t\t\t\t<div class=\"glightbox-desc\">\n\t\t      <div class=\"exp-lightbox-info\">\n\t<div class=\"lb-image\"><a href=\"https:\/\/basel.upthere.studio\/?ex_team=innovation\"><img decoding=\"async\" width=\"500\" height=\"500\" src=\"https:\/\/basel.upthere.studio\/\/wp-content\/uploads\/2019\/12\/Team-profile-dept-red.jpg\" class=\"attachment-full size-full wp-post-image\" alt=\"\" srcset=\"https:\/\/basel.upthere.studio\/\/wp-content\/uploads\/2019\/12\/Team-profile-dept-red.jpg 500w, https:\/\/basel.upthere.studio\/\/wp-content\/uploads\/2019\/12\/Team-profile-dept-red-300x300.jpg 300w, https:\/\/basel.upthere.studio\/\/wp-content\/uploads\/2019\/12\/Team-profile-dept-red-150x150.jpg 150w, https:\/\/basel.upthere.studio\/\/wp-content\/uploads\/2019\/12\/Team-profile-dept-red-100x100.jpg 100w, https:\/\/basel.upthere.studio\/\/wp-content\/uploads\/2019\/12\/Team-profile-dept-red-140x140.jpg 140w, https:\/\/basel.upthere.studio\/\/wp-content\/uploads\/2019\/12\/Team-profile-dept-red-350x350.jpg 350w\" sizes=\"(max-width: 500px) 100vw, 500px\" \/><\/a><\/div>\n    <div class=\"lb-info\">\n        <h3><a href=\"https:\/\/basel.upthere.studio\/?ex_team=innovation\">Innovation and Entrepreneurship<\/a><\/h3>\n        <div class=\"exp-lightbox-meta\">\n            <div class=\"lb-social\"><ul class ='ex-social-account'><\/ul><\/div>\n                                            <\/div>\n        <p><\/p>\n    <\/div>\n<\/div>\t\t    <\/div>\n    \t\t\t\t\t\t\t<figure class=\"tpstyle-19 tppost-930\">\n  <div class=\"tpstyle-19-image\">\n    <a href=\"https:\/\/basel.upthere.studio\/?ex_team=innovation\" class=\"\">\n      <img decoding=\"async\" width=\"500\" height=\"500\" src=\"https:\/\/basel.upthere.studio\/\/wp-content\/uploads\/2019\/12\/Team-profile-dept-red.jpg\" class=\"attachment-full size-full wp-post-image\" alt=\"\" srcset=\"https:\/\/basel.upthere.studio\/\/wp-content\/uploads\/2019\/12\/Team-profile-dept-red.jpg 500w, https:\/\/basel.upthere.studio\/\/wp-content\/uploads\/2019\/12\/Team-profile-dept-red-300x300.jpg 300w, https:\/\/basel.upthere.studio\/\/wp-content\/uploads\/2019\/12\/Team-profile-dept-red-150x150.jpg 150w, https:\/\/basel.upthere.studio\/\/wp-content\/uploads\/2019\/12\/Team-profile-dept-red-100x100.jpg 100w, https:\/\/basel.upthere.studio\/\/wp-content\/uploads\/2019\/12\/Team-profile-dept-red-140x140.jpg 140w, https:\/\/basel.upthere.studio\/\/wp-content\/uploads\/2019\/12\/Team-profile-dept-red-350x350.jpg 350w\" sizes=\"(max-width: 500px) 100vw, 500px\" \/>          <\/a>\n    \t<p><\/p>\n\t  <\/div>\n  <figcaption>\n    <h3><a href=\"https:\/\/basel.upthere.studio\/?ex_team=innovation\">Innovation and Entrepreneurship<\/a><\/h3>\n        <div class=\"tpstyle-19-icons\">\n      <ul class ='ex-social-account'><\/ul>    <\/div>\n  <\/figcaption>\n  \t<style type=\"text\/css\">\n\t\t\t\t\t#extp-7135.ex-tplist .tppost-930 h5{ color:#ae1022}\n\t\t\t#extp-7135.ex-tplist .tppost-930 .tpstyle-19-image{ border-color:#ae1022}\n\t\t\t#extp-7135.ex-tplist .tppost-930 .tpstyle-19-image:before{ border-top-color:#ae1022}\n\t\t\t#extp-7135.ex-tplist .tppost-930 { background:#ae1022}\n\t\t\n\t<\/style>\n\t<\/figure>\t\t\t\t\t<div class=\"exclearfix\"><\/div>\n\t\t\t\t\t<\/div>\n\t\t\t\t\t<\/div><div class=\"item-grid\" data-id=\"ex_id-extp-7135-154902\"> \t\t\t\t\t<div class=\"exp-arrow exlightbox exlb-extp-7135\" \n\t\t\t\t\t href=\"https:\/\/basel.upthere.studio\/\/wp-content\/uploads\/2011\/02\/Basel-Area-Team-Alexander-Becker-e1716817621101.jpg\" data-glightbox=\"descPosition: right;\" data-class=\"exlb-extp-7135\" >\n\t\t\t\t\t\t\t\t\t<div class=\"glightbox-desc\">\n\t\t      <div class=\"exp-lightbox-info\">\n\t<div class=\"lb-image\"><a href=\"https:\/\/basel.upthere.studio\/?ex_team=alexander-becker\"><img decoding=\"async\" width=\"499\" height=\"500\" src=\"https:\/\/basel.upthere.studio\/\/wp-content\/uploads\/2011\/02\/Basel-Area-Team-Alexander-Becker-e1716817621101.jpg\" class=\"attachment-full size-full wp-post-image\" alt=\"\" \/><\/a><\/div>\n    <div class=\"lb-info\">\n        <h3><a href=\"https:\/\/basel.upthere.studio\/?ex_team=alexander-becker\">Dr. Alexander Becker<\/a><\/h3>\n        <div class=\"exp-lightbox-meta\">\n            <div class=\"lb-social\"><ul class ='ex-social-account'><li class='teampress-linkedin'><a href='https:\/\/www.linkedin.com\/in\/dr-alexander-becker-3568393b\/'><i class='fab fa-linkedin-in'><\/i><\/a><\/li><li class='teampress-email'><a href='mailto:alexander.becker@baselarea.swiss'><i class='far fa-envelope'><\/i><\/a><\/li><\/ul><\/div>\n                          <h5><span>Position: <\/span>Head of Innovation & Entrepreneurship<\/h5>\n                                                  <h5><span> Email: <\/span><a href=\"mailto:alexander.becker@baselarea.swiss\">alexander.becker@baselarea.swiss<\/a><\/h5>\n                    <\/div>\n        <p><p>Alexander Becker joined Basel Area &amp; Business Innovation in 2024.<\/p>\n<p>Prior to that, he headed the product unit Workspaces, Public Seating &amp; Customised Solutions at Vitra and was responsible for Gardena&#8217;s smart garden product line as Director of Global Product Management and Manager Digital Ecosystem and Partnerships.<\/p>\n<p>He gained extensive experience as a project manager in the startup environment at the Bavarian startup network BayStartUP.<\/p>\n<p>Alexander studied business administration at Ingolstadt School of Management and holds a PhD in Entrepreneurship from Technische Universit\u00e4t Berlin.<\/p>\n<p><strong>Find out how I can support you in turning your innovation into a successful business. Read more about it <a href=\"https:\/\/innovate.baselarea.swiss\/services\/entrepreneurial-support\/venture-mentoring\/\">here<\/a> or reach out to discuss how I can help you.<\/strong><\/p>\n<div id=\"highlighter--hover-tools\" style=\"display: none;\">\n<div id=\"highlighter--hover-tools--container\">\n<div class=\"highlighter--icon highlighter--icon-copy\" title=\"Copy\"><\/div>\n<div class=\"highlighter--icon highlighter--icon-change-color\" title=\"Change Color\"><\/div>\n<div class=\"highlighter--icon highlighter--icon-delete\" title=\"Delete\"><\/div>\n<\/div>\n<\/div>\n<div id=\"highlighter--hover-tools\" style=\"display: none;\">\n<div id=\"highlighter--hover-tools--container\">\n<div class=\"highlighter--icon highlighter--icon-copy\" title=\"Copy\"><\/div>\n<div class=\"highlighter--icon highlighter--icon-change-color\" title=\"Change Color\"><\/div>\n<div class=\"highlighter--icon highlighter--icon-delete\" title=\"Delete\"><\/div>\n<\/div>\n<\/div>\n<div id=\"highlighter--hover-tools\" style=\"display: none;\">\n<div id=\"highlighter--hover-tools--container\">\n<div class=\"highlighter--icon highlighter--icon-copy\" title=\"Copy\"><\/div>\n<div class=\"highlighter--icon highlighter--icon-change-color\" title=\"Change Color\"><\/div>\n<div class=\"highlighter--icon highlighter--icon-delete\" title=\"Delete\"><\/div>\n<\/div>\n<\/div>\n<div id=\"highlighter--hover-tools\" style=\"display: none;\">\n<div id=\"highlighter--hover-tools--container\">\n<div class=\"highlighter--icon highlighter--icon-copy\" title=\"Copy\"><\/div>\n<div class=\"highlighter--icon highlighter--icon-change-color\" title=\"Change Color\"><\/div>\n<div class=\"highlighter--icon highlighter--icon-delete\" title=\"Delete\"><\/div>\n<\/div>\n<\/div>\n<div id=\"highlighter--hover-tools\" style=\"display: none;\">\n<div id=\"highlighter--hover-tools--container\">\n<div class=\"highlighter--icon highlighter--icon-copy\" title=\"Copy\"><\/div>\n<div class=\"highlighter--icon highlighter--icon-change-color\" title=\"Change Color\"><\/div>\n<div class=\"highlighter--icon highlighter--icon-delete\" title=\"Delete\"><\/div>\n<\/div>\n<\/div>\n    <\/div>\n<\/div>\t\t    <\/div>\n    \t\t\t\t\t\t\t<figure class=\"tpstyle-19 tppost-154902\">\n  <div class=\"tpstyle-19-image\">\n    <a href=\"https:\/\/basel.upthere.studio\/?ex_team=alexander-becker\" class=\"\">\n      <img decoding=\"async\" width=\"499\" height=\"500\" src=\"https:\/\/basel.upthere.studio\/\/wp-content\/uploads\/2011\/02\/Basel-Area-Team-Alexander-Becker-e1716817621101.jpg\" class=\"attachment-full size-full wp-post-image\" alt=\"\" \/>          <\/a>\n    \t<p>Click for full profile<\/p>\n\t  <\/div>\n  <figcaption>\n    <h3><a href=\"https:\/\/basel.upthere.studio\/?ex_team=alexander-becker\">Dr. Alexander Becker<\/a><\/h3>\n            <h5>Head of Innovation & Entrepreneurship<\/h5>\n        <div class=\"tpstyle-19-icons\">\n      <ul class ='ex-social-account'><li class='teampress-linkedin'><a href='https:\/\/www.linkedin.com\/in\/dr-alexander-becker-3568393b\/'><i class='fab fa-linkedin-in'><\/i><\/a><\/li><li class='teampress-email'><a href='mailto:alexander.becker@baselarea.swiss'><i class='far fa-envelope'><\/i><\/a><\/li><\/ul>    <\/div>\n  <\/figcaption>\n  \t<style type=\"text\/css\">\n\t\t\t\t\t#extp-7135.ex-tplist .tppost-154902 h5{ color:#ae1022}\n\t\t\t#extp-7135.ex-tplist .tppost-154902 .tpstyle-19-image{ border-color:#ae1022}\n\t\t\t#extp-7135.ex-tplist .tppost-154902 .tpstyle-19-image:before{ border-top-color:#ae1022}\n\t\t\t#extp-7135.ex-tplist .tppost-154902 { background:#ae1022}\n\t\t\n\t<\/style>\n\t<\/figure>\t\t\t\t\t<div class=\"exclearfix\"><\/div>\n\t\t\t\t\t<\/div>\n\t\t\t\t\t<\/div><div class=\"item-grid\" data-id=\"ex_id-extp-7135-687\"> \t\t\t\t\t<div class=\"exp-arrow exlightbox exlb-extp-7135\" \n\t\t\t\t\t href=\"https:\/\/basel.upthere.studio\/\/wp-content\/uploads\/2011\/02\/Albert-Hilber-1.jpg\" data-glightbox=\"descPosition: right;\" data-class=\"exlb-extp-7135\" >\n\t\t\t\t\t\t\t\t\t<div class=\"glightbox-desc\">\n\t\t      <div class=\"exp-lightbox-info\">\n\t<div class=\"lb-image\"><a href=\"https:\/\/basel.upthere.studio\/?ex_team=albert-hilber\"><img loading=\"lazy\" decoding=\"async\" width=\"500\" height=\"500\" src=\"https:\/\/basel.upthere.studio\/\/wp-content\/uploads\/2011\/02\/Albert-Hilber-1.jpg\" class=\"attachment-full size-full wp-post-image\" alt=\"\" srcset=\"https:\/\/basel.upthere.studio\/\/wp-content\/uploads\/2011\/02\/Albert-Hilber-1.jpg 500w, https:\/\/basel.upthere.studio\/\/wp-content\/uploads\/2011\/02\/Albert-Hilber-1-300x300.jpg 300w, https:\/\/basel.upthere.studio\/\/wp-content\/uploads\/2011\/02\/Albert-Hilber-1-150x150.jpg 150w, https:\/\/basel.upthere.studio\/\/wp-content\/uploads\/2011\/02\/Albert-Hilber-1-100x100.jpg 100w, https:\/\/basel.upthere.studio\/\/wp-content\/uploads\/2011\/02\/Albert-Hilber-1-140x140.jpg 140w, https:\/\/basel.upthere.studio\/\/wp-content\/uploads\/2011\/02\/Albert-Hilber-1-350x350.jpg 350w\" sizes=\"(max-width: 500px) 100vw, 500px\" \/><\/a><\/div>\n    <div class=\"lb-info\">\n        <h3><a href=\"https:\/\/basel.upthere.studio\/?ex_team=albert-hilber\">Albert Hilber<\/a><\/h3>\n        <div class=\"exp-lightbox-meta\">\n            <div class=\"lb-social\"><ul class ='ex-social-account'><li class='teampress-linkedin'><a href='https:\/\/www.linkedin.com\/in\/albert-hilber-b8a105\/'><i class='fab fa-linkedin-in'><\/i><\/a><\/li><li class='teampress-email'><a href='mailto:albert.hilber@baselarea.swiss'><i class='far fa-envelope'><\/i><\/a><\/li><\/ul><\/div>\n                          <h5><span>Position: <\/span>Manager i4Challenge<\/h5>\n                                                  <h5><span> Email: <\/span><a href=\"mailto:albert.hilber@baselarea.swiss\">albert.hilber@baselarea.swiss<\/a><\/h5>\n                    <\/div>\n        <p><p>Albert Hilber joined Basel Area Business &amp; Innovation in 2018.<\/p>\n<p>He was a member of the management team in large ICT and high tech companies and as Senior Project Manager successfully managed international ICT projects for sports events and ICT infrastructure projects for industries and public transport. He was a mentor for startups and SMEs. In a part time assignment, he is a member of the administration of Elektra Oberrohrdorf.<\/p>\n<p>Albert Hilber has a diploma in Electrical Engineering Dipl. El. Ing. FH and is graduate of the International Advanced Management Program at IMD Lausanne and the Schweizer Kurs f\u00fcr Unternehmensf\u00fchrung SKU.<\/p>\n<p><strong>Are you interested in a new way of exploring innovation in your company? Contact me directly or find out more about the i4Challenge to promote your Industry 4.0 solution. To the <a href=\"https:\/\/innovate.baselarea.swiss\/services\/acceleration\/i4-challenge\/\">i4Challenge<\/a>.<\/strong><\/p>\n<div id=\"highlighter--hover-tools\" style=\"display: none;\">\n<div id=\"highlighter--hover-tools--container\">\n<div class=\"highlighter--icon highlighter--icon-copy\" title=\"Copy\"><\/div>\n<div class=\"highlighter--icon highlighter--icon-change-color\" title=\"Change Color\"><\/div>\n<div class=\"highlighter--icon highlighter--icon-delete\" title=\"Delete\"><\/div>\n<\/div>\n<\/div>\n<div id=\"highlighter--hover-tools\" style=\"display: none;\">\n<div id=\"highlighter--hover-tools--container\">\n<div class=\"highlighter--icon highlighter--icon-copy\" title=\"Copy\"><\/div>\n<div class=\"highlighter--icon highlighter--icon-change-color\" title=\"Change Color\"><\/div>\n<div class=\"highlighter--icon highlighter--icon-delete\" title=\"Delete\"><\/div>\n<\/div>\n<\/div>\n<div id=\"highlighter--hover-tools\" style=\"display: none;\">\n<div id=\"highlighter--hover-tools--container\">\n<div class=\"highlighter--icon highlighter--icon-copy\" title=\"Copy\"><\/div>\n<div class=\"highlighter--icon highlighter--icon-change-color\" title=\"Change Color\"><\/div>\n<div class=\"highlighter--icon highlighter--icon-delete\" title=\"Delete\"><\/div>\n<\/div>\n<\/div>\n<div id=\"highlighter--hover-tools\" style=\"display: none;\">\n<div id=\"highlighter--hover-tools--container\">\n<div class=\"highlighter--icon highlighter--icon-copy\" title=\"Copy\"><\/div>\n<div class=\"highlighter--icon highlighter--icon-change-color\" title=\"Change Color\"><\/div>\n<div class=\"highlighter--icon highlighter--icon-delete\" title=\"Delete\"><\/div>\n<\/div>\n<\/div>\n<div id=\"highlighter--hover-tools\" style=\"display: none;\">\n<div id=\"highlighter--hover-tools--container\">\n<div class=\"highlighter--icon highlighter--icon-copy\" title=\"Copy\"><\/div>\n<div class=\"highlighter--icon highlighter--icon-change-color\" title=\"Change Color\"><\/div>\n<div class=\"highlighter--icon highlighter--icon-delete\" title=\"Delete\"><\/div>\n<\/div>\n<\/div>\n    <\/div>\n<\/div>\t\t    <\/div>\n    \t\t\t\t\t\t\t<figure class=\"tpstyle-19 tppost-687\">\n  <div class=\"tpstyle-19-image\">\n    <a href=\"https:\/\/basel.upthere.studio\/?ex_team=albert-hilber\" class=\"\">\n      <img loading=\"lazy\" decoding=\"async\" width=\"500\" height=\"500\" src=\"https:\/\/basel.upthere.studio\/\/wp-content\/uploads\/2011\/02\/Albert-Hilber-1.jpg\" class=\"attachment-full size-full wp-post-image\" alt=\"\" srcset=\"https:\/\/basel.upthere.studio\/\/wp-content\/uploads\/2011\/02\/Albert-Hilber-1.jpg 500w, https:\/\/basel.upthere.studio\/\/wp-content\/uploads\/2011\/02\/Albert-Hilber-1-300x300.jpg 300w, https:\/\/basel.upthere.studio\/\/wp-content\/uploads\/2011\/02\/Albert-Hilber-1-150x150.jpg 150w, https:\/\/basel.upthere.studio\/\/wp-content\/uploads\/2011\/02\/Albert-Hilber-1-100x100.jpg 100w, https:\/\/basel.upthere.studio\/\/wp-content\/uploads\/2011\/02\/Albert-Hilber-1-140x140.jpg 140w, https:\/\/basel.upthere.studio\/\/wp-content\/uploads\/2011\/02\/Albert-Hilber-1-350x350.jpg 350w\" sizes=\"(max-width: 500px) 100vw, 500px\" \/>          <\/a>\n    \t<p>Click for full profile<\/p>\n\t  <\/div>\n  <figcaption>\n    <h3><a href=\"https:\/\/basel.upthere.studio\/?ex_team=albert-hilber\">Albert Hilber<\/a><\/h3>\n            <h5>Manager i4Challenge<\/h5>\n        <div class=\"tpstyle-19-icons\">\n      <ul class ='ex-social-account'><li class='teampress-linkedin'><a href='https:\/\/www.linkedin.com\/in\/albert-hilber-b8a105\/'><i class='fab fa-linkedin-in'><\/i><\/a><\/li><li class='teampress-email'><a href='mailto:albert.hilber@baselarea.swiss'><i class='far fa-envelope'><\/i><\/a><\/li><\/ul>    <\/div>\n  <\/figcaption>\n  \t<style type=\"text\/css\">\n\t\t\t\t\t#extp-7135.ex-tplist .tppost-687 h5{ color:#ae1022}\n\t\t\t#extp-7135.ex-tplist .tppost-687 .tpstyle-19-image{ border-color:#ae1022}\n\t\t\t#extp-7135.ex-tplist .tppost-687 .tpstyle-19-image:before{ border-top-color:#ae1022}\n\t\t\t#extp-7135.ex-tplist .tppost-687 { background:#ae1022}\n\t\t\n\t<\/style>\n\t<\/figure>\t\t\t\t\t<div class=\"exclearfix\"><\/div>\n\t\t\t\t\t<\/div>\n\t\t\t\t\t<\/div><div class=\"item-grid\" data-id=\"ex_id-extp-7135-157433\"> \t\t\t\t\t<div class=\"exp-arrow exlightbox exlb-extp-7135\" \n\t\t\t\t\t href=\"https:\/\/basel.upthere.studio\/\/wp-content\/uploads\/2025\/02\/Caoimhe-Vallely-Gilroy.png\" data-glightbox=\"descPosition: right;\" data-class=\"exlb-extp-7135\" >\n\t\t\t\t\t\t\t\t\t<div class=\"glightbox-desc\">\n\t\t      <div class=\"exp-lightbox-info\">\n\t<div class=\"lb-image\"><a href=\"https:\/\/basel.upthere.studio\/?ex_team=caoimhe-vallely-gilroy\"><img loading=\"lazy\" decoding=\"async\" width=\"500\" height=\"500\" src=\"https:\/\/basel.upthere.studio\/\/wp-content\/uploads\/2025\/02\/Caoimhe-Vallely-Gilroy.png\" class=\"attachment-full size-full wp-post-image\" alt=\"\" srcset=\"https:\/\/basel.upthere.studio\/\/wp-content\/uploads\/2025\/02\/Caoimhe-Vallely-Gilroy.png 500w, https:\/\/basel.upthere.studio\/\/wp-content\/uploads\/2025\/02\/Caoimhe-Vallely-Gilroy-300x300.png 300w, https:\/\/basel.upthere.studio\/\/wp-content\/uploads\/2025\/02\/Caoimhe-Vallely-Gilroy-150x150.png 150w, https:\/\/basel.upthere.studio\/\/wp-content\/uploads\/2025\/02\/Caoimhe-Vallely-Gilroy-140x140.png 140w, https:\/\/basel.upthere.studio\/\/wp-content\/uploads\/2025\/02\/Caoimhe-Vallely-Gilroy-100x100.png 100w, https:\/\/basel.upthere.studio\/\/wp-content\/uploads\/2025\/02\/Caoimhe-Vallely-Gilroy-350x350.png 350w\" sizes=\"(max-width: 500px) 100vw, 500px\" \/><\/a><\/div>\n    <div class=\"lb-info\">\n        <h3><a href=\"https:\/\/basel.upthere.studio\/?ex_team=caoimhe-vallely-gilroy\">Caoimhe Vallely-Gilroy<\/a><\/h3>\n        <div class=\"exp-lightbox-meta\">\n            <div class=\"lb-social\"><ul class ='ex-social-account'><li class='teampress-linkedin'><a href='https:\/\/www.linkedin.com\/in\/vallely-gilroy?miniProfileUrn=urnlifs_miniProfileACoAAANh2EYBrGY1a1to8l6IE9QyK-MKwxHHjlY&#038;lipi=urnlipaged_flagship3_search_srp_allpSTM1sxQnG3jGMjIbO9IQ'><i class='fab fa-linkedin-in'><\/i><\/a><\/li><li class='teampress-email'><a href='mailto:caoimhe.vallely@baselarea.swiss'><i class='far fa-envelope'><\/i><\/a><\/li><\/ul><\/div>\n                          <h5><span>Position: <\/span>Director Healthtech Strategy & Pharma \u2013 DayOne<\/h5>\n                                                  <h5><span> Email: <\/span><a href=\"mailto:caoimhe.vallely@baselarea.swiss\">caoimhe.vallely@baselarea.swiss<\/a><\/h5>\n                    <\/div>\n        <p><p class=\"ai-optimize-6 ai-optimize-introduction\">Caoimhe Vallely-Gilroy has been working for Basel Area Business &amp; Innovation since 2023.<\/p>\n<p class=\"ai-optimize-7\">Before joining Basel Area, Caoimhe worked at leading pharmaceutical companies, including Novartis, Roche and Merck KGaA, spearheading the development and implementation of innovative digital health strategies and building successful global organizations and programs.\u00a0Her expertise spans the entire spectrum of clinical development, from initial concept through to market launch, alongside proficiency in data analytics and regulatory compliance.<\/p>\n<p class=\"ai-optimize-8\">Caoimhe holds MScs in Translational Medicine and Biomedical Science from the University of Edinburgh and University of Ulster respectively, and a BSc (Hons) in Genetics from Queens University Belfast.<\/p>\n<\/p>\n    <\/div>\n<\/div>\t\t    <\/div>\n    \t\t\t\t\t\t\t<figure class=\"tpstyle-19 tppost-157433\">\n  <div class=\"tpstyle-19-image\">\n    <a href=\"https:\/\/basel.upthere.studio\/?ex_team=caoimhe-vallely-gilroy\" class=\"\">\n      <img loading=\"lazy\" decoding=\"async\" width=\"500\" height=\"500\" src=\"https:\/\/basel.upthere.studio\/\/wp-content\/uploads\/2025\/02\/Caoimhe-Vallely-Gilroy.png\" class=\"attachment-full size-full wp-post-image\" alt=\"\" srcset=\"https:\/\/basel.upthere.studio\/\/wp-content\/uploads\/2025\/02\/Caoimhe-Vallely-Gilroy.png 500w, https:\/\/basel.upthere.studio\/\/wp-content\/uploads\/2025\/02\/Caoimhe-Vallely-Gilroy-300x300.png 300w, https:\/\/basel.upthere.studio\/\/wp-content\/uploads\/2025\/02\/Caoimhe-Vallely-Gilroy-150x150.png 150w, https:\/\/basel.upthere.studio\/\/wp-content\/uploads\/2025\/02\/Caoimhe-Vallely-Gilroy-140x140.png 140w, https:\/\/basel.upthere.studio\/\/wp-content\/uploads\/2025\/02\/Caoimhe-Vallely-Gilroy-100x100.png 100w, https:\/\/basel.upthere.studio\/\/wp-content\/uploads\/2025\/02\/Caoimhe-Vallely-Gilroy-350x350.png 350w\" sizes=\"(max-width: 500px) 100vw, 500px\" \/>          <\/a>\n    \t<p>Click for full profile<\/p>\n\t  <\/div>\n  <figcaption>\n    <h3><a href=\"https:\/\/basel.upthere.studio\/?ex_team=caoimhe-vallely-gilroy\">Caoimhe Vallely-Gilroy<\/a><\/h3>\n            <h5>Director Healthtech Strategy & Pharma \u2013 DayOne<\/h5>\n        <div class=\"tpstyle-19-icons\">\n      <ul class ='ex-social-account'><li class='teampress-linkedin'><a href='https:\/\/www.linkedin.com\/in\/vallely-gilroy?miniProfileUrn=urnlifs_miniProfileACoAAANh2EYBrGY1a1to8l6IE9QyK-MKwxHHjlY&#038;lipi=urnlipaged_flagship3_search_srp_allpSTM1sxQnG3jGMjIbO9IQ'><i class='fab fa-linkedin-in'><\/i><\/a><\/li><li class='teampress-email'><a href='mailto:caoimhe.vallely@baselarea.swiss'><i class='far fa-envelope'><\/i><\/a><\/li><\/ul>    <\/div>\n  <\/figcaption>\n  \t<style type=\"text\/css\">\n\t\t\t\t\t#extp-7135.ex-tplist .tppost-157433 h5{ color:#ae1022}\n\t\t\t#extp-7135.ex-tplist .tppost-157433 .tpstyle-19-image{ border-color:#ae1022}\n\t\t\t#extp-7135.ex-tplist .tppost-157433 .tpstyle-19-image:before{ border-top-color:#ae1022}\n\t\t\t#extp-7135.ex-tplist .tppost-157433 { background:#ae1022}\n\t\t\n\t<\/style>\n\t<\/figure>\t\t\t\t\t<div class=\"exclearfix\"><\/div>\n\t\t\t\t\t<\/div>\n\t\t\t\t\t<\/div><div class=\"item-grid\" data-id=\"ex_id-extp-7135-84343\"> \t\t\t\t\t<div class=\"exp-arrow exlightbox exlb-extp-7135\" \n\t\t\t\t\t href=\"https:\/\/basel.upthere.studio\/\/wp-content\/uploads\/2011\/02\/Cecile-Tardy-Srinivisan-1-e1684340594183.jpg\" data-glightbox=\"descPosition: right;\" data-class=\"exlb-extp-7135\" >\n\t\t\t\t\t\t\t\t\t<div class=\"glightbox-desc\">\n\t\t      <div class=\"exp-lightbox-info\">\n\t<div class=\"lb-image\"><a href=\"https:\/\/basel.upthere.studio\/?ex_team=cecile-tardy-srinivasan\"><img loading=\"lazy\" decoding=\"async\" width=\"500\" height=\"500\" src=\"https:\/\/basel.upthere.studio\/\/wp-content\/uploads\/2011\/02\/Cecile-Tardy-Srinivisan-1-e1684340594183.jpg\" class=\"attachment-full size-full wp-post-image\" alt=\"Portrait of C\u00e9cile Tardy-Srinivisan\" srcset=\"https:\/\/basel.upthere.studio\/\/wp-content\/uploads\/2011\/02\/Cecile-Tardy-Srinivisan-1-e1684340594183.jpg 500w, https:\/\/basel.upthere.studio\/\/wp-content\/uploads\/2011\/02\/Cecile-Tardy-Srinivisan-1-e1684340594183-300x300.jpg 300w, https:\/\/basel.upthere.studio\/\/wp-content\/uploads\/2011\/02\/Cecile-Tardy-Srinivisan-1-e1684340594183-150x150.jpg 150w, https:\/\/basel.upthere.studio\/\/wp-content\/uploads\/2011\/02\/Cecile-Tardy-Srinivisan-1-e1684340594183-100x100.jpg 100w, https:\/\/basel.upthere.studio\/\/wp-content\/uploads\/2011\/02\/Cecile-Tardy-Srinivisan-1-e1684340594183-140x140.jpg 140w, https:\/\/basel.upthere.studio\/\/wp-content\/uploads\/2011\/02\/Cecile-Tardy-Srinivisan-1-e1684340594183-350x350.jpg 350w\" sizes=\"(max-width: 500px) 100vw, 500px\" \/><\/a><\/div>\n    <div class=\"lb-info\">\n        <h3><a href=\"https:\/\/basel.upthere.studio\/?ex_team=cecile-tardy-srinivasan\">Ce\u0301cile Tardy-Srinivasan<\/a><\/h3>\n        <div class=\"exp-lightbox-meta\">\n            <div class=\"lb-social\"><ul class ='ex-social-account'><li class='teampress-linkedin'><a href='https:\/\/www.linkedin.com\/in\/ceciletardy\/'><i class='fab fa-linkedin-in'><\/i><\/a><\/li><li class='teampress-email'><a href='mailto:Cecile.Tardy@baselarea.swiss'><i class='far fa-envelope'><\/i><\/a><\/li><\/ul><\/div>\n                          <h5><span>Position: <\/span>Portfolio and Acceleration Lead \u2013 DayOne<\/h5>\n                                                  <h5><span> Email: <\/span><a href=\"mailto:Cecile.Tardy@baselarea.swiss\">Cecile.Tardy@baselarea.swiss<\/a><\/h5>\n                    <\/div>\n        <p><p>Ce\u0301cile Tardy-Srinivasan has been working for Basel Area Business &amp; Innovation since 2021.<\/p>\n<p>Previously, she worked at big pharma companies like Novartis, where she held various roles at country, regional and global levels. She brings a background in finance from working with EY. As a healthcare innovation consultant, she focuses on patient centricity and co-creating solutions among stakeholders of the healthcare ecosystem.<\/p>\n<p>Ce\u0301cile Tardy-Srinivasan studied Design Thinking at the MIT Sloan School of Management and holds a Master\u2019s in Management from the EDHEC Business School, France.<\/p>\n<p><strong>How can we shape the future of health? Click <a href=\"https:\/\/www.dayone.swiss\/about-us\/future-of-health\/\">here<\/a> to learn more<\/strong><\/p>\n<div id=\"highlighter--hover-tools\" style=\"display: none;\">\n<div id=\"highlighter--hover-tools--container\">\n<div class=\"highlighter--icon highlighter--icon-copy\" title=\"Copy\"><\/div>\n<div class=\"highlighter--icon highlighter--icon-change-color\" title=\"Change Color\"><\/div>\n<div class=\"highlighter--icon highlighter--icon-delete\" title=\"Delete\"><\/div>\n<\/div>\n<\/div>\n<div id=\"highlighter--hover-tools\" style=\"display: none;\">\n<div id=\"highlighter--hover-tools--container\">\n<div class=\"highlighter--icon highlighter--icon-copy\" title=\"Copy\"><\/div>\n<div class=\"highlighter--icon highlighter--icon-change-color\" title=\"Change Color\"><\/div>\n<div class=\"highlighter--icon highlighter--icon-delete\" title=\"Delete\"><\/div>\n<\/div>\n<\/div>\n<div id=\"highlighter--hover-tools\" style=\"display: none;\">\n<div id=\"highlighter--hover-tools--container\">\n<div class=\"highlighter--icon highlighter--icon-copy\" title=\"Copy\"><\/div>\n<div class=\"highlighter--icon highlighter--icon-change-color\" title=\"Change Color\"><\/div>\n<div class=\"highlighter--icon highlighter--icon-delete\" title=\"Delete\"><\/div>\n<\/div>\n<\/div>\n<div id=\"highlighter--hover-tools\" style=\"display: none;\">\n<div id=\"highlighter--hover-tools--container\">\n<div class=\"highlighter--icon highlighter--icon-copy\" title=\"Copy\"><\/div>\n<div class=\"highlighter--icon highlighter--icon-change-color\" title=\"Change Color\"><\/div>\n<div class=\"highlighter--icon highlighter--icon-delete\" title=\"Delete\"><\/div>\n<\/div>\n<\/div>\n<div id=\"highlighter--hover-tools\" style=\"display: none;\">\n<div id=\"highlighter--hover-tools--container\">\n<div class=\"highlighter--icon highlighter--icon-copy\" title=\"Copy\"><\/div>\n<div class=\"highlighter--icon highlighter--icon-change-color\" title=\"Change Color\"><\/div>\n<div class=\"highlighter--icon highlighter--icon-delete\" title=\"Delete\"><\/div>\n<\/div>\n<\/div>\n    <\/div>\n<\/div>\t\t    <\/div>\n    \t\t\t\t\t\t\t<figure class=\"tpstyle-19 tppost-84343\">\n  <div class=\"tpstyle-19-image\">\n    <a href=\"https:\/\/basel.upthere.studio\/?ex_team=cecile-tardy-srinivasan\" class=\"\">\n      <img loading=\"lazy\" decoding=\"async\" width=\"500\" height=\"500\" src=\"https:\/\/basel.upthere.studio\/\/wp-content\/uploads\/2011\/02\/Cecile-Tardy-Srinivisan-1-e1684340594183.jpg\" class=\"attachment-full size-full wp-post-image\" alt=\"Portrait of C\u00e9cile Tardy-Srinivisan\" srcset=\"https:\/\/basel.upthere.studio\/\/wp-content\/uploads\/2011\/02\/Cecile-Tardy-Srinivisan-1-e1684340594183.jpg 500w, https:\/\/basel.upthere.studio\/\/wp-content\/uploads\/2011\/02\/Cecile-Tardy-Srinivisan-1-e1684340594183-300x300.jpg 300w, https:\/\/basel.upthere.studio\/\/wp-content\/uploads\/2011\/02\/Cecile-Tardy-Srinivisan-1-e1684340594183-150x150.jpg 150w, https:\/\/basel.upthere.studio\/\/wp-content\/uploads\/2011\/02\/Cecile-Tardy-Srinivisan-1-e1684340594183-100x100.jpg 100w, https:\/\/basel.upthere.studio\/\/wp-content\/uploads\/2011\/02\/Cecile-Tardy-Srinivisan-1-e1684340594183-140x140.jpg 140w, https:\/\/basel.upthere.studio\/\/wp-content\/uploads\/2011\/02\/Cecile-Tardy-Srinivisan-1-e1684340594183-350x350.jpg 350w\" sizes=\"(max-width: 500px) 100vw, 500px\" \/>          <\/a>\n    \t<p>Click for full profile<\/p>\n\t  <\/div>\n  <figcaption>\n    <h3><a href=\"https:\/\/basel.upthere.studio\/?ex_team=cecile-tardy-srinivasan\">Ce\u0301cile Tardy-Srinivasan<\/a><\/h3>\n            <h5>Portfolio and Acceleration Lead \u2013 DayOne<\/h5>\n        <div class=\"tpstyle-19-icons\">\n      <ul class ='ex-social-account'><li class='teampress-linkedin'><a href='https:\/\/www.linkedin.com\/in\/ceciletardy\/'><i class='fab fa-linkedin-in'><\/i><\/a><\/li><li class='teampress-email'><a href='mailto:Cecile.Tardy@baselarea.swiss'><i class='far fa-envelope'><\/i><\/a><\/li><\/ul>    <\/div>\n  <\/figcaption>\n  \t<style type=\"text\/css\">\n\t\t\t\t\t#extp-7135.ex-tplist .tppost-84343 h5{ color:#ae1022}\n\t\t\t#extp-7135.ex-tplist .tppost-84343 .tpstyle-19-image{ border-color:#ae1022}\n\t\t\t#extp-7135.ex-tplist .tppost-84343 .tpstyle-19-image:before{ border-top-color:#ae1022}\n\t\t\t#extp-7135.ex-tplist .tppost-84343 { background:#ae1022}\n\t\t\n\t<\/style>\n\t<\/figure>\t\t\t\t\t<div class=\"exclearfix\"><\/div>\n\t\t\t\t\t<\/div>\n\t\t\t\t\t<\/div><div class=\"item-grid\" data-id=\"ex_id-extp-7135-155408\"> \t\t\t\t\t<div class=\"exp-arrow exlightbox exlb-extp-7135\" \n\t\t\t\t\t href=\"https:\/\/basel.upthere.studio\/\/wp-content\/uploads\/2024\/06\/Estelle-Corbel.png\" data-glightbox=\"descPosition: right;\" data-class=\"exlb-extp-7135\" >\n\t\t\t\t\t\t\t\t\t<div class=\"glightbox-desc\">\n\t\t      <div class=\"exp-lightbox-info\">\n\t<div class=\"lb-image\"><a href=\"https:\/\/basel.upthere.studio\/?ex_team=estelle-corbel\"><img loading=\"lazy\" decoding=\"async\" width=\"500\" height=\"500\" src=\"https:\/\/basel.upthere.studio\/\/wp-content\/uploads\/2024\/06\/Estelle-Corbel.png\" class=\"attachment-full size-full wp-post-image\" alt=\"\" srcset=\"https:\/\/basel.upthere.studio\/\/wp-content\/uploads\/2024\/06\/Estelle-Corbel.png 500w, https:\/\/basel.upthere.studio\/\/wp-content\/uploads\/2024\/06\/Estelle-Corbel-300x300.png 300w, https:\/\/basel.upthere.studio\/\/wp-content\/uploads\/2024\/06\/Estelle-Corbel-150x150.png 150w, https:\/\/basel.upthere.studio\/\/wp-content\/uploads\/2024\/06\/Estelle-Corbel-140x140.png 140w, https:\/\/basel.upthere.studio\/\/wp-content\/uploads\/2024\/06\/Estelle-Corbel-100x100.png 100w, https:\/\/basel.upthere.studio\/\/wp-content\/uploads\/2024\/06\/Estelle-Corbel-350x350.png 350w\" sizes=\"(max-width: 500px) 100vw, 500px\" \/><\/a><\/div>\n    <div class=\"lb-info\">\n        <h3><a href=\"https:\/\/basel.upthere.studio\/?ex_team=estelle-corbel\">Estelle Corbel<\/a><\/h3>\n        <div class=\"exp-lightbox-meta\">\n            <div class=\"lb-social\"><ul class ='ex-social-account'><li class='teampress-linkedin'><a href='https:\/\/www.linkedin.com\/in\/estellecorbel\/'><i class='fab fa-linkedin-in'><\/i><\/a><\/li><li class='teampress-email'><a href='mailto:estelle.corbel@baselarea.swiss'><i class='far fa-envelope'><\/i><\/a><\/li><\/ul><\/div>\n                          <h5><span>Position: <\/span>Manager SME Innovation<\/h5>\n                                                  <h5><span> Email: <\/span><a href=\"mailto:estelle.corbel@baselarea.swiss\">estelle.corbel@baselarea.swiss<\/a><\/h5>\n                    <\/div>\n        <p><p>Estelle Corbel has been working as a Manager SME Innovation for Basel Area Business &amp; Innovation since 2025.<\/p>\n<p>Prior to this, she worked as an independent Executive Coach and Public Speaking Trainer. Previously, she was responsible for business development in engineering consulting and provided career development coaching to her team in Basel.<\/p>\n<p>Estelle holds a Master of Science in Mechanical and Energetics Engineering from the Grenoble Polytechnical Institute &#8211; School of Energy, Water, and Environment. She also <span data-teams=\"true\">previously worked as Community Manager for the Switzerland Innovation Park Basel Area &#8211; site Jura in Courroux.<\/span><\/p>\n<p><strong>How can we shape the future of health? Click <a href=\"https:\/\/www.dayone.swiss\/about-us\/future-of-health\/\">here<\/a> to learn more<\/strong><\/p>\n<p>&nbsp;<\/p>\n<\/p>\n    <\/div>\n<\/div>\t\t    <\/div>\n    \t\t\t\t\t\t\t<figure class=\"tpstyle-19 tppost-155408\">\n  <div class=\"tpstyle-19-image\">\n    <a href=\"https:\/\/basel.upthere.studio\/?ex_team=estelle-corbel\" class=\"\">\n      <img loading=\"lazy\" decoding=\"async\" width=\"500\" height=\"500\" src=\"https:\/\/basel.upthere.studio\/\/wp-content\/uploads\/2024\/06\/Estelle-Corbel.png\" class=\"attachment-full size-full wp-post-image\" alt=\"\" srcset=\"https:\/\/basel.upthere.studio\/\/wp-content\/uploads\/2024\/06\/Estelle-Corbel.png 500w, https:\/\/basel.upthere.studio\/\/wp-content\/uploads\/2024\/06\/Estelle-Corbel-300x300.png 300w, https:\/\/basel.upthere.studio\/\/wp-content\/uploads\/2024\/06\/Estelle-Corbel-150x150.png 150w, https:\/\/basel.upthere.studio\/\/wp-content\/uploads\/2024\/06\/Estelle-Corbel-140x140.png 140w, https:\/\/basel.upthere.studio\/\/wp-content\/uploads\/2024\/06\/Estelle-Corbel-100x100.png 100w, https:\/\/basel.upthere.studio\/\/wp-content\/uploads\/2024\/06\/Estelle-Corbel-350x350.png 350w\" sizes=\"(max-width: 500px) 100vw, 500px\" \/>          <\/a>\n    \t<p>Click for full profile<\/p>\n\t  <\/div>\n  <figcaption>\n    <h3><a href=\"https:\/\/basel.upthere.studio\/?ex_team=estelle-corbel\">Estelle Corbel<\/a><\/h3>\n            <h5>Manager SME Innovation<\/h5>\n        <div class=\"tpstyle-19-icons\">\n      <ul class ='ex-social-account'><li class='teampress-linkedin'><a href='https:\/\/www.linkedin.com\/in\/estellecorbel\/'><i class='fab fa-linkedin-in'><\/i><\/a><\/li><li class='teampress-email'><a href='mailto:estelle.corbel@baselarea.swiss'><i class='far fa-envelope'><\/i><\/a><\/li><\/ul>    <\/div>\n  <\/figcaption>\n  \t<style type=\"text\/css\">\n\t\t\t\t\t#extp-7135.ex-tplist .tppost-155408 h5{ color:#ae1022}\n\t\t\t#extp-7135.ex-tplist .tppost-155408 .tpstyle-19-image{ border-color:#ae1022}\n\t\t\t#extp-7135.ex-tplist .tppost-155408 .tpstyle-19-image:before{ border-top-color:#ae1022}\n\t\t\t#extp-7135.ex-tplist .tppost-155408 { background:#ae1022}\n\t\t\n\t<\/style>\n\t<\/figure>\t\t\t\t\t<div class=\"exclearfix\"><\/div>\n\t\t\t\t\t<\/div>\n\t\t\t\t\t<\/div><div class=\"item-grid\" data-id=\"ex_id-extp-7135-137964\"> \t\t\t\t\t<div class=\"exp-arrow exlightbox exlb-extp-7135\" \n\t\t\t\t\t href=\"https:\/\/basel.upthere.studio\/\/wp-content\/uploads\/2021\/08\/Johannes_Bohren_30-1-e1684769415994.jpg\" data-glightbox=\"descPosition: right;\" data-class=\"exlb-extp-7135\" >\n\t\t\t\t\t\t\t\t\t<div class=\"glightbox-desc\">\n\t\t      <div class=\"exp-lightbox-info\">\n\t<div class=\"lb-image\"><a href=\"https:\/\/basel.upthere.studio\/?ex_team=johannes-bohren\"><img loading=\"lazy\" decoding=\"async\" width=\"500\" height=\"500\" src=\"https:\/\/basel.upthere.studio\/\/wp-content\/uploads\/2021\/08\/Johannes_Bohren_30-1-e1684769415994.jpg\" class=\"attachment-full size-full wp-post-image\" alt=\"johannes bohren\" srcset=\"https:\/\/basel.upthere.studio\/\/wp-content\/uploads\/2021\/08\/Johannes_Bohren_30-1-e1684769415994.jpg 500w, https:\/\/basel.upthere.studio\/\/wp-content\/uploads\/2021\/08\/Johannes_Bohren_30-1-e1684769415994-300x300.jpg 300w, https:\/\/basel.upthere.studio\/\/wp-content\/uploads\/2021\/08\/Johannes_Bohren_30-1-e1684769415994-150x150.jpg 150w, https:\/\/basel.upthere.studio\/\/wp-content\/uploads\/2021\/08\/Johannes_Bohren_30-1-e1684769415994-100x100.jpg 100w, https:\/\/basel.upthere.studio\/\/wp-content\/uploads\/2021\/08\/Johannes_Bohren_30-1-e1684769415994-140x140.jpg 140w, https:\/\/basel.upthere.studio\/\/wp-content\/uploads\/2021\/08\/Johannes_Bohren_30-1-e1684769415994-350x350.jpg 350w\" sizes=\"(max-width: 500px) 100vw, 500px\" \/><\/a><\/div>\n    <div class=\"lb-info\">\n        <h3><a href=\"https:\/\/basel.upthere.studio\/?ex_team=johannes-bohren\">Johannes Bohren<\/a><\/h3>\n        <div class=\"exp-lightbox-meta\">\n            <div class=\"lb-social\"><ul class ='ex-social-account'><li class='teampress-linkedin'><a href='https:\/\/www.linkedin.com\/in\/johannes-bohren-a8403339\/'><i class='fab fa-linkedin-in'><\/i><\/a><\/li><li class='teampress-email'><a href='mailto:startup@baselarea.swiss'><i class='far fa-envelope'><\/i><\/a><\/li><\/ul><\/div>\n                          <h5><span>Position: <\/span>Director Startup Innovation<\/h5>\n                                                  <h5><span> Email: <\/span><a href=\"mailto:startup@baselarea.swiss\">startup@baselarea.swiss<\/a><\/h5>\n                    <\/div>\n        <p><p>Johannes Bohren joined Basel Area Business &amp; Innovation in 2022.<\/p>\n<p>Prior to that he worked in Finland as an entrepreneur. He co-founded and led an IT company and an impact funding platform. Johannes studied Political Science, German Literature and Economics at the University of Fribourg and St. Petersburg.<\/p>\n<p><strong>I believe that many of our societal challenges can be solved through smart business concepts. Find out how we can help you to reach your goals and create positive impact through entrepreneurship <a href=\"https:\/\/innovate.baselarea.swiss\/services\/entrepreneurial-support\/\">here.<\/a><\/strong><\/p>\n<p>&nbsp;<\/p>\n<div id=\"highlighter--hover-tools\" style=\"display: none;\">\n<div id=\"highlighter--hover-tools--container\">\n<div class=\"highlighter--icon highlighter--icon-copy\" title=\"Copy\"><\/div>\n<div class=\"highlighter--icon highlighter--icon-change-color\" title=\"Change Color\"><\/div>\n<div class=\"highlighter--icon highlighter--icon-delete\" title=\"Delete\"><\/div>\n<\/div>\n<\/div>\n    <\/div>\n<\/div>\t\t    <\/div>\n    \t\t\t\t\t\t\t<figure class=\"tpstyle-19 tppost-137964\">\n  <div class=\"tpstyle-19-image\">\n    <a href=\"https:\/\/basel.upthere.studio\/?ex_team=johannes-bohren\" class=\"\">\n      <img loading=\"lazy\" decoding=\"async\" width=\"500\" height=\"500\" src=\"https:\/\/basel.upthere.studio\/\/wp-content\/uploads\/2021\/08\/Johannes_Bohren_30-1-e1684769415994.jpg\" class=\"attachment-full size-full wp-post-image\" alt=\"johannes bohren\" srcset=\"https:\/\/basel.upthere.studio\/\/wp-content\/uploads\/2021\/08\/Johannes_Bohren_30-1-e1684769415994.jpg 500w, https:\/\/basel.upthere.studio\/\/wp-content\/uploads\/2021\/08\/Johannes_Bohren_30-1-e1684769415994-300x300.jpg 300w, https:\/\/basel.upthere.studio\/\/wp-content\/uploads\/2021\/08\/Johannes_Bohren_30-1-e1684769415994-150x150.jpg 150w, https:\/\/basel.upthere.studio\/\/wp-content\/uploads\/2021\/08\/Johannes_Bohren_30-1-e1684769415994-100x100.jpg 100w, https:\/\/basel.upthere.studio\/\/wp-content\/uploads\/2021\/08\/Johannes_Bohren_30-1-e1684769415994-140x140.jpg 140w, https:\/\/basel.upthere.studio\/\/wp-content\/uploads\/2021\/08\/Johannes_Bohren_30-1-e1684769415994-350x350.jpg 350w\" sizes=\"(max-width: 500px) 100vw, 500px\" \/>          <\/a>\n    \t<p>Click for full profile<\/p>\n\t  <\/div>\n  <figcaption>\n    <h3><a href=\"https:\/\/basel.upthere.studio\/?ex_team=johannes-bohren\">Johannes Bohren<\/a><\/h3>\n            <h5>Director Startup Innovation<\/h5>\n        <div class=\"tpstyle-19-icons\">\n      <ul class ='ex-social-account'><li class='teampress-linkedin'><a href='https:\/\/www.linkedin.com\/in\/johannes-bohren-a8403339\/'><i class='fab fa-linkedin-in'><\/i><\/a><\/li><li class='teampress-email'><a href='mailto:startup@baselarea.swiss'><i class='far fa-envelope'><\/i><\/a><\/li><\/ul>    <\/div>\n  <\/figcaption>\n  \t<style type=\"text\/css\">\n\t\t\t\t\t#extp-7135.ex-tplist .tppost-137964 h5{ color:#ae1022}\n\t\t\t#extp-7135.ex-tplist .tppost-137964 .tpstyle-19-image{ border-color:#ae1022}\n\t\t\t#extp-7135.ex-tplist .tppost-137964 .tpstyle-19-image:before{ border-top-color:#ae1022}\n\t\t\t#extp-7135.ex-tplist .tppost-137964 { background:#ae1022}\n\t\t\n\t<\/style>\n\t<\/figure>\t\t\t\t\t<div class=\"exclearfix\"><\/div>\n\t\t\t\t\t<\/div>\n\t\t\t\t\t<\/div><div class=\"item-grid\" data-id=\"ex_id-extp-7135-138222\"> \t\t\t\t\t<div class=\"exp-arrow exlightbox exlb-extp-7135\" \n\t\t\t\t\t href=\"https:\/\/basel.upthere.studio\/\/wp-content\/uploads\/2011\/03\/Martyna-Wroblewska.jpg\" data-glightbox=\"descPosition: right;\" data-class=\"exlb-extp-7135\" >\n\t\t\t\t\t\t\t\t\t<div class=\"glightbox-desc\">\n\t\t      <div class=\"exp-lightbox-info\">\n\t<div class=\"lb-image\"><a href=\"https:\/\/basel.upthere.studio\/?ex_team=martyna-wroblewska\"><img loading=\"lazy\" decoding=\"async\" width=\"500\" height=\"500\" src=\"https:\/\/basel.upthere.studio\/\/wp-content\/uploads\/2011\/03\/Martyna-Wroblewska.jpg\" class=\"attachment-full size-full wp-post-image\" alt=\"\" srcset=\"https:\/\/basel.upthere.studio\/\/wp-content\/uploads\/2011\/03\/Martyna-Wroblewska.jpg 500w, https:\/\/basel.upthere.studio\/\/wp-content\/uploads\/2011\/03\/Martyna-Wroblewska-300x300.jpg 300w, https:\/\/basel.upthere.studio\/\/wp-content\/uploads\/2011\/03\/Martyna-Wroblewska-150x150.jpg 150w, https:\/\/basel.upthere.studio\/\/wp-content\/uploads\/2011\/03\/Martyna-Wroblewska-100x100.jpg 100w, https:\/\/basel.upthere.studio\/\/wp-content\/uploads\/2011\/03\/Martyna-Wroblewska-140x140.jpg 140w, https:\/\/basel.upthere.studio\/\/wp-content\/uploads\/2011\/03\/Martyna-Wroblewska-350x350.jpg 350w\" sizes=\"(max-width: 500px) 100vw, 500px\" \/><\/a><\/div>\n    <div class=\"lb-info\">\n        <h3><a href=\"https:\/\/basel.upthere.studio\/?ex_team=martyna-wroblewska\">Martyna Wroblewska<\/a><\/h3>\n        <div class=\"exp-lightbox-meta\">\n            <div class=\"lb-social\"><ul class ='ex-social-account'><li class='teampress-linkedin'><a href='https:\/\/www.linkedin.com\/in\/martyna-wroblewska-148ab3117\/'><i class='fab fa-linkedin-in'><\/i><\/a><\/li><li class='teampress-email'><a href='mailto:martyna.wroblewska@baselarea.swiss'><i class='far fa-envelope'><\/i><\/a><\/li><\/ul><\/div>\n                          <h5><span>Position: <\/span>Manager Innovation and Sourcing BaseLaunch<\/h5>\n                                                  <h5><span> Email: <\/span><a href=\"mailto:martyna.wroblewska@baselarea.swiss\">martyna.wroblewska@baselarea.swiss<\/a><\/h5>\n                    <\/div>\n        <p><p>Martyna Wroblewska has been working at Basel Area Business &amp; Innovation since 2021.<\/p>\n<p>Before joining Basel Area Business &amp; Innovation Martyna Wroblewska worked as a Project Leader at Redbiotec AG (pre-clinical stage biotech), where she was responsible for the design, development, and management of projects focused mainly on oncology and vaccine development. She holds a Bachelor\u2019s degree from the University of Nicolaus Copernicus (Microbiology) in Poland and a Master\u2019s degree in Biology from the University of Z\u00fcrich (Evolutionary Biology).<\/p>\n<p><strong>Are you looking for help to launch and grow your exceptional biotech company? I would love to get in touch. In the meantime, click <a href=\"https:\/\/baselaunch.ch\/\">here<\/a> to find out how BaseLaunch can help you.<\/strong><\/p>\n<div id=\"highlighter--hover-tools\" style=\"display: none;\">\n<div id=\"highlighter--hover-tools--container\">\n<div class=\"highlighter--icon highlighter--icon-copy\" title=\"Copy\"><\/div>\n<div class=\"highlighter--icon highlighter--icon-change-color\" title=\"Change Color\"><\/div>\n<div class=\"highlighter--icon highlighter--icon-delete\" title=\"Delete\"><\/div>\n<\/div>\n<\/div>\n<div id=\"highlighter--hover-tools\" style=\"display: none;\">\n<div id=\"highlighter--hover-tools--container\">\n<div class=\"highlighter--icon highlighter--icon-copy\" title=\"Copy\"><\/div>\n<div class=\"highlighter--icon highlighter--icon-change-color\" title=\"Change Color\"><\/div>\n<div class=\"highlighter--icon highlighter--icon-delete\" title=\"Delete\"><\/div>\n<\/div>\n<\/div>\n<div id=\"highlighter--hover-tools\" style=\"display: none;\">\n<div id=\"highlighter--hover-tools--container\">\n<div class=\"highlighter--icon highlighter--icon-copy\" title=\"Copy\"><\/div>\n<div class=\"highlighter--icon highlighter--icon-change-color\" title=\"Change Color\"><\/div>\n<div class=\"highlighter--icon highlighter--icon-delete\" title=\"Delete\"><\/div>\n<\/div>\n<\/div>\n    <\/div>\n<\/div>\t\t    <\/div>\n    \t\t\t\t\t\t\t<figure class=\"tpstyle-19 tppost-138222\">\n  <div class=\"tpstyle-19-image\">\n    <a href=\"https:\/\/basel.upthere.studio\/?ex_team=martyna-wroblewska\" class=\"\">\n      <img loading=\"lazy\" decoding=\"async\" width=\"500\" height=\"500\" src=\"https:\/\/basel.upthere.studio\/\/wp-content\/uploads\/2011\/03\/Martyna-Wroblewska.jpg\" class=\"attachment-full size-full wp-post-image\" alt=\"\" srcset=\"https:\/\/basel.upthere.studio\/\/wp-content\/uploads\/2011\/03\/Martyna-Wroblewska.jpg 500w, https:\/\/basel.upthere.studio\/\/wp-content\/uploads\/2011\/03\/Martyna-Wroblewska-300x300.jpg 300w, https:\/\/basel.upthere.studio\/\/wp-content\/uploads\/2011\/03\/Martyna-Wroblewska-150x150.jpg 150w, https:\/\/basel.upthere.studio\/\/wp-content\/uploads\/2011\/03\/Martyna-Wroblewska-100x100.jpg 100w, https:\/\/basel.upthere.studio\/\/wp-content\/uploads\/2011\/03\/Martyna-Wroblewska-140x140.jpg 140w, https:\/\/basel.upthere.studio\/\/wp-content\/uploads\/2011\/03\/Martyna-Wroblewska-350x350.jpg 350w\" sizes=\"(max-width: 500px) 100vw, 500px\" \/>          <\/a>\n    \t<p>Click for full profile<\/p>\n\t  <\/div>\n  <figcaption>\n    <h3><a href=\"https:\/\/basel.upthere.studio\/?ex_team=martyna-wroblewska\">Martyna Wroblewska<\/a><\/h3>\n            <h5>Manager Innovation and Sourcing BaseLaunch<\/h5>\n        <div class=\"tpstyle-19-icons\">\n      <ul class ='ex-social-account'><li class='teampress-linkedin'><a href='https:\/\/www.linkedin.com\/in\/martyna-wroblewska-148ab3117\/'><i class='fab fa-linkedin-in'><\/i><\/a><\/li><li class='teampress-email'><a href='mailto:martyna.wroblewska@baselarea.swiss'><i class='far fa-envelope'><\/i><\/a><\/li><\/ul>    <\/div>\n  <\/figcaption>\n  \t<style type=\"text\/css\">\n\t\t\t\t\t#extp-7135.ex-tplist .tppost-138222 h5{ color:#ae1022}\n\t\t\t#extp-7135.ex-tplist .tppost-138222 .tpstyle-19-image{ border-color:#ae1022}\n\t\t\t#extp-7135.ex-tplist .tppost-138222 .tpstyle-19-image:before{ border-top-color:#ae1022}\n\t\t\t#extp-7135.ex-tplist .tppost-138222 { background:#ae1022}\n\t\t\n\t<\/style>\n\t<\/figure>\t\t\t\t\t<div class=\"exclearfix\"><\/div>\n\t\t\t\t\t<\/div>\n\t\t\t\t\t<\/div><div class=\"item-grid\" data-id=\"ex_id-extp-7135-677\"> \t\t\t\t\t<div class=\"exp-arrow exlightbox exlb-extp-7135\" \n\t\t\t\t\t href=\"https:\/\/basel.upthere.studio\/\/wp-content\/uploads\/2019\/12\/Neil_Goldsmith_25_web.jpg.jpg\" data-glightbox=\"descPosition: right;\" data-class=\"exlb-extp-7135\" >\n\t\t\t\t\t\t\t\t\t<div class=\"glightbox-desc\">\n\t\t      <div class=\"exp-lightbox-info\">\n\t<div class=\"lb-image\"><a href=\"https:\/\/basel.upthere.studio\/?ex_team=neil-goldsmith\"><img loading=\"lazy\" decoding=\"async\" width=\"500\" height=\"500\" src=\"https:\/\/basel.upthere.studio\/\/wp-content\/uploads\/2019\/12\/Neil_Goldsmith_25_web.jpg.jpg\" class=\"attachment-full size-full wp-post-image\" alt=\"\" srcset=\"https:\/\/basel.upthere.studio\/\/wp-content\/uploads\/2019\/12\/Neil_Goldsmith_25_web.jpg.jpg 500w, https:\/\/basel.upthere.studio\/\/wp-content\/uploads\/2019\/12\/Neil_Goldsmith_25_web.jpg-300x300.jpg 300w, https:\/\/basel.upthere.studio\/\/wp-content\/uploads\/2019\/12\/Neil_Goldsmith_25_web.jpg-150x150.jpg 150w, https:\/\/basel.upthere.studio\/\/wp-content\/uploads\/2019\/12\/Neil_Goldsmith_25_web.jpg-100x100.jpg 100w, https:\/\/basel.upthere.studio\/\/wp-content\/uploads\/2019\/12\/Neil_Goldsmith_25_web.jpg-140x140.jpg 140w, https:\/\/basel.upthere.studio\/\/wp-content\/uploads\/2019\/12\/Neil_Goldsmith_25_web.jpg-350x350.jpg 350w\" sizes=\"(max-width: 500px) 100vw, 500px\" \/><\/a><\/div>\n    <div class=\"lb-info\">\n        <h3><a href=\"https:\/\/basel.upthere.studio\/?ex_team=neil-goldsmith\">Neil Goldsmith<\/a><\/h3>\n        <div class=\"exp-lightbox-meta\">\n            <div class=\"lb-social\"><ul class ='ex-social-account'><li class='teampress-linkedin'><a href='https:\/\/www.linkedin.com\/in\/neil-goldsmith-693908\/'><i class='fab fa-linkedin-in'><\/i><\/a><\/li><li class='teampress-email'><a href='mailto:neil.goldsmith@baselaunch.ch'><i class='far fa-envelope'><\/i><\/a><\/li><\/ul><\/div>\n                          <h5><span>Position: <\/span>Director Strategy BaseLaunch<\/h5>\n                                                  <h5><span> Email: <\/span><a href=\"mailto:neil.goldsmith@baselaunch.ch\">neil.goldsmith@baselaunch.ch<\/a><\/h5>\n                    <\/div>\n        <p><p>Neil Goldsmith joined Basel Area Business &amp; Innovation in 2018.<\/p>\n<p>Previously, Neil Goldsmith was CEO and board member of Evolva SA, which he co-founded in 2004, taking it from a startup biotech venture to a leading synthetic biology company listed on the Swiss stock exchange. He co-founded Topotarget A\/S and Personal Chemistry AB, now Biotage AB. He further founded and managed various life science ventures at an early stage.<\/p>\n<p>Neil Goldsmith holds a 1st class honors degree in Zoology from Balliol College, Oxford University and set up his first company in 1984. He is a board member of Unibio and Double Bioventures.<\/p>\n<p><strong>Are you looking for help to launch and grow your exceptional biotech company? I would love to get in touch. In the meantime, click <a href=\"https:\/\/baselaunch.ch\/\">here <\/a>to find out how BaseLaunch can help you.<\/strong><\/p>\n<div id=\"highlighter--hover-tools\" style=\"display: none;\">\n<div id=\"highlighter--hover-tools--container\">\n<div class=\"highlighter--icon highlighter--icon-copy\" title=\"Copy\"><\/div>\n<div class=\"highlighter--icon highlighter--icon-change-color\" title=\"Change Color\"><\/div>\n<div class=\"highlighter--icon highlighter--icon-delete\" title=\"Delete\"><\/div>\n<\/div>\n<\/div>\n<div id=\"highlighter--hover-tools\" style=\"display: none;\">\n<div id=\"highlighter--hover-tools--container\">\n<div class=\"highlighter--icon highlighter--icon-copy\" title=\"Copy\"><\/div>\n<div class=\"highlighter--icon highlighter--icon-change-color\" title=\"Change Color\"><\/div>\n<div class=\"highlighter--icon highlighter--icon-delete\" title=\"Delete\"><\/div>\n<\/div>\n<\/div>\n<div id=\"highlighter--hover-tools\" style=\"display: none;\">\n<div id=\"highlighter--hover-tools--container\">\n<div class=\"highlighter--icon highlighter--icon-copy\" title=\"Copy\"><\/div>\n<div class=\"highlighter--icon highlighter--icon-change-color\" title=\"Change Color\"><\/div>\n<div class=\"highlighter--icon highlighter--icon-delete\" title=\"Delete\"><\/div>\n<\/div>\n<\/div>\n    <\/div>\n<\/div>\t\t    <\/div>\n    \t\t\t\t\t\t\t<figure class=\"tpstyle-19 tppost-677\">\n  <div class=\"tpstyle-19-image\">\n    <a href=\"https:\/\/basel.upthere.studio\/?ex_team=neil-goldsmith\" class=\"\">\n      <img loading=\"lazy\" decoding=\"async\" width=\"500\" height=\"500\" src=\"https:\/\/basel.upthere.studio\/\/wp-content\/uploads\/2019\/12\/Neil_Goldsmith_25_web.jpg.jpg\" class=\"attachment-full size-full wp-post-image\" alt=\"\" srcset=\"https:\/\/basel.upthere.studio\/\/wp-content\/uploads\/2019\/12\/Neil_Goldsmith_25_web.jpg.jpg 500w, https:\/\/basel.upthere.studio\/\/wp-content\/uploads\/2019\/12\/Neil_Goldsmith_25_web.jpg-300x300.jpg 300w, https:\/\/basel.upthere.studio\/\/wp-content\/uploads\/2019\/12\/Neil_Goldsmith_25_web.jpg-150x150.jpg 150w, https:\/\/basel.upthere.studio\/\/wp-content\/uploads\/2019\/12\/Neil_Goldsmith_25_web.jpg-100x100.jpg 100w, https:\/\/basel.upthere.studio\/\/wp-content\/uploads\/2019\/12\/Neil_Goldsmith_25_web.jpg-140x140.jpg 140w, https:\/\/basel.upthere.studio\/\/wp-content\/uploads\/2019\/12\/Neil_Goldsmith_25_web.jpg-350x350.jpg 350w\" sizes=\"(max-width: 500px) 100vw, 500px\" \/>          <\/a>\n    \t<p>Click for full profile<\/p>\n\t  <\/div>\n  <figcaption>\n    <h3><a href=\"https:\/\/basel.upthere.studio\/?ex_team=neil-goldsmith\">Neil Goldsmith<\/a><\/h3>\n            <h5>Director Strategy BaseLaunch<\/h5>\n        <div class=\"tpstyle-19-icons\">\n      <ul class ='ex-social-account'><li class='teampress-linkedin'><a href='https:\/\/www.linkedin.com\/in\/neil-goldsmith-693908\/'><i class='fab fa-linkedin-in'><\/i><\/a><\/li><li class='teampress-email'><a href='mailto:neil.goldsmith@baselaunch.ch'><i class='far fa-envelope'><\/i><\/a><\/li><\/ul>    <\/div>\n  <\/figcaption>\n  \t<style type=\"text\/css\">\n\t\t\t\t\t#extp-7135.ex-tplist .tppost-677 h5{ color:#ae1022}\n\t\t\t#extp-7135.ex-tplist .tppost-677 .tpstyle-19-image{ border-color:#ae1022}\n\t\t\t#extp-7135.ex-tplist .tppost-677 .tpstyle-19-image:before{ border-top-color:#ae1022}\n\t\t\t#extp-7135.ex-tplist .tppost-677 { background:#ae1022}\n\t\t\n\t<\/style>\n\t<\/figure>\t\t\t\t\t<div class=\"exclearfix\"><\/div>\n\t\t\t\t\t<\/div>\n\t\t\t\t\t<\/div><div class=\"item-grid\" data-id=\"ex_id-extp-7135-150313\"> \t\t\t\t\t<div class=\"exp-arrow exlightbox exlb-extp-7135\" \n\t\t\t\t\t href=\"https:\/\/basel.upthere.studio\/\/wp-content\/uploads\/2023\/06\/Pascal-Clisson.jpg\" data-glightbox=\"descPosition: right;\" data-class=\"exlb-extp-7135\" >\n\t\t\t\t\t\t\t\t\t<div class=\"glightbox-desc\">\n\t\t      <div class=\"exp-lightbox-info\">\n\t<div class=\"lb-image\"><a href=\"https:\/\/basel.upthere.studio\/?ex_team=pascal-clisson\"><img loading=\"lazy\" decoding=\"async\" width=\"500\" height=\"500\" src=\"https:\/\/basel.upthere.studio\/\/wp-content\/uploads\/2023\/06\/Pascal-Clisson.jpg\" class=\"attachment-full size-full wp-post-image\" alt=\"\" srcset=\"https:\/\/basel.upthere.studio\/\/wp-content\/uploads\/2023\/06\/Pascal-Clisson.jpg 500w, https:\/\/basel.upthere.studio\/\/wp-content\/uploads\/2023\/06\/Pascal-Clisson-300x300.jpg 300w, https:\/\/basel.upthere.studio\/\/wp-content\/uploads\/2023\/06\/Pascal-Clisson-150x150.jpg 150w, https:\/\/basel.upthere.studio\/\/wp-content\/uploads\/2023\/06\/Pascal-Clisson-100x100.jpg 100w, https:\/\/basel.upthere.studio\/\/wp-content\/uploads\/2023\/06\/Pascal-Clisson-140x140.jpg 140w, https:\/\/basel.upthere.studio\/\/wp-content\/uploads\/2023\/06\/Pascal-Clisson-350x350.jpg 350w\" sizes=\"(max-width: 500px) 100vw, 500px\" \/><\/a><\/div>\n    <div class=\"lb-info\">\n        <h3><a href=\"https:\/\/basel.upthere.studio\/?ex_team=pascal-clisson\">Pascal Clisson<\/a><\/h3>\n        <div class=\"exp-lightbox-meta\">\n            <div class=\"lb-social\"><ul class ='ex-social-account'><li class='teampress-linkedin'><a href='https:\/\/www.linkedin.com\/in\/pascal-clisson\/'><i class='fab fa-linkedin-in'><\/i><\/a><\/li><li class='teampress-email'><a href='mailto:pascal.clisson@baselarea.swiss'><i class='far fa-envelope'><\/i><\/a><\/li><\/ul><\/div>\n                          <h5><span>Position: <\/span>Business Growth & Strategic Partnership Lead - DayOne<\/h5>\n                                                  <h5><span> Email: <\/span><a href=\"mailto:pascal.clisson@baselarea.swiss\">pascal.clisson@baselarea.swiss<\/a><\/h5>\n                    <\/div>\n        <p><p>Pascal Clisson has worked at Basel Area Business &amp; Innovation since 2023.<\/p>\n<p>Previously, Pascal Clisson worked as a digital startup cofounder and startup mentor. He is a digital transformation consultant and part-time professor in several graduate and executive education programs at the ESAN Business School in Peru.<\/p>\n<p>Previously he held managing positions for Sony Corporation in global and local functions in sales and marketing, mostly in Europe and Latin America.<\/p>\n<p>Pascal Clisson is an active patient expert and advocate at the Alliance Maladies Rares in France and is EURORDIS and EUPATI trained.<\/p>\n<p>Pascal Clisson completed his Executive MBA at the IESE Business School in Barcelona, Spain. He holds a master&#8217;s degree in international Management from the EM Lyon Business School, France and has a degree in Political Sciences and Economy from Sciences Po Strasbourg.<\/p>\n<p><strong>Looking to create, start or expand your own business or diversify into MedTech? Great! How about a good source of support along the way? Our free-of-charge services range from startup acceleration, events and workshops to inspiring collaborative workspaces. See <a href=\"https:\/\/baselarea.swiss\/blog-post\/an-intense-and-ambitious-year-for-the-jura-site-of-the-switzerland-innovation-park-basel-area\/\">here<\/a> what we have been able to do in the canton of Jura<\/strong>.<\/p>\n<div id=\"highlighter--hover-tools\" style=\"display: none;\">\n<div id=\"highlighter--hover-tools--container\">\n<div class=\"highlighter--icon highlighter--icon-copy\" title=\"Copy\"><\/div>\n<div class=\"highlighter--icon highlighter--icon-change-color\" title=\"Change Color\"><\/div>\n<div class=\"highlighter--icon highlighter--icon-delete\" title=\"Delete\"><\/div>\n<\/div>\n<\/div>\n<div id=\"highlighter--hover-tools\" style=\"display: none;\">\n<div id=\"highlighter--hover-tools--container\">\n<div class=\"highlighter--icon highlighter--icon-copy\" title=\"Copy\"><\/div>\n<div class=\"highlighter--icon highlighter--icon-change-color\" title=\"Change Color\"><\/div>\n<div class=\"highlighter--icon highlighter--icon-delete\" title=\"Delete\"><\/div>\n<\/div>\n<\/div>\n<div id=\"highlighter--hover-tools\" style=\"display: none;\">\n<div id=\"highlighter--hover-tools--container\">\n<div class=\"highlighter--icon highlighter--icon-copy\" title=\"Copy\"><\/div>\n<div class=\"highlighter--icon highlighter--icon-change-color\" title=\"Change Color\"><\/div>\n<div class=\"highlighter--icon highlighter--icon-delete\" title=\"Delete\"><\/div>\n<\/div>\n<\/div>\n<div id=\"highlighter--hover-tools\" style=\"display: none;\">\n<div id=\"highlighter--hover-tools--container\">\n<div class=\"highlighter--icon highlighter--icon-copy\" title=\"Copy\"><\/div>\n<div class=\"highlighter--icon highlighter--icon-change-color\" title=\"Change Color\"><\/div>\n<div class=\"highlighter--icon highlighter--icon-delete\" title=\"Delete\"><\/div>\n<\/div>\n<\/div>\n    <\/div>\n<\/div>\t\t    <\/div>\n    \t\t\t\t\t\t\t<figure class=\"tpstyle-19 tppost-150313\">\n  <div class=\"tpstyle-19-image\">\n    <a href=\"https:\/\/basel.upthere.studio\/?ex_team=pascal-clisson\" class=\"\">\n      <img loading=\"lazy\" decoding=\"async\" width=\"500\" height=\"500\" src=\"https:\/\/basel.upthere.studio\/\/wp-content\/uploads\/2023\/06\/Pascal-Clisson.jpg\" class=\"attachment-full size-full wp-post-image\" alt=\"\" srcset=\"https:\/\/basel.upthere.studio\/\/wp-content\/uploads\/2023\/06\/Pascal-Clisson.jpg 500w, https:\/\/basel.upthere.studio\/\/wp-content\/uploads\/2023\/06\/Pascal-Clisson-300x300.jpg 300w, https:\/\/basel.upthere.studio\/\/wp-content\/uploads\/2023\/06\/Pascal-Clisson-150x150.jpg 150w, https:\/\/basel.upthere.studio\/\/wp-content\/uploads\/2023\/06\/Pascal-Clisson-100x100.jpg 100w, https:\/\/basel.upthere.studio\/\/wp-content\/uploads\/2023\/06\/Pascal-Clisson-140x140.jpg 140w, https:\/\/basel.upthere.studio\/\/wp-content\/uploads\/2023\/06\/Pascal-Clisson-350x350.jpg 350w\" sizes=\"(max-width: 500px) 100vw, 500px\" \/>          <\/a>\n    \t<p>Click for full profile<\/p>\n\t  <\/div>\n  <figcaption>\n    <h3><a href=\"https:\/\/basel.upthere.studio\/?ex_team=pascal-clisson\">Pascal Clisson<\/a><\/h3>\n            <h5>Business Growth & Strategic Partnership Lead - DayOne<\/h5>\n        <div class=\"tpstyle-19-icons\">\n      <ul class ='ex-social-account'><li class='teampress-linkedin'><a href='https:\/\/www.linkedin.com\/in\/pascal-clisson\/'><i class='fab fa-linkedin-in'><\/i><\/a><\/li><li class='teampress-email'><a href='mailto:pascal.clisson@baselarea.swiss'><i class='far fa-envelope'><\/i><\/a><\/li><\/ul>    <\/div>\n  <\/figcaption>\n  \t<style type=\"text\/css\">\n\t\t\t\t\t#extp-7135.ex-tplist .tppost-150313 h5{ color:#ae1022}\n\t\t\t#extp-7135.ex-tplist .tppost-150313 .tpstyle-19-image{ border-color:#ae1022}\n\t\t\t#extp-7135.ex-tplist .tppost-150313 .tpstyle-19-image:before{ border-top-color:#ae1022}\n\t\t\t#extp-7135.ex-tplist .tppost-150313 { background:#ae1022}\n\t\t\n\t<\/style>\n\t<\/figure>\t\t\t\t\t<div class=\"exclearfix\"><\/div>\n\t\t\t\t\t<\/div>\n\t\t\t\t\t<\/div><div class=\"item-grid\" data-id=\"ex_id-extp-7135-638\"> \t\t\t\t\t<div class=\"exp-arrow exlightbox exlb-extp-7135\" \n\t\t\t\t\t href=\"https:\/\/basel.upthere.studio\/\/wp-content\/uploads\/2019\/12\/Stefan_Emmerth_026_web.jpg-e1684843317365.jpg\" data-glightbox=\"descPosition: right;\" data-class=\"exlb-extp-7135\" >\n\t\t\t\t\t\t\t\t\t<div class=\"glightbox-desc\">\n\t\t      <div class=\"exp-lightbox-info\">\n\t<div class=\"lb-image\"><a href=\"https:\/\/basel.upthere.studio\/?ex_team=stephan-emmerth\"><img loading=\"lazy\" decoding=\"async\" width=\"500\" height=\"500\" src=\"https:\/\/basel.upthere.studio\/\/wp-content\/uploads\/2019\/12\/Stefan_Emmerth_026_web.jpg-e1684843317365.jpg\" class=\"attachment-full size-full wp-post-image\" alt=\"\" srcset=\"https:\/\/basel.upthere.studio\/\/wp-content\/uploads\/2019\/12\/Stefan_Emmerth_026_web.jpg-e1684843317365.jpg 500w, https:\/\/basel.upthere.studio\/\/wp-content\/uploads\/2019\/12\/Stefan_Emmerth_026_web.jpg-e1684843317365-300x300.jpg 300w, https:\/\/basel.upthere.studio\/\/wp-content\/uploads\/2019\/12\/Stefan_Emmerth_026_web.jpg-e1684843317365-150x150.jpg 150w, https:\/\/basel.upthere.studio\/\/wp-content\/uploads\/2019\/12\/Stefan_Emmerth_026_web.jpg-e1684843317365-100x100.jpg 100w, https:\/\/basel.upthere.studio\/\/wp-content\/uploads\/2019\/12\/Stefan_Emmerth_026_web.jpg-e1684843317365-140x140.jpg 140w, https:\/\/basel.upthere.studio\/\/wp-content\/uploads\/2019\/12\/Stefan_Emmerth_026_web.jpg-e1684843317365-350x350.jpg 350w\" sizes=\"(max-width: 500px) 100vw, 500px\" \/><\/a><\/div>\n    <div class=\"lb-info\">\n        <h3><a href=\"https:\/\/basel.upthere.studio\/?ex_team=stephan-emmerth\">Stephan Emmerth, PhD<\/a><\/h3>\n        <div class=\"exp-lightbox-meta\">\n            <div class=\"lb-social\"><ul class ='ex-social-account'><li class='teampress-linkedin'><a href='https:\/\/www.linkedin.com\/in\/stephanemmerth\/'><i class='fab fa-linkedin-in'><\/i><\/a><\/li><li class='teampress-email'><a href='mailto:stephan.emmerth@baselarea.swiss'><i class='far fa-envelope'><\/i><\/a><\/li><\/ul><\/div>\n                          <h5><span>Position: <\/span>Director Therapeutic Innovation and BaseLaunch<\/h5>\n                                                  <h5><span> Email: <\/span><a href=\"mailto:stephan.emmerth@baselarea.swiss\">stephan.emmerth@baselarea.swiss<\/a><\/h5>\n                    <\/div>\n        <p><p>Dr. Stephan Emmerth joined Basel Area Business &amp; Innovation in 2016.<\/p>\n<p>He worked for i-net innovation networks switzerland as Life Sciences Manager before that.<\/p>\n<p>Prior to this, Stephan worked for F. Hoffmann-La Roche AG as a research postdoc and in the Medical Affairs department of Lipomed. At the Friedrich Miescher Institute (Novartis), he was employed as a doctoral student between 2008 and 2011.<\/p>\n<p>Stephan Emmerth studied biology at ETH Zurich and gained his doctorate at the Friederich Miescher Institute (Novartis) in Basel.<\/p>\n<p><strong>Are you looking for help to launch and grow your exceptional biotech company? I would love to get in touch. In the meantime, click <a href=\"https:\/\/baselaunch.ch\/\">here<\/a> to find out how BaseLaunch can help you.<\/strong><\/p>\n<\/p>\n    <\/div>\n<\/div>\t\t    <\/div>\n    \t\t\t\t\t\t\t<figure class=\"tpstyle-19 tppost-638\">\n  <div class=\"tpstyle-19-image\">\n    <a href=\"https:\/\/basel.upthere.studio\/?ex_team=stephan-emmerth\" class=\"\">\n      <img loading=\"lazy\" decoding=\"async\" width=\"500\" height=\"500\" src=\"https:\/\/basel.upthere.studio\/\/wp-content\/uploads\/2019\/12\/Stefan_Emmerth_026_web.jpg-e1684843317365.jpg\" class=\"attachment-full size-full wp-post-image\" alt=\"\" srcset=\"https:\/\/basel.upthere.studio\/\/wp-content\/uploads\/2019\/12\/Stefan_Emmerth_026_web.jpg-e1684843317365.jpg 500w, https:\/\/basel.upthere.studio\/\/wp-content\/uploads\/2019\/12\/Stefan_Emmerth_026_web.jpg-e1684843317365-300x300.jpg 300w, https:\/\/basel.upthere.studio\/\/wp-content\/uploads\/2019\/12\/Stefan_Emmerth_026_web.jpg-e1684843317365-150x150.jpg 150w, https:\/\/basel.upthere.studio\/\/wp-content\/uploads\/2019\/12\/Stefan_Emmerth_026_web.jpg-e1684843317365-100x100.jpg 100w, https:\/\/basel.upthere.studio\/\/wp-content\/uploads\/2019\/12\/Stefan_Emmerth_026_web.jpg-e1684843317365-140x140.jpg 140w, https:\/\/basel.upthere.studio\/\/wp-content\/uploads\/2019\/12\/Stefan_Emmerth_026_web.jpg-e1684843317365-350x350.jpg 350w\" sizes=\"(max-width: 500px) 100vw, 500px\" \/>          <\/a>\n    \t<p>Click for full profile<\/p>\n\t  <\/div>\n  <figcaption>\n    <h3><a href=\"https:\/\/basel.upthere.studio\/?ex_team=stephan-emmerth\">Stephan Emmerth, PhD<\/a><\/h3>\n            <h5>Director Therapeutic Innovation and BaseLaunch<\/h5>\n        <div class=\"tpstyle-19-icons\">\n      <ul class ='ex-social-account'><li class='teampress-linkedin'><a href='https:\/\/www.linkedin.com\/in\/stephanemmerth\/'><i class='fab fa-linkedin-in'><\/i><\/a><\/li><li class='teampress-email'><a href='mailto:stephan.emmerth@baselarea.swiss'><i class='far fa-envelope'><\/i><\/a><\/li><\/ul>    <\/div>\n  <\/figcaption>\n  \t<style type=\"text\/css\">\n\t\t\t\t\t#extp-7135.ex-tplist .tppost-638 h5{ color:#ae1022}\n\t\t\t#extp-7135.ex-tplist .tppost-638 .tpstyle-19-image{ border-color:#ae1022}\n\t\t\t#extp-7135.ex-tplist .tppost-638 .tpstyle-19-image:before{ border-top-color:#ae1022}\n\t\t\t#extp-7135.ex-tplist .tppost-638 { background:#ae1022}\n\t\t\n\t<\/style>\n\t<\/figure>\t\t\t\t\t<div class=\"exclearfix\"><\/div>\n\t\t\t\t\t<\/div>\n\t\t\t\t\t<\/div><div class=\"item-grid\" data-id=\"ex_id-extp-7135-644\"> \t\t\t\t\t<div class=\"exp-arrow exlightbox exlb-extp-7135\" \n\t\t\t\t\t href=\"https:\/\/basel.upthere.studio\/\/wp-content\/uploads\/2019\/12\/Sebastien_Meunier_028_web.jpg-e1684843365563.jpg\" data-glightbox=\"descPosition: right;\" data-class=\"exlb-extp-7135\" >\n\t\t\t\t\t\t\t\t\t<div class=\"glightbox-desc\">\n\t\t      <div class=\"exp-lightbox-info\">\n\t<div class=\"lb-image\"><a href=\"https:\/\/basel.upthere.studio\/?ex_team=sebastien-meunier\"><img loading=\"lazy\" decoding=\"async\" width=\"500\" height=\"500\" src=\"https:\/\/basel.upthere.studio\/\/wp-content\/uploads\/2019\/12\/Sebastien_Meunier_028_web.jpg-e1684843365563.jpg\" class=\"attachment-full size-full wp-post-image\" alt=\"\" srcset=\"https:\/\/basel.upthere.studio\/\/wp-content\/uploads\/2019\/12\/Sebastien_Meunier_028_web.jpg-e1684843365563.jpg 500w, https:\/\/basel.upthere.studio\/\/wp-content\/uploads\/2019\/12\/Sebastien_Meunier_028_web.jpg-e1684843365563-300x300.jpg 300w, https:\/\/basel.upthere.studio\/\/wp-content\/uploads\/2019\/12\/Sebastien_Meunier_028_web.jpg-e1684843365563-150x150.jpg 150w, https:\/\/basel.upthere.studio\/\/wp-content\/uploads\/2019\/12\/Sebastien_Meunier_028_web.jpg-e1684843365563-100x100.jpg 100w, https:\/\/basel.upthere.studio\/\/wp-content\/uploads\/2019\/12\/Sebastien_Meunier_028_web.jpg-e1684843365563-140x140.jpg 140w, https:\/\/basel.upthere.studio\/\/wp-content\/uploads\/2019\/12\/Sebastien_Meunier_028_web.jpg-e1684843365563-350x350.jpg 350w\" sizes=\"(max-width: 500px) 100vw, 500px\" \/><\/a><\/div>\n    <div class=\"lb-info\">\n        <h3><a href=\"https:\/\/basel.upthere.studio\/?ex_team=sebastien-meunier\">S\u00e9bastien Meunier<\/a><\/h3>\n        <div class=\"exp-lightbox-meta\">\n            <div class=\"lb-social\"><ul class ='ex-social-account'><li class='teampress-linkedin'><a href='https:\/\/bit.ly\/3gNDaqK'><i class='fab fa-linkedin-in'><\/i><\/a><\/li><li class='teampress-twitter'><a href='https:\/\/twitter.com\/MeunierSe'><i class='fab fa-twitter'><\/i><\/a><\/li><li class='teampress-email'><a href='mailto:sebastien.meunier@baselarea.swiss'><i class='far fa-envelope'><\/i><\/a><\/li><\/ul><\/div>\n                          <h5><span>Position: <\/span>Director SME Innovation<\/h5>\n                                                  <h5><span> Email: <\/span><a href=\"mailto:sebastien.meunier@baselarea.swiss\">sebastien.meunier@baselarea.swiss<\/a><\/h5>\n                    <\/div>\n        <p><p>S\u00e9bastien Meunier joined Basel Area Business &amp; Innovation in 2016.<\/p>\n<p>Prior to this, he was Cleantech Manager at i-net innovation networks switzerland.<\/p>\n<p>S\u00e9bastien Meunier worked at the CCI Sud Alsace Mulhouse Chamber of Industry and Commerce, most recently as Head of the Industry Department. He was Head of the Design Office, Laboratory and Measurement Technology at Zurfluh Feller.<\/p>\n<p>S\u00e9bastien Meunier studied engineering science at the Institut Universitaire de Technologie in Besan\u00e7on and at the Institut des Techniques d\u2019Ingenieur de l\u2019Industrie, where he gained his degree in mechanical and production engineering.<\/p>\n<p><strong>Are you interested in innovation and networking? In our trinational Industry 4.0 Technology Circles we bring together researchers, developers, entrepreneurs and other stakeholders to foster cross-disciplinary exchange. Contact me directly or click <a href=\"https:\/\/innovate.baselarea.swiss\/blog-post\/how-the-industry-can-make-the-most-of-data-management-and-ai\/\">here<\/a> for the report from a previous technology circle.<\/strong><\/p>\n<\/p>\n    <\/div>\n<\/div>\t\t    <\/div>\n    \t\t\t\t\t\t\t<figure class=\"tpstyle-19 tppost-644\">\n  <div class=\"tpstyle-19-image\">\n    <a href=\"https:\/\/basel.upthere.studio\/?ex_team=sebastien-meunier\" class=\"\">\n      <img loading=\"lazy\" decoding=\"async\" width=\"500\" height=\"500\" src=\"https:\/\/basel.upthere.studio\/\/wp-content\/uploads\/2019\/12\/Sebastien_Meunier_028_web.jpg-e1684843365563.jpg\" class=\"attachment-full size-full wp-post-image\" alt=\"\" srcset=\"https:\/\/basel.upthere.studio\/\/wp-content\/uploads\/2019\/12\/Sebastien_Meunier_028_web.jpg-e1684843365563.jpg 500w, https:\/\/basel.upthere.studio\/\/wp-content\/uploads\/2019\/12\/Sebastien_Meunier_028_web.jpg-e1684843365563-300x300.jpg 300w, https:\/\/basel.upthere.studio\/\/wp-content\/uploads\/2019\/12\/Sebastien_Meunier_028_web.jpg-e1684843365563-150x150.jpg 150w, https:\/\/basel.upthere.studio\/\/wp-content\/uploads\/2019\/12\/Sebastien_Meunier_028_web.jpg-e1684843365563-100x100.jpg 100w, https:\/\/basel.upthere.studio\/\/wp-content\/uploads\/2019\/12\/Sebastien_Meunier_028_web.jpg-e1684843365563-140x140.jpg 140w, https:\/\/basel.upthere.studio\/\/wp-content\/uploads\/2019\/12\/Sebastien_Meunier_028_web.jpg-e1684843365563-350x350.jpg 350w\" sizes=\"(max-width: 500px) 100vw, 500px\" \/>          <\/a>\n    \t<p>Click for full profile<\/p>\n\t  <\/div>\n  <figcaption>\n    <h3><a href=\"https:\/\/basel.upthere.studio\/?ex_team=sebastien-meunier\">S\u00e9bastien Meunier<\/a><\/h3>\n            <h5>Director SME Innovation<\/h5>\n        <div class=\"tpstyle-19-icons\">\n      <ul class ='ex-social-account'><li class='teampress-linkedin'><a href='https:\/\/bit.ly\/3gNDaqK'><i class='fab fa-linkedin-in'><\/i><\/a><\/li><li class='teampress-twitter'><a href='https:\/\/twitter.com\/MeunierSe'><i class='fab fa-twitter'><\/i><\/a><\/li><li class='teampress-email'><a href='mailto:sebastien.meunier@baselarea.swiss'><i class='far fa-envelope'><\/i><\/a><\/li><\/ul>    <\/div>\n  <\/figcaption>\n  \t<style type=\"text\/css\">\n\t\t\t\t\t#extp-7135.ex-tplist .tppost-644 h5{ color:#ae1022}\n\t\t\t#extp-7135.ex-tplist .tppost-644 .tpstyle-19-image{ border-color:#ae1022}\n\t\t\t#extp-7135.ex-tplist .tppost-644 .tpstyle-19-image:before{ border-top-color:#ae1022}\n\t\t\t#extp-7135.ex-tplist .tppost-644 { background:#ae1022}\n\t\t\n\t<\/style>\n\t<\/figure>\t\t\t\t\t<div class=\"exclearfix\"><\/div>\n\t\t\t\t\t<\/div>\n\t\t\t\t\t<\/div><div class=\"item-grid\" data-id=\"ex_id-extp-7135-158434\"> \t\t\t\t\t<div class=\"exp-arrow exlightbox exlb-extp-7135\" \n\t\t\t\t\t href=\"https:\/\/basel.upthere.studio\/\/wp-content\/uploads\/2011\/04\/Therese-Schmutz-Portrait.png\" data-glightbox=\"descPosition: right;\" data-class=\"exlb-extp-7135\" >\n\t\t\t\t\t\t\t\t\t<div class=\"glightbox-desc\">\n\t\t      <div class=\"exp-lightbox-info\">\n\t<div class=\"lb-image\"><a href=\"https:\/\/basel.upthere.studio\/?ex_team=therese-schmutz\"><img loading=\"lazy\" decoding=\"async\" width=\"500\" height=\"500\" src=\"https:\/\/basel.upthere.studio\/\/wp-content\/uploads\/2011\/04\/Therese-Schmutz-Portrait.png\" class=\"attachment-full size-full wp-post-image\" alt=\"\" srcset=\"https:\/\/basel.upthere.studio\/\/wp-content\/uploads\/2011\/04\/Therese-Schmutz-Portrait.png 500w, https:\/\/basel.upthere.studio\/\/wp-content\/uploads\/2011\/04\/Therese-Schmutz-Portrait-300x300.png 300w, https:\/\/basel.upthere.studio\/\/wp-content\/uploads\/2011\/04\/Therese-Schmutz-Portrait-150x150.png 150w, https:\/\/basel.upthere.studio\/\/wp-content\/uploads\/2011\/04\/Therese-Schmutz-Portrait-140x140.png 140w, https:\/\/basel.upthere.studio\/\/wp-content\/uploads\/2011\/04\/Therese-Schmutz-Portrait-100x100.png 100w, https:\/\/basel.upthere.studio\/\/wp-content\/uploads\/2011\/04\/Therese-Schmutz-Portrait-350x350.png 350w\" sizes=\"(max-width: 500px) 100vw, 500px\" \/><\/a><\/div>\n    <div class=\"lb-info\">\n        <h3><a href=\"https:\/\/basel.upthere.studio\/?ex_team=therese-schmutz\">Th\u00e9r\u00e8se Schmutz<\/a><\/h3>\n        <div class=\"exp-lightbox-meta\">\n            <div class=\"lb-social\"><ul class ='ex-social-account'><li class='teampress-linkedin'><a href='http:\/\/linkedin.com\/in\/th\u00e9r\u00e8se-susan-schmutz-6a1455164'><i class='fab fa-linkedin-in'><\/i><\/a><\/li><li class='teampress-email'><a href='mailto:therese.schmutz@baselarea.swiss'><i class='far fa-envelope'><\/i><\/a><\/li><\/ul><\/div>\n                          <h5><span>Position: <\/span>Manager Startup Innovation<\/h5>\n                                                  <h5><span> Email: <\/span><a href=\"mailto:therese.schmutz@baselarea.swiss\">therese.schmutz@baselarea.swiss<\/a><\/h5>\n                    <\/div>\n        <p><p class=\"ai-optimize-6 ai-optimize-introduction\"><span data-teams=\"true\">Th\u00e9r\u00e8se Schmutz joined Basel Area Business &amp; Innovation in 2025.<\/span><\/p>\n<p class=\"ai-optimize-7\">Prior, she worked as a Research Associate at the Institute of Management researching and teaching entrepreneurship, innovation, and sustainability at the University of Applied Sciences and Arts Northwestern Switzerland. Before that, she worked as a Junior Innovation Co-Creator at InnoArchitects, guiding larger Swiss companies in the service industry through the innovation funnel.<br \/>\nDuring her studies, she co-founded VisusArtis and supported founders in mounting their initial online appearance.<\/p>\n<p class=\"ai-optimize-8\">Th\u00e9r\u00e8se Schmutz studied M.A. HSG in Business Innovation at the University of St.Gallen and holds a Bachelor\u2019s degree in Management from the University of Lausanne.<\/p>\n<p>&nbsp;<\/p>\n<p class=\"ai-optimize-9\"><strong>Find out how I can support you in turning your innovation into a successful business. Read more about it <a href=\"https:\/\/innovate.baselarea.swiss\/services\/entrepreneurial-support\/venture-mentoring\/\">here<\/a> or reach out to discuss how I can help you.<\/strong><\/p>\n<\/p>\n    <\/div>\n<\/div>\t\t    <\/div>\n    \t\t\t\t\t\t\t<figure class=\"tpstyle-19 tppost-158434\">\n  <div class=\"tpstyle-19-image\">\n    <a href=\"https:\/\/basel.upthere.studio\/?ex_team=therese-schmutz\" class=\"\">\n      <img loading=\"lazy\" decoding=\"async\" width=\"500\" height=\"500\" src=\"https:\/\/basel.upthere.studio\/\/wp-content\/uploads\/2011\/04\/Therese-Schmutz-Portrait.png\" class=\"attachment-full size-full wp-post-image\" alt=\"\" srcset=\"https:\/\/basel.upthere.studio\/\/wp-content\/uploads\/2011\/04\/Therese-Schmutz-Portrait.png 500w, https:\/\/basel.upthere.studio\/\/wp-content\/uploads\/2011\/04\/Therese-Schmutz-Portrait-300x300.png 300w, https:\/\/basel.upthere.studio\/\/wp-content\/uploads\/2011\/04\/Therese-Schmutz-Portrait-150x150.png 150w, https:\/\/basel.upthere.studio\/\/wp-content\/uploads\/2011\/04\/Therese-Schmutz-Portrait-140x140.png 140w, https:\/\/basel.upthere.studio\/\/wp-content\/uploads\/2011\/04\/Therese-Schmutz-Portrait-100x100.png 100w, https:\/\/basel.upthere.studio\/\/wp-content\/uploads\/2011\/04\/Therese-Schmutz-Portrait-350x350.png 350w\" sizes=\"(max-width: 500px) 100vw, 500px\" \/>          <\/a>\n    \t<p>Click for full profile<\/p>\n\t  <\/div>\n  <figcaption>\n    <h3><a href=\"https:\/\/basel.upthere.studio\/?ex_team=therese-schmutz\">Th\u00e9r\u00e8se Schmutz<\/a><\/h3>\n            <h5>Manager Startup Innovation<\/h5>\n        <div class=\"tpstyle-19-icons\">\n      <ul class ='ex-social-account'><li class='teampress-linkedin'><a href='http:\/\/linkedin.com\/in\/th\u00e9r\u00e8se-susan-schmutz-6a1455164'><i class='fab fa-linkedin-in'><\/i><\/a><\/li><li class='teampress-email'><a href='mailto:therese.schmutz@baselarea.swiss'><i class='far fa-envelope'><\/i><\/a><\/li><\/ul>    <\/div>\n  <\/figcaption>\n  \t<style type=\"text\/css\">\n\t\t\t\t\t#extp-7135.ex-tplist .tppost-158434 h5{ color:#ae1022}\n\t\t\t#extp-7135.ex-tplist .tppost-158434 .tpstyle-19-image{ border-color:#ae1022}\n\t\t\t#extp-7135.ex-tplist .tppost-158434 .tpstyle-19-image:before{ border-top-color:#ae1022}\n\t\t\t#extp-7135.ex-tplist .tppost-158434 { background:#ae1022}\n\t\t\n\t<\/style>\n\t<\/figure>\t\t\t\t\t<div class=\"exclearfix\"><\/div>\n\t\t\t\t\t<\/div>\n\t\t\t\t\t<\/div><div class=\"item-grid\" data-id=\"ex_id-extp-7135-141588\"> \t\t\t\t\t<div class=\"exp-arrow exlightbox exlb-extp-7135\" \n\t\t\t\t\t href=\"https:\/\/basel.upthere.studio\/\/wp-content\/uploads\/2011\/04\/Ursula-Costa-e1684998131349.jpg\" data-glightbox=\"descPosition: right;\" data-class=\"exlb-extp-7135\" >\n\t\t\t\t\t\t\t\t\t<div class=\"glightbox-desc\">\n\t\t      <div class=\"exp-lightbox-info\">\n\t<div class=\"lb-image\"><a href=\"https:\/\/basel.upthere.studio\/?ex_team=ursula-costa\"><img loading=\"lazy\" decoding=\"async\" width=\"500\" height=\"500\" src=\"https:\/\/basel.upthere.studio\/\/wp-content\/uploads\/2011\/04\/Ursula-Costa-e1684998131349.jpg\" class=\"attachment-full size-full wp-post-image\" alt=\"\" srcset=\"https:\/\/basel.upthere.studio\/\/wp-content\/uploads\/2011\/04\/Ursula-Costa-e1684998131349.jpg 500w, https:\/\/basel.upthere.studio\/\/wp-content\/uploads\/2011\/04\/Ursula-Costa-e1684998131349-300x300.jpg 300w, https:\/\/basel.upthere.studio\/\/wp-content\/uploads\/2011\/04\/Ursula-Costa-e1684998131349-150x150.jpg 150w, https:\/\/basel.upthere.studio\/\/wp-content\/uploads\/2011\/04\/Ursula-Costa-e1684998131349-100x100.jpg 100w, https:\/\/basel.upthere.studio\/\/wp-content\/uploads\/2011\/04\/Ursula-Costa-e1684998131349-140x140.jpg 140w, https:\/\/basel.upthere.studio\/\/wp-content\/uploads\/2011\/04\/Ursula-Costa-e1684998131349-350x350.jpg 350w\" sizes=\"(max-width: 500px) 100vw, 500px\" \/><\/a><\/div>\n    <div class=\"lb-info\">\n        <h3><a href=\"https:\/\/basel.upthere.studio\/?ex_team=ursula-costa\">Ursula Costa<\/a><\/h3>\n        <div class=\"exp-lightbox-meta\">\n            <div class=\"lb-social\"><ul class ='ex-social-account'><li class='teampress-linkedin'><a href='https:\/\/www.linkedin.com\/in\/ucosta\/'><i class='fab fa-linkedin-in'><\/i><\/a><\/li><li class='teampress-email'><a href='mailto:ursula.costa@baselarea.swiss'><i class='far fa-envelope'><\/i><\/a><\/li><\/ul><\/div>\n                          <h5><span>Position: <\/span>Director Healthtech Innovation & Investment \u2013 DayOne<\/h5>\n                                                  <h5><span> Email: <\/span><a href=\"mailto:ursula.costa@baselarea.swiss\">ursula.costa@baselarea.swiss<\/a><\/h5>\n                    <\/div>\n        <p><p>Ursula Costa has been working for the Basel Area Business &amp; Innovation since 2022.<\/p>\n<p>Previously, she worked in different roles in the field of neurorehabilitation, ranging from clinical practice, academia, and med-tech, where she held global roles. She brings extensive experience in patient experiences and working with different stakeholders in the healthcare ecosystem.<\/p>\n<p>Ursula Costa studied Physical Therapy and completed her master&#8217;s and Ph.D. at the University of Barcelona. Her focus is on staying up to date and has completed her education with certifications in the fields of Change Management, UX\/UI, healthcare economics, business, digital marketing, and Agile Methods.<\/p>\n<p><strong>Find out how I can support you in turning your innovation into a successful business. Read more about it <a href=\"https:\/\/innovate.baselarea.swiss\/services\/entrepreneurial-support\/venture-mentoring\/\">here<\/a> or reach out to discuss how I can help you.<\/strong><\/p>\n<div id=\"highlighter--hover-tools\" style=\"display: none;\">\n<div id=\"highlighter--hover-tools--container\">\n<div class=\"highlighter--icon highlighter--icon-copy\" title=\"Copy\"><\/div>\n<div class=\"highlighter--icon highlighter--icon-change-color\" title=\"Change Color\"><\/div>\n<div class=\"highlighter--icon highlighter--icon-delete\" title=\"Delete\"><\/div>\n<\/div>\n<\/div>\n<div id=\"highlighter--hover-tools\" style=\"display: none;\">\n<div id=\"highlighter--hover-tools--container\">\n<div class=\"highlighter--icon highlighter--icon-copy\" title=\"Copy\"><\/div>\n<div class=\"highlighter--icon highlighter--icon-change-color\" title=\"Change Color\"><\/div>\n<div class=\"highlighter--icon highlighter--icon-delete\" title=\"Delete\"><\/div>\n<\/div>\n<\/div>\n<div id=\"highlighter--hover-tools\" style=\"display: none;\">\n<div id=\"highlighter--hover-tools--container\">\n<div class=\"highlighter--icon highlighter--icon-copy\" title=\"Copy\"><\/div>\n<div class=\"highlighter--icon highlighter--icon-change-color\" title=\"Change Color\"><\/div>\n<div class=\"highlighter--icon highlighter--icon-delete\" title=\"Delete\"><\/div>\n<\/div>\n<\/div>\n<div id=\"highlighter--hover-tools\" style=\"display: none;\">\n<div id=\"highlighter--hover-tools--container\">\n<div class=\"highlighter--icon highlighter--icon-copy\" title=\"Copy\"><\/div>\n<div class=\"highlighter--icon highlighter--icon-change-color\" title=\"Change Color\"><\/div>\n<div class=\"highlighter--icon highlighter--icon-delete\" title=\"Delete\"><\/div>\n<\/div>\n<\/div>\n<div id=\"highlighter--hover-tools\" style=\"display: none;\">\n<div id=\"highlighter--hover-tools--container\">\n<div class=\"highlighter--icon highlighter--icon-copy\" title=\"Copy\"><\/div>\n<div class=\"highlighter--icon highlighter--icon-change-color\" title=\"Change Color\"><\/div>\n<div class=\"highlighter--icon highlighter--icon-delete\" title=\"Delete\"><\/div>\n<\/div>\n<\/div>\n    <\/div>\n<\/div>\t\t    <\/div>\n    \t\t\t\t\t\t\t<figure class=\"tpstyle-19 tppost-141588\">\n  <div class=\"tpstyle-19-image\">\n    <a href=\"https:\/\/basel.upthere.studio\/?ex_team=ursula-costa\" class=\"\">\n      <img loading=\"lazy\" decoding=\"async\" width=\"500\" height=\"500\" src=\"https:\/\/basel.upthere.studio\/\/wp-content\/uploads\/2011\/04\/Ursula-Costa-e1684998131349.jpg\" class=\"attachment-full size-full wp-post-image\" alt=\"\" srcset=\"https:\/\/basel.upthere.studio\/\/wp-content\/uploads\/2011\/04\/Ursula-Costa-e1684998131349.jpg 500w, https:\/\/basel.upthere.studio\/\/wp-content\/uploads\/2011\/04\/Ursula-Costa-e1684998131349-300x300.jpg 300w, https:\/\/basel.upthere.studio\/\/wp-content\/uploads\/2011\/04\/Ursula-Costa-e1684998131349-150x150.jpg 150w, https:\/\/basel.upthere.studio\/\/wp-content\/uploads\/2011\/04\/Ursula-Costa-e1684998131349-100x100.jpg 100w, https:\/\/basel.upthere.studio\/\/wp-content\/uploads\/2011\/04\/Ursula-Costa-e1684998131349-140x140.jpg 140w, https:\/\/basel.upthere.studio\/\/wp-content\/uploads\/2011\/04\/Ursula-Costa-e1684998131349-350x350.jpg 350w\" sizes=\"(max-width: 500px) 100vw, 500px\" \/>          <\/a>\n    \t<p>Click for full profile<\/p>\n\t  <\/div>\n  <figcaption>\n    <h3><a href=\"https:\/\/basel.upthere.studio\/?ex_team=ursula-costa\">Ursula Costa<\/a><\/h3>\n            <h5>Director Healthtech Innovation & Investment \u2013 DayOne<\/h5>\n        <div class=\"tpstyle-19-icons\">\n      <ul class ='ex-social-account'><li class='teampress-linkedin'><a href='https:\/\/www.linkedin.com\/in\/ucosta\/'><i class='fab fa-linkedin-in'><\/i><\/a><\/li><li class='teampress-email'><a href='mailto:ursula.costa@baselarea.swiss'><i class='far fa-envelope'><\/i><\/a><\/li><\/ul>    <\/div>\n  <\/figcaption>\n  \t<style type=\"text\/css\">\n\t\t\t\t\t#extp-7135.ex-tplist .tppost-141588 h5{ color:#ae1022}\n\t\t\t#extp-7135.ex-tplist .tppost-141588 .tpstyle-19-image{ border-color:#ae1022}\n\t\t\t#extp-7135.ex-tplist .tppost-141588 .tpstyle-19-image:before{ border-top-color:#ae1022}\n\t\t\t#extp-7135.ex-tplist .tppost-141588 { background:#ae1022}\n\t\t\n\t<\/style>\n\t<\/figure>\t\t\t\t\t<div class=\"exclearfix\"><\/div>\n\t\t\t\t\t<\/div>\n\t\t\t\t\t<\/div><div class=\"item-grid\" data-id=\"ex_id-extp-7135-137968\"> \t\t\t\t\t<div class=\"exp-arrow exlightbox exlb-extp-7135\" \n\t\t\t\t\t href=\"https:\/\/basel.upthere.studio\/\/wp-content\/uploads\/2011\/05\/Virginia-Ballotta.jpg\" data-glightbox=\"descPosition: right;\" data-class=\"exlb-extp-7135\" >\n\t\t\t\t\t\t\t\t\t<div class=\"glightbox-desc\">\n\t\t      <div class=\"exp-lightbox-info\">\n\t<div class=\"lb-image\"><a href=\"https:\/\/basel.upthere.studio\/?ex_team=virginia-ballotta\"><img loading=\"lazy\" decoding=\"async\" width=\"500\" height=\"500\" src=\"https:\/\/basel.upthere.studio\/\/wp-content\/uploads\/2011\/05\/Virginia-Ballotta.jpg\" class=\"attachment-full size-full wp-post-image\" alt=\"\" srcset=\"https:\/\/basel.upthere.studio\/\/wp-content\/uploads\/2011\/05\/Virginia-Ballotta.jpg 500w, https:\/\/basel.upthere.studio\/\/wp-content\/uploads\/2011\/05\/Virginia-Ballotta-300x300.jpg 300w, https:\/\/basel.upthere.studio\/\/wp-content\/uploads\/2011\/05\/Virginia-Ballotta-150x150.jpg 150w, https:\/\/basel.upthere.studio\/\/wp-content\/uploads\/2011\/05\/Virginia-Ballotta-100x100.jpg 100w, https:\/\/basel.upthere.studio\/\/wp-content\/uploads\/2011\/05\/Virginia-Ballotta-140x140.jpg 140w, https:\/\/basel.upthere.studio\/\/wp-content\/uploads\/2011\/05\/Virginia-Ballotta-350x350.jpg 350w\" sizes=\"(max-width: 500px) 100vw, 500px\" \/><\/a><\/div>\n    <div class=\"lb-info\">\n        <h3><a href=\"https:\/\/basel.upthere.studio\/?ex_team=virginia-ballotta\">Virginia Ballotta, PhD<\/a><\/h3>\n        <div class=\"exp-lightbox-meta\">\n            <div class=\"lb-social\"><ul class ='ex-social-account'><li class='teampress-linkedin'><a href='https:\/\/www.linkedin.com\/in\/virginia-ballotta-7822b929\/'><i class='fab fa-linkedin-in'><\/i><\/a><\/li><li class='teampress-email'><a href='mailto:virginia.ballotta@baselarea.swiss'><i class='far fa-envelope'><\/i><\/a><\/li><\/ul><\/div>\n                          <h5><span>Position: <\/span>Manager New Ventures \u2013 BaseLaunch<\/h5>\n                                                  <h5><span> Email: <\/span><a href=\"mailto:virginia.ballotta@baselarea.swiss\">virginia.ballotta@baselarea.swiss<\/a><\/h5>\n                    <\/div>\n        <p><p><span lang=\"en-US\">Virginia Ballotta has been working at Basel Area Business &amp; Innovation since 2021.<\/span><\/p>\n<p><span lang=\"en-US\">Before joining Basel Area Business &amp; Innovation Virginia Ballotta was the Country Manager Switzerland for Catalyze, where she helped biotech entrepreneurs and researchers acquire funding and shape their business strategy.\u00a0<\/span><span lang=\"en-US\">She holds a Master`s degree in Bioengineering from Politecnico di Milano (Italy) and a PhD in Biomedical\u00a0Engineering from Eindhoven University of Technology (the Netherlands), where her main research interests were tissue engineering and immunology.<\/span><\/p>\n<p><strong>How can we shape the future of health? Click <a href=\"https:\/\/www.dayone.swiss\/about-us\/future-of-health\/\" target=\"_blank\" rel=\"noopener\">here<\/a> to learn more<\/strong><\/p>\n<div id=\"highlighter--hover-tools\" style=\"display: none;\">\n<div id=\"highlighter--hover-tools--container\">\n<div class=\"highlighter--icon highlighter--icon-copy\" title=\"Copy\"><\/div>\n<div class=\"highlighter--icon highlighter--icon-change-color\" title=\"Change Color\"><\/div>\n<div class=\"highlighter--icon highlighter--icon-delete\" title=\"Delete\"><\/div>\n<\/div>\n<\/div>\n<div id=\"highlighter--hover-tools\" style=\"display: none;\">\n<div id=\"highlighter--hover-tools--container\">\n<div class=\"highlighter--icon highlighter--icon-copy\" title=\"Copy\"><\/div>\n<div class=\"highlighter--icon highlighter--icon-change-color\" title=\"Change Color\"><\/div>\n<div class=\"highlighter--icon highlighter--icon-delete\" title=\"Delete\"><\/div>\n<\/div>\n<\/div>\n<div id=\"highlighter--hover-tools\" style=\"display: none;\">\n<div id=\"highlighter--hover-tools--container\">\n<div class=\"highlighter--icon highlighter--icon-copy\" title=\"Copy\"><\/div>\n<div class=\"highlighter--icon highlighter--icon-change-color\" title=\"Change Color\"><\/div>\n<div class=\"highlighter--icon highlighter--icon-delete\" title=\"Delete\"><\/div>\n<\/div>\n<\/div>\n    <\/div>\n<\/div>\t\t    <\/div>\n    \t\t\t\t\t\t\t<figure class=\"tpstyle-19 tppost-137968\">\n  <div class=\"tpstyle-19-image\">\n    <a href=\"https:\/\/basel.upthere.studio\/?ex_team=virginia-ballotta\" class=\"\">\n      <img loading=\"lazy\" decoding=\"async\" width=\"500\" height=\"500\" src=\"https:\/\/basel.upthere.studio\/\/wp-content\/uploads\/2011\/05\/Virginia-Ballotta.jpg\" class=\"attachment-full size-full wp-post-image\" alt=\"\" srcset=\"https:\/\/basel.upthere.studio\/\/wp-content\/uploads\/2011\/05\/Virginia-Ballotta.jpg 500w, https:\/\/basel.upthere.studio\/\/wp-content\/uploads\/2011\/05\/Virginia-Ballotta-300x300.jpg 300w, https:\/\/basel.upthere.studio\/\/wp-content\/uploads\/2011\/05\/Virginia-Ballotta-150x150.jpg 150w, https:\/\/basel.upthere.studio\/\/wp-content\/uploads\/2011\/05\/Virginia-Ballotta-100x100.jpg 100w, https:\/\/basel.upthere.studio\/\/wp-content\/uploads\/2011\/05\/Virginia-Ballotta-140x140.jpg 140w, https:\/\/basel.upthere.studio\/\/wp-content\/uploads\/2011\/05\/Virginia-Ballotta-350x350.jpg 350w\" sizes=\"(max-width: 500px) 100vw, 500px\" \/>          <\/a>\n    \t<p>Click for full profile<\/p>\n\t  <\/div>\n  <figcaption>\n    <h3><a href=\"https:\/\/basel.upthere.studio\/?ex_team=virginia-ballotta\">Virginia Ballotta, PhD<\/a><\/h3>\n            <h5>Manager New Ventures \u2013 BaseLaunch<\/h5>\n        <div class=\"tpstyle-19-icons\">\n      <ul class ='ex-social-account'><li class='teampress-linkedin'><a href='https:\/\/www.linkedin.com\/in\/virginia-ballotta-7822b929\/'><i class='fab fa-linkedin-in'><\/i><\/a><\/li><li class='teampress-email'><a href='mailto:virginia.ballotta@baselarea.swiss'><i class='far fa-envelope'><\/i><\/a><\/li><\/ul>    <\/div>\n  <\/figcaption>\n  \t<style type=\"text\/css\">\n\t\t\t\t\t#extp-7135.ex-tplist .tppost-137968 h5{ color:#ae1022}\n\t\t\t#extp-7135.ex-tplist .tppost-137968 .tpstyle-19-image{ border-color:#ae1022}\n\t\t\t#extp-7135.ex-tplist .tppost-137968 .tpstyle-19-image:before{ border-top-color:#ae1022}\n\t\t\t#extp-7135.ex-tplist .tppost-137968 { background:#ae1022}\n\t\t\n\t<\/style>\n\t<\/figure>\t\t\t\t\t<div class=\"exclearfix\"><\/div>\n\t\t\t\t\t<\/div>\n\t\t\t\t\t<\/div><div class=\"item-grid\" data-id=\"ex_id-extp-7135-147623\"> \t\t\t\t\t<div class=\"exp-arrow exlightbox exlb-extp-7135\" \n\t\t\t\t\t href=\"https:\/\/basel.upthere.studio\/\/wp-content\/uploads\/2011\/05\/Yana-Yoncheva-1.jpg\" data-glightbox=\"descPosition: right;\" data-class=\"exlb-extp-7135\" >\n\t\t\t\t\t\t\t\t\t<div class=\"glightbox-desc\">\n\t\t      <div class=\"exp-lightbox-info\">\n\t<div class=\"lb-image\"><a href=\"https:\/\/basel.upthere.studio\/?ex_team=yana-yoncheva\"><img loading=\"lazy\" decoding=\"async\" width=\"500\" height=\"500\" src=\"https:\/\/basel.upthere.studio\/\/wp-content\/uploads\/2011\/05\/Yana-Yoncheva-1.jpg\" class=\"attachment-full size-full wp-post-image\" alt=\"\" srcset=\"https:\/\/basel.upthere.studio\/\/wp-content\/uploads\/2011\/05\/Yana-Yoncheva-1.jpg 500w, https:\/\/basel.upthere.studio\/\/wp-content\/uploads\/2011\/05\/Yana-Yoncheva-1-300x300.jpg 300w, https:\/\/basel.upthere.studio\/\/wp-content\/uploads\/2011\/05\/Yana-Yoncheva-1-150x150.jpg 150w, https:\/\/basel.upthere.studio\/\/wp-content\/uploads\/2011\/05\/Yana-Yoncheva-1-100x100.jpg 100w, https:\/\/basel.upthere.studio\/\/wp-content\/uploads\/2011\/05\/Yana-Yoncheva-1-140x140.jpg 140w, https:\/\/basel.upthere.studio\/\/wp-content\/uploads\/2011\/05\/Yana-Yoncheva-1-350x350.jpg 350w\" sizes=\"(max-width: 500px) 100vw, 500px\" \/><\/a><\/div>\n    <div class=\"lb-info\">\n        <h3><a href=\"https:\/\/basel.upthere.studio\/?ex_team=yana-yoncheva\">Yana Yoncheva<\/a><\/h3>\n        <div class=\"exp-lightbox-meta\">\n            <div class=\"lb-social\"><ul class ='ex-social-account'><li class='teampress-linkedin'><a href='https:\/\/www.linkedin.com\/in\/karpovaiana\/'><i class='fab fa-linkedin-in'><\/i><\/a><\/li><li class='teampress-email'><a href='mailto:Yana.Yoncheva@baselarea.swiss'><i class='far fa-envelope'><\/i><\/a><\/li><\/ul><\/div>\n                          <h5><span>Position: <\/span>Manager Open Innovation \u2013 DayOne<\/h5>\n                                                  <h5><span> Email: <\/span><a href=\"mailto:Yana.Yoncheva@baselarea.swiss\">Yana.Yoncheva@baselarea.swiss<\/a><\/h5>\n                    <\/div>\n        <p><p>Yana has been working for Basel Area Business &amp; Innovation since 2023.<\/p>\n<p>She has spent many years managing an international community of innovators, and is a seasoned expert in event management. Yana has organized a wide range of high-level events focused on innovation in European cities.<\/p>\n<p>Prior to that, she worked in the manufacturing and construction industries, where she performed various senior roles in business development, marketing, and sales in both B2B and B2C sectors.<\/p>\n<p>Yana holds a Master&#8217;s degree in International Business.<\/p>\n<p><strong>How can we shape the future of health? Click <a href=\"https:\/\/innovate.baselarea.swiss\/industries-initiatives\/healthcare-innovation\/\">here<\/a> to learn more<\/strong><\/p>\n<div id=\"highlighter--hover-tools\" style=\"display: none;\">\n<div id=\"highlighter--hover-tools--container\">\n<div class=\"highlighter--icon highlighter--icon-copy\" title=\"Copy\"><\/div>\n<div class=\"highlighter--icon highlighter--icon-change-color\" title=\"Change Color\"><\/div>\n<div class=\"highlighter--icon highlighter--icon-delete\" title=\"Delete\"><\/div>\n<\/div>\n<\/div>\n<div id=\"highlighter--hover-tools\" style=\"display: none;\">\n<div id=\"highlighter--hover-tools--container\">\n<div class=\"highlighter--icon highlighter--icon-copy\" title=\"Copy\"><\/div>\n<div class=\"highlighter--icon highlighter--icon-change-color\" title=\"Change Color\"><\/div>\n<div class=\"highlighter--icon highlighter--icon-delete\" title=\"Delete\"><\/div>\n<\/div>\n<\/div>\n<div id=\"highlighter--hover-tools\" style=\"display: none;\">\n<div id=\"highlighter--hover-tools--container\">\n<div class=\"highlighter--icon highlighter--icon-copy\" title=\"Copy\"><\/div>\n<div class=\"highlighter--icon highlighter--icon-change-color\" title=\"Change Color\"><\/div>\n<div class=\"highlighter--icon highlighter--icon-delete\" title=\"Delete\"><\/div>\n<\/div>\n<\/div>\n<div id=\"highlighter--hover-tools\" style=\"display: none;\">\n<div id=\"highlighter--hover-tools--container\">\n<div class=\"highlighter--icon highlighter--icon-copy\" title=\"Copy\"><\/div>\n<div class=\"highlighter--icon highlighter--icon-change-color\" title=\"Change Color\"><\/div>\n<div class=\"highlighter--icon highlighter--icon-delete\" title=\"Delete\"><\/div>\n<\/div>\n<\/div>\n<div id=\"highlighter--hover-tools\" style=\"display: none;\">\n<div id=\"highlighter--hover-tools--container\">\n<div class=\"highlighter--icon highlighter--icon-copy\" title=\"Copy\"><\/div>\n<div class=\"highlighter--icon highlighter--icon-change-color\" title=\"Change Color\"><\/div>\n<div class=\"highlighter--icon highlighter--icon-delete\" title=\"Delete\"><\/div>\n<\/div>\n<\/div>\n<div id=\"highlighter--hover-tools\" style=\"display: none;\">\n<div id=\"highlighter--hover-tools--container\">\n<div class=\"highlighter--icon highlighter--icon-copy\" title=\"Copy\"><\/div>\n<div class=\"highlighter--icon highlighter--icon-change-color\" title=\"Change Color\"><\/div>\n<div class=\"highlighter--icon highlighter--icon-delete\" title=\"Delete\"><\/div>\n<\/div>\n<\/div>\n<div id=\"highlighter--hover-tools\" style=\"display: none;\">\n<div id=\"highlighter--hover-tools--container\">\n<div class=\"highlighter--icon highlighter--icon-copy\" title=\"Copy\"><\/div>\n<div class=\"highlighter--icon highlighter--icon-change-color\" title=\"Change Color\"><\/div>\n<div class=\"highlighter--icon highlighter--icon-delete\" title=\"Delete\"><\/div>\n<\/div>\n<\/div>\n    <\/div>\n<\/div>\t\t    <\/div>\n    \t\t\t\t\t\t\t<figure class=\"tpstyle-19 tppost-147623\">\n  <div class=\"tpstyle-19-image\">\n    <a href=\"https:\/\/basel.upthere.studio\/?ex_team=yana-yoncheva\" class=\"\">\n      <img loading=\"lazy\" decoding=\"async\" width=\"500\" height=\"500\" src=\"https:\/\/basel.upthere.studio\/\/wp-content\/uploads\/2011\/05\/Yana-Yoncheva-1.jpg\" class=\"attachment-full size-full wp-post-image\" alt=\"\" srcset=\"https:\/\/basel.upthere.studio\/\/wp-content\/uploads\/2011\/05\/Yana-Yoncheva-1.jpg 500w, https:\/\/basel.upthere.studio\/\/wp-content\/uploads\/2011\/05\/Yana-Yoncheva-1-300x300.jpg 300w, https:\/\/basel.upthere.studio\/\/wp-content\/uploads\/2011\/05\/Yana-Yoncheva-1-150x150.jpg 150w, https:\/\/basel.upthere.studio\/\/wp-content\/uploads\/2011\/05\/Yana-Yoncheva-1-100x100.jpg 100w, https:\/\/basel.upthere.studio\/\/wp-content\/uploads\/2011\/05\/Yana-Yoncheva-1-140x140.jpg 140w, https:\/\/basel.upthere.studio\/\/wp-content\/uploads\/2011\/05\/Yana-Yoncheva-1-350x350.jpg 350w\" sizes=\"(max-width: 500px) 100vw, 500px\" \/>          <\/a>\n    \t<p>Click for full profile<\/p>\n\t  <\/div>\n  <figcaption>\n    <h3><a href=\"https:\/\/basel.upthere.studio\/?ex_team=yana-yoncheva\">Yana Yoncheva<\/a><\/h3>\n            <h5>Manager Open Innovation \u2013 DayOne<\/h5>\n        <div class=\"tpstyle-19-icons\">\n      <ul class ='ex-social-account'><li class='teampress-linkedin'><a href='https:\/\/www.linkedin.com\/in\/karpovaiana\/'><i class='fab fa-linkedin-in'><\/i><\/a><\/li><li class='teampress-email'><a href='mailto:Yana.Yoncheva@baselarea.swiss'><i class='far fa-envelope'><\/i><\/a><\/li><\/ul>    <\/div>\n  <\/figcaption>\n  \t<style type=\"text\/css\">\n\t\t\t\t\t#extp-7135.ex-tplist .tppost-147623 h5{ color:#ae1022}\n\t\t\t#extp-7135.ex-tplist .tppost-147623 .tpstyle-19-image{ border-color:#ae1022}\n\t\t\t#extp-7135.ex-tplist .tppost-147623 .tpstyle-19-image:before{ border-top-color:#ae1022}\n\t\t\t#extp-7135.ex-tplist .tppost-147623 { background:#ae1022}\n\t\t\n\t<\/style>\n\t<\/figure>\t\t\t\t\t<div class=\"exclearfix\"><\/div>\n\t\t\t\t\t<\/div>\n\t\t\t\t\t<\/div><div class=\"item-grid\" data-id=\"ex_id-extp-7135-951\"> \t\t\t\t\t<div class=\"exp-arrow exlightbox exlb-extp-7135\" \n\t\t\t\t\t href=\"https:\/\/basel.upthere.studio\/\/wp-content\/uploads\/2019\/12\/Team-profile-dept-red.jpg\" data-glightbox=\"descPosition: right;\" data-class=\"exlb-extp-7135\" >\n\t\t\t\t\t\t\t\t\t<div class=\"glightbox-desc\">\n\t\t      <div class=\"exp-lightbox-info\">\n\t<div class=\"lb-image\"><a href=\"https:\/\/basel.upthere.studio\/?ex_team=international-markets-business-affairs\"><img decoding=\"async\" width=\"500\" height=\"500\" src=\"https:\/\/basel.upthere.studio\/\/wp-content\/uploads\/2019\/12\/Team-profile-dept-red.jpg\" class=\"attachment-full size-full wp-post-image\" alt=\"\" srcset=\"https:\/\/basel.upthere.studio\/\/wp-content\/uploads\/2019\/12\/Team-profile-dept-red.jpg 500w, https:\/\/basel.upthere.studio\/\/wp-content\/uploads\/2019\/12\/Team-profile-dept-red-300x300.jpg 300w, https:\/\/basel.upthere.studio\/\/wp-content\/uploads\/2019\/12\/Team-profile-dept-red-150x150.jpg 150w, https:\/\/basel.upthere.studio\/\/wp-content\/uploads\/2019\/12\/Team-profile-dept-red-100x100.jpg 100w, https:\/\/basel.upthere.studio\/\/wp-content\/uploads\/2019\/12\/Team-profile-dept-red-140x140.jpg 140w, https:\/\/basel.upthere.studio\/\/wp-content\/uploads\/2019\/12\/Team-profile-dept-red-350x350.jpg 350w\" sizes=\"(max-width: 500px) 100vw, 500px\" \/><\/a><\/div>\n    <div class=\"lb-info\">\n        <h3><a href=\"https:\/\/basel.upthere.studio\/?ex_team=international-markets-business-affairs\">Investment Promotion<\/a><\/h3>\n        <div class=\"exp-lightbox-meta\">\n            <div class=\"lb-social\"><ul class ='ex-social-account'><\/ul><\/div>\n                                            <\/div>\n        <p><\/p>\n    <\/div>\n<\/div>\t\t    <\/div>\n    \t\t\t\t\t\t\t<figure class=\"tpstyle-19 tppost-951\">\n  <div class=\"tpstyle-19-image\">\n    <a href=\"https:\/\/basel.upthere.studio\/?ex_team=international-markets-business-affairs\" class=\"\">\n      <img decoding=\"async\" width=\"500\" height=\"500\" src=\"https:\/\/basel.upthere.studio\/\/wp-content\/uploads\/2019\/12\/Team-profile-dept-red.jpg\" class=\"attachment-full size-full wp-post-image\" alt=\"\" srcset=\"https:\/\/basel.upthere.studio\/\/wp-content\/uploads\/2019\/12\/Team-profile-dept-red.jpg 500w, https:\/\/basel.upthere.studio\/\/wp-content\/uploads\/2019\/12\/Team-profile-dept-red-300x300.jpg 300w, https:\/\/basel.upthere.studio\/\/wp-content\/uploads\/2019\/12\/Team-profile-dept-red-150x150.jpg 150w, https:\/\/basel.upthere.studio\/\/wp-content\/uploads\/2019\/12\/Team-profile-dept-red-100x100.jpg 100w, https:\/\/basel.upthere.studio\/\/wp-content\/uploads\/2019\/12\/Team-profile-dept-red-140x140.jpg 140w, https:\/\/basel.upthere.studio\/\/wp-content\/uploads\/2019\/12\/Team-profile-dept-red-350x350.jpg 350w\" sizes=\"(max-width: 500px) 100vw, 500px\" \/>          <\/a>\n    \t<p><\/p>\n\t  <\/div>\n  <figcaption>\n    <h3><a href=\"https:\/\/basel.upthere.studio\/?ex_team=international-markets-business-affairs\">Investment Promotion<\/a><\/h3>\n        <div class=\"tpstyle-19-icons\">\n      <ul class ='ex-social-account'><\/ul>    <\/div>\n  <\/figcaption>\n  \t<style type=\"text\/css\">\n\t\t\t\t\t#extp-7135.ex-tplist .tppost-951 h5{ color:#ae1022}\n\t\t\t#extp-7135.ex-tplist .tppost-951 .tpstyle-19-image{ border-color:#ae1022}\n\t\t\t#extp-7135.ex-tplist .tppost-951 .tpstyle-19-image:before{ border-top-color:#ae1022}\n\t\t\t#extp-7135.ex-tplist .tppost-951 { background:#ae1022}\n\t\t\n\t<\/style>\n\t<\/figure>\t\t\t\t\t<div class=\"exclearfix\"><\/div>\n\t\t\t\t\t<\/div>\n\t\t\t\t\t<\/div><div class=\"item-grid\" data-id=\"ex_id-extp-7135-143167\"> \t\t\t\t\t<div class=\"exp-arrow exlightbox exlb-extp-7135\" \n\t\t\t\t\t href=\"https:\/\/basel.upthere.studio\/\/wp-content\/uploads\/2013\/01\/Paul_Eschmann_133b-1-e1684845905266.jpg\" data-glightbox=\"descPosition: right;\" data-class=\"exlb-extp-7135\" >\n\t\t\t\t\t\t\t\t\t<div class=\"glightbox-desc\">\n\t\t      <div class=\"exp-lightbox-info\">\n\t<div class=\"lb-image\"><a href=\"https:\/\/basel.upthere.studio\/?ex_team=paul-eschmann\"><img loading=\"lazy\" decoding=\"async\" width=\"500\" height=\"500\" src=\"https:\/\/basel.upthere.studio\/\/wp-content\/uploads\/2013\/01\/Paul_Eschmann_133b-1-e1684845905266.jpg\" class=\"attachment-full size-full wp-post-image\" alt=\"paul eschmann\" srcset=\"https:\/\/basel.upthere.studio\/\/wp-content\/uploads\/2013\/01\/Paul_Eschmann_133b-1-e1684845905266.jpg 500w, https:\/\/basel.upthere.studio\/\/wp-content\/uploads\/2013\/01\/Paul_Eschmann_133b-1-e1684845905266-300x300.jpg 300w, https:\/\/basel.upthere.studio\/\/wp-content\/uploads\/2013\/01\/Paul_Eschmann_133b-1-e1684845905266-150x150.jpg 150w, https:\/\/basel.upthere.studio\/\/wp-content\/uploads\/2013\/01\/Paul_Eschmann_133b-1-e1684845905266-100x100.jpg 100w, https:\/\/basel.upthere.studio\/\/wp-content\/uploads\/2013\/01\/Paul_Eschmann_133b-1-e1684845905266-140x140.jpg 140w, https:\/\/basel.upthere.studio\/\/wp-content\/uploads\/2013\/01\/Paul_Eschmann_133b-1-e1684845905266-350x350.jpg 350w\" sizes=\"(max-width: 500px) 100vw, 500px\" \/><\/a><\/div>\n    <div class=\"lb-info\">\n        <h3><a href=\"https:\/\/basel.upthere.studio\/?ex_team=paul-eschmann\">Paul Eschmann<\/a><\/h3>\n        <div class=\"exp-lightbox-meta\">\n            <div class=\"lb-social\"><ul class ='ex-social-account'><li class='teampress-linkedin'><a href='https:\/\/www.linkedin.com\/in\/paul-eschmann-1435a6146\/'><i class='fab fa-linkedin-in'><\/i><\/a><\/li><li class='teampress-email'><a href='mailto:paul.eschmann@baselarea.swiss'><i class='far fa-envelope'><\/i><\/a><\/li><\/ul><\/div>\n                          <h5><span>Position: <\/span>Head of Investment Promotion, Member of the Management Board<\/h5>\n                                                  <h5><span> Email: <\/span><a href=\"mailto:paul.eschmann@baselarea.swiss\">paul.eschmann@baselarea.swiss<\/a><\/h5>\n                    <\/div>\n        <p><p>Paul Eschmann joined Basel Area Business &amp; Innovation as Head of Investment Promotion in March 2022.<\/p>\n<p>He previously worked as Commercial Manager for a medium-sized food producer and was already working as Director Asia for Basel Area Business and Innovation. Before that, he was employed as a manager at Accenture Switzerland in the Legal &amp; Commercial Services department and as a Commercial Project Manager at Siemens Power Generation.<\/p>\n<p>Paul Eschmann has a Business Administration degree from the Duale Hochschule L\u00f6rrach. He also studied Law at the Universities of Regensburg and Erlangen. He was admitted to the German Bar in 2004.<\/p>\n<p><strong>Are you planning to expand and interested to read why others chose to locate their business in the Basel Area? Click <a href=\"https:\/\/invest.baselarea.swiss\/success-stories\/\">here<\/a>.<\/strong><\/p>\n<div id=\"highlighter--hover-tools\" style=\"display: none;\">\n<div id=\"highlighter--hover-tools--container\">\n<div class=\"highlighter--icon highlighter--icon-copy\" title=\"Copy\"><\/div>\n<div class=\"highlighter--icon highlighter--icon-change-color\" title=\"Change Color\"><\/div>\n<div class=\"highlighter--icon highlighter--icon-delete\" title=\"Delete\"><\/div>\n<\/div>\n<\/div>\n<p>&nbsp;<\/p>\n<\/p>\n    <\/div>\n<\/div>\t\t    <\/div>\n    \t\t\t\t\t\t\t<figure class=\"tpstyle-19 tppost-143167\">\n  <div class=\"tpstyle-19-image\">\n    <a href=\"https:\/\/basel.upthere.studio\/?ex_team=paul-eschmann\" class=\"\">\n      <img loading=\"lazy\" decoding=\"async\" width=\"500\" height=\"500\" src=\"https:\/\/basel.upthere.studio\/\/wp-content\/uploads\/2013\/01\/Paul_Eschmann_133b-1-e1684845905266.jpg\" class=\"attachment-full size-full wp-post-image\" alt=\"paul eschmann\" srcset=\"https:\/\/basel.upthere.studio\/\/wp-content\/uploads\/2013\/01\/Paul_Eschmann_133b-1-e1684845905266.jpg 500w, https:\/\/basel.upthere.studio\/\/wp-content\/uploads\/2013\/01\/Paul_Eschmann_133b-1-e1684845905266-300x300.jpg 300w, https:\/\/basel.upthere.studio\/\/wp-content\/uploads\/2013\/01\/Paul_Eschmann_133b-1-e1684845905266-150x150.jpg 150w, https:\/\/basel.upthere.studio\/\/wp-content\/uploads\/2013\/01\/Paul_Eschmann_133b-1-e1684845905266-100x100.jpg 100w, https:\/\/basel.upthere.studio\/\/wp-content\/uploads\/2013\/01\/Paul_Eschmann_133b-1-e1684845905266-140x140.jpg 140w, https:\/\/basel.upthere.studio\/\/wp-content\/uploads\/2013\/01\/Paul_Eschmann_133b-1-e1684845905266-350x350.jpg 350w\" sizes=\"(max-width: 500px) 100vw, 500px\" \/>          <\/a>\n    \t<p>Click for full profile<\/p>\n\t  <\/div>\n  <figcaption>\n    <h3><a href=\"https:\/\/basel.upthere.studio\/?ex_team=paul-eschmann\">Paul Eschmann<\/a><\/h3>\n            <h5>Head of Investment Promotion, Member of the Management Board<\/h5>\n        <div class=\"tpstyle-19-icons\">\n      <ul class ='ex-social-account'><li class='teampress-linkedin'><a href='https:\/\/www.linkedin.com\/in\/paul-eschmann-1435a6146\/'><i class='fab fa-linkedin-in'><\/i><\/a><\/li><li class='teampress-email'><a href='mailto:paul.eschmann@baselarea.swiss'><i class='far fa-envelope'><\/i><\/a><\/li><\/ul>    <\/div>\n  <\/figcaption>\n  \t<style type=\"text\/css\">\n\t\t\t\t\t#extp-7135.ex-tplist .tppost-143167 h5{ color:#ae1022}\n\t\t\t#extp-7135.ex-tplist .tppost-143167 .tpstyle-19-image{ border-color:#ae1022}\n\t\t\t#extp-7135.ex-tplist .tppost-143167 .tpstyle-19-image:before{ border-top-color:#ae1022}\n\t\t\t#extp-7135.ex-tplist .tppost-143167 { background:#ae1022}\n\t\t\n\t<\/style>\n\t<\/figure>\t\t\t\t\t<div class=\"exclearfix\"><\/div>\n\t\t\t\t\t<\/div>\n\t\t\t\t\t<\/div><div class=\"item-grid\" data-id=\"ex_id-extp-7135-751\"> \t\t\t\t\t<div class=\"exp-arrow exlightbox exlb-extp-7135\" \n\t\t\t\t\t href=\"https:\/\/basel.upthere.studio\/\/wp-content\/uploads\/2013\/05\/Bon-Oh.jpg\" data-glightbox=\"descPosition: right;\" data-class=\"exlb-extp-7135\" >\n\t\t\t\t\t\t\t\t\t<div class=\"glightbox-desc\">\n\t\t      <div class=\"exp-lightbox-info\">\n\t<div class=\"lb-image\"><a href=\"https:\/\/basel.upthere.studio\/?ex_team=bon-oh\"><img loading=\"lazy\" decoding=\"async\" width=\"500\" height=\"500\" src=\"https:\/\/basel.upthere.studio\/\/wp-content\/uploads\/2013\/05\/Bon-Oh.jpg\" class=\"attachment-full size-full wp-post-image\" alt=\"Bon Oh, Chief Representative Korea\" srcset=\"https:\/\/basel.upthere.studio\/\/wp-content\/uploads\/2013\/05\/Bon-Oh.jpg 500w, https:\/\/basel.upthere.studio\/\/wp-content\/uploads\/2013\/05\/Bon-Oh-300x300.jpg 300w, https:\/\/basel.upthere.studio\/\/wp-content\/uploads\/2013\/05\/Bon-Oh-150x150.jpg 150w, https:\/\/basel.upthere.studio\/\/wp-content\/uploads\/2013\/05\/Bon-Oh-100x100.jpg 100w, https:\/\/basel.upthere.studio\/\/wp-content\/uploads\/2013\/05\/Bon-Oh-140x140.jpg 140w, https:\/\/basel.upthere.studio\/\/wp-content\/uploads\/2013\/05\/Bon-Oh-350x350.jpg 350w\" sizes=\"(max-width: 500px) 100vw, 500px\" \/><\/a><\/div>\n    <div class=\"lb-info\">\n        <h3><a href=\"https:\/\/basel.upthere.studio\/?ex_team=bon-oh\">Bon Oh<\/a><\/h3>\n        <div class=\"exp-lightbox-meta\">\n            <div class=\"lb-social\"><ul class ='ex-social-account'><li class='teampress-linkedin'><a href='https:\/\/www.linkedin.com\/in\/bonggeun-bon-oh-5689639\/'><i class='fab fa-linkedin-in'><\/i><\/a><\/li><li class='teampress-email'><a href='mailto:bon.oh@baselarea.swiss'><i class='far fa-envelope'><\/i><\/a><\/li><\/ul><\/div>\n                          <h5><span>Position: <\/span>Chief Representative Korea<\/h5>\n                                                  <h5><span> Email: <\/span><a href=\"mailto:bon.oh@baselarea.swiss\">bon.oh@baselarea.swiss<\/a><\/h5>\n                    <\/div>\n        <p><p>Bon Oh has been working for Basel Area Business &amp; Innovation since 2020.<\/p>\n<p>Bon Oh is the founder and CEO of Aurum Care Management. Prior to that, he was Chief Operating Officer at Deloitte Consulting Korea. He also led the Life Science Industry Sector at Deloitte Korea and was the leader of the Strategy and M&amp;A consulting service. In his different functions, he has supported top-tier multinational pharmaceutical companies and startups in Korea about their overseas expansion, R&amp;D, supply chain management, and commercialization strategies.<\/p>\n<p>Bon Oh holds a Bachelor in Business Administration and Mass Communications and a Master\u2019s degree from the Graduate School of International Studies from the Yonsei University in Seoul.<\/p>\n<p><strong>Are you planning to expand and interested to read why others chose to locate their business in the Basel Area? Click <a href=\"https:\/\/invest.baselarea.swiss\/success-stories\/\">here<\/a>.<\/strong><\/p>\n<div id=\"highlighter--hover-tools\" style=\"display: none;\">\n<div id=\"highlighter--hover-tools--container\">\n<div class=\"highlighter--icon highlighter--icon-copy\" title=\"Copy\"><\/div>\n<div class=\"highlighter--icon highlighter--icon-change-color\" title=\"Change Color\"><\/div>\n<div class=\"highlighter--icon highlighter--icon-delete\" title=\"Delete\"><\/div>\n<\/div>\n<\/div>\n<div id=\"highlighter--hover-tools\" style=\"display: none;\">\n<div id=\"highlighter--hover-tools--container\">\n<div class=\"highlighter--icon highlighter--icon-copy\" title=\"Copy\"><\/div>\n<div class=\"highlighter--icon highlighter--icon-change-color\" title=\"Change Color\"><\/div>\n<div class=\"highlighter--icon highlighter--icon-delete\" title=\"Delete\"><\/div>\n<\/div>\n<\/div>\n    <\/div>\n<\/div>\t\t    <\/div>\n    \t\t\t\t\t\t\t<figure class=\"tpstyle-19 tppost-751\">\n  <div class=\"tpstyle-19-image\">\n    <a href=\"https:\/\/basel.upthere.studio\/?ex_team=bon-oh\" class=\"\">\n      <img loading=\"lazy\" decoding=\"async\" width=\"500\" height=\"500\" src=\"https:\/\/basel.upthere.studio\/\/wp-content\/uploads\/2013\/05\/Bon-Oh.jpg\" class=\"attachment-full size-full wp-post-image\" alt=\"Bon Oh, Chief Representative Korea\" srcset=\"https:\/\/basel.upthere.studio\/\/wp-content\/uploads\/2013\/05\/Bon-Oh.jpg 500w, https:\/\/basel.upthere.studio\/\/wp-content\/uploads\/2013\/05\/Bon-Oh-300x300.jpg 300w, https:\/\/basel.upthere.studio\/\/wp-content\/uploads\/2013\/05\/Bon-Oh-150x150.jpg 150w, https:\/\/basel.upthere.studio\/\/wp-content\/uploads\/2013\/05\/Bon-Oh-100x100.jpg 100w, https:\/\/basel.upthere.studio\/\/wp-content\/uploads\/2013\/05\/Bon-Oh-140x140.jpg 140w, https:\/\/basel.upthere.studio\/\/wp-content\/uploads\/2013\/05\/Bon-Oh-350x350.jpg 350w\" sizes=\"(max-width: 500px) 100vw, 500px\" \/>          <\/a>\n    \t<p>Click for full profile<\/p>\n\t  <\/div>\n  <figcaption>\n    <h3><a href=\"https:\/\/basel.upthere.studio\/?ex_team=bon-oh\">Bon Oh<\/a><\/h3>\n            <h5>Chief Representative Korea<\/h5>\n        <div class=\"tpstyle-19-icons\">\n      <ul class ='ex-social-account'><li class='teampress-linkedin'><a href='https:\/\/www.linkedin.com\/in\/bonggeun-bon-oh-5689639\/'><i class='fab fa-linkedin-in'><\/i><\/a><\/li><li class='teampress-email'><a href='mailto:bon.oh@baselarea.swiss'><i class='far fa-envelope'><\/i><\/a><\/li><\/ul>    <\/div>\n  <\/figcaption>\n  \t<style type=\"text\/css\">\n\t\t\t\t\t#extp-7135.ex-tplist .tppost-751 h5{ color:#ae1022}\n\t\t\t#extp-7135.ex-tplist .tppost-751 .tpstyle-19-image{ border-color:#ae1022}\n\t\t\t#extp-7135.ex-tplist .tppost-751 .tpstyle-19-image:before{ border-top-color:#ae1022}\n\t\t\t#extp-7135.ex-tplist .tppost-751 { background:#ae1022}\n\t\t\n\t<\/style>\n\t<\/figure>\t\t\t\t\t<div class=\"exclearfix\"><\/div>\n\t\t\t\t\t<\/div>\n\t\t\t\t\t<\/div><div class=\"item-grid\" data-id=\"ex_id-extp-7135-721\"> \t\t\t\t\t<div class=\"exp-arrow exlightbox exlb-extp-7135\" \n\t\t\t\t\t href=\"https:\/\/basel.upthere.studio\/\/wp-content\/uploads\/2019\/12\/Daniel_Meier_035_web.jpg.jpg\" data-glightbox=\"descPosition: right;\" data-class=\"exlb-extp-7135\" >\n\t\t\t\t\t\t\t\t\t<div class=\"glightbox-desc\">\n\t\t      <div class=\"exp-lightbox-info\">\n\t<div class=\"lb-image\"><a href=\"https:\/\/basel.upthere.studio\/?ex_team=daniel-meier\"><img loading=\"lazy\" decoding=\"async\" width=\"500\" height=\"500\" src=\"https:\/\/basel.upthere.studio\/\/wp-content\/uploads\/2019\/12\/Daniel_Meier_035_web.jpg.jpg\" class=\"attachment-full size-full wp-post-image\" alt=\"\" srcset=\"https:\/\/basel.upthere.studio\/\/wp-content\/uploads\/2019\/12\/Daniel_Meier_035_web.jpg.jpg 500w, https:\/\/basel.upthere.studio\/\/wp-content\/uploads\/2019\/12\/Daniel_Meier_035_web.jpg-300x300.jpg 300w, https:\/\/basel.upthere.studio\/\/wp-content\/uploads\/2019\/12\/Daniel_Meier_035_web.jpg-150x150.jpg 150w, https:\/\/basel.upthere.studio\/\/wp-content\/uploads\/2019\/12\/Daniel_Meier_035_web.jpg-100x100.jpg 100w, https:\/\/basel.upthere.studio\/\/wp-content\/uploads\/2019\/12\/Daniel_Meier_035_web.jpg-140x140.jpg 140w, https:\/\/basel.upthere.studio\/\/wp-content\/uploads\/2019\/12\/Daniel_Meier_035_web.jpg-350x350.jpg 350w\" sizes=\"(max-width: 500px) 100vw, 500px\" \/><\/a><\/div>\n    <div class=\"lb-info\">\n        <h3><a href=\"https:\/\/basel.upthere.studio\/?ex_team=daniel-meier\">Daniel Meier<\/a><\/h3>\n        <div class=\"exp-lightbox-meta\">\n            <div class=\"lb-social\"><ul class ='ex-social-account'><li class='teampress-linkedin'><a href='https:\/\/www.linkedin.com\/in\/daniel-meier-38948b1a0\/'><i class='fab fa-linkedin-in'><\/i><\/a><\/li><li class='teampress-email'><a href='mailto:daniel.meier@baselarea.swiss'><i class='far fa-envelope'><\/i><\/a><\/li><\/ul><\/div>\n                          <h5><span>Position: <\/span>Director Investment Promotion<\/h5>\n                                                  <h5><span> Email: <\/span><a href=\"mailto:daniel.meier@baselarea.swiss\">daniel.meier@baselarea.swiss<\/a><\/h5>\n                    <\/div>\n        <p><p>Daniel Meier has been with Basel Area Business &amp; Innovation since 2016.<\/p>\n<p>He has worked in various functions at the predecessor organization BaselArea since 2007. Before this, he worked as Senior Consultant with KPMG in the field of Corporate Tax and as Account Manager at MLP Private Finance for wealthy private customers.<\/p>\n<p>Daniel Meier studied law at the universities of Basel and Bern.<\/p>\n<p><strong>Are you about to expand your business to Switzerland? It would be my pleasure to advise you personally. Please get in touch. In the meantime, learn more about <a href=\"https:\/\/invest.baselarea.swiss\/setting-up-your-business\/6-steps-to-setup-your-business\/\">setting up a business<\/a> in Switzerland.<\/strong><\/p>\n<div id=\"highlighter--hover-tools\" style=\"display: none;\">\n<div id=\"highlighter--hover-tools--container\">\n<div class=\"highlighter--icon highlighter--icon-copy\" title=\"Copy\"><\/div>\n<div class=\"highlighter--icon highlighter--icon-change-color\" title=\"Change Color\"><\/div>\n<div class=\"highlighter--icon highlighter--icon-delete\" title=\"Delete\"><\/div>\n<\/div>\n<\/div>\n<div id=\"highlighter--hover-tools\" style=\"display: none;\">\n<div id=\"highlighter--hover-tools--container\">\n<div class=\"highlighter--icon highlighter--icon-copy\" title=\"Copy\"><\/div>\n<div class=\"highlighter--icon highlighter--icon-change-color\" title=\"Change Color\"><\/div>\n<div class=\"highlighter--icon highlighter--icon-delete\" title=\"Delete\"><\/div>\n<\/div>\n<\/div>\n<div id=\"highlighter--hover-tools\" style=\"display: none;\">\n<div id=\"highlighter--hover-tools--container\">\n<div class=\"highlighter--icon highlighter--icon-copy\" title=\"Copy\"><\/div>\n<div class=\"highlighter--icon highlighter--icon-change-color\" title=\"Change Color\"><\/div>\n<div class=\"highlighter--icon highlighter--icon-delete\" title=\"Delete\"><\/div>\n<\/div>\n<\/div>\n<div id=\"highlighter--hover-tools\" style=\"display: none;\">\n<div id=\"highlighter--hover-tools--container\">\n<div class=\"highlighter--icon highlighter--icon-copy\" title=\"Copy\"><\/div>\n<div class=\"highlighter--icon highlighter--icon-change-color\" title=\"Change Color\"><\/div>\n<div class=\"highlighter--icon highlighter--icon-delete\" title=\"Delete\"><\/div>\n<\/div>\n<\/div>\n    <\/div>\n<\/div>\t\t    <\/div>\n    \t\t\t\t\t\t\t<figure class=\"tpstyle-19 tppost-721\">\n  <div class=\"tpstyle-19-image\">\n    <a href=\"https:\/\/basel.upthere.studio\/?ex_team=daniel-meier\" class=\"\">\n      <img loading=\"lazy\" decoding=\"async\" width=\"500\" height=\"500\" src=\"https:\/\/basel.upthere.studio\/\/wp-content\/uploads\/2019\/12\/Daniel_Meier_035_web.jpg.jpg\" class=\"attachment-full size-full wp-post-image\" alt=\"\" srcset=\"https:\/\/basel.upthere.studio\/\/wp-content\/uploads\/2019\/12\/Daniel_Meier_035_web.jpg.jpg 500w, https:\/\/basel.upthere.studio\/\/wp-content\/uploads\/2019\/12\/Daniel_Meier_035_web.jpg-300x300.jpg 300w, https:\/\/basel.upthere.studio\/\/wp-content\/uploads\/2019\/12\/Daniel_Meier_035_web.jpg-150x150.jpg 150w, https:\/\/basel.upthere.studio\/\/wp-content\/uploads\/2019\/12\/Daniel_Meier_035_web.jpg-100x100.jpg 100w, https:\/\/basel.upthere.studio\/\/wp-content\/uploads\/2019\/12\/Daniel_Meier_035_web.jpg-140x140.jpg 140w, https:\/\/basel.upthere.studio\/\/wp-content\/uploads\/2019\/12\/Daniel_Meier_035_web.jpg-350x350.jpg 350w\" sizes=\"(max-width: 500px) 100vw, 500px\" \/>          <\/a>\n    \t<p>Click for full profile<\/p>\n\t  <\/div>\n  <figcaption>\n    <h3><a href=\"https:\/\/basel.upthere.studio\/?ex_team=daniel-meier\">Daniel Meier<\/a><\/h3>\n            <h5>Director Investment Promotion<\/h5>\n        <div class=\"tpstyle-19-icons\">\n      <ul class ='ex-social-account'><li class='teampress-linkedin'><a href='https:\/\/www.linkedin.com\/in\/daniel-meier-38948b1a0\/'><i class='fab fa-linkedin-in'><\/i><\/a><\/li><li class='teampress-email'><a href='mailto:daniel.meier@baselarea.swiss'><i class='far fa-envelope'><\/i><\/a><\/li><\/ul>    <\/div>\n  <\/figcaption>\n  \t<style type=\"text\/css\">\n\t\t\t\t\t#extp-7135.ex-tplist .tppost-721 h5{ color:#ae1022}\n\t\t\t#extp-7135.ex-tplist .tppost-721 .tpstyle-19-image{ border-color:#ae1022}\n\t\t\t#extp-7135.ex-tplist .tppost-721 .tpstyle-19-image:before{ border-top-color:#ae1022}\n\t\t\t#extp-7135.ex-tplist .tppost-721 { background:#ae1022}\n\t\t\n\t<\/style>\n\t<\/figure>\t\t\t\t\t<div class=\"exclearfix\"><\/div>\n\t\t\t\t\t<\/div>\n\t\t\t\t\t<\/div><div class=\"item-grid\" data-id=\"ex_id-extp-7135-731\"> \t\t\t\t\t<div class=\"exp-arrow exlightbox exlb-extp-7135\" \n\t\t\t\t\t href=\"https:\/\/basel.upthere.studio\/\/wp-content\/uploads\/2019\/12\/Diana_Rizzotto_28a_web.jpg.jpg\" data-glightbox=\"descPosition: right;\" data-class=\"exlb-extp-7135\" >\n\t\t\t\t\t\t\t\t\t<div class=\"glightbox-desc\">\n\t\t      <div class=\"exp-lightbox-info\">\n\t<div class=\"lb-image\"><a href=\"https:\/\/basel.upthere.studio\/?ex_team=diana-cortesi\"><img loading=\"lazy\" decoding=\"async\" width=\"500\" height=\"500\" src=\"https:\/\/basel.upthere.studio\/\/wp-content\/uploads\/2019\/12\/Diana_Rizzotto_28a_web.jpg.jpg\" class=\"attachment-full size-full wp-post-image\" alt=\"\" srcset=\"https:\/\/basel.upthere.studio\/\/wp-content\/uploads\/2019\/12\/Diana_Rizzotto_28a_web.jpg.jpg 500w, https:\/\/basel.upthere.studio\/\/wp-content\/uploads\/2019\/12\/Diana_Rizzotto_28a_web.jpg-300x300.jpg 300w, https:\/\/basel.upthere.studio\/\/wp-content\/uploads\/2019\/12\/Diana_Rizzotto_28a_web.jpg-150x150.jpg 150w, https:\/\/basel.upthere.studio\/\/wp-content\/uploads\/2019\/12\/Diana_Rizzotto_28a_web.jpg-100x100.jpg 100w, https:\/\/basel.upthere.studio\/\/wp-content\/uploads\/2019\/12\/Diana_Rizzotto_28a_web.jpg-140x140.jpg 140w, https:\/\/basel.upthere.studio\/\/wp-content\/uploads\/2019\/12\/Diana_Rizzotto_28a_web.jpg-350x350.jpg 350w\" sizes=\"(max-width: 500px) 100vw, 500px\" \/><\/a><\/div>\n    <div class=\"lb-info\">\n        <h3><a href=\"https:\/\/basel.upthere.studio\/?ex_team=diana-cortesi\">Diana Cortesi<\/a><\/h3>\n        <div class=\"exp-lightbox-meta\">\n            <div class=\"lb-social\"><ul class ='ex-social-account'><li class='teampress-linkedin'><a href='https:\/\/www.linkedin.com\/company\/baselarea.swiss\/'><i class='fab fa-linkedin-in'><\/i><\/a><\/li><li class='teampress-email'><a href='mailto:diana.cortesi@baselarea.swiss'><i class='far fa-envelope'><\/i><\/a><\/li><\/ul><\/div>\n                          <h5><span>Position: <\/span>Manager Investment Promotion<\/h5>\n                                                  <h5><span> Email: <\/span><a href=\"mailto:diana.cortesi@baselarea.swiss\">diana.cortesi@baselarea.swiss<\/a><\/h5>\n                    <\/div>\n        <p><p>Diana Cortesi has worked with Basel Area Business &amp; Innovation since 2018.<\/p>\n<p>Diana Cortesi previously worked in Strategic Sales and Marketing at Miele. She brings with her valuable professional experience in a variety of business sectors like pharmaceuticals, insurance and start-ups.<\/p>\n<p>Diana Cortesi completed a trilingual degree in International Business Management, studying in Colmar in France, L\u00f6rrach in Germany and Basel in Switzerland, supplemented with a semester in Cambridge in the UK. She subsequently completed an MBA in Bern with a specialization in Corporate Development.<\/p>\n<p><strong>Are you planning to expand? You might find our six step guide how to set up your business useful, check it out <a href=\"https:\/\/invest.baselarea.swiss\/setting-up-your-business\/6-steps-to-setup-your-business\/\">here<\/a> or contact me for more information.<\/strong><\/p>\n<div id=\"highlighter--hover-tools\" style=\"display: none;\">\n<div id=\"highlighter--hover-tools--container\">\n<div class=\"highlighter--icon highlighter--icon-copy\" title=\"Copy\"><\/div>\n<div class=\"highlighter--icon highlighter--icon-change-color\" title=\"Change Color\"><\/div>\n<div class=\"highlighter--icon highlighter--icon-delete\" title=\"Delete\"><\/div>\n<\/div>\n<\/div>\n<div id=\"highlighter--hover-tools\" style=\"display: none;\">\n<div id=\"highlighter--hover-tools--container\">\n<div class=\"highlighter--icon highlighter--icon-copy\" title=\"Copy\"><\/div>\n<div class=\"highlighter--icon highlighter--icon-change-color\" title=\"Change Color\"><\/div>\n<div class=\"highlighter--icon highlighter--icon-delete\" title=\"Delete\"><\/div>\n<\/div>\n<\/div>\n<div id=\"highlighter--hover-tools\" style=\"display: none;\">\n<div id=\"highlighter--hover-tools--container\">\n<div class=\"highlighter--icon highlighter--icon-copy\" title=\"Copy\"><\/div>\n<div class=\"highlighter--icon highlighter--icon-change-color\" title=\"Change Color\"><\/div>\n<div class=\"highlighter--icon highlighter--icon-delete\" title=\"Delete\"><\/div>\n<\/div>\n<\/div>\n    <\/div>\n<\/div>\t\t    <\/div>\n    \t\t\t\t\t\t\t<figure class=\"tpstyle-19 tppost-731\">\n  <div class=\"tpstyle-19-image\">\n    <a href=\"https:\/\/basel.upthere.studio\/?ex_team=diana-cortesi\" class=\"\">\n      <img loading=\"lazy\" decoding=\"async\" width=\"500\" height=\"500\" src=\"https:\/\/basel.upthere.studio\/\/wp-content\/uploads\/2019\/12\/Diana_Rizzotto_28a_web.jpg.jpg\" class=\"attachment-full size-full wp-post-image\" alt=\"\" srcset=\"https:\/\/basel.upthere.studio\/\/wp-content\/uploads\/2019\/12\/Diana_Rizzotto_28a_web.jpg.jpg 500w, https:\/\/basel.upthere.studio\/\/wp-content\/uploads\/2019\/12\/Diana_Rizzotto_28a_web.jpg-300x300.jpg 300w, https:\/\/basel.upthere.studio\/\/wp-content\/uploads\/2019\/12\/Diana_Rizzotto_28a_web.jpg-150x150.jpg 150w, https:\/\/basel.upthere.studio\/\/wp-content\/uploads\/2019\/12\/Diana_Rizzotto_28a_web.jpg-100x100.jpg 100w, https:\/\/basel.upthere.studio\/\/wp-content\/uploads\/2019\/12\/Diana_Rizzotto_28a_web.jpg-140x140.jpg 140w, https:\/\/basel.upthere.studio\/\/wp-content\/uploads\/2019\/12\/Diana_Rizzotto_28a_web.jpg-350x350.jpg 350w\" sizes=\"(max-width: 500px) 100vw, 500px\" \/>          <\/a>\n    \t<p>Click for full profile<\/p>\n\t  <\/div>\n  <figcaption>\n    <h3><a href=\"https:\/\/basel.upthere.studio\/?ex_team=diana-cortesi\">Diana Cortesi<\/a><\/h3>\n            <h5>Manager Investment Promotion<\/h5>\n        <div class=\"tpstyle-19-icons\">\n      <ul class ='ex-social-account'><li class='teampress-linkedin'><a href='https:\/\/www.linkedin.com\/company\/baselarea.swiss\/'><i class='fab fa-linkedin-in'><\/i><\/a><\/li><li class='teampress-email'><a href='mailto:diana.cortesi@baselarea.swiss'><i class='far fa-envelope'><\/i><\/a><\/li><\/ul>    <\/div>\n  <\/figcaption>\n  \t<style type=\"text\/css\">\n\t\t\t\t\t#extp-7135.ex-tplist .tppost-731 h5{ color:#ae1022}\n\t\t\t#extp-7135.ex-tplist .tppost-731 .tpstyle-19-image{ border-color:#ae1022}\n\t\t\t#extp-7135.ex-tplist .tppost-731 .tpstyle-19-image:before{ border-top-color:#ae1022}\n\t\t\t#extp-7135.ex-tplist .tppost-731 { background:#ae1022}\n\t\t\n\t<\/style>\n\t<\/figure>\t\t\t\t\t<div class=\"exclearfix\"><\/div>\n\t\t\t\t\t<\/div>\n\t\t\t\t\t<\/div><div class=\"item-grid\" data-id=\"ex_id-extp-7135-152032\"> \t\t\t\t\t<div class=\"exp-arrow exlightbox exlb-extp-7135\" \n\t\t\t\t\t href=\"https:\/\/basel.upthere.studio\/\/wp-content\/uploads\/2013\/04\/Kirsten-Detrick-1.jpg\" data-glightbox=\"descPosition: right;\" data-class=\"exlb-extp-7135\" >\n\t\t\t\t\t\t\t\t\t<div class=\"glightbox-desc\">\n\t\t      <div class=\"exp-lightbox-info\">\n\t<div class=\"lb-image\"><a href=\"https:\/\/basel.upthere.studio\/?ex_team=kirsten-detrick\"><img loading=\"lazy\" decoding=\"async\" width=\"500\" height=\"500\" src=\"https:\/\/basel.upthere.studio\/\/wp-content\/uploads\/2013\/04\/Kirsten-Detrick-1.jpg\" class=\"attachment-full size-full wp-post-image\" alt=\"\" srcset=\"https:\/\/basel.upthere.studio\/\/wp-content\/uploads\/2013\/04\/Kirsten-Detrick-1.jpg 500w, https:\/\/basel.upthere.studio\/\/wp-content\/uploads\/2013\/04\/Kirsten-Detrick-1-300x300.jpg 300w, https:\/\/basel.upthere.studio\/\/wp-content\/uploads\/2013\/04\/Kirsten-Detrick-1-150x150.jpg 150w, https:\/\/basel.upthere.studio\/\/wp-content\/uploads\/2013\/04\/Kirsten-Detrick-1-140x140.jpg 140w, https:\/\/basel.upthere.studio\/\/wp-content\/uploads\/2013\/04\/Kirsten-Detrick-1-100x100.jpg 100w, https:\/\/basel.upthere.studio\/\/wp-content\/uploads\/2013\/04\/Kirsten-Detrick-1-350x350.jpg 350w\" sizes=\"(max-width: 500px) 100vw, 500px\" \/><\/a><\/div>\n    <div class=\"lb-info\">\n        <h3><a href=\"https:\/\/basel.upthere.studio\/?ex_team=kirsten-detrick\">Kirsten Detrick<\/a><\/h3>\n        <div class=\"exp-lightbox-meta\">\n            <div class=\"lb-social\"><ul class ='ex-social-account'><li class='teampress-linkedin'><a href='https:\/\/www.linkedin.com\/in\/kirstendetrick\/'><i class='fab fa-linkedin-in'><\/i><\/a><\/li><li class='teampress-email'><a href='mailto:kirsten.detrick@baselarea.swiss'><i class='far fa-envelope'><\/i><\/a><\/li><\/ul><\/div>\n                          <h5><span>Position: <\/span>Chief Representative USA \u2013 Biotech<\/h5>\n                                                  <h5><span> Email: <\/span><a href=\"mailto:kirsten.detrick@baselarea.swiss\">kirsten.detrick@baselarea.swiss<\/a><\/h5>\n                    <\/div>\n        <p><p>Kirsten Detrick has been working with Basel Area Business &amp; Innovation since 2023.<\/p>\n<p>She is an Adjunct Professor of Business at Tuck\/Dartmouth College in Hanover, New Hampshire and CEO of two biotech startups. Previously, Kirsten was Chief Commercial Officer of Endpoint Health where she drove the organization\u2019s efforts to expand to Switzerland and the UK.<\/p>\n<p>Kirsten spent the majority of her life sciences career at Bristol-Myers Squibb, Amgen and Takeda. Notable international assignments include Head of Global Commercial for Takeda\u2019s Gastroenterology team in Z\u00fcrich; General Manager\/Managing Director of Takeda\u2019s businesses in Austria, Czech Republic and Slovakia; Global Marketing and Commercial Development Senior Director for Amgen with a focus on corporate expansion into Japan; and Director for Worldwide Marketing Effectiveness with BMS.<\/p>\n<p>Kirsten Detrick holds a Masters of Business Administration from the Tuck School of Business at Dartmouth College and a Bachelor of Arts degree from Middlebury College with a major in Chemistry.<\/p>\n<p><strong>Are you planning to expand and interested to read why others chose to locate their business in the Basel Area? Click <a href=\"https:\/\/invest.baselarea.swiss\/success-stories\/\">here<\/a>.<\/strong><\/p>\n<\/p>\n    <\/div>\n<\/div>\t\t    <\/div>\n    \t\t\t\t\t\t\t<figure class=\"tpstyle-19 tppost-152032\">\n  <div class=\"tpstyle-19-image\">\n    <a href=\"https:\/\/basel.upthere.studio\/?ex_team=kirsten-detrick\" class=\"\">\n      <img loading=\"lazy\" decoding=\"async\" width=\"500\" height=\"500\" src=\"https:\/\/basel.upthere.studio\/\/wp-content\/uploads\/2013\/04\/Kirsten-Detrick-1.jpg\" class=\"attachment-full size-full wp-post-image\" alt=\"\" srcset=\"https:\/\/basel.upthere.studio\/\/wp-content\/uploads\/2013\/04\/Kirsten-Detrick-1.jpg 500w, https:\/\/basel.upthere.studio\/\/wp-content\/uploads\/2013\/04\/Kirsten-Detrick-1-300x300.jpg 300w, https:\/\/basel.upthere.studio\/\/wp-content\/uploads\/2013\/04\/Kirsten-Detrick-1-150x150.jpg 150w, https:\/\/basel.upthere.studio\/\/wp-content\/uploads\/2013\/04\/Kirsten-Detrick-1-140x140.jpg 140w, https:\/\/basel.upthere.studio\/\/wp-content\/uploads\/2013\/04\/Kirsten-Detrick-1-100x100.jpg 100w, https:\/\/basel.upthere.studio\/\/wp-content\/uploads\/2013\/04\/Kirsten-Detrick-1-350x350.jpg 350w\" sizes=\"(max-width: 500px) 100vw, 500px\" \/>          <\/a>\n    \t<p>Click for full profile<\/p>\n\t  <\/div>\n  <figcaption>\n    <h3><a href=\"https:\/\/basel.upthere.studio\/?ex_team=kirsten-detrick\">Kirsten Detrick<\/a><\/h3>\n            <h5>Chief Representative USA \u2013 Biotech<\/h5>\n        <div class=\"tpstyle-19-icons\">\n      <ul class ='ex-social-account'><li class='teampress-linkedin'><a href='https:\/\/www.linkedin.com\/in\/kirstendetrick\/'><i class='fab fa-linkedin-in'><\/i><\/a><\/li><li class='teampress-email'><a href='mailto:kirsten.detrick@baselarea.swiss'><i class='far fa-envelope'><\/i><\/a><\/li><\/ul>    <\/div>\n  <\/figcaption>\n  \t<style type=\"text\/css\">\n\t\t\t\t\t#extp-7135.ex-tplist .tppost-152032 h5{ color:#ae1022}\n\t\t\t#extp-7135.ex-tplist .tppost-152032 .tpstyle-19-image{ border-color:#ae1022}\n\t\t\t#extp-7135.ex-tplist .tppost-152032 .tpstyle-19-image:before{ border-top-color:#ae1022}\n\t\t\t#extp-7135.ex-tplist .tppost-152032 { background:#ae1022}\n\t\t\n\t<\/style>\n\t<\/figure>\t\t\t\t\t<div class=\"exclearfix\"><\/div>\n\t\t\t\t\t<\/div>\n\t\t\t\t\t<\/div><div class=\"item-grid\" data-id=\"ex_id-extp-7135-145851\"> \t\t\t\t\t<div class=\"exp-arrow exlightbox exlb-extp-7135\" \n\t\t\t\t\t href=\"https:\/\/basel.upthere.studio\/\/wp-content\/uploads\/2023\/05\/Valentina-Francia-e1684847862910.jpg\" data-glightbox=\"descPosition: right;\" data-class=\"exlb-extp-7135\" >\n\t\t\t\t\t\t\t\t\t<div class=\"glightbox-desc\">\n\t\t      <div class=\"exp-lightbox-info\">\n\t<div class=\"lb-image\"><a href=\"https:\/\/basel.upthere.studio\/?ex_team=valentina-francia\"><img loading=\"lazy\" decoding=\"async\" width=\"500\" height=\"500\" src=\"https:\/\/basel.upthere.studio\/\/wp-content\/uploads\/2023\/05\/Valentina-Francia-e1684847862910.jpg\" class=\"attachment-full size-full wp-post-image\" alt=\"Valentina Francia\" srcset=\"https:\/\/basel.upthere.studio\/\/wp-content\/uploads\/2023\/05\/Valentina-Francia-e1684847862910.jpg 500w, https:\/\/basel.upthere.studio\/\/wp-content\/uploads\/2023\/05\/Valentina-Francia-e1684847862910-300x300.jpg 300w, https:\/\/basel.upthere.studio\/\/wp-content\/uploads\/2023\/05\/Valentina-Francia-e1684847862910-150x150.jpg 150w, https:\/\/basel.upthere.studio\/\/wp-content\/uploads\/2023\/05\/Valentina-Francia-e1684847862910-100x100.jpg 100w, https:\/\/basel.upthere.studio\/\/wp-content\/uploads\/2023\/05\/Valentina-Francia-e1684847862910-140x140.jpg 140w, https:\/\/basel.upthere.studio\/\/wp-content\/uploads\/2023\/05\/Valentina-Francia-e1684847862910-350x350.jpg 350w\" sizes=\"(max-width: 500px) 100vw, 500px\" \/><\/a><\/div>\n    <div class=\"lb-info\">\n        <h3><a href=\"https:\/\/basel.upthere.studio\/?ex_team=valentina-francia\">Valentina Francia, PhD<\/a><\/h3>\n        <div class=\"exp-lightbox-meta\">\n            <div class=\"lb-social\"><ul class ='ex-social-account'><li class='teampress-linkedin'><a href='https:\/\/www.linkedin.com\/in\/valentinafrancia\/'><i class='fab fa-linkedin-in'><\/i><\/a><\/li><li class='teampress-email'><a href='mailto:valentina.francia@baselarea.swiss'><i class='far fa-envelope'><\/i><\/a><\/li><\/ul><\/div>\n                          <h5><span>Position: <\/span>Manager Ecosystems & Investment Promotion<\/h5>\n                                      <h5><span>Phone: <\/span><a href=\"tel:+41 778135240\">+41 778135240<\/a><\/h5>\n                                      <h5><span> Email: <\/span><a href=\"mailto:valentina.francia@baselarea.swiss\">valentina.francia@baselarea.swiss<\/a><\/h5>\n                    <\/div>\n        <p><p>Dr. Valentina Francia joined Basel Area Business &amp; Innovation as Manager Ecosystems &amp; Investment Promotion in 2022.<\/p>\n<p>Valentina worked as a biomedical researcher in academic institutions in Italy, the Netherlands, and Canada before coming to Basel. She is an expert in pharmacology, gene therapy, and nanotechnology and she brings with her extensive experience as a communication manager for pharmaceutical scientific societies, project accelerator for academic and industrial research networks, and conference organizer.<\/p>\n<p>Valentina received her master\u2019s degree in molecular biology at the University of Milan (Italy) and she holds a PhD in nanomedicine and pharmacology from the University of Groningen (the Netherlands).<\/p>\n<p><span style=\"font-weight: bold;\">Are you planning to expand? You might find our six step guide how to set up your business useful, check it out <\/span><a href=\"https:\/\/invest.baselarea.swiss\/setting-up-your-business\/6-steps-to-setup-your-business\/\"><span style=\"font-weight: bold;\">here<\/span><\/a><span style=\"font-weight: bold;\"> or contact me for more information.<\/span><\/p>\n<p>&nbsp;<\/p>\n<div id=\"highlighter--hover-tools\" style=\"display: none;\">\n<div id=\"highlighter--hover-tools--container\">\n<div class=\"highlighter--icon highlighter--icon-copy\" title=\"Copy\"><\/div>\n<div class=\"highlighter--icon highlighter--icon-change-color\" title=\"Change Color\"><\/div>\n<div class=\"highlighter--icon highlighter--icon-delete\" title=\"Delete\"><\/div>\n<\/div>\n<\/div>\n<div id=\"highlighter--hover-tools\" style=\"display: none;\">\n<div id=\"highlighter--hover-tools--container\">\n<div class=\"highlighter--icon highlighter--icon-copy\" title=\"Copy\"><\/div>\n<div class=\"highlighter--icon highlighter--icon-change-color\" title=\"Change Color\"><\/div>\n<div class=\"highlighter--icon highlighter--icon-delete\" title=\"Delete\"><\/div>\n<\/div>\n<\/div>\n<div id=\"highlighter--hover-tools\" style=\"display: none;\">\n<div id=\"highlighter--hover-tools--container\">\n<div class=\"highlighter--icon highlighter--icon-copy\" title=\"Copy\"><\/div>\n<div class=\"highlighter--icon highlighter--icon-change-color\" title=\"Change Color\"><\/div>\n<div class=\"highlighter--icon highlighter--icon-delete\" title=\"Delete\"><\/div>\n<\/div>\n<\/div>\n<div id=\"highlighter--hover-tools\" style=\"display: none;\">\n<div id=\"highlighter--hover-tools--container\">\n<div class=\"highlighter--icon highlighter--icon-copy\" title=\"Copy\"><\/div>\n<div class=\"highlighter--icon highlighter--icon-change-color\" title=\"Change Color\"><\/div>\n<div class=\"highlighter--icon highlighter--icon-delete\" title=\"Delete\"><\/div>\n<\/div>\n<\/div>\n<div id=\"highlighter--hover-tools\" style=\"display: none;\">\n<div id=\"highlighter--hover-tools--container\">\n<div class=\"highlighter--icon highlighter--icon-copy\" title=\"Copy\"><\/div>\n<div class=\"highlighter--icon highlighter--icon-change-color\" title=\"Change Color\"><\/div>\n<div class=\"highlighter--icon highlighter--icon-delete\" title=\"Delete\"><\/div>\n<\/div>\n<\/div>\n    <\/div>\n<\/div>\t\t    <\/div>\n    \t\t\t\t\t\t\t<figure class=\"tpstyle-19 tppost-145851\">\n  <div class=\"tpstyle-19-image\">\n    <a href=\"https:\/\/basel.upthere.studio\/?ex_team=valentina-francia\" class=\"\">\n      <img loading=\"lazy\" decoding=\"async\" width=\"500\" height=\"500\" src=\"https:\/\/basel.upthere.studio\/\/wp-content\/uploads\/2023\/05\/Valentina-Francia-e1684847862910.jpg\" class=\"attachment-full size-full wp-post-image\" alt=\"Valentina Francia\" srcset=\"https:\/\/basel.upthere.studio\/\/wp-content\/uploads\/2023\/05\/Valentina-Francia-e1684847862910.jpg 500w, https:\/\/basel.upthere.studio\/\/wp-content\/uploads\/2023\/05\/Valentina-Francia-e1684847862910-300x300.jpg 300w, https:\/\/basel.upthere.studio\/\/wp-content\/uploads\/2023\/05\/Valentina-Francia-e1684847862910-150x150.jpg 150w, https:\/\/basel.upthere.studio\/\/wp-content\/uploads\/2023\/05\/Valentina-Francia-e1684847862910-100x100.jpg 100w, https:\/\/basel.upthere.studio\/\/wp-content\/uploads\/2023\/05\/Valentina-Francia-e1684847862910-140x140.jpg 140w, https:\/\/basel.upthere.studio\/\/wp-content\/uploads\/2023\/05\/Valentina-Francia-e1684847862910-350x350.jpg 350w\" sizes=\"(max-width: 500px) 100vw, 500px\" \/>          <\/a>\n    \t<p>Click for full profile<\/p>\n\t  <\/div>\n  <figcaption>\n    <h3><a href=\"https:\/\/basel.upthere.studio\/?ex_team=valentina-francia\">Valentina Francia, PhD<\/a><\/h3>\n            <h5>Manager Ecosystems & Investment Promotion<\/h5>\n        <div class=\"tpstyle-19-icons\">\n      <ul class ='ex-social-account'><li class='teampress-linkedin'><a href='https:\/\/www.linkedin.com\/in\/valentinafrancia\/'><i class='fab fa-linkedin-in'><\/i><\/a><\/li><li class='teampress-email'><a href='mailto:valentina.francia@baselarea.swiss'><i class='far fa-envelope'><\/i><\/a><\/li><\/ul>    <\/div>\n  <\/figcaption>\n  \t<style type=\"text\/css\">\n\t\t\t\t\t#extp-7135.ex-tplist .tppost-145851 h5{ color:#ae1022}\n\t\t\t#extp-7135.ex-tplist .tppost-145851 .tpstyle-19-image{ border-color:#ae1022}\n\t\t\t#extp-7135.ex-tplist .tppost-145851 .tpstyle-19-image:before{ border-top-color:#ae1022}\n\t\t\t#extp-7135.ex-tplist .tppost-145851 { background:#ae1022}\n\t\t\n\t<\/style>\n\t<\/figure>\t\t\t\t\t<div class=\"exclearfix\"><\/div>\n\t\t\t\t\t<\/div>\n\t\t\t\t\t<\/div><div class=\"item-grid\" data-id=\"ex_id-extp-7135-955\"> \t\t\t\t\t<div class=\"exp-arrow exlightbox exlb-extp-7135\" \n\t\t\t\t\t href=\"https:\/\/basel.upthere.studio\/\/wp-content\/uploads\/2019\/12\/Team-profile-dept-red.jpg\" data-glightbox=\"descPosition: right;\" data-class=\"exlb-extp-7135\" >\n\t\t\t\t\t\t\t\t\t<div class=\"glightbox-desc\">\n\t\t      <div class=\"exp-lightbox-info\">\n\t<div class=\"lb-image\"><a href=\"https:\/\/basel.upthere.studio\/?ex_team=marketing-communications\"><img decoding=\"async\" width=\"500\" height=\"500\" src=\"https:\/\/basel.upthere.studio\/\/wp-content\/uploads\/2019\/12\/Team-profile-dept-red.jpg\" class=\"attachment-full size-full wp-post-image\" alt=\"\" srcset=\"https:\/\/basel.upthere.studio\/\/wp-content\/uploads\/2019\/12\/Team-profile-dept-red.jpg 500w, https:\/\/basel.upthere.studio\/\/wp-content\/uploads\/2019\/12\/Team-profile-dept-red-300x300.jpg 300w, https:\/\/basel.upthere.studio\/\/wp-content\/uploads\/2019\/12\/Team-profile-dept-red-150x150.jpg 150w, https:\/\/basel.upthere.studio\/\/wp-content\/uploads\/2019\/12\/Team-profile-dept-red-100x100.jpg 100w, https:\/\/basel.upthere.studio\/\/wp-content\/uploads\/2019\/12\/Team-profile-dept-red-140x140.jpg 140w, https:\/\/basel.upthere.studio\/\/wp-content\/uploads\/2019\/12\/Team-profile-dept-red-350x350.jpg 350w\" sizes=\"(max-width: 500px) 100vw, 500px\" \/><\/a><\/div>\n    <div class=\"lb-info\">\n        <h3><a href=\"https:\/\/basel.upthere.studio\/?ex_team=marketing-communications\">Marketing and Communications<\/a><\/h3>\n        <div class=\"exp-lightbox-meta\">\n            <div class=\"lb-social\"><ul class ='ex-social-account'><\/ul><\/div>\n                                            <\/div>\n        <p><\/p>\n    <\/div>\n<\/div>\t\t    <\/div>\n    \t\t\t\t\t\t\t<figure class=\"tpstyle-19 tppost-955\">\n  <div class=\"tpstyle-19-image\">\n    <a href=\"https:\/\/basel.upthere.studio\/?ex_team=marketing-communications\" class=\"\">\n      <img decoding=\"async\" width=\"500\" height=\"500\" src=\"https:\/\/basel.upthere.studio\/\/wp-content\/uploads\/2019\/12\/Team-profile-dept-red.jpg\" class=\"attachment-full size-full wp-post-image\" alt=\"\" srcset=\"https:\/\/basel.upthere.studio\/\/wp-content\/uploads\/2019\/12\/Team-profile-dept-red.jpg 500w, https:\/\/basel.upthere.studio\/\/wp-content\/uploads\/2019\/12\/Team-profile-dept-red-300x300.jpg 300w, https:\/\/basel.upthere.studio\/\/wp-content\/uploads\/2019\/12\/Team-profile-dept-red-150x150.jpg 150w, https:\/\/basel.upthere.studio\/\/wp-content\/uploads\/2019\/12\/Team-profile-dept-red-100x100.jpg 100w, https:\/\/basel.upthere.studio\/\/wp-content\/uploads\/2019\/12\/Team-profile-dept-red-140x140.jpg 140w, https:\/\/basel.upthere.studio\/\/wp-content\/uploads\/2019\/12\/Team-profile-dept-red-350x350.jpg 350w\" sizes=\"(max-width: 500px) 100vw, 500px\" \/>          <\/a>\n    \t<p><\/p>\n\t  <\/div>\n  <figcaption>\n    <h3><a href=\"https:\/\/basel.upthere.studio\/?ex_team=marketing-communications\">Marketing and Communications<\/a><\/h3>\n        <div class=\"tpstyle-19-icons\">\n      <ul class ='ex-social-account'><\/ul>    <\/div>\n  <\/figcaption>\n  \t<style type=\"text\/css\">\n\t\t\t\t\t#extp-7135.ex-tplist .tppost-955 h5{ color:#ae1022}\n\t\t\t#extp-7135.ex-tplist .tppost-955 .tpstyle-19-image{ border-color:#ae1022}\n\t\t\t#extp-7135.ex-tplist .tppost-955 .tpstyle-19-image:before{ border-top-color:#ae1022}\n\t\t\t#extp-7135.ex-tplist .tppost-955 { background:#ae1022}\n\t\t\n\t<\/style>\n\t<\/figure>\t\t\t\t\t<div class=\"exclearfix\"><\/div>\n\t\t\t\t\t<\/div>\n\t\t\t\t\t<\/div><div class=\"item-grid\" data-id=\"ex_id-extp-7135-778\"> \t\t\t\t\t<div class=\"exp-arrow exlightbox exlb-extp-7135\" \n\t\t\t\t\t href=\"https:\/\/basel.upthere.studio\/\/wp-content\/uploads\/2022\/02\/Julia_Meyer_36b_1200x1200-e1684853905543.jpg\" data-glightbox=\"descPosition: right;\" data-class=\"exlb-extp-7135\" >\n\t\t\t\t\t\t\t\t\t<div class=\"glightbox-desc\">\n\t\t      <div class=\"exp-lightbox-info\">\n\t<div class=\"lb-image\"><a href=\"https:\/\/basel.upthere.studio\/?ex_team=julia-chang\"><img loading=\"lazy\" decoding=\"async\" width=\"500\" height=\"500\" src=\"https:\/\/basel.upthere.studio\/\/wp-content\/uploads\/2022\/02\/Julia_Meyer_36b_1200x1200-e1684853905543.jpg\" class=\"attachment-full size-full wp-post-image\" alt=\"Julia Meyer and her take at the future of health - Digital Health\" srcset=\"https:\/\/basel.upthere.studio\/\/wp-content\/uploads\/2022\/02\/Julia_Meyer_36b_1200x1200-e1684853905543.jpg 500w, https:\/\/basel.upthere.studio\/\/wp-content\/uploads\/2022\/02\/Julia_Meyer_36b_1200x1200-e1684853905543-300x300.jpg 300w, https:\/\/basel.upthere.studio\/\/wp-content\/uploads\/2022\/02\/Julia_Meyer_36b_1200x1200-e1684853905543-150x150.jpg 150w, https:\/\/basel.upthere.studio\/\/wp-content\/uploads\/2022\/02\/Julia_Meyer_36b_1200x1200-e1684853905543-100x100.jpg 100w, https:\/\/basel.upthere.studio\/\/wp-content\/uploads\/2022\/02\/Julia_Meyer_36b_1200x1200-e1684853905543-140x140.jpg 140w, https:\/\/basel.upthere.studio\/\/wp-content\/uploads\/2022\/02\/Julia_Meyer_36b_1200x1200-e1684853905543-350x350.jpg 350w\" sizes=\"(max-width: 500px) 100vw, 500px\" \/><\/a><\/div>\n    <div class=\"lb-info\">\n        <h3><a href=\"https:\/\/basel.upthere.studio\/?ex_team=julia-chang\">Julia Chang<\/a><\/h3>\n        <div class=\"exp-lightbox-meta\">\n            <div class=\"lb-social\"><ul class ='ex-social-account'><li class='teampress-linkedin'><a href='https:\/\/www.linkedin.com\/in\/julia-meyer-3690a0a\/'><i class='fab fa-linkedin-in'><\/i><\/a><\/li><li class='teampress-email'><a href='mailto:julia.chang@baselarea.swiss'><i class='far fa-envelope'><\/i><\/a><\/li><\/ul><\/div>\n                          <h5><span>Position: <\/span>Head of Marketing and Communications, Member of the Management Board<\/h5>\n                                                  <h5><span> Email: <\/span><a href=\"mailto:julia.chang@baselarea.swiss\">julia.chang@baselarea.swiss<\/a><\/h5>\n                    <\/div>\n        <p><p>Julia Chang joined Basel Area Business &amp; Innovation in 2016.<\/p>\n<p>Before that, as Head of Sponsorship at the Fondation Beyeler, where she was responsible for partnerships with major companies for various marketing projects.<\/p>\n<p>Julia Chang worked as a product manager for L&#8217;Or\u00e9al and was Marketing Manager at Unibail-Rodamco. During a four-year stay in Mexico, she managed the product development and launch of a daily newspaper.<br \/>\nJulia Chang studied economic geography at Lund University in Sweden, and earned an MBA at the ESADE Business School in Barcelona.<\/p>\n<p><strong>Are you interested in a regular news flash from the Basel Area? Click <a href=\"https:\/\/baselarea.swiss\/newsletter-signup\/\">here<\/a> to sign up to our Newsletters.<\/strong><\/p>\n<div id=\"highlighter--hover-tools\" style=\"display: none;\">\n<div id=\"highlighter--hover-tools--container\">\n<div class=\"highlighter--icon highlighter--icon-copy\" title=\"Copy\"><\/div>\n<div class=\"highlighter--icon highlighter--icon-change-color\" title=\"Change Color\"><\/div>\n<div class=\"highlighter--icon highlighter--icon-delete\" title=\"Delete\"><\/div>\n<\/div>\n<\/div>\n<div id=\"highlighter--hover-tools\" style=\"display: none;\">\n<div id=\"highlighter--hover-tools--container\">\n<div class=\"highlighter--icon highlighter--icon-copy\" title=\"Copy\"><\/div>\n<div class=\"highlighter--icon highlighter--icon-change-color\" title=\"Change Color\"><\/div>\n<div class=\"highlighter--icon highlighter--icon-delete\" title=\"Delete\"><\/div>\n<\/div>\n<\/div>\n<div id=\"highlighter--hover-tools\" style=\"display: none;\">\n<div id=\"highlighter--hover-tools--container\">\n<div class=\"highlighter--icon highlighter--icon-copy\" title=\"Copy\"><\/div>\n<div class=\"highlighter--icon highlighter--icon-change-color\" title=\"Change Color\"><\/div>\n<div class=\"highlighter--icon highlighter--icon-delete\" title=\"Delete\"><\/div>\n<\/div>\n<\/div>\n<div id=\"highlighter--hover-tools\" style=\"display: none;\">\n<div id=\"highlighter--hover-tools--container\">\n<div class=\"highlighter--icon highlighter--icon-copy\" title=\"Copy\"><\/div>\n<div class=\"highlighter--icon highlighter--icon-change-color\" title=\"Change Color\"><\/div>\n<div class=\"highlighter--icon highlighter--icon-delete\" title=\"Delete\"><\/div>\n<\/div>\n<\/div>\n<div id=\"highlighter--hover-tools\" style=\"display: none;\">\n<div id=\"highlighter--hover-tools--container\">\n<div class=\"highlighter--icon highlighter--icon-copy\" title=\"Copy\"><\/div>\n<div class=\"highlighter--icon highlighter--icon-change-color\" title=\"Change Color\"><\/div>\n<div class=\"highlighter--icon highlighter--icon-delete\" title=\"Delete\"><\/div>\n<\/div>\n<\/div>\n    <\/div>\n<\/div>\t\t    <\/div>\n    \t\t\t\t\t\t\t<figure class=\"tpstyle-19 tppost-778\">\n  <div class=\"tpstyle-19-image\">\n    <a href=\"https:\/\/basel.upthere.studio\/?ex_team=julia-chang\" class=\"\">\n      <img loading=\"lazy\" decoding=\"async\" width=\"500\" height=\"500\" src=\"https:\/\/basel.upthere.studio\/\/wp-content\/uploads\/2022\/02\/Julia_Meyer_36b_1200x1200-e1684853905543.jpg\" class=\"attachment-full size-full wp-post-image\" alt=\"Julia Meyer and her take at the future of health - Digital Health\" srcset=\"https:\/\/basel.upthere.studio\/\/wp-content\/uploads\/2022\/02\/Julia_Meyer_36b_1200x1200-e1684853905543.jpg 500w, https:\/\/basel.upthere.studio\/\/wp-content\/uploads\/2022\/02\/Julia_Meyer_36b_1200x1200-e1684853905543-300x300.jpg 300w, https:\/\/basel.upthere.studio\/\/wp-content\/uploads\/2022\/02\/Julia_Meyer_36b_1200x1200-e1684853905543-150x150.jpg 150w, https:\/\/basel.upthere.studio\/\/wp-content\/uploads\/2022\/02\/Julia_Meyer_36b_1200x1200-e1684853905543-100x100.jpg 100w, https:\/\/basel.upthere.studio\/\/wp-content\/uploads\/2022\/02\/Julia_Meyer_36b_1200x1200-e1684853905543-140x140.jpg 140w, https:\/\/basel.upthere.studio\/\/wp-content\/uploads\/2022\/02\/Julia_Meyer_36b_1200x1200-e1684853905543-350x350.jpg 350w\" sizes=\"(max-width: 500px) 100vw, 500px\" \/>          <\/a>\n    \t<p>Click for full profile<\/p>\n\t  <\/div>\n  <figcaption>\n    <h3><a href=\"https:\/\/basel.upthere.studio\/?ex_team=julia-chang\">Julia Chang<\/a><\/h3>\n            <h5>Head of Marketing and Communications, Member of the Management Board<\/h5>\n        <div class=\"tpstyle-19-icons\">\n      <ul class ='ex-social-account'><li class='teampress-linkedin'><a href='https:\/\/www.linkedin.com\/in\/julia-meyer-3690a0a\/'><i class='fab fa-linkedin-in'><\/i><\/a><\/li><li class='teampress-email'><a href='mailto:julia.chang@baselarea.swiss'><i class='far fa-envelope'><\/i><\/a><\/li><\/ul>    <\/div>\n  <\/figcaption>\n  \t<style type=\"text\/css\">\n\t\t\t\t\t#extp-7135.ex-tplist .tppost-778 h5{ color:#ae1022}\n\t\t\t#extp-7135.ex-tplist .tppost-778 .tpstyle-19-image{ border-color:#ae1022}\n\t\t\t#extp-7135.ex-tplist .tppost-778 .tpstyle-19-image:before{ border-top-color:#ae1022}\n\t\t\t#extp-7135.ex-tplist .tppost-778 { background:#ae1022}\n\t\t\n\t<\/style>\n\t<\/figure>\t\t\t\t\t<div class=\"exclearfix\"><\/div>\n\t\t\t\t\t<\/div>\n\t\t\t\t\t<\/div><div class=\"item-grid\" data-id=\"ex_id-extp-7135-83234\"> \t\t\t\t\t<div class=\"exp-arrow exlightbox exlb-extp-7135\" \n\t\t\t\t\t href=\"https:\/\/basel.upthere.studio\/\/wp-content\/uploads\/2015\/04\/Annelise-Michel.jpg\" data-glightbox=\"descPosition: right;\" data-class=\"exlb-extp-7135\" >\n\t\t\t\t\t\t\t\t\t<div class=\"glightbox-desc\">\n\t\t      <div class=\"exp-lightbox-info\">\n\t<div class=\"lb-image\"><a href=\"https:\/\/basel.upthere.studio\/?ex_team=annelise-michel\"><img loading=\"lazy\" decoding=\"async\" width=\"500\" height=\"500\" src=\"https:\/\/basel.upthere.studio\/\/wp-content\/uploads\/2015\/04\/Annelise-Michel.jpg\" class=\"attachment-full size-full wp-post-image\" alt=\"Annelise-Michel\" srcset=\"https:\/\/basel.upthere.studio\/\/wp-content\/uploads\/2015\/04\/Annelise-Michel.jpg 500w, https:\/\/basel.upthere.studio\/\/wp-content\/uploads\/2015\/04\/Annelise-Michel-300x300.jpg 300w, https:\/\/basel.upthere.studio\/\/wp-content\/uploads\/2015\/04\/Annelise-Michel-150x150.jpg 150w, https:\/\/basel.upthere.studio\/\/wp-content\/uploads\/2015\/04\/Annelise-Michel-100x100.jpg 100w, https:\/\/basel.upthere.studio\/\/wp-content\/uploads\/2015\/04\/Annelise-Michel-140x140.jpg 140w, https:\/\/basel.upthere.studio\/\/wp-content\/uploads\/2015\/04\/Annelise-Michel-350x350.jpg 350w\" sizes=\"(max-width: 500px) 100vw, 500px\" \/><\/a><\/div>\n    <div class=\"lb-info\">\n        <h3><a href=\"https:\/\/basel.upthere.studio\/?ex_team=annelise-michel\">Annelise Michel<\/a><\/h3>\n        <div class=\"exp-lightbox-meta\">\n            <div class=\"lb-social\"><ul class ='ex-social-account'><li class='teampress-linkedin'><a href='https:\/\/ch.linkedin.com\/in\/annelisemichel'><i class='fab fa-linkedin-in'><\/i><\/a><\/li><li class='teampress-email'><a href='mailto:annelise.michel@baselarea.swiss'><i class='far fa-envelope'><\/i><\/a><\/li><\/ul><\/div>\n                          <h5><span>Position: <\/span>Manager Marketing<\/h5>\n                                                  <h5><span> Email: <\/span><a href=\"mailto:annelise.michel@baselarea.swiss\">annelise.michel@baselarea.swiss<\/a><\/h5>\n                    <\/div>\n        <p><p>Annelise Michel joined Basel Area Business &amp; Innovation in 2020.<\/p>\n<p>She worked previously as Marketing Automation Specialist EMEA at Cochlear where she deployed strategic digital campaigns driving brand awareness and patient\u2019s engagement. Prior to that, Annelise Michel gained experience in Dubai, London and Madrid in product management, sales, and marketing operations working for international companies such as Inditex\/Zara and L\u2019Or\u00e9al. She also completed a post-graduate internship program with Business France.<\/p>\n<p>Annelise Michel holds a master\u2019s degree in Business Administration at the ISG Paris Business School. She continued her education with a professional degree in Digital Marketing.<\/p>\n<p><strong>Are you interested in a regular news flash from the Basel Area? Click <a href=\"https:\/\/baselarea.swiss\/newsletter-signup\/\">here<\/a> to sign up to our Newsletters.<\/strong><\/p>\n<div id=\"highlighter--hover-tools\" style=\"display: none;\">\n<div id=\"highlighter--hover-tools--container\">\n<div class=\"highlighter--icon highlighter--icon-copy\" title=\"Copy\"><\/div>\n<div class=\"highlighter--icon highlighter--icon-change-color\" title=\"Change Color\"><\/div>\n<div class=\"highlighter--icon highlighter--icon-delete\" title=\"Delete\"><\/div>\n<\/div>\n<\/div>\n<div id=\"highlighter--hover-tools\" style=\"display: none;\">\n<div id=\"highlighter--hover-tools--container\">\n<div class=\"highlighter--icon highlighter--icon-copy\" title=\"Copy\"><\/div>\n<div class=\"highlighter--icon highlighter--icon-change-color\" title=\"Change Color\"><\/div>\n<div class=\"highlighter--icon highlighter--icon-delete\" title=\"Delete\"><\/div>\n<\/div>\n<\/div>\n<div id=\"highlighter--hover-tools\" style=\"display: none;\">\n<div id=\"highlighter--hover-tools--container\">\n<div class=\"highlighter--icon highlighter--icon-copy\" title=\"Copy\"><\/div>\n<div class=\"highlighter--icon highlighter--icon-change-color\" title=\"Change Color\"><\/div>\n<div class=\"highlighter--icon highlighter--icon-delete\" title=\"Delete\"><\/div>\n<\/div>\n<\/div>\n<div id=\"highlighter--hover-tools\" style=\"display: none;\">\n<div id=\"highlighter--hover-tools--container\">\n<div class=\"highlighter--icon highlighter--icon-copy\" title=\"Copy\"><\/div>\n<div class=\"highlighter--icon highlighter--icon-change-color\" title=\"Change Color\"><\/div>\n<div class=\"highlighter--icon highlighter--icon-delete\" title=\"Delete\"><\/div>\n<\/div>\n<\/div>\n<div id=\"highlighter--hover-tools\" style=\"display: none;\">\n<div id=\"highlighter--hover-tools--container\">\n<div class=\"highlighter--icon highlighter--icon-copy\" title=\"Copy\"><\/div>\n<div class=\"highlighter--icon highlighter--icon-change-color\" title=\"Change Color\"><\/div>\n<div class=\"highlighter--icon highlighter--icon-delete\" title=\"Delete\"><\/div>\n<\/div>\n<\/div>\n    <\/div>\n<\/div>\t\t    <\/div>\n    \t\t\t\t\t\t\t<figure class=\"tpstyle-19 tppost-83234\">\n  <div class=\"tpstyle-19-image\">\n    <a href=\"https:\/\/basel.upthere.studio\/?ex_team=annelise-michel\" class=\"\">\n      <img loading=\"lazy\" decoding=\"async\" width=\"500\" height=\"500\" src=\"https:\/\/basel.upthere.studio\/\/wp-content\/uploads\/2015\/04\/Annelise-Michel.jpg\" class=\"attachment-full size-full wp-post-image\" alt=\"Annelise-Michel\" srcset=\"https:\/\/basel.upthere.studio\/\/wp-content\/uploads\/2015\/04\/Annelise-Michel.jpg 500w, https:\/\/basel.upthere.studio\/\/wp-content\/uploads\/2015\/04\/Annelise-Michel-300x300.jpg 300w, https:\/\/basel.upthere.studio\/\/wp-content\/uploads\/2015\/04\/Annelise-Michel-150x150.jpg 150w, https:\/\/basel.upthere.studio\/\/wp-content\/uploads\/2015\/04\/Annelise-Michel-100x100.jpg 100w, https:\/\/basel.upthere.studio\/\/wp-content\/uploads\/2015\/04\/Annelise-Michel-140x140.jpg 140w, https:\/\/basel.upthere.studio\/\/wp-content\/uploads\/2015\/04\/Annelise-Michel-350x350.jpg 350w\" sizes=\"(max-width: 500px) 100vw, 500px\" \/>          <\/a>\n    \t<p>Click for full profile<\/p>\n\t  <\/div>\n  <figcaption>\n    <h3><a href=\"https:\/\/basel.upthere.studio\/?ex_team=annelise-michel\">Annelise Michel<\/a><\/h3>\n            <h5>Manager Marketing<\/h5>\n        <div class=\"tpstyle-19-icons\">\n      <ul class ='ex-social-account'><li class='teampress-linkedin'><a href='https:\/\/ch.linkedin.com\/in\/annelisemichel'><i class='fab fa-linkedin-in'><\/i><\/a><\/li><li class='teampress-email'><a href='mailto:annelise.michel@baselarea.swiss'><i class='far fa-envelope'><\/i><\/a><\/li><\/ul>    <\/div>\n  <\/figcaption>\n  \t<style type=\"text\/css\">\n\t\t\t\t\t#extp-7135.ex-tplist .tppost-83234 h5{ color:#ae1022}\n\t\t\t#extp-7135.ex-tplist .tppost-83234 .tpstyle-19-image{ border-color:#ae1022}\n\t\t\t#extp-7135.ex-tplist .tppost-83234 .tpstyle-19-image:before{ border-top-color:#ae1022}\n\t\t\t#extp-7135.ex-tplist .tppost-83234 { background:#ae1022}\n\t\t\n\t<\/style>\n\t<\/figure>\t\t\t\t\t<div class=\"exclearfix\"><\/div>\n\t\t\t\t\t<\/div>\n\t\t\t\t\t<\/div><div class=\"item-grid\" data-id=\"ex_id-extp-7135-141185\"> \t\t\t\t\t<div class=\"exp-arrow exlightbox exlb-extp-7135\" \n\t\t\t\t\t href=\"https:\/\/basel.upthere.studio\/\/wp-content\/uploads\/2022\/01\/Arianna_Ramirez_19_web-1-e1642613617904.jpg\" data-glightbox=\"descPosition: right;\" data-class=\"exlb-extp-7135\" >\n\t\t\t\t\t\t\t\t\t<div class=\"glightbox-desc\">\n\t\t      <div class=\"exp-lightbox-info\">\n\t<div class=\"lb-image\"><a href=\"https:\/\/basel.upthere.studio\/?ex_team=arianna-ramirez\"><img loading=\"lazy\" decoding=\"async\" width=\"500\" height=\"500\" src=\"https:\/\/basel.upthere.studio\/\/wp-content\/uploads\/2022\/01\/Arianna_Ramirez_19_web-1-e1642613617904.jpg\" class=\"attachment-full size-full wp-post-image\" alt=\"Arianna Ramirez\" \/><\/a><\/div>\n    <div class=\"lb-info\">\n        <h3><a href=\"https:\/\/basel.upthere.studio\/?ex_team=arianna-ramirez\">Arianna Ramirez<\/a><\/h3>\n        <div class=\"exp-lightbox-meta\">\n            <div class=\"lb-social\"><ul class ='ex-social-account'><li class='teampress-linkedin'><a href='https:\/\/www.linkedin.com\/in\/ariannacarolinaramirez\/'><i class='fab fa-linkedin-in'><\/i><\/a><\/li><li class='teampress-email'><a href='mailto:Arianna.Ramirez@baselarea.swiss'><i class='far fa-envelope'><\/i><\/a><\/li><\/ul><\/div>\n                          <h5><span>Position: <\/span>Associate Manager Marketing<\/h5>\n                                                  <h5><span> Email: <\/span><a href=\"mailto:Arianna.Ramirez@baselarea.swiss\">Arianna.Ramirez@baselarea.swiss<\/a><\/h5>\n                    <\/div>\n        <p><p>Arianna Carolina Ram\u00edrez joined Basel Area Business &amp; Innovation in 2022.<\/p>\n<p>She worked previously as Photographer and Audiovisual Producer, Book Illustrator, and Conversation Analyst, in different startups in Colombia. She is also an entrepreneur herself and has led several projects. In the field of mental health, she directs an activism startup called Hablemos De Salud Mental.<\/p>\n<p>She studied for a Bachelor\u00b4s degree in Social Communication with a focus on Journalism at Pontificia Universidad Javeriana in Bogot\u00e1, Colombia.<\/p>\n<p><strong>Are you interested in a regular news flash from the Basel Area? Click\u00a0<a href=\"https:\/\/baselarea.swiss\/newsletter-signup\/\">here<\/a>\u00a0to sign up to our Newsletters.<\/strong><\/p>\n<div id=\"highlighter--hover-tools\" style=\"display: none;\">\n<div id=\"highlighter--hover-tools--container\">\n<div class=\"highlighter--icon highlighter--icon-copy\" title=\"Copy\"><\/div>\n<div class=\"highlighter--icon highlighter--icon-change-color\" title=\"Change Color\"><\/div>\n<div class=\"highlighter--icon highlighter--icon-delete\" title=\"Delete\"><\/div>\n<\/div>\n<\/div>\n<div id=\"highlighter--hover-tools\" style=\"display: none;\">\n<div id=\"highlighter--hover-tools--container\">\n<div class=\"highlighter--icon highlighter--icon-copy\" title=\"Copy\"><\/div>\n<div class=\"highlighter--icon highlighter--icon-change-color\" title=\"Change Color\"><\/div>\n<div class=\"highlighter--icon highlighter--icon-delete\" title=\"Delete\"><\/div>\n<\/div>\n<\/div>\n<div id=\"highlighter--hover-tools\" style=\"display: none;\">\n<div id=\"highlighter--hover-tools--container\">\n<div class=\"highlighter--icon highlighter--icon-copy\" title=\"Copy\"><\/div>\n<div class=\"highlighter--icon highlighter--icon-change-color\" title=\"Change Color\"><\/div>\n<div class=\"highlighter--icon highlighter--icon-delete\" title=\"Delete\"><\/div>\n<\/div>\n<\/div>\n<div id=\"highlighter--hover-tools\" style=\"display: none;\">\n<div id=\"highlighter--hover-tools--container\">\n<div class=\"highlighter--icon highlighter--icon-copy\" title=\"Copy\"><\/div>\n<div class=\"highlighter--icon highlighter--icon-change-color\" title=\"Change Color\"><\/div>\n<div class=\"highlighter--icon highlighter--icon-delete\" title=\"Delete\"><\/div>\n<\/div>\n<\/div>\n<div id=\"highlighter--hover-tools\" style=\"display: none;\">\n<div id=\"highlighter--hover-tools--container\">\n<div class=\"highlighter--icon highlighter--icon-copy\" title=\"Copy\"><\/div>\n<div class=\"highlighter--icon highlighter--icon-change-color\" title=\"Change Color\"><\/div>\n<div class=\"highlighter--icon highlighter--icon-delete\" title=\"Delete\"><\/div>\n<\/div>\n<\/div>\n    <\/div>\n<\/div>\t\t    <\/div>\n    \t\t\t\t\t\t\t<figure class=\"tpstyle-19 tppost-141185\">\n  <div class=\"tpstyle-19-image\">\n    <a href=\"https:\/\/basel.upthere.studio\/?ex_team=arianna-ramirez\" class=\"\">\n      <img loading=\"lazy\" decoding=\"async\" width=\"500\" height=\"500\" src=\"https:\/\/basel.upthere.studio\/\/wp-content\/uploads\/2022\/01\/Arianna_Ramirez_19_web-1-e1642613617904.jpg\" class=\"attachment-full size-full wp-post-image\" alt=\"Arianna Ramirez\" \/>          <\/a>\n    \t<p>Click for full profile<\/p>\n\t  <\/div>\n  <figcaption>\n    <h3><a href=\"https:\/\/basel.upthere.studio\/?ex_team=arianna-ramirez\">Arianna Ramirez<\/a><\/h3>\n            <h5>Associate Manager Marketing<\/h5>\n        <div class=\"tpstyle-19-icons\">\n      <ul class ='ex-social-account'><li class='teampress-linkedin'><a href='https:\/\/www.linkedin.com\/in\/ariannacarolinaramirez\/'><i class='fab fa-linkedin-in'><\/i><\/a><\/li><li class='teampress-email'><a href='mailto:Arianna.Ramirez@baselarea.swiss'><i class='far fa-envelope'><\/i><\/a><\/li><\/ul>    <\/div>\n  <\/figcaption>\n  \t<style type=\"text\/css\">\n\t\t\t\t\t#extp-7135.ex-tplist .tppost-141185 h5{ color:#ae1022}\n\t\t\t#extp-7135.ex-tplist .tppost-141185 .tpstyle-19-image{ border-color:#ae1022}\n\t\t\t#extp-7135.ex-tplist .tppost-141185 .tpstyle-19-image:before{ border-top-color:#ae1022}\n\t\t\t#extp-7135.ex-tplist .tppost-141185 { background:#ae1022}\n\t\t\n\t<\/style>\n\t<\/figure>\t\t\t\t\t<div class=\"exclearfix\"><\/div>\n\t\t\t\t\t<\/div>\n\t\t\t\t\t<\/div><div class=\"item-grid\" data-id=\"ex_id-extp-7135-153960\"> \t\t\t\t\t<div class=\"exp-arrow exlightbox exlb-extp-7135\" \n\t\t\t\t\t href=\"https:\/\/basel.upthere.studio\/\/wp-content\/uploads\/2015\/02\/Bernadett-Bodo.png\" data-glightbox=\"descPosition: right;\" data-class=\"exlb-extp-7135\" >\n\t\t\t\t\t\t\t\t\t<div class=\"glightbox-desc\">\n\t\t      <div class=\"exp-lightbox-info\">\n\t<div class=\"lb-image\"><a href=\"https:\/\/basel.upthere.studio\/?ex_team=bernadett-bodo\"><img loading=\"lazy\" decoding=\"async\" width=\"500\" height=\"500\" src=\"https:\/\/basel.upthere.studio\/\/wp-content\/uploads\/2015\/02\/Bernadett-Bodo.png\" class=\"attachment-full size-full wp-post-image\" alt=\"\" srcset=\"https:\/\/basel.upthere.studio\/\/wp-content\/uploads\/2015\/02\/Bernadett-Bodo.png 500w, https:\/\/basel.upthere.studio\/\/wp-content\/uploads\/2015\/02\/Bernadett-Bodo-300x300.png 300w, https:\/\/basel.upthere.studio\/\/wp-content\/uploads\/2015\/02\/Bernadett-Bodo-150x150.png 150w, https:\/\/basel.upthere.studio\/\/wp-content\/uploads\/2015\/02\/Bernadett-Bodo-140x140.png 140w, https:\/\/basel.upthere.studio\/\/wp-content\/uploads\/2015\/02\/Bernadett-Bodo-100x100.png 100w, https:\/\/basel.upthere.studio\/\/wp-content\/uploads\/2015\/02\/Bernadett-Bodo-350x350.png 350w\" sizes=\"(max-width: 500px) 100vw, 500px\" \/><\/a><\/div>\n    <div class=\"lb-info\">\n        <h3><a href=\"https:\/\/basel.upthere.studio\/?ex_team=bernadett-bodo\">Bernadett Bodo<\/a><\/h3>\n        <div class=\"exp-lightbox-meta\">\n            <div class=\"lb-social\"><ul class ='ex-social-account'><li class='teampress-linkedin'><a href='https:\/\/www.linkedin.com\/in\/bernadett-bodo-marketing-professional\/'><i class='fab fa-linkedin-in'><\/i><\/a><\/li><li class='teampress-email'><a href='mailto:bernadett.bodo@baselarea.swiss'><i class='far fa-envelope'><\/i><\/a><\/li><\/ul><\/div>\n                          <h5><span>Position: <\/span>Associate Manager Marketing<\/h5>\n                                                  <h5><span> Email: <\/span><a href=\"mailto:bernadett.bodo@baselarea.swiss\">bernadett.bodo@baselarea.swiss<\/a><\/h5>\n                    <\/div>\n        <p><p>Bernadett Bodo joined Basel Area Business &amp; Innovation in 2024.<\/p>\n<p>She has gained experience as a marketing specialist through roles in well-established pharmaceutical and biotech companies in Hungary and Switzerland.<\/p>\n<p>In 2020, Bernadett gained her bachelor\u2019s degree in commerce and marketing at Budapest Metropolitan University, Hungary.<\/p>\n<p><strong>Are you interested in a regular news flash from the Basel Area? Click\u00a0<a href=\"https:\/\/baselarea.swiss\/newsletter-signup\/\">here<\/a> to sign up to our Newsletters.<\/strong><\/p>\n<\/p>\n    <\/div>\n<\/div>\t\t    <\/div>\n    \t\t\t\t\t\t\t<figure class=\"tpstyle-19 tppost-153960\">\n  <div class=\"tpstyle-19-image\">\n    <a href=\"https:\/\/basel.upthere.studio\/?ex_team=bernadett-bodo\" class=\"\">\n      <img loading=\"lazy\" decoding=\"async\" width=\"500\" height=\"500\" src=\"https:\/\/basel.upthere.studio\/\/wp-content\/uploads\/2015\/02\/Bernadett-Bodo.png\" class=\"attachment-full size-full wp-post-image\" alt=\"\" srcset=\"https:\/\/basel.upthere.studio\/\/wp-content\/uploads\/2015\/02\/Bernadett-Bodo.png 500w, https:\/\/basel.upthere.studio\/\/wp-content\/uploads\/2015\/02\/Bernadett-Bodo-300x300.png 300w, https:\/\/basel.upthere.studio\/\/wp-content\/uploads\/2015\/02\/Bernadett-Bodo-150x150.png 150w, https:\/\/basel.upthere.studio\/\/wp-content\/uploads\/2015\/02\/Bernadett-Bodo-140x140.png 140w, https:\/\/basel.upthere.studio\/\/wp-content\/uploads\/2015\/02\/Bernadett-Bodo-100x100.png 100w, https:\/\/basel.upthere.studio\/\/wp-content\/uploads\/2015\/02\/Bernadett-Bodo-350x350.png 350w\" sizes=\"(max-width: 500px) 100vw, 500px\" \/>          <\/a>\n    \t<p>Click for full profile<\/p>\n\t  <\/div>\n  <figcaption>\n    <h3><a href=\"https:\/\/basel.upthere.studio\/?ex_team=bernadett-bodo\">Bernadett Bodo<\/a><\/h3>\n            <h5>Associate Manager Marketing<\/h5>\n        <div class=\"tpstyle-19-icons\">\n      <ul class ='ex-social-account'><li class='teampress-linkedin'><a href='https:\/\/www.linkedin.com\/in\/bernadett-bodo-marketing-professional\/'><i class='fab fa-linkedin-in'><\/i><\/a><\/li><li class='teampress-email'><a href='mailto:bernadett.bodo@baselarea.swiss'><i class='far fa-envelope'><\/i><\/a><\/li><\/ul>    <\/div>\n  <\/figcaption>\n  \t<style type=\"text\/css\">\n\t\t\t\t\t#extp-7135.ex-tplist .tppost-153960 h5{ color:#ae1022}\n\t\t\t#extp-7135.ex-tplist .tppost-153960 .tpstyle-19-image{ border-color:#ae1022}\n\t\t\t#extp-7135.ex-tplist .tppost-153960 .tpstyle-19-image:before{ border-top-color:#ae1022}\n\t\t\t#extp-7135.ex-tplist .tppost-153960 { background:#ae1022}\n\t\t\n\t<\/style>\n\t<\/figure>\t\t\t\t\t<div class=\"exclearfix\"><\/div>\n\t\t\t\t\t<\/div>\n\t\t\t\t\t<\/div><div class=\"item-grid\" data-id=\"ex_id-extp-7135-158425\"> \t\t\t\t\t<div class=\"exp-arrow exlightbox exlb-extp-7135\" \n\t\t\t\t\t href=\"https:\/\/basel.upthere.studio\/\/wp-content\/uploads\/2015\/02\/Carole-Fritsch-portrait.png\" data-glightbox=\"descPosition: right;\" data-class=\"exlb-extp-7135\" >\n\t\t\t\t\t\t\t\t\t<div class=\"glightbox-desc\">\n\t\t      <div class=\"exp-lightbox-info\">\n\t<div class=\"lb-image\"><a href=\"https:\/\/basel.upthere.studio\/?ex_team=carole-fritsch\"><img loading=\"lazy\" decoding=\"async\" width=\"500\" height=\"500\" src=\"https:\/\/basel.upthere.studio\/\/wp-content\/uploads\/2015\/02\/Carole-Fritsch-portrait.png\" class=\"attachment-full size-full wp-post-image\" alt=\"\" srcset=\"https:\/\/basel.upthere.studio\/\/wp-content\/uploads\/2015\/02\/Carole-Fritsch-portrait.png 500w, https:\/\/basel.upthere.studio\/\/wp-content\/uploads\/2015\/02\/Carole-Fritsch-portrait-300x300.png 300w, https:\/\/basel.upthere.studio\/\/wp-content\/uploads\/2015\/02\/Carole-Fritsch-portrait-150x150.png 150w, https:\/\/basel.upthere.studio\/\/wp-content\/uploads\/2015\/02\/Carole-Fritsch-portrait-140x140.png 140w, https:\/\/basel.upthere.studio\/\/wp-content\/uploads\/2015\/02\/Carole-Fritsch-portrait-100x100.png 100w, https:\/\/basel.upthere.studio\/\/wp-content\/uploads\/2015\/02\/Carole-Fritsch-portrait-350x350.png 350w\" sizes=\"(max-width: 500px) 100vw, 500px\" \/><\/a><\/div>\n    <div class=\"lb-info\">\n        <h3><a href=\"https:\/\/basel.upthere.studio\/?ex_team=carole-fritsch\">Carole Fritsch<\/a><\/h3>\n        <div class=\"exp-lightbox-meta\">\n            <div class=\"lb-social\"><ul class ='ex-social-account'><li class='teampress-linkedin'><a href='http:\/\/linkedin.com\/in\/carolefritsch'><i class='fab fa-linkedin-in'><\/i><\/a><\/li><li class='teampress-email'><a href='mailto:Carole.Fritsch@baselarea.swiss'><i class='far fa-envelope'><\/i><\/a><\/li><\/ul><\/div>\n                          <h5><span>Position: <\/span>Manager Marketing<\/h5>\n                                                  <h5><span> Email: <\/span><a href=\"mailto:Carole.Fritsch@baselarea.swiss\">Carole.Fritsch@baselarea.swiss<\/a><\/h5>\n                    <\/div>\n        <p><p>Carole Fritsch joined Basel Area Business &amp; Innovation in April 2025.<\/p>\n<p>She began her career in the pharmaceutical industry, spending 7 years managing global lifecycle projects within the Pharma Supply Chain. She then transitioned to fashion and lifestyle sector, joining Fossil Group where she spent 9 years, leading regional marketing strategies for both licensed and owned brands. Her expertise covers DTC, retail, and trade channels, driving brand growth across diverse markets.<\/p>\n<p>Most recently, Carole embraced an entrepreneurial role at Sea to Summit, an Australian outdoor brand, where she developed and executed the marketing strategy for the EMEA region, ensuring alignment across all distribution channels.<\/p>\n<p>Carole holds a degree in science and business management and earned an MBA from Coventry University in the UK.<\/p>\n<p><strong>Are you interested in a regular news flash from the Basel Area? Click <a href=\"https:\/\/baselarea.swiss\/newsletter-signup\/\">here<\/a> to sign up to our Newsletters.<\/strong><\/p>\n<div id=\"highlighter--hover-tools\" style=\"display: none\">\n<div id=\"highlighter--hover-tools--container\">\n<div class=\"highlighter--icon highlighter--icon-copy\" title=\"Copy\"><\/div>\n<div class=\"highlighter--icon highlighter--icon-change-color\" title=\"Change Color\"><\/div>\n<div class=\"highlighter--icon highlighter--icon-delete\" title=\"Delete\"><\/div>\n<\/div>\n<\/div>\n<div id=\"highlighter--hover-tools\" style=\"display: none\">\n<div id=\"highlighter--hover-tools--container\">\n<div class=\"highlighter--icon highlighter--icon-copy\" title=\"Copy\"><\/div>\n<div class=\"highlighter--icon highlighter--icon-change-color\" title=\"Change Color\"><\/div>\n<div class=\"highlighter--icon highlighter--icon-delete\" title=\"Delete\"><\/div>\n<\/div>\n<\/div>\n<div id=\"highlighter--hover-tools\" style=\"display: none\">\n<div id=\"highlighter--hover-tools--container\">\n<div class=\"highlighter--icon highlighter--icon-copy\" title=\"Copy\"><\/div>\n<div class=\"highlighter--icon highlighter--icon-change-color\" title=\"Change Color\"><\/div>\n<div class=\"highlighter--icon highlighter--icon-delete\" title=\"Delete\"><\/div>\n<\/div>\n<\/div>\n<div id=\"highlighter--hover-tools\" style=\"display: none\">\n<div id=\"highlighter--hover-tools--container\">\n<div class=\"highlighter--icon highlighter--icon-copy\" title=\"Copy\"><\/div>\n<div class=\"highlighter--icon highlighter--icon-change-color\" title=\"Change Color\"><\/div>\n<div class=\"highlighter--icon highlighter--icon-delete\" title=\"Delete\"><\/div>\n<\/div>\n<\/div>\n<div id=\"highlighter--hover-tools\" style=\"display: none\">\n<div id=\"highlighter--hover-tools--container\">\n<div class=\"highlighter--icon highlighter--icon-copy\" title=\"Copy\"><\/div>\n<div class=\"highlighter--icon highlighter--icon-change-color\" title=\"Change Color\"><\/div>\n<div class=\"highlighter--icon highlighter--icon-delete\" title=\"Delete\"><\/div>\n<\/div>\n<\/div>\n    <\/div>\n<\/div>\t\t    <\/div>\n    \t\t\t\t\t\t\t<figure class=\"tpstyle-19 tppost-158425\">\n  <div class=\"tpstyle-19-image\">\n    <a href=\"https:\/\/basel.upthere.studio\/?ex_team=carole-fritsch\" class=\"\">\n      <img loading=\"lazy\" decoding=\"async\" width=\"500\" height=\"500\" src=\"https:\/\/basel.upthere.studio\/\/wp-content\/uploads\/2015\/02\/Carole-Fritsch-portrait.png\" class=\"attachment-full size-full wp-post-image\" alt=\"\" srcset=\"https:\/\/basel.upthere.studio\/\/wp-content\/uploads\/2015\/02\/Carole-Fritsch-portrait.png 500w, https:\/\/basel.upthere.studio\/\/wp-content\/uploads\/2015\/02\/Carole-Fritsch-portrait-300x300.png 300w, https:\/\/basel.upthere.studio\/\/wp-content\/uploads\/2015\/02\/Carole-Fritsch-portrait-150x150.png 150w, https:\/\/basel.upthere.studio\/\/wp-content\/uploads\/2015\/02\/Carole-Fritsch-portrait-140x140.png 140w, https:\/\/basel.upthere.studio\/\/wp-content\/uploads\/2015\/02\/Carole-Fritsch-portrait-100x100.png 100w, https:\/\/basel.upthere.studio\/\/wp-content\/uploads\/2015\/02\/Carole-Fritsch-portrait-350x350.png 350w\" sizes=\"(max-width: 500px) 100vw, 500px\" \/>          <\/a>\n    \t<p>Click for full profile<\/p>\n\t  <\/div>\n  <figcaption>\n    <h3><a href=\"https:\/\/basel.upthere.studio\/?ex_team=carole-fritsch\">Carole Fritsch<\/a><\/h3>\n            <h5>Manager Marketing<\/h5>\n        <div class=\"tpstyle-19-icons\">\n      <ul class ='ex-social-account'><li class='teampress-linkedin'><a href='http:\/\/linkedin.com\/in\/carolefritsch'><i class='fab fa-linkedin-in'><\/i><\/a><\/li><li class='teampress-email'><a href='mailto:Carole.Fritsch@baselarea.swiss'><i class='far fa-envelope'><\/i><\/a><\/li><\/ul>    <\/div>\n  <\/figcaption>\n  \t<style type=\"text\/css\">\n\t\t\t\t\t#extp-7135.ex-tplist .tppost-158425 h5{ color:#ae1022}\n\t\t\t#extp-7135.ex-tplist .tppost-158425 .tpstyle-19-image{ border-color:#ae1022}\n\t\t\t#extp-7135.ex-tplist .tppost-158425 .tpstyle-19-image:before{ border-top-color:#ae1022}\n\t\t\t#extp-7135.ex-tplist .tppost-158425 { background:#ae1022}\n\t\t\n\t<\/style>\n\t<\/figure>\t\t\t\t\t<div class=\"exclearfix\"><\/div>\n\t\t\t\t\t<\/div>\n\t\t\t\t\t<\/div><div class=\"item-grid\" data-id=\"ex_id-extp-7135-145839\"> \t\t\t\t\t<div class=\"exp-arrow exlightbox exlb-extp-7135\" \n\t\t\t\t\t href=\"https:\/\/basel.upthere.studio\/\/wp-content\/uploads\/2015\/02\/Clement-Bastide-e1684911058596.jpg\" data-glightbox=\"descPosition: right;\" data-class=\"exlb-extp-7135\" >\n\t\t\t\t\t\t\t\t\t<div class=\"glightbox-desc\">\n\t\t      <div class=\"exp-lightbox-info\">\n\t<div class=\"lb-image\"><a href=\"https:\/\/basel.upthere.studio\/?ex_team=clement-bastide\"><img loading=\"lazy\" decoding=\"async\" width=\"500\" height=\"500\" src=\"https:\/\/basel.upthere.studio\/\/wp-content\/uploads\/2015\/02\/Clement-Bastide-e1684911058596.jpg\" class=\"attachment-full size-full wp-post-image\" alt=\"\" srcset=\"https:\/\/basel.upthere.studio\/\/wp-content\/uploads\/2015\/02\/Clement-Bastide-e1684911058596.jpg 500w, https:\/\/basel.upthere.studio\/\/wp-content\/uploads\/2015\/02\/Clement-Bastide-e1684911058596-300x300.jpg 300w, https:\/\/basel.upthere.studio\/\/wp-content\/uploads\/2015\/02\/Clement-Bastide-e1684911058596-150x150.jpg 150w, https:\/\/basel.upthere.studio\/\/wp-content\/uploads\/2015\/02\/Clement-Bastide-e1684911058596-100x100.jpg 100w, https:\/\/basel.upthere.studio\/\/wp-content\/uploads\/2015\/02\/Clement-Bastide-e1684911058596-140x140.jpg 140w, https:\/\/basel.upthere.studio\/\/wp-content\/uploads\/2015\/02\/Clement-Bastide-e1684911058596-350x350.jpg 350w\" sizes=\"(max-width: 500px) 100vw, 500px\" \/><\/a><\/div>\n    <div class=\"lb-info\">\n        <h3><a href=\"https:\/\/basel.upthere.studio\/?ex_team=clement-bastide\">Clement Bastide<\/a><\/h3>\n        <div class=\"exp-lightbox-meta\">\n            <div class=\"lb-social\"><ul class ='ex-social-account'><li class='teampress-linkedin'><a href='https:\/\/www.linkedin.com\/in\/clementbastide\/'><i class='fab fa-linkedin-in'><\/i><\/a><\/li><li class='teampress-email'><a href='mailto:clement.bastide@baselarea.swiss'><i class='far fa-envelope'><\/i><\/a><\/li><\/ul><\/div>\n                          <h5><span>Position: <\/span>Manager Digital Marketing<\/h5>\n                                      <h5><span>Phone: <\/span><a href=\"tel:+41 79 617 55 98\">+41 79 617 55 98<\/a><\/h5>\n                                      <h5><span> Email: <\/span><a href=\"mailto:clement.bastide@baselarea.swiss\">clement.bastide@baselarea.swiss<\/a><\/h5>\n                    <\/div>\n        <p><p><span lang=\"DE-CH\">Clement Bastide joined Basel Area in 2022.<\/span><\/p>\n<p><span lang=\"DE-CH\">Previously, he worked as Digital Marketing Manager for international companies such as Ubisoft, EY, KPMG and Amazon in Paris and Luxembourg.<\/span><\/p>\n<p><span lang=\"DE-CH\">In 2019, he moved to Japan, where he spent 1 year traveling and working as a Digital Marketing Consultant for small &amp; medium companies. Back in Europe in 2020, he started teaching online marketing in university and business schools, in addition to his consulting activity.<\/span><\/p>\n<p><span lang=\"DE-CH\">Clement studied Computer Sciences then Business Management in France, with some exchanges in England and Ireland, before getting a master\u2019s degree in Online Marketing.<\/span><\/p>\n<p><strong>Are you interested in a regular news flash from the Basel Area? Click <a href=\"https:\/\/baselarea.swiss\/newsletter-signup\/\">here<\/a> to sign up to our Newsletters.<\/strong><\/p>\n<div id=\"highlighter--hover-tools\" style=\"display: none;\">\n<div id=\"highlighter--hover-tools--container\">\n<div class=\"highlighter--icon highlighter--icon-copy\" title=\"Copy\"><\/div>\n<div class=\"highlighter--icon highlighter--icon-change-color\" title=\"Change Color\"><\/div>\n<div class=\"highlighter--icon highlighter--icon-delete\" title=\"Delete\"><\/div>\n<\/div>\n<\/div>\n<div id=\"highlighter--hover-tools\" style=\"display: none;\">\n<div id=\"highlighter--hover-tools--container\">\n<div class=\"highlighter--icon highlighter--icon-copy\" title=\"Copy\"><\/div>\n<div class=\"highlighter--icon highlighter--icon-change-color\" title=\"Change Color\"><\/div>\n<div class=\"highlighter--icon highlighter--icon-delete\" title=\"Delete\"><\/div>\n<\/div>\n<\/div>\n<div id=\"highlighter--hover-tools\" style=\"display: none;\">\n<div id=\"highlighter--hover-tools--container\">\n<div class=\"highlighter--icon highlighter--icon-copy\" title=\"Copy\"><\/div>\n<div class=\"highlighter--icon highlighter--icon-change-color\" title=\"Change Color\"><\/div>\n<div class=\"highlighter--icon highlighter--icon-delete\" title=\"Delete\"><\/div>\n<\/div>\n<\/div>\n<div id=\"highlighter--hover-tools\" style=\"display: none;\">\n<div id=\"highlighter--hover-tools--container\">\n<div class=\"highlighter--icon highlighter--icon-copy\" title=\"Copy\"><\/div>\n<div class=\"highlighter--icon highlighter--icon-change-color\" title=\"Change Color\"><\/div>\n<div class=\"highlighter--icon highlighter--icon-delete\" title=\"Delete\"><\/div>\n<\/div>\n<\/div>\n    <\/div>\n<\/div>\t\t    <\/div>\n    \t\t\t\t\t\t\t<figure class=\"tpstyle-19 tppost-145839\">\n  <div class=\"tpstyle-19-image\">\n    <a href=\"https:\/\/basel.upthere.studio\/?ex_team=clement-bastide\" class=\"\">\n      <img loading=\"lazy\" decoding=\"async\" width=\"500\" height=\"500\" src=\"https:\/\/basel.upthere.studio\/\/wp-content\/uploads\/2015\/02\/Clement-Bastide-e1684911058596.jpg\" class=\"attachment-full size-full wp-post-image\" alt=\"\" srcset=\"https:\/\/basel.upthere.studio\/\/wp-content\/uploads\/2015\/02\/Clement-Bastide-e1684911058596.jpg 500w, https:\/\/basel.upthere.studio\/\/wp-content\/uploads\/2015\/02\/Clement-Bastide-e1684911058596-300x300.jpg 300w, https:\/\/basel.upthere.studio\/\/wp-content\/uploads\/2015\/02\/Clement-Bastide-e1684911058596-150x150.jpg 150w, https:\/\/basel.upthere.studio\/\/wp-content\/uploads\/2015\/02\/Clement-Bastide-e1684911058596-100x100.jpg 100w, https:\/\/basel.upthere.studio\/\/wp-content\/uploads\/2015\/02\/Clement-Bastide-e1684911058596-140x140.jpg 140w, https:\/\/basel.upthere.studio\/\/wp-content\/uploads\/2015\/02\/Clement-Bastide-e1684911058596-350x350.jpg 350w\" sizes=\"(max-width: 500px) 100vw, 500px\" \/>          <\/a>\n    \t<p>Click for full profile<\/p>\n\t  <\/div>\n  <figcaption>\n    <h3><a href=\"https:\/\/basel.upthere.studio\/?ex_team=clement-bastide\">Clement Bastide<\/a><\/h3>\n            <h5>Manager Digital Marketing<\/h5>\n        <div class=\"tpstyle-19-icons\">\n      <ul class ='ex-social-account'><li class='teampress-linkedin'><a href='https:\/\/www.linkedin.com\/in\/clementbastide\/'><i class='fab fa-linkedin-in'><\/i><\/a><\/li><li class='teampress-email'><a href='mailto:clement.bastide@baselarea.swiss'><i class='far fa-envelope'><\/i><\/a><\/li><\/ul>    <\/div>\n  <\/figcaption>\n  \t<style type=\"text\/css\">\n\t\t\t\t\t#extp-7135.ex-tplist .tppost-145839 h5{ color:#ae1022}\n\t\t\t#extp-7135.ex-tplist .tppost-145839 .tpstyle-19-image{ border-color:#ae1022}\n\t\t\t#extp-7135.ex-tplist .tppost-145839 .tpstyle-19-image:before{ border-top-color:#ae1022}\n\t\t\t#extp-7135.ex-tplist .tppost-145839 { background:#ae1022}\n\t\t\n\t<\/style>\n\t<\/figure>\t\t\t\t\t<div class=\"exclearfix\"><\/div>\n\t\t\t\t\t<\/div>\n\t\t\t\t\t<\/div><div class=\"item-grid\" data-id=\"ex_id-extp-7135-158418\"> \t\t\t\t\t<div class=\"exp-arrow exlightbox exlb-extp-7135\" \n\t\t\t\t\t href=\"https:\/\/basel.upthere.studio\/\/wp-content\/uploads\/2025\/05\/ellen-Freiburghaus-portrait.png\" data-glightbox=\"descPosition: right;\" data-class=\"exlb-extp-7135\" >\n\t\t\t\t\t\t\t\t\t<div class=\"glightbox-desc\">\n\t\t      <div class=\"exp-lightbox-info\">\n\t<div class=\"lb-image\"><a href=\"https:\/\/basel.upthere.studio\/?ex_team=ellen-freiburghaus\"><img loading=\"lazy\" decoding=\"async\" width=\"500\" height=\"500\" src=\"https:\/\/basel.upthere.studio\/\/wp-content\/uploads\/2025\/05\/ellen-Freiburghaus-portrait.png\" class=\"attachment-full size-full wp-post-image\" alt=\"\" srcset=\"https:\/\/basel.upthere.studio\/\/wp-content\/uploads\/2025\/05\/ellen-Freiburghaus-portrait.png 500w, https:\/\/basel.upthere.studio\/\/wp-content\/uploads\/2025\/05\/ellen-Freiburghaus-portrait-300x300.png 300w, https:\/\/basel.upthere.studio\/\/wp-content\/uploads\/2025\/05\/ellen-Freiburghaus-portrait-150x150.png 150w, https:\/\/basel.upthere.studio\/\/wp-content\/uploads\/2025\/05\/ellen-Freiburghaus-portrait-140x140.png 140w, https:\/\/basel.upthere.studio\/\/wp-content\/uploads\/2025\/05\/ellen-Freiburghaus-portrait-100x100.png 100w, https:\/\/basel.upthere.studio\/\/wp-content\/uploads\/2025\/05\/ellen-Freiburghaus-portrait-350x350.png 350w\" sizes=\"(max-width: 500px) 100vw, 500px\" \/><\/a><\/div>\n    <div class=\"lb-info\">\n        <h3><a href=\"https:\/\/basel.upthere.studio\/?ex_team=ellen-freiburghaus\">Ellen Freiburghaus<\/a><\/h3>\n        <div class=\"exp-lightbox-meta\">\n            <div class=\"lb-social\"><ul class ='ex-social-account'><li class='teampress-linkedin'><a href='http:\/\/linkedin.com\/in\/ellen-freiburghaus-06351316a'><i class='fab fa-linkedin-in'><\/i><\/a><\/li><li class='teampress-email'><a href='mailto:ellen.freiburghaus@baselarea.swiss'><i class='far fa-envelope'><\/i><\/a><\/li><\/ul><\/div>\n                          <h5><span>Position: <\/span>Trainee Marketing and Communications<\/h5>\n                                                  <h5><span> Email: <\/span><a href=\"mailto:ellen.freiburghaus@baselarea.swiss\">ellen.freiburghaus@baselarea.swiss<\/a><\/h5>\n                    <\/div>\n        <p><p><span data-teams=\"true\"><i>Ellen Freiburghaus joined Basel Area Business &amp; Innovation as a Communications &amp; Marketing Trainee in May 2025. She brings experience in digital content creation, social media strategy, and corporate communications, having previously worked with organizations such as Vimova and Westhive.<\/i><\/span><\/p>\n<p>Ellen holds a Bachelor&#8217;s degree in Communication and Media Studies from the ERASMUS University Rotterdam. Her passion lies in crafting compelling narratives and fostering community engagement, aiming to enhance the visibility and impact of the Basel Area&#8217;s initiatives.<\/p>\n<p><strong>Are you interested in a regular news flash from the Basel Area? Click\u00a0<a href=\"https:\/\/baselarea.swiss\/newsletter-signup\/\">here<\/a> to sign up to our Newsletters.<\/strong><\/p>\n<\/p>\n    <\/div>\n<\/div>\t\t    <\/div>\n    \t\t\t\t\t\t\t<figure class=\"tpstyle-19 tppost-158418\">\n  <div class=\"tpstyle-19-image\">\n    <a href=\"https:\/\/basel.upthere.studio\/?ex_team=ellen-freiburghaus\" class=\"\">\n      <img loading=\"lazy\" decoding=\"async\" width=\"500\" height=\"500\" src=\"https:\/\/basel.upthere.studio\/\/wp-content\/uploads\/2025\/05\/ellen-Freiburghaus-portrait.png\" class=\"attachment-full size-full wp-post-image\" alt=\"\" srcset=\"https:\/\/basel.upthere.studio\/\/wp-content\/uploads\/2025\/05\/ellen-Freiburghaus-portrait.png 500w, https:\/\/basel.upthere.studio\/\/wp-content\/uploads\/2025\/05\/ellen-Freiburghaus-portrait-300x300.png 300w, https:\/\/basel.upthere.studio\/\/wp-content\/uploads\/2025\/05\/ellen-Freiburghaus-portrait-150x150.png 150w, https:\/\/basel.upthere.studio\/\/wp-content\/uploads\/2025\/05\/ellen-Freiburghaus-portrait-140x140.png 140w, https:\/\/basel.upthere.studio\/\/wp-content\/uploads\/2025\/05\/ellen-Freiburghaus-portrait-100x100.png 100w, https:\/\/basel.upthere.studio\/\/wp-content\/uploads\/2025\/05\/ellen-Freiburghaus-portrait-350x350.png 350w\" sizes=\"(max-width: 500px) 100vw, 500px\" \/>          <\/a>\n    \t<p>Click for full profile<\/p>\n\t  <\/div>\n  <figcaption>\n    <h3><a href=\"https:\/\/basel.upthere.studio\/?ex_team=ellen-freiburghaus\">Ellen Freiburghaus<\/a><\/h3>\n            <h5>Trainee Marketing and Communications<\/h5>\n        <div class=\"tpstyle-19-icons\">\n      <ul class ='ex-social-account'><li class='teampress-linkedin'><a href='http:\/\/linkedin.com\/in\/ellen-freiburghaus-06351316a'><i class='fab fa-linkedin-in'><\/i><\/a><\/li><li class='teampress-email'><a href='mailto:ellen.freiburghaus@baselarea.swiss'><i class='far fa-envelope'><\/i><\/a><\/li><\/ul>    <\/div>\n  <\/figcaption>\n  \t<style type=\"text\/css\">\n\t\t\t\t\t#extp-7135.ex-tplist .tppost-158418 h5{ color:#ae1022}\n\t\t\t#extp-7135.ex-tplist .tppost-158418 .tpstyle-19-image{ border-color:#ae1022}\n\t\t\t#extp-7135.ex-tplist .tppost-158418 .tpstyle-19-image:before{ border-top-color:#ae1022}\n\t\t\t#extp-7135.ex-tplist .tppost-158418 { background:#ae1022}\n\t\t\n\t<\/style>\n\t<\/figure>\t\t\t\t\t<div class=\"exclearfix\"><\/div>\n\t\t\t\t\t<\/div>\n\t\t\t\t\t<\/div><div class=\"item-grid\" data-id=\"ex_id-extp-7135-155827\"> \t\t\t\t\t<div class=\"exp-arrow exlightbox exlb-extp-7135\" \n\t\t\t\t\t href=\"https:\/\/basel.upthere.studio\/\/wp-content\/uploads\/2024\/08\/Manuel-Field.png\" data-glightbox=\"descPosition: right;\" data-class=\"exlb-extp-7135\" >\n\t\t\t\t\t\t\t\t\t<div class=\"glightbox-desc\">\n\t\t      <div class=\"exp-lightbox-info\">\n\t<div class=\"lb-image\"><a href=\"https:\/\/basel.upthere.studio\/?ex_team=manuel-field\"><img loading=\"lazy\" decoding=\"async\" width=\"500\" height=\"500\" src=\"https:\/\/basel.upthere.studio\/\/wp-content\/uploads\/2024\/08\/Manuel-Field.png\" class=\"attachment-full size-full wp-post-image\" alt=\"\" srcset=\"https:\/\/basel.upthere.studio\/\/wp-content\/uploads\/2024\/08\/Manuel-Field.png 500w, https:\/\/basel.upthere.studio\/\/wp-content\/uploads\/2024\/08\/Manuel-Field-300x300.png 300w, https:\/\/basel.upthere.studio\/\/wp-content\/uploads\/2024\/08\/Manuel-Field-150x150.png 150w, https:\/\/basel.upthere.studio\/\/wp-content\/uploads\/2024\/08\/Manuel-Field-140x140.png 140w, https:\/\/basel.upthere.studio\/\/wp-content\/uploads\/2024\/08\/Manuel-Field-100x100.png 100w, https:\/\/basel.upthere.studio\/\/wp-content\/uploads\/2024\/08\/Manuel-Field-350x350.png 350w\" sizes=\"(max-width: 500px) 100vw, 500px\" \/><\/a><\/div>\n    <div class=\"lb-info\">\n        <h3><a href=\"https:\/\/basel.upthere.studio\/?ex_team=manuel-field\">Manuel Field<\/a><\/h3>\n        <div class=\"exp-lightbox-meta\">\n            <div class=\"lb-social\"><ul class ='ex-social-account'><li class='teampress-linkedin'><a href='https:\/\/www.linkedin.com\/in\/manufield\/'><i class='fab fa-linkedin-in'><\/i><\/a><\/li><li class='teampress-email'><a href='mailto:manu.field@baselarea.swiss'><i class='far fa-envelope'><\/i><\/a><\/li><\/ul><\/div>\n                          <h5><span>Position: <\/span>Manager Content Marketing<\/h5>\n                                                  <h5><span> Email: <\/span><a href=\"mailto:manu.field@baselarea.swiss\">manu.field@baselarea.swiss<\/a><\/h5>\n                    <\/div>\n        <p><p>Manuel Field has been working for Basel Area &amp; Business Innovation since 2024.<\/p>\n<p>&nbsp;<\/p>\n<p>Manuel is a strategic communications expert with over 20 years of experience working in-house and for consultancies across various topics and specialities. After graduating from the University of Cambridge with a PhD in molecular neurobiology, he worked for many years in medical communications, before switching to public relations. Manuel&#8217;s previous corporate role was at F. Hoffmann-La Roche in Basel, where he was responsible for the quality and regulatory compliance of a significant portion of the digital content that went out over the company&#8217;s global website and social channels.<\/p>\n<p>&nbsp;<\/p>\n<p>Before joining Basel Area Business &amp; Innovation, Manuel worked as a freelance strategic communications consultant while also becoming certified as a holistic health &amp; wellness coach.<\/p>\n<p><strong>Are you interested in a regular news flash from the Basel Area? Click\u00a0<a href=\"https:\/\/baselarea.swiss\/newsletter-signup\/\">here<\/a> to sign up to our Newsletters.<\/strong><\/p>\n<\/p>\n    <\/div>\n<\/div>\t\t    <\/div>\n    \t\t\t\t\t\t\t<figure class=\"tpstyle-19 tppost-155827\">\n  <div class=\"tpstyle-19-image\">\n    <a href=\"https:\/\/basel.upthere.studio\/?ex_team=manuel-field\" class=\"\">\n      <img loading=\"lazy\" decoding=\"async\" width=\"500\" height=\"500\" src=\"https:\/\/basel.upthere.studio\/\/wp-content\/uploads\/2024\/08\/Manuel-Field.png\" class=\"attachment-full size-full wp-post-image\" alt=\"\" srcset=\"https:\/\/basel.upthere.studio\/\/wp-content\/uploads\/2024\/08\/Manuel-Field.png 500w, https:\/\/basel.upthere.studio\/\/wp-content\/uploads\/2024\/08\/Manuel-Field-300x300.png 300w, https:\/\/basel.upthere.studio\/\/wp-content\/uploads\/2024\/08\/Manuel-Field-150x150.png 150w, https:\/\/basel.upthere.studio\/\/wp-content\/uploads\/2024\/08\/Manuel-Field-140x140.png 140w, https:\/\/basel.upthere.studio\/\/wp-content\/uploads\/2024\/08\/Manuel-Field-100x100.png 100w, https:\/\/basel.upthere.studio\/\/wp-content\/uploads\/2024\/08\/Manuel-Field-350x350.png 350w\" sizes=\"(max-width: 500px) 100vw, 500px\" \/>          <\/a>\n    \t<p>Click for full profile<\/p>\n\t  <\/div>\n  <figcaption>\n    <h3><a href=\"https:\/\/basel.upthere.studio\/?ex_team=manuel-field\">Manuel Field<\/a><\/h3>\n            <h5>Manager Content Marketing<\/h5>\n        <div class=\"tpstyle-19-icons\">\n      <ul class ='ex-social-account'><li class='teampress-linkedin'><a href='https:\/\/www.linkedin.com\/in\/manufield\/'><i class='fab fa-linkedin-in'><\/i><\/a><\/li><li class='teampress-email'><a href='mailto:manu.field@baselarea.swiss'><i class='far fa-envelope'><\/i><\/a><\/li><\/ul>    <\/div>\n  <\/figcaption>\n  \t<style type=\"text\/css\">\n\t\t\t\t\t#extp-7135.ex-tplist .tppost-155827 h5{ color:#ae1022}\n\t\t\t#extp-7135.ex-tplist .tppost-155827 .tpstyle-19-image{ border-color:#ae1022}\n\t\t\t#extp-7135.ex-tplist .tppost-155827 .tpstyle-19-image:before{ border-top-color:#ae1022}\n\t\t\t#extp-7135.ex-tplist .tppost-155827 { background:#ae1022}\n\t\t\n\t<\/style>\n\t<\/figure>\t\t\t\t\t<div class=\"exclearfix\"><\/div>\n\t\t\t\t\t<\/div>\n\t\t\t\t\t<\/div><div class=\"item-grid\" data-id=\"ex_id-extp-7135-158410\"> \t\t\t\t\t<div class=\"exp-arrow exlightbox exlb-extp-7135\" \n\t\t\t\t\t href=\"https:\/\/basel.upthere.studio\/\/wp-content\/uploads\/2025\/05\/BA-Team-members.png\" data-glightbox=\"descPosition: right;\" data-class=\"exlb-extp-7135\" >\n\t\t\t\t\t\t\t\t\t<div class=\"glightbox-desc\">\n\t\t      <div class=\"exp-lightbox-info\">\n\t<div class=\"lb-image\"><a href=\"https:\/\/basel.upthere.studio\/?ex_team=marie-koehl\"><img loading=\"lazy\" decoding=\"async\" width=\"500\" height=\"500\" src=\"https:\/\/basel.upthere.studio\/\/wp-content\/uploads\/2025\/05\/BA-Team-members.png\" class=\"attachment-full size-full wp-post-image\" alt=\"\" srcset=\"https:\/\/basel.upthere.studio\/\/wp-content\/uploads\/2025\/05\/BA-Team-members.png 500w, https:\/\/basel.upthere.studio\/\/wp-content\/uploads\/2025\/05\/BA-Team-members-300x300.png 300w, https:\/\/basel.upthere.studio\/\/wp-content\/uploads\/2025\/05\/BA-Team-members-150x150.png 150w, https:\/\/basel.upthere.studio\/\/wp-content\/uploads\/2025\/05\/BA-Team-members-140x140.png 140w, https:\/\/basel.upthere.studio\/\/wp-content\/uploads\/2025\/05\/BA-Team-members-100x100.png 100w, https:\/\/basel.upthere.studio\/\/wp-content\/uploads\/2025\/05\/BA-Team-members-350x350.png 350w\" sizes=\"(max-width: 500px) 100vw, 500px\" \/><\/a><\/div>\n    <div class=\"lb-info\">\n        <h3><a href=\"https:\/\/basel.upthere.studio\/?ex_team=marie-koehl\">Marie Koehl<\/a><\/h3>\n        <div class=\"exp-lightbox-meta\">\n            <div class=\"lb-social\"><ul class ='ex-social-account'><li class='teampress-linkedin'><a href='https:\/\/www.linkedin.com\/in\/marie-koehl\/'><i class='fab fa-linkedin-in'><\/i><\/a><\/li><li class='teampress-email'><a href='mailto:marie.koehl@baselarea.swiss'><i class='far fa-envelope'><\/i><\/a><\/li><\/ul><\/div>\n                          <h5><span>Position: <\/span>Trainee Marketing and Communications<\/h5>\n                                                  <h5><span> Email: <\/span><a href=\"mailto:marie.koehl@baselarea.swiss\">marie.koehl@baselarea.swiss<\/a><\/h5>\n                    <\/div>\n        <p><p><span data-teams=\"true\">Marie Koehl<\/span> joined Basel Area &amp; Business Innovation in 2025.<\/p>\n<p><span data-teams=\"true\">Passionate by Sciences of Communication, Marie is currently completing a Masters Degree in Journalism at the University of Sheffield.<br \/>\nShe has gained experience in communication by working as communication assistant for Anne Wurthlin.<\/span><\/p>\n<p><strong>Are you interested in a regular news flash from the Basel Area? Click\u00a0<a href=\"https:\/\/baselarea.swiss\/newsletter-signup\/\">here<\/a> to sign up to our Newsletters.<\/strong><\/p>\n<\/p>\n    <\/div>\n<\/div>\t\t    <\/div>\n    \t\t\t\t\t\t\t<figure class=\"tpstyle-19 tppost-158410\">\n  <div class=\"tpstyle-19-image\">\n    <a href=\"https:\/\/basel.upthere.studio\/?ex_team=marie-koehl\" class=\"\">\n      <img loading=\"lazy\" decoding=\"async\" width=\"500\" height=\"500\" src=\"https:\/\/basel.upthere.studio\/\/wp-content\/uploads\/2025\/05\/BA-Team-members.png\" class=\"attachment-full size-full wp-post-image\" alt=\"\" srcset=\"https:\/\/basel.upthere.studio\/\/wp-content\/uploads\/2025\/05\/BA-Team-members.png 500w, https:\/\/basel.upthere.studio\/\/wp-content\/uploads\/2025\/05\/BA-Team-members-300x300.png 300w, https:\/\/basel.upthere.studio\/\/wp-content\/uploads\/2025\/05\/BA-Team-members-150x150.png 150w, https:\/\/basel.upthere.studio\/\/wp-content\/uploads\/2025\/05\/BA-Team-members-140x140.png 140w, https:\/\/basel.upthere.studio\/\/wp-content\/uploads\/2025\/05\/BA-Team-members-100x100.png 100w, https:\/\/basel.upthere.studio\/\/wp-content\/uploads\/2025\/05\/BA-Team-members-350x350.png 350w\" sizes=\"(max-width: 500px) 100vw, 500px\" \/>          <\/a>\n    \t<p>Click for full profile<\/p>\n\t  <\/div>\n  <figcaption>\n    <h3><a href=\"https:\/\/basel.upthere.studio\/?ex_team=marie-koehl\">Marie Koehl<\/a><\/h3>\n            <h5>Trainee Marketing and Communications<\/h5>\n        <div class=\"tpstyle-19-icons\">\n      <ul class ='ex-social-account'><li class='teampress-linkedin'><a href='https:\/\/www.linkedin.com\/in\/marie-koehl\/'><i class='fab fa-linkedin-in'><\/i><\/a><\/li><li class='teampress-email'><a href='mailto:marie.koehl@baselarea.swiss'><i class='far fa-envelope'><\/i><\/a><\/li><\/ul>    <\/div>\n  <\/figcaption>\n  \t<style type=\"text\/css\">\n\t\t\t\t\t#extp-7135.ex-tplist .tppost-158410 h5{ color:#ae1022}\n\t\t\t#extp-7135.ex-tplist .tppost-158410 .tpstyle-19-image{ border-color:#ae1022}\n\t\t\t#extp-7135.ex-tplist .tppost-158410 .tpstyle-19-image:before{ border-top-color:#ae1022}\n\t\t\t#extp-7135.ex-tplist .tppost-158410 { background:#ae1022}\n\t\t\n\t<\/style>\n\t<\/figure>\t\t\t\t\t<div class=\"exclearfix\"><\/div>\n\t\t\t\t\t<\/div>\n\t\t\t\t\t<\/div><div class=\"item-grid\" data-id=\"ex_id-extp-7135-788\"> \t\t\t\t\t<div class=\"exp-arrow exlightbox exlb-extp-7135\" \n\t\t\t\t\t href=\"https:\/\/basel.upthere.studio\/\/wp-content\/uploads\/2019\/12\/Martin_Jordan_30a_web.jpg.jpg\" data-glightbox=\"descPosition: right;\" data-class=\"exlb-extp-7135\" >\n\t\t\t\t\t\t\t\t\t<div class=\"glightbox-desc\">\n\t\t      <div class=\"exp-lightbox-info\">\n\t<div class=\"lb-image\"><a href=\"https:\/\/basel.upthere.studio\/?ex_team=martin-jordan\"><img loading=\"lazy\" decoding=\"async\" width=\"500\" height=\"500\" src=\"https:\/\/basel.upthere.studio\/\/wp-content\/uploads\/2019\/12\/Martin_Jordan_30a_web.jpg.jpg\" class=\"attachment-full size-full wp-post-image\" alt=\"Contact media relations Martin Jordan\" srcset=\"https:\/\/basel.upthere.studio\/\/wp-content\/uploads\/2019\/12\/Martin_Jordan_30a_web.jpg.jpg 500w, https:\/\/basel.upthere.studio\/\/wp-content\/uploads\/2019\/12\/Martin_Jordan_30a_web.jpg-300x300.jpg 300w, https:\/\/basel.upthere.studio\/\/wp-content\/uploads\/2019\/12\/Martin_Jordan_30a_web.jpg-150x150.jpg 150w, https:\/\/basel.upthere.studio\/\/wp-content\/uploads\/2019\/12\/Martin_Jordan_30a_web.jpg-100x100.jpg 100w, https:\/\/basel.upthere.studio\/\/wp-content\/uploads\/2019\/12\/Martin_Jordan_30a_web.jpg-140x140.jpg 140w, https:\/\/basel.upthere.studio\/\/wp-content\/uploads\/2019\/12\/Martin_Jordan_30a_web.jpg-350x350.jpg 350w\" sizes=\"(max-width: 500px) 100vw, 500px\" \/><\/a><\/div>\n    <div class=\"lb-info\">\n        <h3><a href=\"https:\/\/basel.upthere.studio\/?ex_team=martin-jordan\">Martin Jordan<\/a><\/h3>\n        <div class=\"exp-lightbox-meta\">\n            <div class=\"lb-social\"><ul class ='ex-social-account'><li class='teampress-linkedin'><a href='https:\/\/www.linkedin.com\/in\/martin-jordan-9507243b\/'><i class='fab fa-linkedin-in'><\/i><\/a><\/li><li class='teampress-twitter'><a href='https:\/\/twitter.com\/BaselJordan'><i class='fab fa-twitter'><\/i><\/a><\/li><li class='teampress-email'><a href='mailto:martin.jordan@baselarea.swiss'><i class='far fa-envelope'><\/i><\/a><\/li><\/ul><\/div>\n                          <h5><span>Position: <\/span>Manager Media and Public Relations<\/h5>\n                                                  <h5><span> Email: <\/span><a href=\"mailto:martin.jordan@baselarea.swiss\">martin.jordan@baselarea.swiss<\/a><\/h5>\n                    <\/div>\n        <p><p>Martin Jordan has been working for Basel Area Business &amp; Innovation since 2019.<\/p>\n<p>Prior to that, he worked as a media spokesperson for the University Hospital Basel. Before switching to corporate communications, he was a journalist at Radio SRG, where he was a moderator, reporter and editor at the Regionaljournal Basel.<\/p>\n<p>Martin Jordan worked as a ski instructor. Afterwards, he was a foreign correspondent in the areas of Mexico, Central America and the Caribbean for the Frankfurter Rundschau, the Tagesspiegel, the Stuttgarter Zeitung, the Basler Zeitung and Radio SRF.<\/p>\n<p>Martin Jordan studied sociology, German linguistics and ethnology at the University of Basel. During his studies, which he completed in 1992, he gained initial experience in journalism as a freelancer for various media companies in Basel.<\/p>\n<p><strong>Are you interested in a regular news flash from the Basel Area? Click <a href=\"https:\/\/baselarea.swiss\/newsletter-signup\/\">here<\/a> to sign up to our Newsletters or check out our carefully curated <a href=\"https:\/\/baselarea.swiss\/basel-news\/\">news site<\/a>. I\u2019m happy to help journalists with their story about the Basel Area.<\/strong><\/p>\n<div id=\"highlighter--hover-tools\" style=\"display: none;\">\n<div id=\"highlighter--hover-tools--container\">\n<div class=\"highlighter--icon highlighter--icon-copy\" title=\"Copy\"><\/div>\n<div class=\"highlighter--icon highlighter--icon-change-color\" title=\"Change Color\"><\/div>\n<div class=\"highlighter--icon highlighter--icon-delete\" title=\"Delete\"><\/div>\n<\/div>\n<\/div>\n<div id=\"highlighter--hover-tools\" style=\"display: none;\">\n<div id=\"highlighter--hover-tools--container\">\n<div class=\"highlighter--icon highlighter--icon-copy\" title=\"Copy\"><\/div>\n<div class=\"highlighter--icon highlighter--icon-change-color\" title=\"Change Color\"><\/div>\n<div class=\"highlighter--icon highlighter--icon-delete\" title=\"Delete\"><\/div>\n<\/div>\n<\/div>\n<div id=\"highlighter--hover-tools\" style=\"display: none;\">\n<div id=\"highlighter--hover-tools--container\">\n<div class=\"highlighter--icon highlighter--icon-copy\" title=\"Copy\"><\/div>\n<div class=\"highlighter--icon highlighter--icon-change-color\" title=\"Change Color\"><\/div>\n<div class=\"highlighter--icon highlighter--icon-delete\" title=\"Delete\"><\/div>\n<\/div>\n<\/div>\n    <\/div>\n<\/div>\t\t    <\/div>\n    \t\t\t\t\t\t\t<figure class=\"tpstyle-19 tppost-788\">\n  <div class=\"tpstyle-19-image\">\n    <a href=\"https:\/\/basel.upthere.studio\/?ex_team=martin-jordan\" class=\"\">\n      <img loading=\"lazy\" decoding=\"async\" width=\"500\" height=\"500\" src=\"https:\/\/basel.upthere.studio\/\/wp-content\/uploads\/2019\/12\/Martin_Jordan_30a_web.jpg.jpg\" class=\"attachment-full size-full wp-post-image\" alt=\"Contact media relations Martin Jordan\" srcset=\"https:\/\/basel.upthere.studio\/\/wp-content\/uploads\/2019\/12\/Martin_Jordan_30a_web.jpg.jpg 500w, https:\/\/basel.upthere.studio\/\/wp-content\/uploads\/2019\/12\/Martin_Jordan_30a_web.jpg-300x300.jpg 300w, https:\/\/basel.upthere.studio\/\/wp-content\/uploads\/2019\/12\/Martin_Jordan_30a_web.jpg-150x150.jpg 150w, https:\/\/basel.upthere.studio\/\/wp-content\/uploads\/2019\/12\/Martin_Jordan_30a_web.jpg-100x100.jpg 100w, https:\/\/basel.upthere.studio\/\/wp-content\/uploads\/2019\/12\/Martin_Jordan_30a_web.jpg-140x140.jpg 140w, https:\/\/basel.upthere.studio\/\/wp-content\/uploads\/2019\/12\/Martin_Jordan_30a_web.jpg-350x350.jpg 350w\" sizes=\"(max-width: 500px) 100vw, 500px\" \/>          <\/a>\n    \t<p>Click for full profile<\/p>\n\t  <\/div>\n  <figcaption>\n    <h3><a href=\"https:\/\/basel.upthere.studio\/?ex_team=martin-jordan\">Martin Jordan<\/a><\/h3>\n            <h5>Manager Media and Public Relations<\/h5>\n        <div class=\"tpstyle-19-icons\">\n      <ul class ='ex-social-account'><li class='teampress-linkedin'><a href='https:\/\/www.linkedin.com\/in\/martin-jordan-9507243b\/'><i class='fab fa-linkedin-in'><\/i><\/a><\/li><li class='teampress-twitter'><a href='https:\/\/twitter.com\/BaselJordan'><i class='fab fa-twitter'><\/i><\/a><\/li><li class='teampress-email'><a href='mailto:martin.jordan@baselarea.swiss'><i class='far fa-envelope'><\/i><\/a><\/li><\/ul>    <\/div>\n  <\/figcaption>\n  \t<style type=\"text\/css\">\n\t\t\t\t\t#extp-7135.ex-tplist .tppost-788 h5{ color:#ae1022}\n\t\t\t#extp-7135.ex-tplist .tppost-788 .tpstyle-19-image{ border-color:#ae1022}\n\t\t\t#extp-7135.ex-tplist .tppost-788 .tpstyle-19-image:before{ border-top-color:#ae1022}\n\t\t\t#extp-7135.ex-tplist .tppost-788 { background:#ae1022}\n\t\t\n\t<\/style>\n\t<\/figure>\t\t\t\t\t<div class=\"exclearfix\"><\/div>\n\t\t\t\t\t<\/div>\n\t\t\t\t\t<\/div><div class=\"item-grid\" data-id=\"ex_id-extp-7135-140054\"> \t\t\t\t\t<div class=\"exp-arrow exlightbox exlb-extp-7135\" \n\t\t\t\t\t href=\"https:\/\/basel.upthere.studio\/\/wp-content\/uploads\/2015\/03\/Sina-Kohlbrenner-1-e1684912074615.jpg\" data-glightbox=\"descPosition: right;\" data-class=\"exlb-extp-7135\" >\n\t\t\t\t\t\t\t\t\t<div class=\"glightbox-desc\">\n\t\t      <div class=\"exp-lightbox-info\">\n\t<div class=\"lb-image\"><a href=\"https:\/\/basel.upthere.studio\/?ex_team=sina-kohlbrenner\"><img loading=\"lazy\" decoding=\"async\" width=\"500\" height=\"500\" src=\"https:\/\/basel.upthere.studio\/\/wp-content\/uploads\/2015\/03\/Sina-Kohlbrenner-1-e1684912074615.jpg\" class=\"attachment-full size-full wp-post-image\" alt=\"\" srcset=\"https:\/\/basel.upthere.studio\/\/wp-content\/uploads\/2015\/03\/Sina-Kohlbrenner-1-e1684912074615.jpg 500w, https:\/\/basel.upthere.studio\/\/wp-content\/uploads\/2015\/03\/Sina-Kohlbrenner-1-e1684912074615-300x300.jpg 300w, https:\/\/basel.upthere.studio\/\/wp-content\/uploads\/2015\/03\/Sina-Kohlbrenner-1-e1684912074615-150x150.jpg 150w, https:\/\/basel.upthere.studio\/\/wp-content\/uploads\/2015\/03\/Sina-Kohlbrenner-1-e1684912074615-100x100.jpg 100w, https:\/\/basel.upthere.studio\/\/wp-content\/uploads\/2015\/03\/Sina-Kohlbrenner-1-e1684912074615-140x140.jpg 140w, https:\/\/basel.upthere.studio\/\/wp-content\/uploads\/2015\/03\/Sina-Kohlbrenner-1-e1684912074615-350x350.jpg 350w\" sizes=\"(max-width: 500px) 100vw, 500px\" \/><\/a><\/div>\n    <div class=\"lb-info\">\n        <h3><a href=\"https:\/\/basel.upthere.studio\/?ex_team=sina-kohlbrenner\">Sina Kohlbrenner<\/a><\/h3>\n        <div class=\"exp-lightbox-meta\">\n            <div class=\"lb-social\"><ul class ='ex-social-account'><li class='teampress-linkedin'><a href='https:\/\/www.linkedin.com\/in\/sina-kohlbrenner-75882267\/'><i class='fab fa-linkedin-in'><\/i><\/a><\/li><li class='teampress-email'><a href='mailto:sina.kohlbrenner@baselarea.swiss'><i class='far fa-envelope'><\/i><\/a><\/li><\/ul><\/div>\n                          <h5><span>Position: <\/span>Manager Marketing<\/h5>\n                                                  <h5><span> Email: <\/span><a href=\"mailto:sina.kohlbrenner@baselarea.swiss\">sina.kohlbrenner@baselarea.swiss<\/a><\/h5>\n                    <\/div>\n        <p><p>Sina Kohlbrenner joined Basel Area Business &amp; Innovation in 2021.<\/p>\n<p>Sina Kohlbrenner has been in leading Marketing roles in the international medical device and healthcare sector for over a decade. Her experience ranges from Marketing Strategy, Clinical Education Programs, Product Management, Business Development and Sales Support. Sina Kohlbrenner has helped develop a nationwide US subsidiary for medical device distribution and expanded the direct contact with hospitals and caregivers. Returning to Switzerland, she used her direct customer experience to drive customer-centric product development, marketing initiatives, and educational programs.<\/p>\n<p>She holds the Bachelor of Arts Degree in Business Administration with a focus on Marketing and Controlling, advanced her Marketing knowledge through a post-graduate Marketing Executive Diploma at the University of St. Gallen, and recently obtained a certificate in Digital Transformation in Healthcare from the University of Manchester<\/p>\n<p><strong>Are you interested in a regular news flash from the Basel Area? Click <a href=\"https:\/\/baselarea.swiss\/newsletter-signup\/\">here<\/a> to sign up to our Newsletters or check out our carefully curated <a href=\"https:\/\/baselarea.swiss\/basel-news\/\">news site<\/a>.\u00a0<\/strong><\/p>\n<div id=\"highlighter--hover-tools\" style=\"display: none;\">\n<div id=\"highlighter--hover-tools--container\">\n<div class=\"highlighter--icon highlighter--icon-copy\" title=\"Copy\"><\/div>\n<div class=\"highlighter--icon highlighter--icon-change-color\" title=\"Change Color\"><\/div>\n<div class=\"highlighter--icon highlighter--icon-delete\" title=\"Delete\"><\/div>\n<\/div>\n<\/div>\n<div id=\"highlighter--hover-tools\" style=\"display: none;\">\n<div id=\"highlighter--hover-tools--container\">\n<div class=\"highlighter--icon highlighter--icon-copy\" title=\"Copy\"><\/div>\n<div class=\"highlighter--icon highlighter--icon-change-color\" title=\"Change Color\"><\/div>\n<div class=\"highlighter--icon highlighter--icon-delete\" title=\"Delete\"><\/div>\n<\/div>\n<\/div>\n    <\/div>\n<\/div>\t\t    <\/div>\n    \t\t\t\t\t\t\t<figure class=\"tpstyle-19 tppost-140054\">\n  <div class=\"tpstyle-19-image\">\n    <a href=\"https:\/\/basel.upthere.studio\/?ex_team=sina-kohlbrenner\" class=\"\">\n      <img loading=\"lazy\" decoding=\"async\" width=\"500\" height=\"500\" src=\"https:\/\/basel.upthere.studio\/\/wp-content\/uploads\/2015\/03\/Sina-Kohlbrenner-1-e1684912074615.jpg\" class=\"attachment-full size-full wp-post-image\" alt=\"\" srcset=\"https:\/\/basel.upthere.studio\/\/wp-content\/uploads\/2015\/03\/Sina-Kohlbrenner-1-e1684912074615.jpg 500w, https:\/\/basel.upthere.studio\/\/wp-content\/uploads\/2015\/03\/Sina-Kohlbrenner-1-e1684912074615-300x300.jpg 300w, https:\/\/basel.upthere.studio\/\/wp-content\/uploads\/2015\/03\/Sina-Kohlbrenner-1-e1684912074615-150x150.jpg 150w, https:\/\/basel.upthere.studio\/\/wp-content\/uploads\/2015\/03\/Sina-Kohlbrenner-1-e1684912074615-100x100.jpg 100w, https:\/\/basel.upthere.studio\/\/wp-content\/uploads\/2015\/03\/Sina-Kohlbrenner-1-e1684912074615-140x140.jpg 140w, https:\/\/basel.upthere.studio\/\/wp-content\/uploads\/2015\/03\/Sina-Kohlbrenner-1-e1684912074615-350x350.jpg 350w\" sizes=\"(max-width: 500px) 100vw, 500px\" \/>          <\/a>\n    \t<p>Click for full profile<\/p>\n\t  <\/div>\n  <figcaption>\n    <h3><a href=\"https:\/\/basel.upthere.studio\/?ex_team=sina-kohlbrenner\">Sina Kohlbrenner<\/a><\/h3>\n            <h5>Manager Marketing<\/h5>\n        <div class=\"tpstyle-19-icons\">\n      <ul class ='ex-social-account'><li class='teampress-linkedin'><a href='https:\/\/www.linkedin.com\/in\/sina-kohlbrenner-75882267\/'><i class='fab fa-linkedin-in'><\/i><\/a><\/li><li class='teampress-email'><a href='mailto:sina.kohlbrenner@baselarea.swiss'><i class='far fa-envelope'><\/i><\/a><\/li><\/ul>    <\/div>\n  <\/figcaption>\n  \t<style type=\"text\/css\">\n\t\t\t\t\t#extp-7135.ex-tplist .tppost-140054 h5{ color:#ae1022}\n\t\t\t#extp-7135.ex-tplist .tppost-140054 .tpstyle-19-image{ border-color:#ae1022}\n\t\t\t#extp-7135.ex-tplist .tppost-140054 .tpstyle-19-image:before{ border-top-color:#ae1022}\n\t\t\t#extp-7135.ex-tplist .tppost-140054 { background:#ae1022}\n\t\t\n\t<\/style>\n\t<\/figure>\t\t\t\t\t<div class=\"exclearfix\"><\/div>\n\t\t\t\t\t<\/div>\n\t\t\t\t\t<\/div><div class=\"item-grid\" data-id=\"ex_id-extp-7135-959\"> \t\t\t\t\t<div class=\"exp-arrow exlightbox exlb-extp-7135\" \n\t\t\t\t\t href=\"https:\/\/basel.upthere.studio\/\/wp-content\/uploads\/2019\/12\/Team-profile-dept-red.jpg\" data-glightbox=\"descPosition: right;\" data-class=\"exlb-extp-7135\" >\n\t\t\t\t\t\t\t\t\t<div class=\"glightbox-desc\">\n\t\t      <div class=\"exp-lightbox-info\">\n\t<div class=\"lb-image\"><a href=\"https:\/\/basel.upthere.studio\/?ex_team=shared-services\"><img decoding=\"async\" width=\"500\" height=\"500\" src=\"https:\/\/basel.upthere.studio\/\/wp-content\/uploads\/2019\/12\/Team-profile-dept-red.jpg\" class=\"attachment-full size-full wp-post-image\" alt=\"\" srcset=\"https:\/\/basel.upthere.studio\/\/wp-content\/uploads\/2019\/12\/Team-profile-dept-red.jpg 500w, https:\/\/basel.upthere.studio\/\/wp-content\/uploads\/2019\/12\/Team-profile-dept-red-300x300.jpg 300w, https:\/\/basel.upthere.studio\/\/wp-content\/uploads\/2019\/12\/Team-profile-dept-red-150x150.jpg 150w, https:\/\/basel.upthere.studio\/\/wp-content\/uploads\/2019\/12\/Team-profile-dept-red-100x100.jpg 100w, https:\/\/basel.upthere.studio\/\/wp-content\/uploads\/2019\/12\/Team-profile-dept-red-140x140.jpg 140w, https:\/\/basel.upthere.studio\/\/wp-content\/uploads\/2019\/12\/Team-profile-dept-red-350x350.jpg 350w\" sizes=\"(max-width: 500px) 100vw, 500px\" \/><\/a><\/div>\n    <div class=\"lb-info\">\n        <h3><a href=\"https:\/\/basel.upthere.studio\/?ex_team=shared-services\">Shared Services<\/a><\/h3>\n        <div class=\"exp-lightbox-meta\">\n            <div class=\"lb-social\"><ul class ='ex-social-account'><\/ul><\/div>\n                                            <\/div>\n        <p><\/p>\n    <\/div>\n<\/div>\t\t    <\/div>\n    \t\t\t\t\t\t\t<figure class=\"tpstyle-19 tppost-959\">\n  <div class=\"tpstyle-19-image\">\n    <a href=\"https:\/\/basel.upthere.studio\/?ex_team=shared-services\" class=\"\">\n      <img decoding=\"async\" width=\"500\" height=\"500\" src=\"https:\/\/basel.upthere.studio\/\/wp-content\/uploads\/2019\/12\/Team-profile-dept-red.jpg\" class=\"attachment-full size-full wp-post-image\" alt=\"\" srcset=\"https:\/\/basel.upthere.studio\/\/wp-content\/uploads\/2019\/12\/Team-profile-dept-red.jpg 500w, https:\/\/basel.upthere.studio\/\/wp-content\/uploads\/2019\/12\/Team-profile-dept-red-300x300.jpg 300w, https:\/\/basel.upthere.studio\/\/wp-content\/uploads\/2019\/12\/Team-profile-dept-red-150x150.jpg 150w, https:\/\/basel.upthere.studio\/\/wp-content\/uploads\/2019\/12\/Team-profile-dept-red-100x100.jpg 100w, https:\/\/basel.upthere.studio\/\/wp-content\/uploads\/2019\/12\/Team-profile-dept-red-140x140.jpg 140w, https:\/\/basel.upthere.studio\/\/wp-content\/uploads\/2019\/12\/Team-profile-dept-red-350x350.jpg 350w\" sizes=\"(max-width: 500px) 100vw, 500px\" \/>          <\/a>\n    \t<p><\/p>\n\t  <\/div>\n  <figcaption>\n    <h3><a href=\"https:\/\/basel.upthere.studio\/?ex_team=shared-services\">Shared Services<\/a><\/h3>\n        <div class=\"tpstyle-19-icons\">\n      <ul class ='ex-social-account'><\/ul>    <\/div>\n  <\/figcaption>\n  \t<style type=\"text\/css\">\n\t\t\t\t\t#extp-7135.ex-tplist .tppost-959 h5{ color:#ae1022}\n\t\t\t#extp-7135.ex-tplist .tppost-959 .tpstyle-19-image{ border-color:#ae1022}\n\t\t\t#extp-7135.ex-tplist .tppost-959 .tpstyle-19-image:before{ border-top-color:#ae1022}\n\t\t\t#extp-7135.ex-tplist .tppost-959 { background:#ae1022}\n\t\t\n\t<\/style>\n\t<\/figure>\t\t\t\t\t<div class=\"exclearfix\"><\/div>\n\t\t\t\t\t<\/div>\n\t\t\t\t\t<\/div><div class=\"item-grid\" data-id=\"ex_id-extp-7135-807\"> \t\t\t\t\t<div class=\"exp-arrow exlightbox exlb-extp-7135\" \n\t\t\t\t\t href=\"https:\/\/basel.upthere.studio\/\/wp-content\/uploads\/2019\/12\/Saskia_Cecchi_022_web.jpg.jpg\" data-glightbox=\"descPosition: right;\" data-class=\"exlb-extp-7135\" >\n\t\t\t\t\t\t\t\t\t<div class=\"glightbox-desc\">\n\t\t      <div class=\"exp-lightbox-info\">\n\t<div class=\"lb-image\"><a href=\"https:\/\/basel.upthere.studio\/?ex_team=saskia-cecchi\"><img loading=\"lazy\" decoding=\"async\" width=\"500\" height=\"500\" src=\"https:\/\/basel.upthere.studio\/\/wp-content\/uploads\/2019\/12\/Saskia_Cecchi_022_web.jpg.jpg\" class=\"attachment-full size-full wp-post-image\" alt=\"\" srcset=\"https:\/\/basel.upthere.studio\/\/wp-content\/uploads\/2019\/12\/Saskia_Cecchi_022_web.jpg.jpg 500w, https:\/\/basel.upthere.studio\/\/wp-content\/uploads\/2019\/12\/Saskia_Cecchi_022_web.jpg-300x300.jpg 300w, https:\/\/basel.upthere.studio\/\/wp-content\/uploads\/2019\/12\/Saskia_Cecchi_022_web.jpg-150x150.jpg 150w, https:\/\/basel.upthere.studio\/\/wp-content\/uploads\/2019\/12\/Saskia_Cecchi_022_web.jpg-100x100.jpg 100w, https:\/\/basel.upthere.studio\/\/wp-content\/uploads\/2019\/12\/Saskia_Cecchi_022_web.jpg-140x140.jpg 140w, https:\/\/basel.upthere.studio\/\/wp-content\/uploads\/2019\/12\/Saskia_Cecchi_022_web.jpg-350x350.jpg 350w\" sizes=\"(max-width: 500px) 100vw, 500px\" \/><\/a><\/div>\n    <div class=\"lb-info\">\n        <h3><a href=\"https:\/\/basel.upthere.studio\/?ex_team=saskia-cecchi\">Saskia Cecchi<\/a><\/h3>\n        <div class=\"exp-lightbox-meta\">\n            <div class=\"lb-social\"><ul class ='ex-social-account'><li class='teampress-linkedin'><a href='https:\/\/www.linkedin.com\/in\/saskia-cecchi-b58458a2\/'><i class='fab fa-linkedin-in'><\/i><\/a><\/li><li class='teampress-email'><a href='mailto:saskia.cecchi@baselarea.swiss'><i class='far fa-envelope'><\/i><\/a><\/li><\/ul><\/div>\n                          <h5><span>Position: <\/span>Head of Shared Services, Member of the Management Board<\/h5>\n                                                  <h5><span> Email: <\/span><a href=\"mailto:saskia.cecchi@baselarea.swiss\">saskia.cecchi@baselarea.swiss<\/a><\/h5>\n                    <\/div>\n        <p><p>Saskia Cecchi has been with Basel Area Business &amp; Innovation since 2016.<\/p>\n<p>She was previously Office Manager at the predecessor organization BaselArea. Before this, she was General Manager for the Meininger Hotel, London Hyde Park. She also worked for the Hyatt Hotel Berlin and the Hilton Hotel Basel.<\/p>\n<p>Saskia Cecchi completed her apprenticeship in the hotel business before studying business administration for the hotel and catering business at the Hotel Management School Berlin. She then went on to obtain her MAS in Human Resources Management at the University of Applied Sciences and Arts, Northwest Switzerland.<\/p>\n<p><strong>Lifelong learning is key, not just for our company but for everyone. To enable you to accelerate, we invite you to participate in our events on exciting topics. Click <a href=\"https:\/\/baselarea.swiss\/basel-events\/\">here<\/a> for the overview and <a href=\"https:\/\/baselarea.swiss\/events-signup\/\">here<\/a> to sign up for the event mailing.<\/strong><\/p>\n<div id=\"highlighter--hover-tools\" style=\"display: none;\">\n<div id=\"highlighter--hover-tools--container\">\n<div class=\"highlighter--icon highlighter--icon-copy\" title=\"Copy\"><\/div>\n<div class=\"highlighter--icon highlighter--icon-change-color\" title=\"Change Color\"><\/div>\n<div class=\"highlighter--icon highlighter--icon-delete\" title=\"Delete\"><\/div>\n<\/div>\n<\/div>\n<div id=\"highlighter--hover-tools\" style=\"display: none;\">\n<div id=\"highlighter--hover-tools--container\">\n<div class=\"highlighter--icon highlighter--icon-copy\" title=\"Copy\"><\/div>\n<div class=\"highlighter--icon highlighter--icon-change-color\" title=\"Change Color\"><\/div>\n<div class=\"highlighter--icon highlighter--icon-delete\" title=\"Delete\"><\/div>\n<\/div>\n<\/div>\n    <\/div>\n<\/div>\t\t    <\/div>\n    \t\t\t\t\t\t\t<figure class=\"tpstyle-19 tppost-807\">\n  <div class=\"tpstyle-19-image\">\n    <a href=\"https:\/\/basel.upthere.studio\/?ex_team=saskia-cecchi\" class=\"\">\n      <img loading=\"lazy\" decoding=\"async\" width=\"500\" height=\"500\" src=\"https:\/\/basel.upthere.studio\/\/wp-content\/uploads\/2019\/12\/Saskia_Cecchi_022_web.jpg.jpg\" class=\"attachment-full size-full wp-post-image\" alt=\"\" srcset=\"https:\/\/basel.upthere.studio\/\/wp-content\/uploads\/2019\/12\/Saskia_Cecchi_022_web.jpg.jpg 500w, https:\/\/basel.upthere.studio\/\/wp-content\/uploads\/2019\/12\/Saskia_Cecchi_022_web.jpg-300x300.jpg 300w, https:\/\/basel.upthere.studio\/\/wp-content\/uploads\/2019\/12\/Saskia_Cecchi_022_web.jpg-150x150.jpg 150w, https:\/\/basel.upthere.studio\/\/wp-content\/uploads\/2019\/12\/Saskia_Cecchi_022_web.jpg-100x100.jpg 100w, https:\/\/basel.upthere.studio\/\/wp-content\/uploads\/2019\/12\/Saskia_Cecchi_022_web.jpg-140x140.jpg 140w, https:\/\/basel.upthere.studio\/\/wp-content\/uploads\/2019\/12\/Saskia_Cecchi_022_web.jpg-350x350.jpg 350w\" sizes=\"(max-width: 500px) 100vw, 500px\" \/>          <\/a>\n    \t<p>Click for full profile<\/p>\n\t  <\/div>\n  <figcaption>\n    <h3><a href=\"https:\/\/basel.upthere.studio\/?ex_team=saskia-cecchi\">Saskia Cecchi<\/a><\/h3>\n            <h5>Head of Shared Services, Member of the Management Board<\/h5>\n        <div class=\"tpstyle-19-icons\">\n      <ul class ='ex-social-account'><li class='teampress-linkedin'><a href='https:\/\/www.linkedin.com\/in\/saskia-cecchi-b58458a2\/'><i class='fab fa-linkedin-in'><\/i><\/a><\/li><li class='teampress-email'><a href='mailto:saskia.cecchi@baselarea.swiss'><i class='far fa-envelope'><\/i><\/a><\/li><\/ul>    <\/div>\n  <\/figcaption>\n  \t<style type=\"text\/css\">\n\t\t\t\t\t#extp-7135.ex-tplist .tppost-807 h5{ color:#ae1022}\n\t\t\t#extp-7135.ex-tplist .tppost-807 .tpstyle-19-image{ border-color:#ae1022}\n\t\t\t#extp-7135.ex-tplist .tppost-807 .tpstyle-19-image:before{ border-top-color:#ae1022}\n\t\t\t#extp-7135.ex-tplist .tppost-807 { background:#ae1022}\n\t\t\n\t<\/style>\n\t<\/figure>\t\t\t\t\t<div class=\"exclearfix\"><\/div>\n\t\t\t\t\t<\/div>\n\t\t\t\t\t<\/div><div class=\"item-grid\" data-id=\"ex_id-extp-7135-837\"> \t\t\t\t\t<div class=\"exp-arrow exlightbox exlb-extp-7135\" \n\t\t\t\t\t href=\"https:\/\/basel.upthere.studio\/\/wp-content\/uploads\/2019\/12\/Cornelia_Reist_044_web.jpg.jpg\" data-glightbox=\"descPosition: right;\" data-class=\"exlb-extp-7135\" >\n\t\t\t\t\t\t\t\t\t<div class=\"glightbox-desc\">\n\t\t      <div class=\"exp-lightbox-info\">\n\t<div class=\"lb-image\"><a href=\"https:\/\/basel.upthere.studio\/?ex_team=cornelia-reist\"><img loading=\"lazy\" decoding=\"async\" width=\"500\" height=\"500\" src=\"https:\/\/basel.upthere.studio\/\/wp-content\/uploads\/2019\/12\/Cornelia_Reist_044_web.jpg.jpg\" class=\"attachment-full size-full wp-post-image\" alt=\"Cornelia Reist\" srcset=\"https:\/\/basel.upthere.studio\/\/wp-content\/uploads\/2019\/12\/Cornelia_Reist_044_web.jpg.jpg 500w, https:\/\/basel.upthere.studio\/\/wp-content\/uploads\/2019\/12\/Cornelia_Reist_044_web.jpg-300x300.jpg 300w, https:\/\/basel.upthere.studio\/\/wp-content\/uploads\/2019\/12\/Cornelia_Reist_044_web.jpg-150x150.jpg 150w, https:\/\/basel.upthere.studio\/\/wp-content\/uploads\/2019\/12\/Cornelia_Reist_044_web.jpg-100x100.jpg 100w, https:\/\/basel.upthere.studio\/\/wp-content\/uploads\/2019\/12\/Cornelia_Reist_044_web.jpg-140x140.jpg 140w, https:\/\/basel.upthere.studio\/\/wp-content\/uploads\/2019\/12\/Cornelia_Reist_044_web.jpg-350x350.jpg 350w\" sizes=\"(max-width: 500px) 100vw, 500px\" \/><\/a><\/div>\n    <div class=\"lb-info\">\n        <h3><a href=\"https:\/\/basel.upthere.studio\/?ex_team=cornelia-reist\">Cornelia Reist<\/a><\/h3>\n        <div class=\"exp-lightbox-meta\">\n            <div class=\"lb-social\"><ul class ='ex-social-account'><li class='teampress-linkedin'><a href='https:\/\/www.linkedin.com\/in\/cornelia-reist-352a7113\/'><i class='fab fa-linkedin-in'><\/i><\/a><\/li><li class='teampress-email'><a href='mailto:cornelia.reist@baselarea.swiss'><i class='far fa-envelope'><\/i><\/a><\/li><\/ul><\/div>\n                          <h5><span>Position: <\/span>Executive Assistant and Manager IT Operations<\/h5>\n                                                  <h5><span> Email: <\/span><a href=\"mailto:cornelia.reist@baselarea.swiss\">cornelia.reist@baselarea.swiss<\/a><\/h5>\n                    <\/div>\n        <p><p>Cornelia Reist has been with Basel Area Business &amp; Innovation since 2016.<\/p>\n<p>She was previously employed at i-net innovation networks switzerland both for administration and as Assistant to the Management Board.<\/p>\n<p>Cornelia Reist previously worked for The Little Gym Europe and for FIPRA in Brussels. She was employed as a programmer and analyst and as a database administrator at Swisscom.<\/p>\n<p>After vocational college, Cornelia Reist completed a training course as an international telephone operator and obtained further qualifications as a programmer and database administrator (DB2).<\/p>\n<p><strong>Lifelong learning is key, not just for our company but for everyone. To enable you to accelerate, we invite you to participate in our events on exciting topics. Click <a href=\"https:\/\/baselarea.swiss\/basel-events\/\">here<\/a> for the overview and <a href=\"https:\/\/baselarea.swiss\/events-signup\/\">here<\/a> to sign up for the event mailing.<\/strong><\/p>\n<div id=\"highlighter--hover-tools\" style=\"display: none;\">\n<div id=\"highlighter--hover-tools--container\">\n<div class=\"highlighter--icon highlighter--icon-copy\" title=\"Copy\"><\/div>\n<div class=\"highlighter--icon highlighter--icon-change-color\" title=\"Change Color\"><\/div>\n<div class=\"highlighter--icon highlighter--icon-delete\" title=\"Delete\"><\/div>\n<\/div>\n<\/div>\n<div id=\"highlighter--hover-tools\" style=\"display: none;\">\n<div id=\"highlighter--hover-tools--container\">\n<div class=\"highlighter--icon highlighter--icon-copy\" title=\"Copy\"><\/div>\n<div class=\"highlighter--icon highlighter--icon-change-color\" title=\"Change Color\"><\/div>\n<div class=\"highlighter--icon highlighter--icon-delete\" title=\"Delete\"><\/div>\n<\/div>\n<\/div>\n    <\/div>\n<\/div>\t\t    <\/div>\n    \t\t\t\t\t\t\t<figure class=\"tpstyle-19 tppost-837\">\n  <div class=\"tpstyle-19-image\">\n    <a href=\"https:\/\/basel.upthere.studio\/?ex_team=cornelia-reist\" class=\"\">\n      <img loading=\"lazy\" decoding=\"async\" width=\"500\" height=\"500\" src=\"https:\/\/basel.upthere.studio\/\/wp-content\/uploads\/2019\/12\/Cornelia_Reist_044_web.jpg.jpg\" class=\"attachment-full size-full wp-post-image\" alt=\"Cornelia Reist\" srcset=\"https:\/\/basel.upthere.studio\/\/wp-content\/uploads\/2019\/12\/Cornelia_Reist_044_web.jpg.jpg 500w, https:\/\/basel.upthere.studio\/\/wp-content\/uploads\/2019\/12\/Cornelia_Reist_044_web.jpg-300x300.jpg 300w, https:\/\/basel.upthere.studio\/\/wp-content\/uploads\/2019\/12\/Cornelia_Reist_044_web.jpg-150x150.jpg 150w, https:\/\/basel.upthere.studio\/\/wp-content\/uploads\/2019\/12\/Cornelia_Reist_044_web.jpg-100x100.jpg 100w, https:\/\/basel.upthere.studio\/\/wp-content\/uploads\/2019\/12\/Cornelia_Reist_044_web.jpg-140x140.jpg 140w, https:\/\/basel.upthere.studio\/\/wp-content\/uploads\/2019\/12\/Cornelia_Reist_044_web.jpg-350x350.jpg 350w\" sizes=\"(max-width: 500px) 100vw, 500px\" \/>          <\/a>\n    \t<p>Click for full profile<\/p>\n\t  <\/div>\n  <figcaption>\n    <h3><a href=\"https:\/\/basel.upthere.studio\/?ex_team=cornelia-reist\">Cornelia Reist<\/a><\/h3>\n            <h5>Executive Assistant and Manager IT Operations<\/h5>\n        <div class=\"tpstyle-19-icons\">\n      <ul class ='ex-social-account'><li class='teampress-linkedin'><a href='https:\/\/www.linkedin.com\/in\/cornelia-reist-352a7113\/'><i class='fab fa-linkedin-in'><\/i><\/a><\/li><li class='teampress-email'><a href='mailto:cornelia.reist@baselarea.swiss'><i class='far fa-envelope'><\/i><\/a><\/li><\/ul>    <\/div>\n  <\/figcaption>\n  \t<style type=\"text\/css\">\n\t\t\t\t\t#extp-7135.ex-tplist .tppost-837 h5{ color:#ae1022}\n\t\t\t#extp-7135.ex-tplist .tppost-837 .tpstyle-19-image{ border-color:#ae1022}\n\t\t\t#extp-7135.ex-tplist .tppost-837 .tpstyle-19-image:before{ border-top-color:#ae1022}\n\t\t\t#extp-7135.ex-tplist .tppost-837 { background:#ae1022}\n\t\t\n\t<\/style>\n\t<\/figure>\t\t\t\t\t<div class=\"exclearfix\"><\/div>\n\t\t\t\t\t<\/div>\n\t\t\t\t\t<\/div><div class=\"item-grid\" data-id=\"ex_id-extp-7135-136970\"> \t\t\t\t\t<div class=\"exp-arrow exlightbox exlb-extp-7135\" \n\t\t\t\t\t href=\"https:\/\/basel.upthere.studio\/\/wp-content\/uploads\/2017\/03\/dana-e1684914180670.jpg\" data-glightbox=\"descPosition: right;\" data-class=\"exlb-extp-7135\" >\n\t\t\t\t\t\t\t\t\t<div class=\"glightbox-desc\">\n\t\t      <div class=\"exp-lightbox-info\">\n\t<div class=\"lb-image\"><a href=\"https:\/\/basel.upthere.studio\/?ex_team=dana-bautista\"><img loading=\"lazy\" decoding=\"async\" width=\"500\" height=\"500\" src=\"https:\/\/basel.upthere.studio\/\/wp-content\/uploads\/2017\/03\/dana-e1684914180670.jpg\" class=\"attachment-full size-full wp-post-image\" alt=\"dana\" srcset=\"https:\/\/basel.upthere.studio\/\/wp-content\/uploads\/2017\/03\/dana-e1684914180670.jpg 500w, https:\/\/basel.upthere.studio\/\/wp-content\/uploads\/2017\/03\/dana-e1684914180670-300x300.jpg 300w, https:\/\/basel.upthere.studio\/\/wp-content\/uploads\/2017\/03\/dana-e1684914180670-150x150.jpg 150w, https:\/\/basel.upthere.studio\/\/wp-content\/uploads\/2017\/03\/dana-e1684914180670-100x100.jpg 100w, https:\/\/basel.upthere.studio\/\/wp-content\/uploads\/2017\/03\/dana-e1684914180670-140x140.jpg 140w, https:\/\/basel.upthere.studio\/\/wp-content\/uploads\/2017\/03\/dana-e1684914180670-350x350.jpg 350w\" sizes=\"(max-width: 500px) 100vw, 500px\" \/><\/a><\/div>\n    <div class=\"lb-info\">\n        <h3><a href=\"https:\/\/basel.upthere.studio\/?ex_team=dana-bautista\">Dana Bautista<\/a><\/h3>\n        <div class=\"exp-lightbox-meta\">\n            <div class=\"lb-social\"><ul class ='ex-social-account'><li class='teampress-linkedin'><a href='https:\/\/www.linkedin.com\/company\/baselarea.swiss\/'><i class='fab fa-linkedin-in'><\/i><\/a><\/li><li class='teampress-email'><a href='mailto:dana.bautista@baselarea.swiss'><i class='far fa-envelope'><\/i><\/a><\/li><\/ul><\/div>\n                          <h5><span>Position: <\/span>Associate Manager Administration and Accounting<\/h5>\n                                                  <h5><span> Email: <\/span><a href=\"mailto:dana.bautista@baselarea.swiss\">dana.bautista@baselarea.swiss<\/a><\/h5>\n                    <\/div>\n        <p><p>Dana Bautista has been with Basel Area Business &amp; Innovation since 2021.<\/p>\n<p>She successfully completed her traineeship at Basel Area Business &amp; Innovation, receiving her vocational school leaving certificate and Federal Proficiency Certificate. Before this, she attended a commercial college (WMS) in Basel-Stadt.<\/p>\n<p><strong>Lifelong learning is key, not just for our company but for everyone. To enable you to accelerate, we invite you to participate in our events on exciting topics. Click <a href=\"https:\/\/baselarea.swiss\/basel-events\/\">here<\/a> for the overview and <a href=\"https:\/\/baselarea.swiss\/events-signup\/\">here<\/a> to sign up for the event mailing.<\/strong><\/p>\n<div id=\"highlighter--hover-tools\" style=\"display: none;\">\n<div id=\"highlighter--hover-tools--container\">\n<div class=\"highlighter--icon highlighter--icon-copy\" title=\"Copy\"><\/div>\n<div class=\"highlighter--icon highlighter--icon-change-color\" title=\"Change Color\"><\/div>\n<div class=\"highlighter--icon highlighter--icon-delete\" title=\"Delete\"><\/div>\n<\/div>\n<\/div>\n<div id=\"highlighter--hover-tools\" style=\"display: none;\">\n<div id=\"highlighter--hover-tools--container\">\n<div class=\"highlighter--icon highlighter--icon-copy\" title=\"Copy\"><\/div>\n<div class=\"highlighter--icon highlighter--icon-change-color\" title=\"Change Color\"><\/div>\n<div class=\"highlighter--icon highlighter--icon-delete\" title=\"Delete\"><\/div>\n<\/div>\n<\/div>\n    <\/div>\n<\/div>\t\t    <\/div>\n    \t\t\t\t\t\t\t<figure class=\"tpstyle-19 tppost-136970\">\n  <div class=\"tpstyle-19-image\">\n    <a href=\"https:\/\/basel.upthere.studio\/?ex_team=dana-bautista\" class=\"\">\n      <img loading=\"lazy\" decoding=\"async\" width=\"500\" height=\"500\" src=\"https:\/\/basel.upthere.studio\/\/wp-content\/uploads\/2017\/03\/dana-e1684914180670.jpg\" class=\"attachment-full size-full wp-post-image\" alt=\"dana\" srcset=\"https:\/\/basel.upthere.studio\/\/wp-content\/uploads\/2017\/03\/dana-e1684914180670.jpg 500w, https:\/\/basel.upthere.studio\/\/wp-content\/uploads\/2017\/03\/dana-e1684914180670-300x300.jpg 300w, https:\/\/basel.upthere.studio\/\/wp-content\/uploads\/2017\/03\/dana-e1684914180670-150x150.jpg 150w, https:\/\/basel.upthere.studio\/\/wp-content\/uploads\/2017\/03\/dana-e1684914180670-100x100.jpg 100w, https:\/\/basel.upthere.studio\/\/wp-content\/uploads\/2017\/03\/dana-e1684914180670-140x140.jpg 140w, https:\/\/basel.upthere.studio\/\/wp-content\/uploads\/2017\/03\/dana-e1684914180670-350x350.jpg 350w\" sizes=\"(max-width: 500px) 100vw, 500px\" \/>          <\/a>\n    \t<p>Click for full profile<\/p>\n\t  <\/div>\n  <figcaption>\n    <h3><a href=\"https:\/\/basel.upthere.studio\/?ex_team=dana-bautista\">Dana Bautista<\/a><\/h3>\n            <h5>Associate Manager Administration and Accounting<\/h5>\n        <div class=\"tpstyle-19-icons\">\n      <ul class ='ex-social-account'><li class='teampress-linkedin'><a href='https:\/\/www.linkedin.com\/company\/baselarea.swiss\/'><i class='fab fa-linkedin-in'><\/i><\/a><\/li><li class='teampress-email'><a href='mailto:dana.bautista@baselarea.swiss'><i class='far fa-envelope'><\/i><\/a><\/li><\/ul>    <\/div>\n  <\/figcaption>\n  \t<style type=\"text\/css\">\n\t\t\t\t\t#extp-7135.ex-tplist .tppost-136970 h5{ color:#ae1022}\n\t\t\t#extp-7135.ex-tplist .tppost-136970 .tpstyle-19-image{ border-color:#ae1022}\n\t\t\t#extp-7135.ex-tplist .tppost-136970 .tpstyle-19-image:before{ border-top-color:#ae1022}\n\t\t\t#extp-7135.ex-tplist .tppost-136970 { background:#ae1022}\n\t\t\n\t<\/style>\n\t<\/figure>\t\t\t\t\t<div class=\"exclearfix\"><\/div>\n\t\t\t\t\t<\/div>\n\t\t\t\t\t<\/div><div class=\"item-grid\" data-id=\"ex_id-extp-7135-852\"> \t\t\t\t\t<div class=\"exp-arrow exlightbox exlb-extp-7135\" \n\t\t\t\t\t href=\"https:\/\/basel.upthere.studio\/\/wp-content\/uploads\/2019\/12\/Jessica_Wiedmer_19a_web.jpg.jpg\" data-glightbox=\"descPosition: right;\" data-class=\"exlb-extp-7135\" >\n\t\t\t\t\t\t\t\t\t<div class=\"glightbox-desc\">\n\t\t      <div class=\"exp-lightbox-info\">\n\t<div class=\"lb-image\"><a href=\"https:\/\/basel.upthere.studio\/?ex_team=jessica-trondlin\"><img loading=\"lazy\" decoding=\"async\" width=\"500\" height=\"500\" src=\"https:\/\/basel.upthere.studio\/\/wp-content\/uploads\/2019\/12\/Jessica_Wiedmer_19a_web.jpg.jpg\" class=\"attachment-full size-full wp-post-image\" alt=\"\" srcset=\"https:\/\/basel.upthere.studio\/\/wp-content\/uploads\/2019\/12\/Jessica_Wiedmer_19a_web.jpg.jpg 500w, https:\/\/basel.upthere.studio\/\/wp-content\/uploads\/2019\/12\/Jessica_Wiedmer_19a_web.jpg-300x300.jpg 300w, https:\/\/basel.upthere.studio\/\/wp-content\/uploads\/2019\/12\/Jessica_Wiedmer_19a_web.jpg-150x150.jpg 150w, https:\/\/basel.upthere.studio\/\/wp-content\/uploads\/2019\/12\/Jessica_Wiedmer_19a_web.jpg-100x100.jpg 100w, https:\/\/basel.upthere.studio\/\/wp-content\/uploads\/2019\/12\/Jessica_Wiedmer_19a_web.jpg-140x140.jpg 140w, https:\/\/basel.upthere.studio\/\/wp-content\/uploads\/2019\/12\/Jessica_Wiedmer_19a_web.jpg-350x350.jpg 350w\" sizes=\"(max-width: 500px) 100vw, 500px\" \/><\/a><\/div>\n    <div class=\"lb-info\">\n        <h3><a href=\"https:\/\/basel.upthere.studio\/?ex_team=jessica-trondlin\">Jessica Tr\u00f6ndlin<\/a><\/h3>\n        <div class=\"exp-lightbox-meta\">\n            <div class=\"lb-social\"><ul class ='ex-social-account'><li class='teampress-linkedin'><a href='https:\/\/www.linkedin.com\/in\/jessica-trndlin-74612a44'><i class='fab fa-linkedin-in'><\/i><\/a><\/li><li class='teampress-email'><a href='mailto:jessica.troendlin@baselarea.swiss'><i class='far fa-envelope'><\/i><\/a><\/li><\/ul><\/div>\n                          <h5><span>Position: <\/span>Manager People and Culture<\/h5>\n                                                  <h5><span> Email: <\/span><a href=\"mailto:jessica.troendlin@baselarea.swiss\">jessica.troendlin@baselarea.swiss<\/a><\/h5>\n                    <\/div>\n        <p><p>Jessica Tr\u00f6ndlin has been working for Basel Area Business &amp; Innovation since 2019.<\/p>\n<p>In Switzerland Innovation Park Basel Area she worked in administration and marketing since 2017. Thanks to her previous positions at Europa-Park, Grand Hotel Les Trois Rois and Amac Aerospace Switzerland, she gained a broad range of expertise in different industries, particularly in the fields of marketing, sales, finance and event management.<\/p>\n<p>Jessica Tr\u00f6ndlin studied Tourism Management in Freiburg (D) and Barcelona (ES) and graduated with an extra-occupational Master of Science (Sc) in International Management from the FHNW in Basel and Olten in 2017.<\/p>\n<p><strong>Lifelong learning is key, not just for our company but for everyone. To enable you to accelerate, we invite you to participate in our events on exciting topics. Click <a href=\"https:\/\/baselarea.swiss\/basel-events\/\">here<\/a> for the overview and <a href=\"https:\/\/baselarea.swiss\/events-signup\/\">here<\/a> to sign up for the event mailing.<\/strong><\/p>\n<div id=\"highlighter--hover-tools\" style=\"display: none;\">\n<div id=\"highlighter--hover-tools--container\">\n<div class=\"highlighter--icon highlighter--icon-copy\" title=\"Copy\"><\/div>\n<div class=\"highlighter--icon highlighter--icon-change-color\" title=\"Change Color\"><\/div>\n<div class=\"highlighter--icon highlighter--icon-delete\" title=\"Delete\"><\/div>\n<\/div>\n<\/div>\n<div id=\"highlighter--hover-tools\" style=\"display: none;\">\n<div id=\"highlighter--hover-tools--container\">\n<div class=\"highlighter--icon highlighter--icon-copy\" title=\"Copy\"><\/div>\n<div class=\"highlighter--icon highlighter--icon-change-color\" title=\"Change Color\"><\/div>\n<div class=\"highlighter--icon highlighter--icon-delete\" title=\"Delete\"><\/div>\n<\/div>\n<\/div>\n<div id=\"highlighter--hover-tools\" style=\"display: none;\">\n<div id=\"highlighter--hover-tools--container\">\n<div class=\"highlighter--icon highlighter--icon-copy\" title=\"Copy\"><\/div>\n<div class=\"highlighter--icon highlighter--icon-change-color\" title=\"Change Color\"><\/div>\n<div class=\"highlighter--icon highlighter--icon-delete\" title=\"Delete\"><\/div>\n<\/div>\n<\/div>\n<div id=\"highlighter--hover-tools\" style=\"display: none;\">\n<div id=\"highlighter--hover-tools--container\">\n<div class=\"highlighter--icon highlighter--icon-copy\" title=\"Copy\"><\/div>\n<div class=\"highlighter--icon highlighter--icon-change-color\" title=\"Change Color\"><\/div>\n<div class=\"highlighter--icon highlighter--icon-delete\" title=\"Delete\"><\/div>\n<\/div>\n<\/div>\n<div id=\"highlighter--hover-tools\" style=\"display: none;\">\n<div id=\"highlighter--hover-tools--container\">\n<div class=\"highlighter--icon highlighter--icon-copy\" title=\"Copy\"><\/div>\n<div class=\"highlighter--icon highlighter--icon-change-color\" title=\"Change Color\"><\/div>\n<div class=\"highlighter--icon highlighter--icon-delete\" title=\"Delete\"><\/div>\n<\/div>\n<\/div>\n<div id=\"highlighter--hover-tools\" style=\"display: none;\">\n<div id=\"highlighter--hover-tools--container\">\n<div class=\"highlighter--icon highlighter--icon-copy\" title=\"Copy\"><\/div>\n<div class=\"highlighter--icon highlighter--icon-change-color\" title=\"Change Color\"><\/div>\n<div class=\"highlighter--icon highlighter--icon-delete\" title=\"Delete\"><\/div>\n<\/div>\n<\/div>\n<div id=\"highlighter--hover-tools\" style=\"display: none;\">\n<div id=\"highlighter--hover-tools--container\">\n<div class=\"highlighter--icon highlighter--icon-copy\" title=\"Copy\"><\/div>\n<div class=\"highlighter--icon highlighter--icon-change-color\" title=\"Change Color\"><\/div>\n<div class=\"highlighter--icon highlighter--icon-delete\" title=\"Delete\"><\/div>\n<\/div>\n<\/div>\n    <\/div>\n<\/div>\t\t    <\/div>\n    \t\t\t\t\t\t\t<figure class=\"tpstyle-19 tppost-852\">\n  <div class=\"tpstyle-19-image\">\n    <a href=\"https:\/\/basel.upthere.studio\/?ex_team=jessica-trondlin\" class=\"\">\n      <img loading=\"lazy\" decoding=\"async\" width=\"500\" height=\"500\" src=\"https:\/\/basel.upthere.studio\/\/wp-content\/uploads\/2019\/12\/Jessica_Wiedmer_19a_web.jpg.jpg\" class=\"attachment-full size-full wp-post-image\" alt=\"\" srcset=\"https:\/\/basel.upthere.studio\/\/wp-content\/uploads\/2019\/12\/Jessica_Wiedmer_19a_web.jpg.jpg 500w, https:\/\/basel.upthere.studio\/\/wp-content\/uploads\/2019\/12\/Jessica_Wiedmer_19a_web.jpg-300x300.jpg 300w, https:\/\/basel.upthere.studio\/\/wp-content\/uploads\/2019\/12\/Jessica_Wiedmer_19a_web.jpg-150x150.jpg 150w, https:\/\/basel.upthere.studio\/\/wp-content\/uploads\/2019\/12\/Jessica_Wiedmer_19a_web.jpg-100x100.jpg 100w, https:\/\/basel.upthere.studio\/\/wp-content\/uploads\/2019\/12\/Jessica_Wiedmer_19a_web.jpg-140x140.jpg 140w, https:\/\/basel.upthere.studio\/\/wp-content\/uploads\/2019\/12\/Jessica_Wiedmer_19a_web.jpg-350x350.jpg 350w\" sizes=\"(max-width: 500px) 100vw, 500px\" \/>          <\/a>\n    \t<p>Click for full profile<\/p>\n\t  <\/div>\n  <figcaption>\n    <h3><a href=\"https:\/\/basel.upthere.studio\/?ex_team=jessica-trondlin\">Jessica Tr\u00f6ndlin<\/a><\/h3>\n            <h5>Manager People and Culture<\/h5>\n        <div class=\"tpstyle-19-icons\">\n      <ul class ='ex-social-account'><li class='teampress-linkedin'><a href='https:\/\/www.linkedin.com\/in\/jessica-trndlin-74612a44'><i class='fab fa-linkedin-in'><\/i><\/a><\/li><li class='teampress-email'><a href='mailto:jessica.troendlin@baselarea.swiss'><i class='far fa-envelope'><\/i><\/a><\/li><\/ul>    <\/div>\n  <\/figcaption>\n  \t<style type=\"text\/css\">\n\t\t\t\t\t#extp-7135.ex-tplist .tppost-852 h5{ color:#ae1022}\n\t\t\t#extp-7135.ex-tplist .tppost-852 .tpstyle-19-image{ border-color:#ae1022}\n\t\t\t#extp-7135.ex-tplist .tppost-852 .tpstyle-19-image:before{ border-top-color:#ae1022}\n\t\t\t#extp-7135.ex-tplist .tppost-852 { background:#ae1022}\n\t\t\n\t<\/style>\n\t<\/figure>\t\t\t\t\t<div class=\"exclearfix\"><\/div>\n\t\t\t\t\t<\/div>\n\t\t\t\t\t<\/div><div class=\"item-grid\" data-id=\"ex_id-extp-7135-147616\"> \t\t\t\t\t<div class=\"exp-arrow exlightbox exlb-extp-7135\" \n\t\t\t\t\t href=\"https:\/\/basel.upthere.studio\/\/wp-content\/uploads\/2017\/02\/Julia-Kahl-e1684915564277.jpg\" data-glightbox=\"descPosition: right;\" data-class=\"exlb-extp-7135\" >\n\t\t\t\t\t\t\t\t\t<div class=\"glightbox-desc\">\n\t\t      <div class=\"exp-lightbox-info\">\n\t<div class=\"lb-image\"><a href=\"https:\/\/basel.upthere.studio\/?ex_team=julia-kahl\"><img loading=\"lazy\" decoding=\"async\" width=\"500\" height=\"500\" src=\"https:\/\/basel.upthere.studio\/\/wp-content\/uploads\/2017\/02\/Julia-Kahl-e1684915564277.jpg\" class=\"attachment-full size-full wp-post-image\" alt=\"Julia K\u00e4hl\" srcset=\"https:\/\/basel.upthere.studio\/\/wp-content\/uploads\/2017\/02\/Julia-Kahl-e1684915564277.jpg 500w, https:\/\/basel.upthere.studio\/\/wp-content\/uploads\/2017\/02\/Julia-Kahl-e1684915564277-300x300.jpg 300w, https:\/\/basel.upthere.studio\/\/wp-content\/uploads\/2017\/02\/Julia-Kahl-e1684915564277-150x150.jpg 150w, https:\/\/basel.upthere.studio\/\/wp-content\/uploads\/2017\/02\/Julia-Kahl-e1684915564277-100x100.jpg 100w, https:\/\/basel.upthere.studio\/\/wp-content\/uploads\/2017\/02\/Julia-Kahl-e1684915564277-140x140.jpg 140w, https:\/\/basel.upthere.studio\/\/wp-content\/uploads\/2017\/02\/Julia-Kahl-e1684915564277-350x350.jpg 350w\" sizes=\"(max-width: 500px) 100vw, 500px\" \/><\/a><\/div>\n    <div class=\"lb-info\">\n        <h3><a href=\"https:\/\/basel.upthere.studio\/?ex_team=julia-kahl\">Julia K\u00e4hl<\/a><\/h3>\n        <div class=\"exp-lightbox-meta\">\n            <div class=\"lb-social\"><ul class ='ex-social-account'><li class='teampress-linkedin'><a href='https:\/\/www.linkedin.com\/in\/julia-khl\/'><i class='fab fa-linkedin-in'><\/i><\/a><\/li><li class='teampress-email'><a href='mailto:julia.kaehl@baselarea.swiss'><i class='far fa-envelope'><\/i><\/a><\/li><\/ul><\/div>\n                          <h5><span>Position: <\/span>Manager Digital Transformation and CRM<\/h5>\n                                                  <h5><span> Email: <\/span><a href=\"mailto:julia.kaehl@baselarea.swiss\">julia.kaehl@baselarea.swiss<\/a><\/h5>\n                    <\/div>\n        <p><p>Julia K\u00e4hl has been with Basel Area Business &amp; Innovation since 2023.<\/p>\n<p>Previously, she gained experience as an IT consultant and as an IT change &amp; adoption manager at various companies in Switzerland.<\/p>\n<p>Julia K\u00e4hl studied business informatics at the Baden-W\u00fcrttemberg Cooperative State University in L\u00f6rrach and is currently furthering her education in the field of product management.<\/p>\n<p><strong>Are you interested in a regular news flash from the Basel Area? Click\u00a0<a href=\"https:\/\/baselarea.swiss\/newsletter-signup\/\">here<\/a>\u00a0to sign up to our Newsletters.<\/strong><\/p>\n<div id=\"highlighter--hover-tools\" style=\"display: none;\">\n<div id=\"highlighter--hover-tools--container\">\n<div class=\"highlighter--icon highlighter--icon-copy\" title=\"Copy\"><\/div>\n<div class=\"highlighter--icon highlighter--icon-change-color\" title=\"Change Color\"><\/div>\n<div class=\"highlighter--icon highlighter--icon-delete\" title=\"Delete\"><\/div>\n<\/div>\n<\/div>\n<div id=\"highlighter--hover-tools\" style=\"display: none;\">\n<div id=\"highlighter--hover-tools--container\">\n<div class=\"highlighter--icon highlighter--icon-copy\" title=\"Copy\"><\/div>\n<div class=\"highlighter--icon highlighter--icon-change-color\" title=\"Change Color\"><\/div>\n<div class=\"highlighter--icon highlighter--icon-delete\" title=\"Delete\"><\/div>\n<\/div>\n<\/div>\n<div id=\"highlighter--hover-tools\" style=\"display: none;\">\n<div id=\"highlighter--hover-tools--container\">\n<div class=\"highlighter--icon highlighter--icon-copy\" title=\"Copy\"><\/div>\n<div class=\"highlighter--icon highlighter--icon-change-color\" title=\"Change Color\"><\/div>\n<div class=\"highlighter--icon highlighter--icon-delete\" title=\"Delete\"><\/div>\n<\/div>\n<\/div>\n    <\/div>\n<\/div>\t\t    <\/div>\n    \t\t\t\t\t\t\t<figure class=\"tpstyle-19 tppost-147616\">\n  <div class=\"tpstyle-19-image\">\n    <a href=\"https:\/\/basel.upthere.studio\/?ex_team=julia-kahl\" class=\"\">\n      <img loading=\"lazy\" decoding=\"async\" width=\"500\" height=\"500\" src=\"https:\/\/basel.upthere.studio\/\/wp-content\/uploads\/2017\/02\/Julia-Kahl-e1684915564277.jpg\" class=\"attachment-full size-full wp-post-image\" alt=\"Julia K\u00e4hl\" srcset=\"https:\/\/basel.upthere.studio\/\/wp-content\/uploads\/2017\/02\/Julia-Kahl-e1684915564277.jpg 500w, https:\/\/basel.upthere.studio\/\/wp-content\/uploads\/2017\/02\/Julia-Kahl-e1684915564277-300x300.jpg 300w, https:\/\/basel.upthere.studio\/\/wp-content\/uploads\/2017\/02\/Julia-Kahl-e1684915564277-150x150.jpg 150w, https:\/\/basel.upthere.studio\/\/wp-content\/uploads\/2017\/02\/Julia-Kahl-e1684915564277-100x100.jpg 100w, https:\/\/basel.upthere.studio\/\/wp-content\/uploads\/2017\/02\/Julia-Kahl-e1684915564277-140x140.jpg 140w, https:\/\/basel.upthere.studio\/\/wp-content\/uploads\/2017\/02\/Julia-Kahl-e1684915564277-350x350.jpg 350w\" sizes=\"(max-width: 500px) 100vw, 500px\" \/>          <\/a>\n    \t<p>Click for full profile<\/p>\n\t  <\/div>\n  <figcaption>\n    <h3><a href=\"https:\/\/basel.upthere.studio\/?ex_team=julia-kahl\">Julia K\u00e4hl<\/a><\/h3>\n            <h5>Manager Digital Transformation and CRM<\/h5>\n        <div class=\"tpstyle-19-icons\">\n      <ul class ='ex-social-account'><li class='teampress-linkedin'><a href='https:\/\/www.linkedin.com\/in\/julia-khl\/'><i class='fab fa-linkedin-in'><\/i><\/a><\/li><li class='teampress-email'><a href='mailto:julia.kaehl@baselarea.swiss'><i class='far fa-envelope'><\/i><\/a><\/li><\/ul>    <\/div>\n  <\/figcaption>\n  \t<style type=\"text\/css\">\n\t\t\t\t\t#extp-7135.ex-tplist .tppost-147616 h5{ color:#ae1022}\n\t\t\t#extp-7135.ex-tplist .tppost-147616 .tpstyle-19-image{ border-color:#ae1022}\n\t\t\t#extp-7135.ex-tplist .tppost-147616 .tpstyle-19-image:before{ border-top-color:#ae1022}\n\t\t\t#extp-7135.ex-tplist .tppost-147616 { background:#ae1022}\n\t\t\n\t<\/style>\n\t<\/figure>\t\t\t\t\t<div class=\"exclearfix\"><\/div>\n\t\t\t\t\t<\/div>\n\t\t\t\t\t<\/div><div class=\"item-grid\" data-id=\"ex_id-extp-7135-847\"> \t\t\t\t\t<div class=\"exp-arrow exlightbox exlb-extp-7135\" \n\t\t\t\t\t href=\"https:\/\/basel.upthere.studio\/\/wp-content\/uploads\/2019\/12\/Lea_Lindler_35a_web.jpg.jpg\" data-glightbox=\"descPosition: right;\" data-class=\"exlb-extp-7135\" >\n\t\t\t\t\t\t\t\t\t<div class=\"glightbox-desc\">\n\t\t      <div class=\"exp-lightbox-info\">\n\t<div class=\"lb-image\"><a href=\"https:\/\/basel.upthere.studio\/?ex_team=lea-steinegger\"><img loading=\"lazy\" decoding=\"async\" width=\"500\" height=\"500\" src=\"https:\/\/basel.upthere.studio\/\/wp-content\/uploads\/2019\/12\/Lea_Lindler_35a_web.jpg.jpg\" class=\"attachment-full size-full wp-post-image\" alt=\"\" srcset=\"https:\/\/basel.upthere.studio\/\/wp-content\/uploads\/2019\/12\/Lea_Lindler_35a_web.jpg.jpg 500w, https:\/\/basel.upthere.studio\/\/wp-content\/uploads\/2019\/12\/Lea_Lindler_35a_web.jpg-300x300.jpg 300w, https:\/\/basel.upthere.studio\/\/wp-content\/uploads\/2019\/12\/Lea_Lindler_35a_web.jpg-150x150.jpg 150w, https:\/\/basel.upthere.studio\/\/wp-content\/uploads\/2019\/12\/Lea_Lindler_35a_web.jpg-100x100.jpg 100w, https:\/\/basel.upthere.studio\/\/wp-content\/uploads\/2019\/12\/Lea_Lindler_35a_web.jpg-140x140.jpg 140w, https:\/\/basel.upthere.studio\/\/wp-content\/uploads\/2019\/12\/Lea_Lindler_35a_web.jpg-350x350.jpg 350w\" sizes=\"(max-width: 500px) 100vw, 500px\" \/><\/a><\/div>\n    <div class=\"lb-info\">\n        <h3><a href=\"https:\/\/basel.upthere.studio\/?ex_team=lea-steinegger\">Lea Steinegger<\/a><\/h3>\n        <div class=\"exp-lightbox-meta\">\n            <div class=\"lb-social\"><ul class ='ex-social-account'><li class='teampress-linkedin'><a href='https:\/\/www.linkedin.com\/in\/lealindler\/'><i class='fab fa-linkedin-in'><\/i><\/a><\/li><li class='teampress-email'><a href='mailto:lea.steinegger@baselarea.swiss'><i class='far fa-envelope'><\/i><\/a><\/li><\/ul><\/div>\n                          <h5><span>Position: <\/span>Manager Events<\/h5>\n                                                  <h5><span> Email: <\/span><a href=\"mailto:lea.steinegger@baselarea.swiss\">lea.steinegger@baselarea.swiss<\/a><\/h5>\n                    <\/div>\n        <p><p>Lea Steinegger joined Basel Area Business &amp; Innovation in 2017.<\/p>\n<p>Prior to that, she worked as an event manager for the Swiss national grid company Swissgrid AG in Laufenburg, where she was responsible for organizing all internal and external events and for visitor management. Before that, she was an event and sales manager for the towns of Reutlingen and Ludwigsburg.<\/p>\n<p>After graduating from high school, she trained as an event manager with N\u00fcrtingen town council.<\/p>\n<p><strong>I support lifelong learning and thus set up all these great events for you. I would be thrilled to welcome you to one of them. Click <a href=\"https:\/\/baselarea.swiss\/basel-events\/\">here<\/a> for the overview and <a href=\"https:\/\/baselarea.swiss\/events-signup\/\">here<\/a> to sign up for the event mailing.<\/strong><\/p>\n<div id=\"highlighter--hover-tools\" style=\"display: none;\">\n<div id=\"highlighter--hover-tools--container\">\n<div class=\"highlighter--icon highlighter--icon-copy\" title=\"Copy\"><\/div>\n<div class=\"highlighter--icon highlighter--icon-change-color\" title=\"Change Color\"><\/div>\n<div class=\"highlighter--icon highlighter--icon-delete\" title=\"Delete\"><\/div>\n<\/div>\n<\/div>\n<div id=\"highlighter--hover-tools\" style=\"display: none;\">\n<div id=\"highlighter--hover-tools--container\">\n<div class=\"highlighter--icon highlighter--icon-copy\" title=\"Copy\"><\/div>\n<div class=\"highlighter--icon highlighter--icon-change-color\" title=\"Change Color\"><\/div>\n<div class=\"highlighter--icon highlighter--icon-delete\" title=\"Delete\"><\/div>\n<\/div>\n<\/div>\n    <\/div>\n<\/div>\t\t    <\/div>\n    \t\t\t\t\t\t\t<figure class=\"tpstyle-19 tppost-847\">\n  <div class=\"tpstyle-19-image\">\n    <a href=\"https:\/\/basel.upthere.studio\/?ex_team=lea-steinegger\" class=\"\">\n      <img loading=\"lazy\" decoding=\"async\" width=\"500\" height=\"500\" src=\"https:\/\/basel.upthere.studio\/\/wp-content\/uploads\/2019\/12\/Lea_Lindler_35a_web.jpg.jpg\" class=\"attachment-full size-full wp-post-image\" alt=\"\" srcset=\"https:\/\/basel.upthere.studio\/\/wp-content\/uploads\/2019\/12\/Lea_Lindler_35a_web.jpg.jpg 500w, https:\/\/basel.upthere.studio\/\/wp-content\/uploads\/2019\/12\/Lea_Lindler_35a_web.jpg-300x300.jpg 300w, https:\/\/basel.upthere.studio\/\/wp-content\/uploads\/2019\/12\/Lea_Lindler_35a_web.jpg-150x150.jpg 150w, https:\/\/basel.upthere.studio\/\/wp-content\/uploads\/2019\/12\/Lea_Lindler_35a_web.jpg-100x100.jpg 100w, https:\/\/basel.upthere.studio\/\/wp-content\/uploads\/2019\/12\/Lea_Lindler_35a_web.jpg-140x140.jpg 140w, https:\/\/basel.upthere.studio\/\/wp-content\/uploads\/2019\/12\/Lea_Lindler_35a_web.jpg-350x350.jpg 350w\" sizes=\"(max-width: 500px) 100vw, 500px\" \/>          <\/a>\n    \t<p>Click for full profile<\/p>\n\t  <\/div>\n  <figcaption>\n    <h3><a href=\"https:\/\/basel.upthere.studio\/?ex_team=lea-steinegger\">Lea Steinegger<\/a><\/h3>\n            <h5>Manager Events<\/h5>\n        <div class=\"tpstyle-19-icons\">\n      <ul class ='ex-social-account'><li class='teampress-linkedin'><a href='https:\/\/www.linkedin.com\/in\/lealindler\/'><i class='fab fa-linkedin-in'><\/i><\/a><\/li><li class='teampress-email'><a href='mailto:lea.steinegger@baselarea.swiss'><i class='far fa-envelope'><\/i><\/a><\/li><\/ul>    <\/div>\n  <\/figcaption>\n  \t<style type=\"text\/css\">\n\t\t\t\t\t#extp-7135.ex-tplist .tppost-847 h5{ color:#ae1022}\n\t\t\t#extp-7135.ex-tplist .tppost-847 .tpstyle-19-image{ border-color:#ae1022}\n\t\t\t#extp-7135.ex-tplist .tppost-847 .tpstyle-19-image:before{ border-top-color:#ae1022}\n\t\t\t#extp-7135.ex-tplist .tppost-847 { background:#ae1022}\n\t\t\n\t<\/style>\n\t<\/figure>\t\t\t\t\t<div class=\"exclearfix\"><\/div>\n\t\t\t\t\t<\/div>\n\t\t\t\t\t<\/div><div class=\"item-grid\" data-id=\"ex_id-extp-7135-80857\"> \t\t\t\t\t<div class=\"exp-arrow exlightbox exlb-extp-7135\" \n\t\t\t\t\t href=\"https:\/\/basel.upthere.studio\/\/wp-content\/uploads\/2020\/07\/Leonid_Roupychev_26_web-e1594192591309.jpg\" data-glightbox=\"descPosition: right;\" data-class=\"exlb-extp-7135\" >\n\t\t\t\t\t\t\t\t\t<div class=\"glightbox-desc\">\n\t\t      <div class=\"exp-lightbox-info\">\n\t<div class=\"lb-image\"><a href=\"https:\/\/basel.upthere.studio\/?ex_team=leonid-roupychev\"><img loading=\"lazy\" decoding=\"async\" width=\"499\" height=\"499\" src=\"https:\/\/basel.upthere.studio\/\/wp-content\/uploads\/2020\/07\/Leonid_Roupychev_26_web-e1594192591309.jpg\" class=\"attachment-full size-full wp-post-image\" alt=\"Leonid Roupychev\" srcset=\"https:\/\/basel.upthere.studio\/\/wp-content\/uploads\/2020\/07\/Leonid_Roupychev_26_web-e1594192591309.jpg 499w, https:\/\/basel.upthere.studio\/\/wp-content\/uploads\/2020\/07\/Leonid_Roupychev_26_web-e1594192591309-300x300.jpg 300w, https:\/\/basel.upthere.studio\/\/wp-content\/uploads\/2020\/07\/Leonid_Roupychev_26_web-e1594192591309-150x150.jpg 150w, https:\/\/basel.upthere.studio\/\/wp-content\/uploads\/2020\/07\/Leonid_Roupychev_26_web-e1594192591309-100x100.jpg 100w, https:\/\/basel.upthere.studio\/\/wp-content\/uploads\/2020\/07\/Leonid_Roupychev_26_web-e1594192591309-140x140.jpg 140w, https:\/\/basel.upthere.studio\/\/wp-content\/uploads\/2020\/07\/Leonid_Roupychev_26_web-e1594192591309-350x350.jpg 350w\" sizes=\"(max-width: 499px) 100vw, 499px\" \/><\/a><\/div>\n    <div class=\"lb-info\">\n        <h3><a href=\"https:\/\/basel.upthere.studio\/?ex_team=leonid-roupychev\">Leonid Roupychev<\/a><\/h3>\n        <div class=\"exp-lightbox-meta\">\n            <div class=\"lb-social\"><ul class ='ex-social-account'><li class='teampress-linkedin'><a href='https:\/\/www.linkedin.com\/in\/leonid-roupychev-54681117a\/'><i class='fab fa-linkedin-in'><\/i><\/a><\/li><li class='teampress-email'><a href='mailto:Leonid.roupychev@baselarea.swiss'><i class='far fa-envelope'><\/i><\/a><\/li><\/ul><\/div>\n                          <h5><span>Position: <\/span>Manager Finance and Controlling<\/h5>\n                                                  <h5><span> Email: <\/span><a href=\"mailto:Leonid.roupychev@baselarea.swiss\">Leonid.roupychev@baselarea.swiss<\/a><\/h5>\n                    <\/div>\n        <p><p>Leonid Roupychev has been working for Basel Area Business &amp; Innovation since 2020.<\/p>\n<p>Prior to that, he worked as an event manager and accountant for BPV Ltd. and was Head of Administration at BKA Language School.<\/p>\n<p>Leonid Roupychev studied business and economics at the University of Basel and graduated with a Master\u2019s degree.<\/p>\n<p><strong>Lifelong learning is key, not just for our company but for everyone. To enable you to accelerate, we invite you to participate in our events on exciting topics. Click <a href=\"https:\/\/baselarea.swiss\/basel-events\/\">here<\/a> for the overview and <a href=\"https:\/\/baselarea.swiss\/events-signup\/\">here<\/a> to sign up for the event mailing.<\/strong><\/p>\n<div id=\"highlighter--hover-tools\" style=\"display: none;\">\n<div id=\"highlighter--hover-tools--container\">\n<div class=\"highlighter--icon highlighter--icon-copy\" title=\"Copy\"><\/div>\n<div class=\"highlighter--icon highlighter--icon-change-color\" title=\"Change Color\"><\/div>\n<div class=\"highlighter--icon highlighter--icon-delete\" title=\"Delete\"><\/div>\n<\/div>\n<\/div>\n<div id=\"highlighter--hover-tools\" style=\"display: none;\">\n<div id=\"highlighter--hover-tools--container\">\n<div class=\"highlighter--icon highlighter--icon-copy\" title=\"Copy\"><\/div>\n<div class=\"highlighter--icon highlighter--icon-change-color\" title=\"Change Color\"><\/div>\n<div class=\"highlighter--icon highlighter--icon-delete\" title=\"Delete\"><\/div>\n<\/div>\n<\/div>\n<div id=\"highlighter--hover-tools\" style=\"display: none;\">\n<div id=\"highlighter--hover-tools--container\">\n<div class=\"highlighter--icon highlighter--icon-copy\" title=\"Copy\"><\/div>\n<div class=\"highlighter--icon highlighter--icon-change-color\" title=\"Change Color\"><\/div>\n<div class=\"highlighter--icon highlighter--icon-delete\" title=\"Delete\"><\/div>\n<\/div>\n<\/div>\n<div id=\"highlighter--hover-tools\" style=\"display: none;\">\n<div id=\"highlighter--hover-tools--container\">\n<div class=\"highlighter--icon highlighter--icon-copy\" title=\"Copy\"><\/div>\n<div class=\"highlighter--icon highlighter--icon-change-color\" title=\"Change Color\"><\/div>\n<div class=\"highlighter--icon highlighter--icon-delete\" title=\"Delete\"><\/div>\n<\/div>\n<\/div>\n<div id=\"highlighter--hover-tools\" style=\"display: none;\">\n<div id=\"highlighter--hover-tools--container\">\n<div class=\"highlighter--icon highlighter--icon-copy\" title=\"Copy\"><\/div>\n<div class=\"highlighter--icon highlighter--icon-change-color\" title=\"Change Color\"><\/div>\n<div class=\"highlighter--icon highlighter--icon-delete\" title=\"Delete\"><\/div>\n<\/div>\n<\/div>\n<div id=\"highlighter--hover-tools\" style=\"display: none;\">\n<div id=\"highlighter--hover-tools--container\">\n<div class=\"highlighter--icon highlighter--icon-copy\" title=\"Copy\"><\/div>\n<div class=\"highlighter--icon highlighter--icon-change-color\" title=\"Change Color\"><\/div>\n<div class=\"highlighter--icon highlighter--icon-delete\" title=\"Delete\"><\/div>\n<\/div>\n<\/div>\n    <\/div>\n<\/div>\t\t    <\/div>\n    \t\t\t\t\t\t\t<figure class=\"tpstyle-19 tppost-80857\">\n  <div class=\"tpstyle-19-image\">\n    <a href=\"https:\/\/basel.upthere.studio\/?ex_team=leonid-roupychev\" class=\"\">\n      <img loading=\"lazy\" decoding=\"async\" width=\"499\" height=\"499\" src=\"https:\/\/basel.upthere.studio\/\/wp-content\/uploads\/2020\/07\/Leonid_Roupychev_26_web-e1594192591309.jpg\" class=\"attachment-full size-full wp-post-image\" alt=\"Leonid Roupychev\" srcset=\"https:\/\/basel.upthere.studio\/\/wp-content\/uploads\/2020\/07\/Leonid_Roupychev_26_web-e1594192591309.jpg 499w, https:\/\/basel.upthere.studio\/\/wp-content\/uploads\/2020\/07\/Leonid_Roupychev_26_web-e1594192591309-300x300.jpg 300w, https:\/\/basel.upthere.studio\/\/wp-content\/uploads\/2020\/07\/Leonid_Roupychev_26_web-e1594192591309-150x150.jpg 150w, https:\/\/basel.upthere.studio\/\/wp-content\/uploads\/2020\/07\/Leonid_Roupychev_26_web-e1594192591309-100x100.jpg 100w, https:\/\/basel.upthere.studio\/\/wp-content\/uploads\/2020\/07\/Leonid_Roupychev_26_web-e1594192591309-140x140.jpg 140w, https:\/\/basel.upthere.studio\/\/wp-content\/uploads\/2020\/07\/Leonid_Roupychev_26_web-e1594192591309-350x350.jpg 350w\" sizes=\"(max-width: 499px) 100vw, 499px\" \/>          <\/a>\n    \t<p>Click for full profile<\/p>\n\t  <\/div>\n  <figcaption>\n    <h3><a href=\"https:\/\/basel.upthere.studio\/?ex_team=leonid-roupychev\">Leonid Roupychev<\/a><\/h3>\n            <h5>Manager Finance and Controlling<\/h5>\n        <div class=\"tpstyle-19-icons\">\n      <ul class ='ex-social-account'><li class='teampress-linkedin'><a href='https:\/\/www.linkedin.com\/in\/leonid-roupychev-54681117a\/'><i class='fab fa-linkedin-in'><\/i><\/a><\/li><li class='teampress-email'><a href='mailto:Leonid.roupychev@baselarea.swiss'><i class='far fa-envelope'><\/i><\/a><\/li><\/ul>    <\/div>\n  <\/figcaption>\n  \t<style type=\"text\/css\">\n\t\t\t\t\t#extp-7135.ex-tplist .tppost-80857 h5{ color:#ae1022}\n\t\t\t#extp-7135.ex-tplist .tppost-80857 .tpstyle-19-image{ border-color:#ae1022}\n\t\t\t#extp-7135.ex-tplist .tppost-80857 .tpstyle-19-image:before{ border-top-color:#ae1022}\n\t\t\t#extp-7135.ex-tplist .tppost-80857 { background:#ae1022}\n\t\t\n\t<\/style>\n\t<\/figure>\t\t\t\t\t<div class=\"exclearfix\"><\/div>\n\t\t\t\t\t<\/div>\n\t\t\t\t\t<\/div><div class=\"item-grid\" data-id=\"ex_id-extp-7135-158761\"> \t\t\t\t\t<div class=\"exp-arrow exlightbox exlb-extp-7135\" \n\t\t\t\t\t href=\"https:\/\/basel.upthere.studio\/\/wp-content\/uploads\/2017\/03\/5-1.png\" data-glightbox=\"descPosition: right;\" data-class=\"exlb-extp-7135\" >\n\t\t\t\t\t\t\t\t\t<div class=\"glightbox-desc\">\n\t\t      <div class=\"exp-lightbox-info\">\n\t<div class=\"lb-image\"><a href=\"https:\/\/basel.upthere.studio\/?ex_team=uthesh-nathan\"><img loading=\"lazy\" decoding=\"async\" width=\"500\" height=\"500\" src=\"https:\/\/basel.upthere.studio\/\/wp-content\/uploads\/2017\/03\/5-1.png\" class=\"attachment-full size-full wp-post-image\" alt=\"\" srcset=\"https:\/\/basel.upthere.studio\/\/wp-content\/uploads\/2017\/03\/5-1.png 500w, https:\/\/basel.upthere.studio\/\/wp-content\/uploads\/2017\/03\/5-1-300x300.png 300w, https:\/\/basel.upthere.studio\/\/wp-content\/uploads\/2017\/03\/5-1-150x150.png 150w, https:\/\/basel.upthere.studio\/\/wp-content\/uploads\/2017\/03\/5-1-140x140.png 140w, https:\/\/basel.upthere.studio\/\/wp-content\/uploads\/2017\/03\/5-1-100x100.png 100w, https:\/\/basel.upthere.studio\/\/wp-content\/uploads\/2017\/03\/5-1-350x350.png 350w\" sizes=\"(max-width: 500px) 100vw, 500px\" \/><\/a><\/div>\n    <div class=\"lb-info\">\n        <h3><a href=\"https:\/\/basel.upthere.studio\/?ex_team=uthesh-nathan\">Uthesh Nathan<\/a><\/h3>\n        <div class=\"exp-lightbox-meta\">\n            <div class=\"lb-social\"><ul class ='ex-social-account'><li class='teampress-linkedin'><a href='https:\/\/www.linkedin.com\/in\/uthesh-nathan-475a03378\/'><i class='fab fa-linkedin-in'><\/i><\/a><\/li><li class='teampress-email'><a href='mailto:uthesh.nathan@baselarea.swiss'><i class='far fa-envelope'><\/i><\/a><\/li><\/ul><\/div>\n                          <h5><span>Position: <\/span>Intern Shared Services<\/h5>\n                                                  <h5><span> Email: <\/span><a href=\"mailto:uthesh.nathan@baselarea.swiss\">uthesh.nathan@baselarea.swiss<\/a><\/h5>\n                    <\/div>\n        <p><p>Uthesh Nathan has been working for Basel Area Business &amp; Innovation since 2025.<\/p>\n<p>Uthesh Nathan has successfully completed the academic part of his training at the Wirtschaftsmittelschule (WMS) and will begin the practical part of his training in August 2025. In the future, he would like to continue his education in the field of marketing and event management.<\/p>\n<p><strong>Are you interested in a regular news flash from the Basel Area? Click\u00a0<a href=\"https:\/\/baselarea.swiss\/newsletter-signup\/\">here<\/a> to sign up to our Newsletters.<\/strong><\/p>\n<\/p>\n    <\/div>\n<\/div>\t\t    <\/div>\n    \t\t\t\t\t\t\t<figure class=\"tpstyle-19 tppost-158761\">\n  <div class=\"tpstyle-19-image\">\n    <a href=\"https:\/\/basel.upthere.studio\/?ex_team=uthesh-nathan\" class=\"\">\n      <img loading=\"lazy\" decoding=\"async\" width=\"500\" height=\"500\" src=\"https:\/\/basel.upthere.studio\/\/wp-content\/uploads\/2017\/03\/5-1.png\" class=\"attachment-full size-full wp-post-image\" alt=\"\" srcset=\"https:\/\/basel.upthere.studio\/\/wp-content\/uploads\/2017\/03\/5-1.png 500w, https:\/\/basel.upthere.studio\/\/wp-content\/uploads\/2017\/03\/5-1-300x300.png 300w, https:\/\/basel.upthere.studio\/\/wp-content\/uploads\/2017\/03\/5-1-150x150.png 150w, https:\/\/basel.upthere.studio\/\/wp-content\/uploads\/2017\/03\/5-1-140x140.png 140w, https:\/\/basel.upthere.studio\/\/wp-content\/uploads\/2017\/03\/5-1-100x100.png 100w, https:\/\/basel.upthere.studio\/\/wp-content\/uploads\/2017\/03\/5-1-350x350.png 350w\" sizes=\"(max-width: 500px) 100vw, 500px\" \/>          <\/a>\n    \t<p>Click for full profile<\/p>\n\t  <\/div>\n  <figcaption>\n    <h3><a href=\"https:\/\/basel.upthere.studio\/?ex_team=uthesh-nathan\">Uthesh Nathan<\/a><\/h3>\n            <h5>Intern Shared Services<\/h5>\n        <div class=\"tpstyle-19-icons\">\n      <ul class ='ex-social-account'><li class='teampress-linkedin'><a href='https:\/\/www.linkedin.com\/in\/uthesh-nathan-475a03378\/'><i class='fab fa-linkedin-in'><\/i><\/a><\/li><li class='teampress-email'><a href='mailto:uthesh.nathan@baselarea.swiss'><i class='far fa-envelope'><\/i><\/a><\/li><\/ul>    <\/div>\n  <\/figcaption>\n  \t<style type=\"text\/css\">\n\t\t\t\t\t#extp-7135.ex-tplist .tppost-158761 h5{ color:#ae1022}\n\t\t\t#extp-7135.ex-tplist .tppost-158761 .tpstyle-19-image{ border-color:#ae1022}\n\t\t\t#extp-7135.ex-tplist .tppost-158761 .tpstyle-19-image:before{ border-top-color:#ae1022}\n\t\t\t#extp-7135.ex-tplist .tppost-158761 { background:#ae1022}\n\t\t\n\t<\/style>\n\t<\/figure>\t\t\t\t\t<div class=\"exclearfix\"><\/div>\n\t\t\t\t\t<\/div>\n\t\t\t\t\t<\/div><div class=\"item-grid\" data-id=\"ex_id-extp-7135-151689\"> \t\t\t\t\t<div class=\"exp-arrow exlightbox exlb-extp-7135\" \n\t\t\t\t\t href=\"https:\/\/basel.upthere.studio\/\/wp-content\/uploads\/2023\/09\/Morgane-Husser.jpg\" data-glightbox=\"descPosition: right;\" data-class=\"exlb-extp-7135\" >\n\t\t\t\t\t\t\t\t\t<div class=\"glightbox-desc\">\n\t\t      <div class=\"exp-lightbox-info\">\n\t<div class=\"lb-image\"><a href=\"https:\/\/basel.upthere.studio\/?ex_team=morgane-husser\"><img loading=\"lazy\" decoding=\"async\" width=\"500\" height=\"500\" src=\"https:\/\/basel.upthere.studio\/\/wp-content\/uploads\/2023\/09\/Morgane-Husser.jpg\" class=\"attachment-full size-full wp-post-image\" alt=\"\" srcset=\"https:\/\/basel.upthere.studio\/\/wp-content\/uploads\/2023\/09\/Morgane-Husser.jpg 500w, https:\/\/basel.upthere.studio\/\/wp-content\/uploads\/2023\/09\/Morgane-Husser-300x300.jpg 300w, https:\/\/basel.upthere.studio\/\/wp-content\/uploads\/2023\/09\/Morgane-Husser-150x150.jpg 150w, https:\/\/basel.upthere.studio\/\/wp-content\/uploads\/2023\/09\/Morgane-Husser-140x140.jpg 140w, https:\/\/basel.upthere.studio\/\/wp-content\/uploads\/2023\/09\/Morgane-Husser-100x100.jpg 100w, https:\/\/basel.upthere.studio\/\/wp-content\/uploads\/2023\/09\/Morgane-Husser-350x350.jpg 350w\" sizes=\"(max-width: 500px) 100vw, 500px\" \/><\/a><\/div>\n    <div class=\"lb-info\">\n        <h3><a href=\"https:\/\/basel.upthere.studio\/?ex_team=morgane-husser\">Morgane Husser<\/a><\/h3>\n        <div class=\"exp-lightbox-meta\">\n            <div class=\"lb-social\"><ul class ='ex-social-account'><li class='teampress-linkedin'><a href='https:\/\/www.linkedin.com\/in\/morgane-husser\/'><i class='fab fa-linkedin-in'><\/i><\/a><\/li><li class='teampress-email'><a href='mailto:morgane.husser@baselarea.swiss'><i class='far fa-envelope'><\/i><\/a><\/li><\/ul><\/div>\n                          <h5><span>Position: <\/span>Manager Events<\/h5>\n                                                  <h5><span> Email: <\/span><a href=\"mailto:morgane.husser@baselarea.swiss\">morgane.husser@baselarea.swiss<\/a><\/h5>\n                    <\/div>\n        <p><p><span data-contrast=\"auto\">Morgane Husser has worked at Basel Area Business &amp; Innovation since 2023.<\/span><span data-ccp-props=\"{&quot;201341983&quot;:0,&quot;335559739&quot;:160,&quot;335559740&quot;:259}\">\u00a0<\/span><\/p>\n<p><span data-contrast=\"auto\">Prior to Basel Area, Morgane Husser worked for two years as a clinic manager at Basel University Hospital and for 8 years at the MCH Messe Basel as Head of Customer Services, organizing the technical aspects of events such as Baselworld, Swissbau and Art Basel.<\/span><span data-ccp-props=\"{&quot;201341983&quot;:0,&quot;335559739&quot;:160,&quot;335559740&quot;:259}\">\u00a0<\/span><\/p>\n<p><span data-contrast=\"auto\">Morgane obtained a tri-national Bachelor of Science in International Business Management at the FHNW, the DHBW and the UHA and a Master in Communication 360\u00b0 at the European Communication School in Strasbourg.<\/span><span data-ccp-props=\"{&quot;201341983&quot;:0,&quot;335559739&quot;:160,&quot;335559740&quot;:259}\">\u00a0<\/span><\/p>\n<p><strong>I support lifelong learning and thus set up all these great events for you. I would be thrilled to welcome you to one of them. Click <a href=\"https:\/\/baselarea.swiss\/basel-events\/\">here<\/a> for the overview and <a href=\"https:\/\/baselarea.swiss\/events-signup\/\">here<\/a> to sign up for the event mailing.<\/strong><\/p>\n<\/p>\n    <\/div>\n<\/div>\t\t    <\/div>\n    \t\t\t\t\t\t\t<figure class=\"tpstyle-19 tppost-151689\">\n  <div class=\"tpstyle-19-image\">\n    <a href=\"https:\/\/basel.upthere.studio\/?ex_team=morgane-husser\" class=\"\">\n      <img loading=\"lazy\" decoding=\"async\" width=\"500\" height=\"500\" src=\"https:\/\/basel.upthere.studio\/\/wp-content\/uploads\/2023\/09\/Morgane-Husser.jpg\" class=\"attachment-full size-full wp-post-image\" alt=\"\" srcset=\"https:\/\/basel.upthere.studio\/\/wp-content\/uploads\/2023\/09\/Morgane-Husser.jpg 500w, https:\/\/basel.upthere.studio\/\/wp-content\/uploads\/2023\/09\/Morgane-Husser-300x300.jpg 300w, https:\/\/basel.upthere.studio\/\/wp-content\/uploads\/2023\/09\/Morgane-Husser-150x150.jpg 150w, https:\/\/basel.upthere.studio\/\/wp-content\/uploads\/2023\/09\/Morgane-Husser-140x140.jpg 140w, https:\/\/basel.upthere.studio\/\/wp-content\/uploads\/2023\/09\/Morgane-Husser-100x100.jpg 100w, https:\/\/basel.upthere.studio\/\/wp-content\/uploads\/2023\/09\/Morgane-Husser-350x350.jpg 350w\" sizes=\"(max-width: 500px) 100vw, 500px\" \/>          <\/a>\n    \t<p>Click for full profile<\/p>\n\t  <\/div>\n  <figcaption>\n    <h3><a href=\"https:\/\/basel.upthere.studio\/?ex_team=morgane-husser\">Morgane Husser<\/a><\/h3>\n            <h5>Manager Events<\/h5>\n        <div class=\"tpstyle-19-icons\">\n      <ul class ='ex-social-account'><li class='teampress-linkedin'><a href='https:\/\/www.linkedin.com\/in\/morgane-husser\/'><i class='fab fa-linkedin-in'><\/i><\/a><\/li><li class='teampress-email'><a href='mailto:morgane.husser@baselarea.swiss'><i class='far fa-envelope'><\/i><\/a><\/li><\/ul>    <\/div>\n  <\/figcaption>\n  \t<style type=\"text\/css\">\n\t\t\t\t\t#extp-7135.ex-tplist .tppost-151689 h5{ color:#ae1022}\n\t\t\t#extp-7135.ex-tplist .tppost-151689 .tpstyle-19-image{ border-color:#ae1022}\n\t\t\t#extp-7135.ex-tplist .tppost-151689 .tpstyle-19-image:before{ border-top-color:#ae1022}\n\t\t\t#extp-7135.ex-tplist .tppost-151689 { background:#ae1022}\n\t\t\n\t<\/style>\n\t<\/figure>\t\t\t\t\t<div class=\"exclearfix\"><\/div>\n\t\t\t\t\t<\/div>\n\t\t\t\t\t<\/div><div class=\"item-grid\" data-id=\"ex_id-extp-7135-80166\"> \t\t\t\t\t<div class=\"exp-arrow exlightbox exlb-extp-7135\" \n\t\t\t\t\t href=\"https:\/\/basel.upthere.studio\/\/wp-content\/uploads\/2019\/12\/Team-profile-dept-red.jpg\" data-glightbox=\"descPosition: right;\" data-class=\"exlb-extp-7135\" >\n\t\t\t\t\t\t\t\t\t<div class=\"glightbox-desc\">\n\t\t      <div class=\"exp-lightbox-info\">\n\t<div class=\"lb-image\"><a href=\"https:\/\/basel.upthere.studio\/?ex_team=innovation-space-and-infrastructure\"><img decoding=\"async\" width=\"500\" height=\"500\" src=\"https:\/\/basel.upthere.studio\/\/wp-content\/uploads\/2019\/12\/Team-profile-dept-red.jpg\" class=\"attachment-full size-full wp-post-image\" alt=\"\" srcset=\"https:\/\/basel.upthere.studio\/\/wp-content\/uploads\/2019\/12\/Team-profile-dept-red.jpg 500w, https:\/\/basel.upthere.studio\/\/wp-content\/uploads\/2019\/12\/Team-profile-dept-red-300x300.jpg 300w, https:\/\/basel.upthere.studio\/\/wp-content\/uploads\/2019\/12\/Team-profile-dept-red-150x150.jpg 150w, https:\/\/basel.upthere.studio\/\/wp-content\/uploads\/2019\/12\/Team-profile-dept-red-100x100.jpg 100w, https:\/\/basel.upthere.studio\/\/wp-content\/uploads\/2019\/12\/Team-profile-dept-red-140x140.jpg 140w, https:\/\/basel.upthere.studio\/\/wp-content\/uploads\/2019\/12\/Team-profile-dept-red-350x350.jpg 350w\" sizes=\"(max-width: 500px) 100vw, 500px\" \/><\/a><\/div>\n    <div class=\"lb-info\">\n        <h3><a href=\"https:\/\/basel.upthere.studio\/?ex_team=innovation-space-and-infrastructure\">Innovation Space and Infrastructure<\/a><\/h3>\n        <div class=\"exp-lightbox-meta\">\n            <div class=\"lb-social\"><ul class ='ex-social-account'><\/ul><\/div>\n                                            <\/div>\n        <p><\/p>\n    <\/div>\n<\/div>\t\t    <\/div>\n    \t\t\t\t\t\t\t<figure class=\"tpstyle-19 tppost-80166\">\n  <div class=\"tpstyle-19-image\">\n    <a href=\"https:\/\/basel.upthere.studio\/?ex_team=innovation-space-and-infrastructure\" class=\"\">\n      <img decoding=\"async\" width=\"500\" height=\"500\" src=\"https:\/\/basel.upthere.studio\/\/wp-content\/uploads\/2019\/12\/Team-profile-dept-red.jpg\" class=\"attachment-full size-full wp-post-image\" alt=\"\" srcset=\"https:\/\/basel.upthere.studio\/\/wp-content\/uploads\/2019\/12\/Team-profile-dept-red.jpg 500w, https:\/\/basel.upthere.studio\/\/wp-content\/uploads\/2019\/12\/Team-profile-dept-red-300x300.jpg 300w, https:\/\/basel.upthere.studio\/\/wp-content\/uploads\/2019\/12\/Team-profile-dept-red-150x150.jpg 150w, https:\/\/basel.upthere.studio\/\/wp-content\/uploads\/2019\/12\/Team-profile-dept-red-100x100.jpg 100w, https:\/\/basel.upthere.studio\/\/wp-content\/uploads\/2019\/12\/Team-profile-dept-red-140x140.jpg 140w, https:\/\/basel.upthere.studio\/\/wp-content\/uploads\/2019\/12\/Team-profile-dept-red-350x350.jpg 350w\" sizes=\"(max-width: 500px) 100vw, 500px\" \/>          <\/a>\n    \t<p><\/p>\n\t  <\/div>\n  <figcaption>\n    <h3><a href=\"https:\/\/basel.upthere.studio\/?ex_team=innovation-space-and-infrastructure\">Innovation Space and Infrastructure<\/a><\/h3>\n        <div class=\"tpstyle-19-icons\">\n      <ul class ='ex-social-account'><\/ul>    <\/div>\n  <\/figcaption>\n  \t<style type=\"text\/css\">\n\t\t\t\t\t#extp-7135.ex-tplist .tppost-80166 h5{ color:#ae1022}\n\t\t\t#extp-7135.ex-tplist .tppost-80166 .tpstyle-19-image{ border-color:#ae1022}\n\t\t\t#extp-7135.ex-tplist .tppost-80166 .tpstyle-19-image:before{ border-top-color:#ae1022}\n\t\t\t#extp-7135.ex-tplist .tppost-80166 { background:#ae1022}\n\t\t\n\t<\/style>\n\t<\/figure>\t\t\t\t\t<div class=\"exclearfix\"><\/div>\n\t\t\t\t\t<\/div>\n\t\t\t\t\t<\/div><div class=\"item-grid\" data-id=\"ex_id-extp-7135-80169\"> \t\t\t\t\t<div class=\"exp-arrow exlightbox exlb-extp-7135\" \n\t\t\t\t\t href=\"https:\/\/basel.upthere.studio\/\/wp-content\/uploads\/2020\/05\/Karin_Crisanto_36_web.jpg\" data-glightbox=\"descPosition: right;\" data-class=\"exlb-extp-7135\" >\n\t\t\t\t\t\t\t\t\t<div class=\"glightbox-desc\">\n\t\t      <div class=\"exp-lightbox-info\">\n\t<div class=\"lb-image\"><a href=\"https:\/\/basel.upthere.studio\/?ex_team=karin-crisanto\"><img loading=\"lazy\" decoding=\"async\" width=\"500\" height=\"500\" src=\"https:\/\/basel.upthere.studio\/\/wp-content\/uploads\/2020\/05\/Karin_Crisanto_36_web.jpg\" class=\"attachment-full size-full wp-post-image\" alt=\"\" srcset=\"https:\/\/basel.upthere.studio\/\/wp-content\/uploads\/2020\/05\/Karin_Crisanto_36_web.jpg 500w, https:\/\/basel.upthere.studio\/\/wp-content\/uploads\/2020\/05\/Karin_Crisanto_36_web-300x300.jpg 300w, https:\/\/basel.upthere.studio\/\/wp-content\/uploads\/2020\/05\/Karin_Crisanto_36_web-150x150.jpg 150w, https:\/\/basel.upthere.studio\/\/wp-content\/uploads\/2020\/05\/Karin_Crisanto_36_web-100x100.jpg 100w, https:\/\/basel.upthere.studio\/\/wp-content\/uploads\/2020\/05\/Karin_Crisanto_36_web-140x140.jpg 140w, https:\/\/basel.upthere.studio\/\/wp-content\/uploads\/2020\/05\/Karin_Crisanto_36_web-350x350.jpg 350w\" sizes=\"(max-width: 500px) 100vw, 500px\" \/><\/a><\/div>\n    <div class=\"lb-info\">\n        <h3><a href=\"https:\/\/basel.upthere.studio\/?ex_team=karin-crisanto\">Karin Crisanto<\/a><\/h3>\n        <div class=\"exp-lightbox-meta\">\n            <div class=\"lb-social\"><ul class ='ex-social-account'><li class='teampress-linkedin'><a href='https:\/\/www.linkedin.com\/in\/karin-crisanto-3b867060\/'><i class='fab fa-linkedin-in'><\/i><\/a><\/li><li class='teampress-email'><a href='mailto:karin.crisanto@baselarea.swiss'><i class='far fa-envelope'><\/i><\/a><\/li><\/ul><\/div>\n                          <h5><span>Position: <\/span>Head of Innovation Space and Infrastructure, Member of the Management Board<\/h5>\n                                                  <h5><span> Email: <\/span><a href=\"mailto:karin.crisanto@baselarea.swiss\">karin.crisanto@baselarea.swiss<\/a><\/h5>\n                    <\/div>\n        <p><p>Karin Crisanto joined Basel Area Business &amp; Innovation in 2020.<\/p>\n<p>Prior to that, she worked in different roles at Regus\/IWG in Peru, Panama and Switzerland, including leading the Basel based operations. She also worked for a Swiss consulting firm and a US global bank. A common theme throughout her career has been to support her clients in finding their best working environment to operate in a comfortable and productive manner.<\/p>\n<p>Karin Crisanto has a commercial background and has completed various executive management courses in Switzerland and abroad.<\/p>\n<p><strong>Are you looking for a flexible workspace, a plug-and-play lab, a community of great minds, and a range of services to support your startup? Find out how we can support you at the <\/strong><strong><a href=\"https:\/\/sip-baselarea.com\/maincampus\/\" target=\"_blank\" rel=\"noopener\">Main Campus in Allschwil<\/a><\/strong><strong>.<\/strong><\/p>\n<\/p>\n    <\/div>\n<\/div>\t\t    <\/div>\n    \t\t\t\t\t\t\t<figure class=\"tpstyle-19 tppost-80169\">\n  <div class=\"tpstyle-19-image\">\n    <a href=\"https:\/\/basel.upthere.studio\/?ex_team=karin-crisanto\" class=\"\">\n      <img loading=\"lazy\" decoding=\"async\" width=\"500\" height=\"500\" src=\"https:\/\/basel.upthere.studio\/\/wp-content\/uploads\/2020\/05\/Karin_Crisanto_36_web.jpg\" class=\"attachment-full size-full wp-post-image\" alt=\"\" srcset=\"https:\/\/basel.upthere.studio\/\/wp-content\/uploads\/2020\/05\/Karin_Crisanto_36_web.jpg 500w, https:\/\/basel.upthere.studio\/\/wp-content\/uploads\/2020\/05\/Karin_Crisanto_36_web-300x300.jpg 300w, https:\/\/basel.upthere.studio\/\/wp-content\/uploads\/2020\/05\/Karin_Crisanto_36_web-150x150.jpg 150w, https:\/\/basel.upthere.studio\/\/wp-content\/uploads\/2020\/05\/Karin_Crisanto_36_web-100x100.jpg 100w, https:\/\/basel.upthere.studio\/\/wp-content\/uploads\/2020\/05\/Karin_Crisanto_36_web-140x140.jpg 140w, https:\/\/basel.upthere.studio\/\/wp-content\/uploads\/2020\/05\/Karin_Crisanto_36_web-350x350.jpg 350w\" sizes=\"(max-width: 500px) 100vw, 500px\" \/>          <\/a>\n    \t<p>Click for full profile<\/p>\n\t  <\/div>\n  <figcaption>\n    <h3><a href=\"https:\/\/basel.upthere.studio\/?ex_team=karin-crisanto\">Karin Crisanto<\/a><\/h3>\n            <h5>Head of Innovation Space and Infrastructure, Member of the Management Board<\/h5>\n        <div class=\"tpstyle-19-icons\">\n      <ul class ='ex-social-account'><li class='teampress-linkedin'><a href='https:\/\/www.linkedin.com\/in\/karin-crisanto-3b867060\/'><i class='fab fa-linkedin-in'><\/i><\/a><\/li><li class='teampress-email'><a href='mailto:karin.crisanto@baselarea.swiss'><i class='far fa-envelope'><\/i><\/a><\/li><\/ul>    <\/div>\n  <\/figcaption>\n  \t<style type=\"text\/css\">\n\t\t\t\t\t#extp-7135.ex-tplist .tppost-80169 h5{ color:#ae1022}\n\t\t\t#extp-7135.ex-tplist .tppost-80169 .tpstyle-19-image{ border-color:#ae1022}\n\t\t\t#extp-7135.ex-tplist .tppost-80169 .tpstyle-19-image:before{ border-top-color:#ae1022}\n\t\t\t#extp-7135.ex-tplist .tppost-80169 { background:#ae1022}\n\t\t\n\t<\/style>\n\t<\/figure>\t\t\t\t\t<div class=\"exclearfix\"><\/div>\n\t\t\t\t\t<\/div>\n\t\t\t\t\t<\/div><div class=\"item-grid\" data-id=\"ex_id-extp-7135-138216\"> \t\t\t\t\t<div class=\"exp-arrow exlightbox exlb-extp-7135\" \n\t\t\t\t\t href=\"https:\/\/basel.upthere.studio\/\/wp-content\/uploads\/2021\/08\/Cara-Gilliand-e1684917336709.jpg\" data-glightbox=\"descPosition: right;\" data-class=\"exlb-extp-7135\" >\n\t\t\t\t\t\t\t\t\t<div class=\"glightbox-desc\">\n\t\t      <div class=\"exp-lightbox-info\">\n\t<div class=\"lb-image\"><a href=\"https:\/\/basel.upthere.studio\/?ex_team=cara-gilliland\"><img loading=\"lazy\" decoding=\"async\" width=\"500\" height=\"500\" src=\"https:\/\/basel.upthere.studio\/\/wp-content\/uploads\/2021\/08\/Cara-Gilliand-e1684917336709.jpg\" class=\"attachment-full size-full wp-post-image\" alt=\"\" srcset=\"https:\/\/basel.upthere.studio\/\/wp-content\/uploads\/2021\/08\/Cara-Gilliand-e1684917336709.jpg 500w, https:\/\/basel.upthere.studio\/\/wp-content\/uploads\/2021\/08\/Cara-Gilliand-e1684917336709-300x300.jpg 300w, https:\/\/basel.upthere.studio\/\/wp-content\/uploads\/2021\/08\/Cara-Gilliand-e1684917336709-150x150.jpg 150w, https:\/\/basel.upthere.studio\/\/wp-content\/uploads\/2021\/08\/Cara-Gilliand-e1684917336709-100x100.jpg 100w, https:\/\/basel.upthere.studio\/\/wp-content\/uploads\/2021\/08\/Cara-Gilliand-e1684917336709-140x140.jpg 140w, https:\/\/basel.upthere.studio\/\/wp-content\/uploads\/2021\/08\/Cara-Gilliand-e1684917336709-350x350.jpg 350w\" sizes=\"(max-width: 500px) 100vw, 500px\" \/><\/a><\/div>\n    <div class=\"lb-info\">\n        <h3><a href=\"https:\/\/basel.upthere.studio\/?ex_team=cara-gilliland\">Cara Gilliland<\/a><\/h3>\n        <div class=\"exp-lightbox-meta\">\n            <div class=\"lb-social\"><ul class ='ex-social-account'><li class='teampress-linkedin'><a href='https:\/\/www.linkedin.com\/in\/cara-gilliland-7638a816b\/'><i class='fab fa-linkedin-in'><\/i><\/a><\/li><li class='teampress-email'><a href='mailto:cara.gilliland@baselarea.swiss'><i class='far fa-envelope'><\/i><\/a><\/li><\/ul><\/div>\n                          <h5><span>Position: <\/span>Manager Operational Services<\/h5>\n                                                  <h5><span> Email: <\/span><a href=\"mailto:cara.gilliland@baselarea.swiss\">cara.gilliland@baselarea.swiss<\/a><\/h5>\n                    <\/div>\n        <p><p>Cara Gilliland joined Basel Area Business &amp; Innovation in 2021.<\/p>\n<p>Before moving to Switzerland Cara Gilliland has worked as an Administration Assistant and Receptionist in a medical practice in Scotland. As well as being a professional dancer with a diploma in dance and performance she is a qualified dance teacher who has lectured dance around the world. Since moving to Switzerland Cara Gilliland has worked in gastronomy and has years of experience in this field.<\/p>\n<p><strong>Are you looking for a flexible workspace, a plug-and-play lab, a community of great minds, and a range of services to support your startup? Find out how we can support you at the <a href=\"https:\/\/sip-baselarea.com\/maincampus\/\" target=\"_blank\" rel=\"noopener\">Main Campus in Allschwil<\/a>.<\/strong><\/p>\n<\/p>\n    <\/div>\n<\/div>\t\t    <\/div>\n    \t\t\t\t\t\t\t<figure class=\"tpstyle-19 tppost-138216\">\n  <div class=\"tpstyle-19-image\">\n    <a href=\"https:\/\/basel.upthere.studio\/?ex_team=cara-gilliland\" class=\"\">\n      <img loading=\"lazy\" decoding=\"async\" width=\"500\" height=\"500\" src=\"https:\/\/basel.upthere.studio\/\/wp-content\/uploads\/2021\/08\/Cara-Gilliand-e1684917336709.jpg\" class=\"attachment-full size-full wp-post-image\" alt=\"\" srcset=\"https:\/\/basel.upthere.studio\/\/wp-content\/uploads\/2021\/08\/Cara-Gilliand-e1684917336709.jpg 500w, https:\/\/basel.upthere.studio\/\/wp-content\/uploads\/2021\/08\/Cara-Gilliand-e1684917336709-300x300.jpg 300w, https:\/\/basel.upthere.studio\/\/wp-content\/uploads\/2021\/08\/Cara-Gilliand-e1684917336709-150x150.jpg 150w, https:\/\/basel.upthere.studio\/\/wp-content\/uploads\/2021\/08\/Cara-Gilliand-e1684917336709-100x100.jpg 100w, https:\/\/basel.upthere.studio\/\/wp-content\/uploads\/2021\/08\/Cara-Gilliand-e1684917336709-140x140.jpg 140w, https:\/\/basel.upthere.studio\/\/wp-content\/uploads\/2021\/08\/Cara-Gilliand-e1684917336709-350x350.jpg 350w\" sizes=\"(max-width: 500px) 100vw, 500px\" \/>          <\/a>\n    \t<p>Click for full profile<\/p>\n\t  <\/div>\n  <figcaption>\n    <h3><a href=\"https:\/\/basel.upthere.studio\/?ex_team=cara-gilliland\">Cara Gilliland<\/a><\/h3>\n            <h5>Manager Operational Services<\/h5>\n        <div class=\"tpstyle-19-icons\">\n      <ul class ='ex-social-account'><li class='teampress-linkedin'><a href='https:\/\/www.linkedin.com\/in\/cara-gilliland-7638a816b\/'><i class='fab fa-linkedin-in'><\/i><\/a><\/li><li class='teampress-email'><a href='mailto:cara.gilliland@baselarea.swiss'><i class='far fa-envelope'><\/i><\/a><\/li><\/ul>    <\/div>\n  <\/figcaption>\n  \t<style type=\"text\/css\">\n\t\t\t\t\t#extp-7135.ex-tplist .tppost-138216 h5{ color:#ae1022}\n\t\t\t#extp-7135.ex-tplist .tppost-138216 .tpstyle-19-image{ border-color:#ae1022}\n\t\t\t#extp-7135.ex-tplist .tppost-138216 .tpstyle-19-image:before{ border-top-color:#ae1022}\n\t\t\t#extp-7135.ex-tplist .tppost-138216 { background:#ae1022}\n\t\t\n\t<\/style>\n\t<\/figure>\t\t\t\t\t<div class=\"exclearfix\"><\/div>\n\t\t\t\t\t<\/div>\n\t\t\t\t\t<\/div><div class=\"item-grid\" data-id=\"ex_id-extp-7135-827\"> \t\t\t\t\t<div class=\"exp-arrow exlightbox exlb-extp-7135\" \n\t\t\t\t\t href=\"https:\/\/basel.upthere.studio\/\/wp-content\/uploads\/2019\/12\/Carine_Moya_22a_web.jpg.jpg\" data-glightbox=\"descPosition: right;\" data-class=\"exlb-extp-7135\" >\n\t\t\t\t\t\t\t\t\t<div class=\"glightbox-desc\">\n\t\t      <div class=\"exp-lightbox-info\">\n\t<div class=\"lb-image\"><a href=\"https:\/\/basel.upthere.studio\/?ex_team=carine-moya\"><img loading=\"lazy\" decoding=\"async\" width=\"500\" height=\"500\" src=\"https:\/\/basel.upthere.studio\/\/wp-content\/uploads\/2019\/12\/Carine_Moya_22a_web.jpg.jpg\" class=\"attachment-full size-full wp-post-image\" alt=\"\" srcset=\"https:\/\/basel.upthere.studio\/\/wp-content\/uploads\/2019\/12\/Carine_Moya_22a_web.jpg.jpg 500w, https:\/\/basel.upthere.studio\/\/wp-content\/uploads\/2019\/12\/Carine_Moya_22a_web.jpg-300x300.jpg 300w, https:\/\/basel.upthere.studio\/\/wp-content\/uploads\/2019\/12\/Carine_Moya_22a_web.jpg-150x150.jpg 150w, https:\/\/basel.upthere.studio\/\/wp-content\/uploads\/2019\/12\/Carine_Moya_22a_web.jpg-100x100.jpg 100w, https:\/\/basel.upthere.studio\/\/wp-content\/uploads\/2019\/12\/Carine_Moya_22a_web.jpg-140x140.jpg 140w, https:\/\/basel.upthere.studio\/\/wp-content\/uploads\/2019\/12\/Carine_Moya_22a_web.jpg-350x350.jpg 350w\" sizes=\"(max-width: 500px) 100vw, 500px\" \/><\/a><\/div>\n    <div class=\"lb-info\">\n        <h3><a href=\"https:\/\/basel.upthere.studio\/?ex_team=carine-moya\">Carine Moya<\/a><\/h3>\n        <div class=\"exp-lightbox-meta\">\n            <div class=\"lb-social\"><ul class ='ex-social-account'><li class='teampress-linkedin'><a href='https:\/\/www.linkedin.com\/in\/carine-moya-3a39632\/'><i class='fab fa-linkedin-in'><\/i><\/a><\/li><li class='teampress-email'><a href='mailto:carine.moya@baselarea.swiss'><i class='far fa-envelope'><\/i><\/a><\/li><\/ul><\/div>\n                          <h5><span>Position: <\/span>Community Manager<\/h5>\n                                                  <h5><span> Email: <\/span><a href=\"mailto:carine.moya@baselarea.swiss\">carine.moya@baselarea.swiss<\/a><\/h5>\n                    <\/div>\n        <p><p>Carine Moya has worked at Switzerland Innovation Park Basel Area since 2016.<\/p>\n<p>Carine Moya previously worked as an Event Project Manager at F. Hoffmann-La Roche AG. Previously, she worked for a PR agency in Ireland, where she gained experience in media relations and customer service. As a member of the department for visitor services, she organized specialized visits to the headquarters of F. Hoffmann-La Roche AG in Basel. She has also held various positions in the hotel industry in Switzerland and abroad.<\/p>\n<p>Carine Moya graduated from the Hotel Management School in Lucerne. She also holds a federal diploma in commerce and a diploma in public relations from the Swiss Public Relations Institute in Zurich.<\/p>\n<p><strong>Are you looking for a flexible workspace, a plug-and-play lab, a community of great minds, and a range of services to support your startup? Find out how we can support you at the <\/strong><strong><a href=\"https:\/\/sip-baselarea.com\/maincampus\/\" target=\"_blank\" rel=\"noopener\">Main Campus in Allschwil<\/a><\/strong><strong>.<\/strong><\/p>\n<\/p>\n    <\/div>\n<\/div>\t\t    <\/div>\n    \t\t\t\t\t\t\t<figure class=\"tpstyle-19 tppost-827\">\n  <div class=\"tpstyle-19-image\">\n    <a href=\"https:\/\/basel.upthere.studio\/?ex_team=carine-moya\" class=\"\">\n      <img loading=\"lazy\" decoding=\"async\" width=\"500\" height=\"500\" src=\"https:\/\/basel.upthere.studio\/\/wp-content\/uploads\/2019\/12\/Carine_Moya_22a_web.jpg.jpg\" class=\"attachment-full size-full wp-post-image\" alt=\"\" srcset=\"https:\/\/basel.upthere.studio\/\/wp-content\/uploads\/2019\/12\/Carine_Moya_22a_web.jpg.jpg 500w, https:\/\/basel.upthere.studio\/\/wp-content\/uploads\/2019\/12\/Carine_Moya_22a_web.jpg-300x300.jpg 300w, https:\/\/basel.upthere.studio\/\/wp-content\/uploads\/2019\/12\/Carine_Moya_22a_web.jpg-150x150.jpg 150w, https:\/\/basel.upthere.studio\/\/wp-content\/uploads\/2019\/12\/Carine_Moya_22a_web.jpg-100x100.jpg 100w, https:\/\/basel.upthere.studio\/\/wp-content\/uploads\/2019\/12\/Carine_Moya_22a_web.jpg-140x140.jpg 140w, https:\/\/basel.upthere.studio\/\/wp-content\/uploads\/2019\/12\/Carine_Moya_22a_web.jpg-350x350.jpg 350w\" sizes=\"(max-width: 500px) 100vw, 500px\" \/>          <\/a>\n    \t<p>Click for full profile<\/p>\n\t  <\/div>\n  <figcaption>\n    <h3><a href=\"https:\/\/basel.upthere.studio\/?ex_team=carine-moya\">Carine Moya<\/a><\/h3>\n            <h5>Community Manager<\/h5>\n        <div class=\"tpstyle-19-icons\">\n      <ul class ='ex-social-account'><li class='teampress-linkedin'><a href='https:\/\/www.linkedin.com\/in\/carine-moya-3a39632\/'><i class='fab fa-linkedin-in'><\/i><\/a><\/li><li class='teampress-email'><a href='mailto:carine.moya@baselarea.swiss'><i class='far fa-envelope'><\/i><\/a><\/li><\/ul>    <\/div>\n  <\/figcaption>\n  \t<style type=\"text\/css\">\n\t\t\t\t\t#extp-7135.ex-tplist .tppost-827 h5{ color:#ae1022}\n\t\t\t#extp-7135.ex-tplist .tppost-827 .tpstyle-19-image{ border-color:#ae1022}\n\t\t\t#extp-7135.ex-tplist .tppost-827 .tpstyle-19-image:before{ border-top-color:#ae1022}\n\t\t\t#extp-7135.ex-tplist .tppost-827 { background:#ae1022}\n\t\t\n\t<\/style>\n\t<\/figure>\t\t\t\t\t<div class=\"exclearfix\"><\/div>\n\t\t\t\t\t<\/div>\n\t\t\t\t\t<\/div><div class=\"item-grid\" data-id=\"ex_id-extp-7135-143439\"> \t\t\t\t\t<div class=\"exp-arrow exlightbox exlb-extp-7135\" \n\t\t\t\t\t href=\"https:\/\/basel.upthere.studio\/\/wp-content\/uploads\/2018\/02\/Lauren-Dickel.png\" data-glightbox=\"descPosition: right;\" data-class=\"exlb-extp-7135\" >\n\t\t\t\t\t\t\t\t\t<div class=\"glightbox-desc\">\n\t\t      <div class=\"exp-lightbox-info\">\n\t<div class=\"lb-image\"><a href=\"https:\/\/basel.upthere.studio\/?ex_team=lauren-dickel\"><img loading=\"lazy\" decoding=\"async\" width=\"500\" height=\"500\" src=\"https:\/\/basel.upthere.studio\/\/wp-content\/uploads\/2018\/02\/Lauren-Dickel.png\" class=\"attachment-full size-full wp-post-image\" alt=\"\" srcset=\"https:\/\/basel.upthere.studio\/\/wp-content\/uploads\/2018\/02\/Lauren-Dickel.png 500w, https:\/\/basel.upthere.studio\/\/wp-content\/uploads\/2018\/02\/Lauren-Dickel-300x300.png 300w, https:\/\/basel.upthere.studio\/\/wp-content\/uploads\/2018\/02\/Lauren-Dickel-150x150.png 150w, https:\/\/basel.upthere.studio\/\/wp-content\/uploads\/2018\/02\/Lauren-Dickel-140x140.png 140w, https:\/\/basel.upthere.studio\/\/wp-content\/uploads\/2018\/02\/Lauren-Dickel-100x100.png 100w, https:\/\/basel.upthere.studio\/\/wp-content\/uploads\/2018\/02\/Lauren-Dickel-350x350.png 350w\" sizes=\"(max-width: 500px) 100vw, 500px\" \/><\/a><\/div>\n    <div class=\"lb-info\">\n        <h3><a href=\"https:\/\/basel.upthere.studio\/?ex_team=lauren-dickel\">Lauren Dickel<\/a><\/h3>\n        <div class=\"exp-lightbox-meta\">\n            <div class=\"lb-social\"><ul class ='ex-social-account'><li class='teampress-linkedin'><a href='https:\/\/www.linkedin.com\/in\/laurenedickel?miniProfileUrn=urnlifs_miniProfileACoAAAl6X10B3Umu3ACd4iWfzYWUHnOfpr9Es-o&#038;lipi=urnlipaged_flagship3_search_srp_allXs1PDN8TjaRXUrEPgIf2A'><i class='fab fa-linkedin-in'><\/i><\/a><\/li><li class='teampress-email'><a href='mailto:lauren.dickel@baselarea.swiss'><i class='far fa-envelope'><\/i><\/a><\/li><\/ul><\/div>\n                          <h5><span>Position: <\/span>Community and Operations Manager<\/h5>\n                                                  <h5><span> Email: <\/span><a href=\"mailto:lauren.dickel@baselarea.swiss\">lauren.dickel@baselarea.swiss<\/a><\/h5>\n                    <\/div>\n        <p><p>Lauren joined Basel Area Business &amp; Innovation in 2025, bringing extensive experience in managing events, operations, and large-scale programs across tech, nonprofit, and cultural sectors. Before joining Basel Area Business, she oversaw complex events and operations at Massachusetts Institute of Technology (MIT) in Boston, contributed to customer adoption and retention strategies at a high-growth SaaS company in Germany, and held leadership roles at prominent cultural institutions in New York City. Her work has centred on operational strategy, community engagement, and fostering collaboration across sectors to drive innovation and bridge diverse ideas.<\/p>\n<p>Lauren holds a Master\u2019s degree in Non-profit Arts Management from American University and Bachelor\u2019s degrees in German and Voice (Opera) Performance from Oberlin College Conservatory of Music.<\/p>\n<div id=\"highlighter--hover-tools\" style=\"display: none;\">\n<div id=\"highlighter--hover-tools--container\">\n<div class=\"highlighter--icon highlighter--icon-copy\" title=\"Copy\"><\/div>\n<div class=\"highlighter--icon highlighter--icon-change-color\" title=\"Change Color\"><\/div>\n<div class=\"highlighter--icon highlighter--icon-delete\" title=\"Delete\"><\/div>\n<\/div>\n<\/div>\n<p>&nbsp;<\/p>\n<\/p>\n    <\/div>\n<\/div>\t\t    <\/div>\n    \t\t\t\t\t\t\t<figure class=\"tpstyle-19 tppost-143439\">\n  <div class=\"tpstyle-19-image\">\n    <a href=\"https:\/\/basel.upthere.studio\/?ex_team=lauren-dickel\" class=\"\">\n      <img loading=\"lazy\" decoding=\"async\" width=\"500\" height=\"500\" src=\"https:\/\/basel.upthere.studio\/\/wp-content\/uploads\/2018\/02\/Lauren-Dickel.png\" class=\"attachment-full size-full wp-post-image\" alt=\"\" srcset=\"https:\/\/basel.upthere.studio\/\/wp-content\/uploads\/2018\/02\/Lauren-Dickel.png 500w, https:\/\/basel.upthere.studio\/\/wp-content\/uploads\/2018\/02\/Lauren-Dickel-300x300.png 300w, https:\/\/basel.upthere.studio\/\/wp-content\/uploads\/2018\/02\/Lauren-Dickel-150x150.png 150w, https:\/\/basel.upthere.studio\/\/wp-content\/uploads\/2018\/02\/Lauren-Dickel-140x140.png 140w, https:\/\/basel.upthere.studio\/\/wp-content\/uploads\/2018\/02\/Lauren-Dickel-100x100.png 100w, https:\/\/basel.upthere.studio\/\/wp-content\/uploads\/2018\/02\/Lauren-Dickel-350x350.png 350w\" sizes=\"(max-width: 500px) 100vw, 500px\" \/>          <\/a>\n    \t<p>Click for full profile<\/p>\n\t  <\/div>\n  <figcaption>\n    <h3><a href=\"https:\/\/basel.upthere.studio\/?ex_team=lauren-dickel\">Lauren Dickel<\/a><\/h3>\n            <h5>Community and Operations Manager<\/h5>\n        <div class=\"tpstyle-19-icons\">\n      <ul class ='ex-social-account'><li class='teampress-linkedin'><a href='https:\/\/www.linkedin.com\/in\/laurenedickel?miniProfileUrn=urnlifs_miniProfileACoAAAl6X10B3Umu3ACd4iWfzYWUHnOfpr9Es-o&#038;lipi=urnlipaged_flagship3_search_srp_allXs1PDN8TjaRXUrEPgIf2A'><i class='fab fa-linkedin-in'><\/i><\/a><\/li><li class='teampress-email'><a href='mailto:lauren.dickel@baselarea.swiss'><i class='far fa-envelope'><\/i><\/a><\/li><\/ul>    <\/div>\n  <\/figcaption>\n  \t<style type=\"text\/css\">\n\t\t\t\t\t#extp-7135.ex-tplist .tppost-143439 h5{ color:#ae1022}\n\t\t\t#extp-7135.ex-tplist .tppost-143439 .tpstyle-19-image{ border-color:#ae1022}\n\t\t\t#extp-7135.ex-tplist .tppost-143439 .tpstyle-19-image:before{ border-top-color:#ae1022}\n\t\t\t#extp-7135.ex-tplist .tppost-143439 { background:#ae1022}\n\t\t\n\t<\/style>\n\t<\/figure>\t\t\t\t\t<div class=\"exclearfix\"><\/div>\n\t\t\t\t\t<\/div>\n\t\t\t\t\t<\/div><div class=\"item-grid\" data-id=\"ex_id-extp-7135-155883\"> \t\t\t\t\t<div class=\"exp-arrow exlightbox exlb-extp-7135\" \n\t\t\t\t\t href=\"https:\/\/basel.upthere.studio\/\/wp-content\/uploads\/2018\/03\/Lauriane-Marchand.png\" data-glightbox=\"descPosition: right;\" data-class=\"exlb-extp-7135\" >\n\t\t\t\t\t\t\t\t\t<div class=\"glightbox-desc\">\n\t\t      <div class=\"exp-lightbox-info\">\n\t<div class=\"lb-image\"><a href=\"https:\/\/basel.upthere.studio\/?ex_team=lauriane-marchand\"><img loading=\"lazy\" decoding=\"async\" width=\"500\" height=\"500\" src=\"https:\/\/basel.upthere.studio\/\/wp-content\/uploads\/2018\/03\/Lauriane-Marchand.png\" class=\"attachment-full size-full wp-post-image\" alt=\"\" srcset=\"https:\/\/basel.upthere.studio\/\/wp-content\/uploads\/2018\/03\/Lauriane-Marchand.png 500w, https:\/\/basel.upthere.studio\/\/wp-content\/uploads\/2018\/03\/Lauriane-Marchand-300x300.png 300w, https:\/\/basel.upthere.studio\/\/wp-content\/uploads\/2018\/03\/Lauriane-Marchand-150x150.png 150w, https:\/\/basel.upthere.studio\/\/wp-content\/uploads\/2018\/03\/Lauriane-Marchand-140x140.png 140w, https:\/\/basel.upthere.studio\/\/wp-content\/uploads\/2018\/03\/Lauriane-Marchand-100x100.png 100w, https:\/\/basel.upthere.studio\/\/wp-content\/uploads\/2018\/03\/Lauriane-Marchand-350x350.png 350w\" sizes=\"(max-width: 500px) 100vw, 500px\" \/><\/a><\/div>\n    <div class=\"lb-info\">\n        <h3><a href=\"https:\/\/basel.upthere.studio\/?ex_team=lauriane-marchand\">Lauriane Marchand<\/a><\/h3>\n        <div class=\"exp-lightbox-meta\">\n            <div class=\"lb-social\"><ul class ='ex-social-account'><li class='teampress-linkedin'><a href='https:\/\/www.linkedin.com\/in\/lauriane-marchand-431b86191\/'><i class='fab fa-linkedin-in'><\/i><\/a><\/li><li class='teampress-email'><a href='mailto:lauriane.marchand@baselarea.swiss'><i class='far fa-envelope'><\/i><\/a><\/li><\/ul><\/div>\n                          <h5><span>Position: <\/span>Manager Operational Services<\/h5>\n                                                  <h5><span> Email: <\/span><a href=\"mailto:lauriane.marchand@baselarea.swiss\">lauriane.marchand@baselarea.swiss<\/a><\/h5>\n                    <\/div>\n        <p><p>Lauriane Marchand joined Basel Area &amp; Business Innovation in 2024.<\/p>\n<p>After earning a business degree, Lauriane enhanced her language skills in an international setting. Upon returning to Switzerland, she worked with different organizations within the watchmaking industry, taking on various administrative roles, including Sales and Marketing. She is currently expanding her professional expertise with further training in Communications and Business Economics.<\/p>\n<p><strong>Are you interested in a regular news flash from the Basel Area? Click\u00a0<a href=\"https:\/\/baselarea.swiss\/newsletter-signup\/\">here<\/a> to sign up to our Newsletters.<\/strong><\/p>\n<\/p>\n    <\/div>\n<\/div>\t\t    <\/div>\n    \t\t\t\t\t\t\t<figure class=\"tpstyle-19 tppost-155883\">\n  <div class=\"tpstyle-19-image\">\n    <a href=\"https:\/\/basel.upthere.studio\/?ex_team=lauriane-marchand\" class=\"\">\n      <img loading=\"lazy\" decoding=\"async\" width=\"500\" height=\"500\" src=\"https:\/\/basel.upthere.studio\/\/wp-content\/uploads\/2018\/03\/Lauriane-Marchand.png\" class=\"attachment-full size-full wp-post-image\" alt=\"\" srcset=\"https:\/\/basel.upthere.studio\/\/wp-content\/uploads\/2018\/03\/Lauriane-Marchand.png 500w, https:\/\/basel.upthere.studio\/\/wp-content\/uploads\/2018\/03\/Lauriane-Marchand-300x300.png 300w, https:\/\/basel.upthere.studio\/\/wp-content\/uploads\/2018\/03\/Lauriane-Marchand-150x150.png 150w, https:\/\/basel.upthere.studio\/\/wp-content\/uploads\/2018\/03\/Lauriane-Marchand-140x140.png 140w, https:\/\/basel.upthere.studio\/\/wp-content\/uploads\/2018\/03\/Lauriane-Marchand-100x100.png 100w, https:\/\/basel.upthere.studio\/\/wp-content\/uploads\/2018\/03\/Lauriane-Marchand-350x350.png 350w\" sizes=\"(max-width: 500px) 100vw, 500px\" \/>          <\/a>\n    \t<p>Click for full profile<\/p>\n\t  <\/div>\n  <figcaption>\n    <h3><a href=\"https:\/\/basel.upthere.studio\/?ex_team=lauriane-marchand\">Lauriane Marchand<\/a><\/h3>\n            <h5>Manager Operational Services<\/h5>\n        <div class=\"tpstyle-19-icons\">\n      <ul class ='ex-social-account'><li class='teampress-linkedin'><a href='https:\/\/www.linkedin.com\/in\/lauriane-marchand-431b86191\/'><i class='fab fa-linkedin-in'><\/i><\/a><\/li><li class='teampress-email'><a href='mailto:lauriane.marchand@baselarea.swiss'><i class='far fa-envelope'><\/i><\/a><\/li><\/ul>    <\/div>\n  <\/figcaption>\n  \t<style type=\"text\/css\">\n\t\t\t\t\t#extp-7135.ex-tplist .tppost-155883 h5{ color:#ae1022}\n\t\t\t#extp-7135.ex-tplist .tppost-155883 .tpstyle-19-image{ border-color:#ae1022}\n\t\t\t#extp-7135.ex-tplist .tppost-155883 .tpstyle-19-image:before{ border-top-color:#ae1022}\n\t\t\t#extp-7135.ex-tplist .tppost-155883 { background:#ae1022}\n\t\t\n\t<\/style>\n\t<\/figure>\t\t\t\t\t<div class=\"exclearfix\"><\/div>\n\t\t\t\t\t<\/div>\n\t\t\t\t\t<\/div><div class=\"item-grid\" data-id=\"ex_id-extp-7135-155563\"> \t\t\t\t\t<div class=\"exp-arrow exlightbox exlb-extp-7135\" \n\t\t\t\t\t href=\"https:\/\/basel.upthere.studio\/\/wp-content\/uploads\/2023\/01\/Piotr_Chawray_36_web-1-e1684922894724.jpg\" data-glightbox=\"descPosition: right;\" data-class=\"exlb-extp-7135\" >\n\t\t\t\t\t\t\t\t\t<div class=\"glightbox-desc\">\n\t\t      <div class=\"exp-lightbox-info\">\n\t<div class=\"lb-image\"><a href=\"https:\/\/basel.upthere.studio\/?ex_team=piotr-chawraj\"><img loading=\"lazy\" decoding=\"async\" width=\"500\" height=\"499\" src=\"https:\/\/basel.upthere.studio\/\/wp-content\/uploads\/2023\/01\/Piotr_Chawray_36_web-1-e1684922894724.jpg\" class=\"attachment-full size-full wp-post-image\" alt=\"\" srcset=\"https:\/\/basel.upthere.studio\/\/wp-content\/uploads\/2023\/01\/Piotr_Chawray_36_web-1-e1684922894724.jpg 500w, https:\/\/basel.upthere.studio\/\/wp-content\/uploads\/2023\/01\/Piotr_Chawray_36_web-1-e1684922894724-300x300.jpg 300w, https:\/\/basel.upthere.studio\/\/wp-content\/uploads\/2023\/01\/Piotr_Chawray_36_web-1-e1684922894724-150x150.jpg 150w, https:\/\/basel.upthere.studio\/\/wp-content\/uploads\/2023\/01\/Piotr_Chawray_36_web-1-e1684922894724-100x100.jpg 100w, https:\/\/basel.upthere.studio\/\/wp-content\/uploads\/2023\/01\/Piotr_Chawray_36_web-1-e1684922894724-140x140.jpg 140w, https:\/\/basel.upthere.studio\/\/wp-content\/uploads\/2023\/01\/Piotr_Chawray_36_web-1-e1684922894724-350x350.jpg 350w\" sizes=\"(max-width: 500px) 100vw, 500px\" \/><\/a><\/div>\n    <div class=\"lb-info\">\n        <h3><a href=\"https:\/\/basel.upthere.studio\/?ex_team=piotr-chawraj\">Piotr Chawraj<\/a><\/h3>\n        <div class=\"exp-lightbox-meta\">\n            <div class=\"lb-social\"><ul class ='ex-social-account'><li class='teampress-linkedin'><a href='https:\/\/www.linkedin.com\/in\/piotr-chawraj-535837186\/'><i class='fab fa-linkedin-in'><\/i><\/a><\/li><li class='teampress-email'><a href='mailto:piotr.chawraj@baselarea.swiss'><i class='far fa-envelope'><\/i><\/a><\/li><\/ul><\/div>\n                          <h5><span>Position: <\/span>Manager Operational Services<\/h5>\n                                                  <h5><span> Email: <\/span><a href=\"mailto:piotr.chawraj@baselarea.swiss\">piotr.chawraj@baselarea.swiss<\/a><\/h5>\n                    <\/div>\n        <p><p>&nbsp;<\/p>\n<p>Piotr Chawraj joined Basel Area Business &amp; Innovation in 2022.<\/p>\n<p>As Manager Operational Services, Piotr is part of the Innovation Space &amp; Infrastructure team at Switzerland Innovation Park Basel Area.<\/p>\n<p>Prior to that, he worked in the Shared services team at Basel Area Business &amp; Innovation.<\/p>\n<p>Piotr completed the WMS Reinach in 2023 and an internship in the Innovation Space &amp; Infrastructure team at the Switzerland Innovation Park Basel Area.<\/p>\n<p>He is currently training to become a specialist in business data processing.<\/p>\n<p><strong>Are you looking for a flexible workspace, a plug-and-play lab, a community of great minds, and a range of services to support your startup? Find out how we can support you at the<\/strong> <strong><a href=\"https:\/\/sip-baselarea.com\/basel-and-novartis-campus\/\" target=\"_blank\" rel=\"noopener\">Novartis Campus in Basel.<\/a><\/strong><\/p>\n<div id=\"highlighter--hover-tools\" style=\"display: none;\">\n<div id=\"highlighter--hover-tools--container\">\n<div class=\"highlighter--icon highlighter--icon-copy\" title=\"Copy\"><\/div>\n<div class=\"highlighter--icon highlighter--icon-change-color\" title=\"Change Color\"><\/div>\n<div class=\"highlighter--icon highlighter--icon-delete\" title=\"Delete\"><\/div>\n<\/div>\n<\/div>\n<p>&nbsp;<\/p>\n<\/p>\n    <\/div>\n<\/div>\t\t    <\/div>\n    \t\t\t\t\t\t\t<figure class=\"tpstyle-19 tppost-155563\">\n  <div class=\"tpstyle-19-image\">\n    <a href=\"https:\/\/basel.upthere.studio\/?ex_team=piotr-chawraj\" class=\"\">\n      <img loading=\"lazy\" decoding=\"async\" width=\"500\" height=\"499\" src=\"https:\/\/basel.upthere.studio\/\/wp-content\/uploads\/2023\/01\/Piotr_Chawray_36_web-1-e1684922894724.jpg\" class=\"attachment-full size-full wp-post-image\" alt=\"\" srcset=\"https:\/\/basel.upthere.studio\/\/wp-content\/uploads\/2023\/01\/Piotr_Chawray_36_web-1-e1684922894724.jpg 500w, https:\/\/basel.upthere.studio\/\/wp-content\/uploads\/2023\/01\/Piotr_Chawray_36_web-1-e1684922894724-300x300.jpg 300w, https:\/\/basel.upthere.studio\/\/wp-content\/uploads\/2023\/01\/Piotr_Chawray_36_web-1-e1684922894724-150x150.jpg 150w, https:\/\/basel.upthere.studio\/\/wp-content\/uploads\/2023\/01\/Piotr_Chawray_36_web-1-e1684922894724-100x100.jpg 100w, https:\/\/basel.upthere.studio\/\/wp-content\/uploads\/2023\/01\/Piotr_Chawray_36_web-1-e1684922894724-140x140.jpg 140w, https:\/\/basel.upthere.studio\/\/wp-content\/uploads\/2023\/01\/Piotr_Chawray_36_web-1-e1684922894724-350x350.jpg 350w\" sizes=\"(max-width: 500px) 100vw, 500px\" \/>          <\/a>\n    \t<p>Click for full profile<\/p>\n\t  <\/div>\n  <figcaption>\n    <h3><a href=\"https:\/\/basel.upthere.studio\/?ex_team=piotr-chawraj\">Piotr Chawraj<\/a><\/h3>\n            <h5>Manager Operational Services<\/h5>\n        <div class=\"tpstyle-19-icons\">\n      <ul class ='ex-social-account'><li class='teampress-linkedin'><a href='https:\/\/www.linkedin.com\/in\/piotr-chawraj-535837186\/'><i class='fab fa-linkedin-in'><\/i><\/a><\/li><li class='teampress-email'><a href='mailto:piotr.chawraj@baselarea.swiss'><i class='far fa-envelope'><\/i><\/a><\/li><\/ul>    <\/div>\n  <\/figcaption>\n  \t<style type=\"text\/css\">\n\t\t\t\t\t#extp-7135.ex-tplist .tppost-155563 h5{ color:#ae1022}\n\t\t\t#extp-7135.ex-tplist .tppost-155563 .tpstyle-19-image{ border-color:#ae1022}\n\t\t\t#extp-7135.ex-tplist .tppost-155563 .tpstyle-19-image:before{ border-top-color:#ae1022}\n\t\t\t#extp-7135.ex-tplist .tppost-155563 { background:#ae1022}\n\t\t\n\t<\/style>\n\t<\/figure>\t\t\t\t\t<div class=\"exclearfix\"><\/div>\n\t\t\t\t\t<\/div>\n\t\t\t\t\t<\/div><div class=\"item-grid\" data-id=\"ex_id-extp-7135-697\"> \t\t\t\t\t<div class=\"exp-arrow exlightbox exlb-extp-7135\" \n\t\t\t\t\t href=\"https:\/\/basel.upthere.studio\/\/wp-content\/uploads\/2019\/12\/Rahel_Schneider_037_web.jpg.jpg\" data-glightbox=\"descPosition: right;\" data-class=\"exlb-extp-7135\" >\n\t\t\t\t\t\t\t\t\t<div class=\"glightbox-desc\">\n\t\t      <div class=\"exp-lightbox-info\">\n\t<div class=\"lb-image\"><a href=\"https:\/\/basel.upthere.studio\/?ex_team=rahel-schneider\"><img loading=\"lazy\" decoding=\"async\" width=\"500\" height=\"500\" src=\"https:\/\/basel.upthere.studio\/\/wp-content\/uploads\/2019\/12\/Rahel_Schneider_037_web.jpg.jpg\" class=\"attachment-full size-full wp-post-image\" alt=\"\" srcset=\"https:\/\/basel.upthere.studio\/\/wp-content\/uploads\/2019\/12\/Rahel_Schneider_037_web.jpg.jpg 500w, https:\/\/basel.upthere.studio\/\/wp-content\/uploads\/2019\/12\/Rahel_Schneider_037_web.jpg-300x300.jpg 300w, https:\/\/basel.upthere.studio\/\/wp-content\/uploads\/2019\/12\/Rahel_Schneider_037_web.jpg-150x150.jpg 150w, https:\/\/basel.upthere.studio\/\/wp-content\/uploads\/2019\/12\/Rahel_Schneider_037_web.jpg-100x100.jpg 100w, https:\/\/basel.upthere.studio\/\/wp-content\/uploads\/2019\/12\/Rahel_Schneider_037_web.jpg-140x140.jpg 140w, https:\/\/basel.upthere.studio\/\/wp-content\/uploads\/2019\/12\/Rahel_Schneider_037_web.jpg-350x350.jpg 350w\" sizes=\"(max-width: 500px) 100vw, 500px\" \/><\/a><\/div>\n    <div class=\"lb-info\">\n        <h3><a href=\"https:\/\/basel.upthere.studio\/?ex_team=rahel-schneider\">Rahel Schneider<\/a><\/h3>\n        <div class=\"exp-lightbox-meta\">\n            <div class=\"lb-social\"><ul class ='ex-social-account'><li class='teampress-linkedin'><a href='https:\/\/www.linkedin.com\/in\/rahelschneider\/'><i class='fab fa-linkedin-in'><\/i><\/a><\/li><li class='teampress-email'><a href='mailto:rahel.schneider@baselarea.swiss'><i class='far fa-envelope'><\/i><\/a><\/li><\/ul><\/div>\n                          <h5><span>Position: <\/span>Community Manager and Site Development<\/h5>\n                                                  <h5><span> Email: <\/span><a href=\"mailto:rahel.schneider@baselarea.swiss\">rahel.schneider@baselarea.swiss<\/a><\/h5>\n                    <\/div>\n        <p><p>Rahel Schneider joined Basel Area Business &amp; Innovation in 2016.<\/p>\n<p>Prior to this, she was employed as an Associate at the predecessor organization. She completed traineeships with Economic Development Basel-Stadt and Swiss International Air Lines and, during her studies, worked as a team assistant for OTP Organisation &amp; Training Partners, Actelion and Engel &amp; V\u00f6lkers Northwest Switzerland, among others.<\/p>\n<p>Rahel Schneider studied economics at the University of Basel until 2012 and completed her Master\u2019s degree in International Management in Basel and Cambridge in 2016.<\/p>\n<p><strong>Are you looking for a flexible workspace, a plug-and-play lab, a community of great minds, and a range of services to support your startup? Find out how we can support you at the<\/strong> <strong><a href=\"https:\/\/sip-baselarea.com\/basel-and-novartis-campus\/\">Novartis Campus in Basel.<\/a><\/strong><\/p>\n<div id=\"highlighter--hover-tools\" style=\"display: none;\">\n<div id=\"highlighter--hover-tools--container\">\n<div class=\"highlighter--icon highlighter--icon-copy\" title=\"Copy\"><\/div>\n<div class=\"highlighter--icon highlighter--icon-change-color\" title=\"Change Color\"><\/div>\n<div class=\"highlighter--icon highlighter--icon-delete\" title=\"Delete\"><\/div>\n<\/div>\n<\/div>\n<div id=\"highlighter--hover-tools\" style=\"display: none;\">\n<div id=\"highlighter--hover-tools--container\">\n<div class=\"highlighter--icon highlighter--icon-copy\" title=\"Copy\"><\/div>\n<div class=\"highlighter--icon highlighter--icon-change-color\" title=\"Change Color\"><\/div>\n<div class=\"highlighter--icon highlighter--icon-delete\" title=\"Delete\"><\/div>\n<\/div>\n<\/div>\n<p>&nbsp;<\/p>\n<\/p>\n    <\/div>\n<\/div>\t\t    <\/div>\n    \t\t\t\t\t\t\t<figure class=\"tpstyle-19 tppost-697\">\n  <div class=\"tpstyle-19-image\">\n    <a href=\"https:\/\/basel.upthere.studio\/?ex_team=rahel-schneider\" class=\"\">\n      <img loading=\"lazy\" decoding=\"async\" width=\"500\" height=\"500\" src=\"https:\/\/basel.upthere.studio\/\/wp-content\/uploads\/2019\/12\/Rahel_Schneider_037_web.jpg.jpg\" class=\"attachment-full size-full wp-post-image\" alt=\"\" srcset=\"https:\/\/basel.upthere.studio\/\/wp-content\/uploads\/2019\/12\/Rahel_Schneider_037_web.jpg.jpg 500w, https:\/\/basel.upthere.studio\/\/wp-content\/uploads\/2019\/12\/Rahel_Schneider_037_web.jpg-300x300.jpg 300w, https:\/\/basel.upthere.studio\/\/wp-content\/uploads\/2019\/12\/Rahel_Schneider_037_web.jpg-150x150.jpg 150w, https:\/\/basel.upthere.studio\/\/wp-content\/uploads\/2019\/12\/Rahel_Schneider_037_web.jpg-100x100.jpg 100w, https:\/\/basel.upthere.studio\/\/wp-content\/uploads\/2019\/12\/Rahel_Schneider_037_web.jpg-140x140.jpg 140w, https:\/\/basel.upthere.studio\/\/wp-content\/uploads\/2019\/12\/Rahel_Schneider_037_web.jpg-350x350.jpg 350w\" sizes=\"(max-width: 500px) 100vw, 500px\" \/>          <\/a>\n    \t<p>Click for full profile<\/p>\n\t  <\/div>\n  <figcaption>\n    <h3><a href=\"https:\/\/basel.upthere.studio\/?ex_team=rahel-schneider\">Rahel Schneider<\/a><\/h3>\n            <h5>Community Manager and Site Development<\/h5>\n        <div class=\"tpstyle-19-icons\">\n      <ul class ='ex-social-account'><li class='teampress-linkedin'><a href='https:\/\/www.linkedin.com\/in\/rahelschneider\/'><i class='fab fa-linkedin-in'><\/i><\/a><\/li><li class='teampress-email'><a href='mailto:rahel.schneider@baselarea.swiss'><i class='far fa-envelope'><\/i><\/a><\/li><\/ul>    <\/div>\n  <\/figcaption>\n  \t<style type=\"text\/css\">\n\t\t\t\t\t#extp-7135.ex-tplist .tppost-697 h5{ color:#ae1022}\n\t\t\t#extp-7135.ex-tplist .tppost-697 .tpstyle-19-image{ border-color:#ae1022}\n\t\t\t#extp-7135.ex-tplist .tppost-697 .tpstyle-19-image:before{ border-top-color:#ae1022}\n\t\t\t#extp-7135.ex-tplist .tppost-697 { background:#ae1022}\n\t\t\n\t<\/style>\n\t<\/figure>\t\t\t\t\t<div class=\"exclearfix\"><\/div>\n\t\t\t\t\t<\/div>\n\t\t\t\t\t<\/div><div class=\"item-grid\" data-id=\"ex_id-extp-7135-158775\"> \t\t\t\t\t<div class=\"exp-arrow exlightbox exlb-extp-7135\" \n\t\t\t\t\t href=\"https:\/\/basel.upthere.studio\/\/wp-content\/uploads\/2025\/08\/6-1.png\" data-glightbox=\"descPosition: right;\" data-class=\"exlb-extp-7135\" >\n\t\t\t\t\t\t\t\t\t<div class=\"glightbox-desc\">\n\t\t      <div class=\"exp-lightbox-info\">\n\t<div class=\"lb-image\"><a href=\"https:\/\/basel.upthere.studio\/?ex_team=sema-karahan\"><img loading=\"lazy\" decoding=\"async\" width=\"500\" height=\"500\" src=\"https:\/\/basel.upthere.studio\/\/wp-content\/uploads\/2025\/08\/6-1.png\" class=\"attachment-full size-full wp-post-image\" alt=\"\" srcset=\"https:\/\/basel.upthere.studio\/\/wp-content\/uploads\/2025\/08\/6-1.png 500w, https:\/\/basel.upthere.studio\/\/wp-content\/uploads\/2025\/08\/6-1-300x300.png 300w, https:\/\/basel.upthere.studio\/\/wp-content\/uploads\/2025\/08\/6-1-150x150.png 150w, https:\/\/basel.upthere.studio\/\/wp-content\/uploads\/2025\/08\/6-1-140x140.png 140w, https:\/\/basel.upthere.studio\/\/wp-content\/uploads\/2025\/08\/6-1-100x100.png 100w, https:\/\/basel.upthere.studio\/\/wp-content\/uploads\/2025\/08\/6-1-350x350.png 350w\" sizes=\"(max-width: 500px) 100vw, 500px\" \/><\/a><\/div>\n    <div class=\"lb-info\">\n        <h3><a href=\"https:\/\/basel.upthere.studio\/?ex_team=sema-karahan\">Sema Karahan<\/a><\/h3>\n        <div class=\"exp-lightbox-meta\">\n            <div class=\"lb-social\"><ul class ='ex-social-account'><li class='teampress-email'><a href='mailto:sema.karahan@baselarea.swiss'><i class='far fa-envelope'><\/i><\/a><\/li><\/ul><\/div>\n                          <h5><span>Position: <\/span>Intern Innovation Space and Infrastructure<\/h5>\n                                                  <h5><span> Email: <\/span><a href=\"mailto:sema.karahan@baselarea.swiss\">sema.karahan@baselarea.swiss<\/a><\/h5>\n                    <\/div>\n        <p><p><span data-teams=\"true\">Sema Karahan <\/span>has been working for Basel Area Business &amp; Innovation since 2025.<\/p>\n<p><span data-teams=\"true\">I\u2019m currently in my last year of business school, where the internship is part of my program. From summer 2025 I am supporting the reception at Switzerland Innovation Park Basel Area Main Campus\u00a0 and getting my first work experience in a professional environment. I\u2019m excited to meet new people and learn more about the world of business and innovation.\u00a0<\/span><\/p>\n<p><strong>Are you interested in a regular news flash from the Basel Area? Click <a href=\"https:\/\/baselarea.swiss\/newsletter-signup\/\">here<\/a> to sign up to our Newsletters.<\/strong><\/p>\n<\/p>\n    <\/div>\n<\/div>\t\t    <\/div>\n    \t\t\t\t\t\t\t<figure class=\"tpstyle-19 tppost-158775\">\n  <div class=\"tpstyle-19-image\">\n    <a href=\"https:\/\/basel.upthere.studio\/?ex_team=sema-karahan\" class=\"\">\n      <img loading=\"lazy\" decoding=\"async\" width=\"500\" height=\"500\" src=\"https:\/\/basel.upthere.studio\/\/wp-content\/uploads\/2025\/08\/6-1.png\" class=\"attachment-full size-full wp-post-image\" alt=\"\" srcset=\"https:\/\/basel.upthere.studio\/\/wp-content\/uploads\/2025\/08\/6-1.png 500w, https:\/\/basel.upthere.studio\/\/wp-content\/uploads\/2025\/08\/6-1-300x300.png 300w, https:\/\/basel.upthere.studio\/\/wp-content\/uploads\/2025\/08\/6-1-150x150.png 150w, https:\/\/basel.upthere.studio\/\/wp-content\/uploads\/2025\/08\/6-1-140x140.png 140w, https:\/\/basel.upthere.studio\/\/wp-content\/uploads\/2025\/08\/6-1-100x100.png 100w, https:\/\/basel.upthere.studio\/\/wp-content\/uploads\/2025\/08\/6-1-350x350.png 350w\" sizes=\"(max-width: 500px) 100vw, 500px\" \/>          <\/a>\n    \t<p>Click for full profile<\/p>\n\t  <\/div>\n  <figcaption>\n    <h3><a href=\"https:\/\/basel.upthere.studio\/?ex_team=sema-karahan\">Sema Karahan<\/a><\/h3>\n            <h5>Intern Innovation Space and Infrastructure<\/h5>\n        <div class=\"tpstyle-19-icons\">\n      <ul class ='ex-social-account'><li class='teampress-email'><a href='mailto:sema.karahan@baselarea.swiss'><i class='far fa-envelope'><\/i><\/a><\/li><\/ul>    <\/div>\n  <\/figcaption>\n  \t<style type=\"text\/css\">\n\t\t\t\t\t#extp-7135.ex-tplist .tppost-158775 h5{ color:#ae1022}\n\t\t\t#extp-7135.ex-tplist .tppost-158775 .tpstyle-19-image{ border-color:#ae1022}\n\t\t\t#extp-7135.ex-tplist .tppost-158775 .tpstyle-19-image:before{ border-top-color:#ae1022}\n\t\t\t#extp-7135.ex-tplist .tppost-158775 { background:#ae1022}\n\t\t\n\t<\/style>\n\t<\/figure>\t\t\t\t\t<div class=\"exclearfix\"><\/div>\n\t\t\t\t\t<\/div>\n\t\t\t\t\t<\/div><div class=\"item-grid\" data-id=\"ex_id-extp-7135-152253\"> \t\t\t\t\t<div class=\"exp-arrow exlightbox exlb-extp-7135\" \n\t\t\t\t\t href=\"https:\/\/basel.upthere.studio\/\/wp-content\/uploads\/2023\/10\/Tebbe-de-Vries.jpg\" data-glightbox=\"descPosition: right;\" data-class=\"exlb-extp-7135\" >\n\t\t\t\t\t\t\t\t\t<div class=\"glightbox-desc\">\n\t\t      <div class=\"exp-lightbox-info\">\n\t<div class=\"lb-image\"><a href=\"https:\/\/basel.upthere.studio\/?ex_team=tebbe-de-vries\"><img loading=\"lazy\" decoding=\"async\" width=\"500\" height=\"500\" src=\"https:\/\/basel.upthere.studio\/\/wp-content\/uploads\/2023\/10\/Tebbe-de-Vries.jpg\" class=\"attachment-full size-full wp-post-image\" alt=\"\" srcset=\"https:\/\/basel.upthere.studio\/\/wp-content\/uploads\/2023\/10\/Tebbe-de-Vries.jpg 500w, https:\/\/basel.upthere.studio\/\/wp-content\/uploads\/2023\/10\/Tebbe-de-Vries-300x300.jpg 300w, https:\/\/basel.upthere.studio\/\/wp-content\/uploads\/2023\/10\/Tebbe-de-Vries-150x150.jpg 150w, https:\/\/basel.upthere.studio\/\/wp-content\/uploads\/2023\/10\/Tebbe-de-Vries-140x140.jpg 140w, https:\/\/basel.upthere.studio\/\/wp-content\/uploads\/2023\/10\/Tebbe-de-Vries-100x100.jpg 100w, https:\/\/basel.upthere.studio\/\/wp-content\/uploads\/2023\/10\/Tebbe-de-Vries-350x350.jpg 350w\" sizes=\"(max-width: 500px) 100vw, 500px\" \/><\/a><\/div>\n    <div class=\"lb-info\">\n        <h3><a href=\"https:\/\/basel.upthere.studio\/?ex_team=tebbe-de-vries\">Tebbe de Vries<\/a><\/h3>\n        <div class=\"exp-lightbox-meta\">\n            <div class=\"lb-social\"><ul class ='ex-social-account'><li class='teampress-linkedin'><a href='https:\/\/www.linkedin.com\/in\/tebbe-de-vries-69545a209\/'><i class='fab fa-linkedin-in'><\/i><\/a><\/li><li class='teampress-email'><a href='mailto:tebbe.devries@baselarea.swiss'><i class='far fa-envelope'><\/i><\/a><\/li><\/ul><\/div>\n                          <h5><span>Position: <\/span>Manager Laboratory, Strategy and Development<\/h5>\n                                                  <h5><span> Email: <\/span><a href=\"mailto:tebbe.devries@baselarea.swiss\">tebbe.devries@baselarea.swiss<\/a><\/h5>\n                    <\/div>\n        <p><p>Dr. Tebbe de Vries joined Basel Area Business &amp; Innovation in 2023.<\/p>\n<p>Prior to this role, he worked as a senior scientist at Novartis Institutes for BioMedical Research (NIBR) in Basel, where he contributed to drug discovery projects with a primary focus on RNA therapeutics.<\/p>\n<p>Tebbe earned his doctorate in biochemistry and structural biology at ETH Zurich, following his studies in biology at the University of Halle-Wittenberg, Germany.<\/p>\n<p><strong>Are you looking for a flexible workspace, a plug-and-play lab, a community of great minds, and a range of services to support your startup? Find out how we can support you at the <\/strong><strong><a href=\"https:\/\/sip-baselarea.com\/maincampus\/\" target=\"_blank\" rel=\"noopener\">Main Campus Allschwil<\/a>.<\/strong><\/p>\n<\/p>\n    <\/div>\n<\/div>\t\t    <\/div>\n    \t\t\t\t\t\t\t<figure class=\"tpstyle-19 tppost-152253\">\n  <div class=\"tpstyle-19-image\">\n    <a href=\"https:\/\/basel.upthere.studio\/?ex_team=tebbe-de-vries\" class=\"\">\n      <img loading=\"lazy\" decoding=\"async\" width=\"500\" height=\"500\" src=\"https:\/\/basel.upthere.studio\/\/wp-content\/uploads\/2023\/10\/Tebbe-de-Vries.jpg\" class=\"attachment-full size-full wp-post-image\" alt=\"\" srcset=\"https:\/\/basel.upthere.studio\/\/wp-content\/uploads\/2023\/10\/Tebbe-de-Vries.jpg 500w, https:\/\/basel.upthere.studio\/\/wp-content\/uploads\/2023\/10\/Tebbe-de-Vries-300x300.jpg 300w, https:\/\/basel.upthere.studio\/\/wp-content\/uploads\/2023\/10\/Tebbe-de-Vries-150x150.jpg 150w, https:\/\/basel.upthere.studio\/\/wp-content\/uploads\/2023\/10\/Tebbe-de-Vries-140x140.jpg 140w, https:\/\/basel.upthere.studio\/\/wp-content\/uploads\/2023\/10\/Tebbe-de-Vries-100x100.jpg 100w, https:\/\/basel.upthere.studio\/\/wp-content\/uploads\/2023\/10\/Tebbe-de-Vries-350x350.jpg 350w\" sizes=\"(max-width: 500px) 100vw, 500px\" \/>          <\/a>\n    \t<p>Click for full profile<\/p>\n\t  <\/div>\n  <figcaption>\n    <h3><a href=\"https:\/\/basel.upthere.studio\/?ex_team=tebbe-de-vries\">Tebbe de Vries<\/a><\/h3>\n            <h5>Manager Laboratory, Strategy and Development<\/h5>\n        <div class=\"tpstyle-19-icons\">\n      <ul class ='ex-social-account'><li class='teampress-linkedin'><a href='https:\/\/www.linkedin.com\/in\/tebbe-de-vries-69545a209\/'><i class='fab fa-linkedin-in'><\/i><\/a><\/li><li class='teampress-email'><a href='mailto:tebbe.devries@baselarea.swiss'><i class='far fa-envelope'><\/i><\/a><\/li><\/ul>    <\/div>\n  <\/figcaption>\n  \t<style type=\"text\/css\">\n\t\t\t\t\t#extp-7135.ex-tplist .tppost-152253 h5{ color:#ae1022}\n\t\t\t#extp-7135.ex-tplist .tppost-152253 .tpstyle-19-image{ border-color:#ae1022}\n\t\t\t#extp-7135.ex-tplist .tppost-152253 .tpstyle-19-image:before{ border-top-color:#ae1022}\n\t\t\t#extp-7135.ex-tplist .tppost-152253 { background:#ae1022}\n\t\t\n\t<\/style>\n\t<\/figure>\t\t\t\t\t<div class=\"exclearfix\"><\/div>\n\t\t\t\t\t<\/div>\n\t\t\t\t\t<\/div><div class=\"item-grid\" data-id=\"ex_id-extp-7135-812\"> \t\t\t\t\t<div class=\"exp-arrow exlightbox exlb-extp-7135\" \n\t\t\t\t\t href=\"https:\/\/basel.upthere.studio\/\/wp-content\/uploads\/2019\/12\/Tiphaine_Charretier_53a_web.jpg.jpg\" data-glightbox=\"descPosition: right;\" data-class=\"exlb-extp-7135\" >\n\t\t\t\t\t\t\t\t\t<div class=\"glightbox-desc\">\n\t\t      <div class=\"exp-lightbox-info\">\n\t<div class=\"lb-image\"><a href=\"https:\/\/basel.upthere.studio\/?ex_team=tiphaine-charretier-ilgun\"><img loading=\"lazy\" decoding=\"async\" width=\"500\" height=\"500\" src=\"https:\/\/basel.upthere.studio\/\/wp-content\/uploads\/2019\/12\/Tiphaine_Charretier_53a_web.jpg.jpg\" class=\"attachment-full size-full wp-post-image\" alt=\"\" srcset=\"https:\/\/basel.upthere.studio\/\/wp-content\/uploads\/2019\/12\/Tiphaine_Charretier_53a_web.jpg.jpg 500w, https:\/\/basel.upthere.studio\/\/wp-content\/uploads\/2019\/12\/Tiphaine_Charretier_53a_web.jpg-300x300.jpg 300w, https:\/\/basel.upthere.studio\/\/wp-content\/uploads\/2019\/12\/Tiphaine_Charretier_53a_web.jpg-150x150.jpg 150w, https:\/\/basel.upthere.studio\/\/wp-content\/uploads\/2019\/12\/Tiphaine_Charretier_53a_web.jpg-100x100.jpg 100w, https:\/\/basel.upthere.studio\/\/wp-content\/uploads\/2019\/12\/Tiphaine_Charretier_53a_web.jpg-140x140.jpg 140w, https:\/\/basel.upthere.studio\/\/wp-content\/uploads\/2019\/12\/Tiphaine_Charretier_53a_web.jpg-350x350.jpg 350w\" sizes=\"(max-width: 500px) 100vw, 500px\" \/><\/a><\/div>\n    <div class=\"lb-info\">\n        <h3><a href=\"https:\/\/basel.upthere.studio\/?ex_team=tiphaine-charretier-ilgun\">Tiphaine Charretier-Ilg\u00fcn<\/a><\/h3>\n        <div class=\"exp-lightbox-meta\">\n            <div class=\"lb-social\"><ul class ='ex-social-account'><li class='teampress-linkedin'><a href='https:\/\/www.linkedin.com\/in\/tiphaine-charretier-4171529b\/'><i class='fab fa-linkedin-in'><\/i><\/a><\/li><li class='teampress-email'><a href='mailto:tiphaine.charretier@baselarea.swiss'><i class='far fa-envelope'><\/i><\/a><\/li><\/ul><\/div>\n                          <h5><span>Position: <\/span>Community Manager<\/h5>\n                                                  <h5><span> Email: <\/span><a href=\"mailto:tiphaine.charretier@baselarea.swiss\">tiphaine.charretier@baselarea.swiss<\/a><\/h5>\n                    <\/div>\n        <p><p>Tiphaine Charretier-Ilg\u00fcn has been working with Switzerland Innovation Park Basel Area since 2019.<\/p>\n<p>She previously worked as a Project Officer in a marketing\/communication agency in France. She gained experience in project management and client service. She was in charge of developing strategies in marketing\/communication and implementing plans. In her previous experience, she has also been involved in organizing different events.<\/p>\n<p>Tiphaine Charretier graduated from the University Haute-Alsace in France. She holds a Masters degree in project management focused on communication and a Bachelor degree in communication and multimedia.<\/p>\n<p><strong>Are you looking for a flexible workspace, a plug-and-play lab, a community of great minds, and a range of services to support your startup? Find out how we can support you at the <a href=\"https:\/\/sip-baselarea.com\/courroux-jura\/\" target=\"_blank\" rel=\"noopener\">Site Jura in Curroux<\/a>.<\/strong><\/p>\n<div id=\"highlighter--hover-tools\" style=\"display: none;\">\n<div id=\"highlighter--hover-tools--container\">\n<div class=\"highlighter--icon highlighter--icon-copy\" title=\"Copy\"><\/div>\n<div class=\"highlighter--icon highlighter--icon-change-color\" title=\"Change Color\"><\/div>\n<div class=\"highlighter--icon highlighter--icon-delete\" title=\"Delete\"><\/div>\n<\/div>\n<\/div>\n<div id=\"highlighter--hover-tools\" style=\"display: none;\">\n<div id=\"highlighter--hover-tools--container\">\n<div class=\"highlighter--icon highlighter--icon-copy\" title=\"Copy\"><\/div>\n<div class=\"highlighter--icon highlighter--icon-change-color\" title=\"Change Color\"><\/div>\n<div class=\"highlighter--icon highlighter--icon-delete\" title=\"Delete\"><\/div>\n<\/div>\n<\/div>\n<div id=\"highlighter--hover-tools\" style=\"display: none;\">\n<div id=\"highlighter--hover-tools--container\">\n<div class=\"highlighter--icon highlighter--icon-copy\" title=\"Copy\"><\/div>\n<div class=\"highlighter--icon highlighter--icon-change-color\" title=\"Change Color\"><\/div>\n<div class=\"highlighter--icon highlighter--icon-delete\" title=\"Delete\"><\/div>\n<\/div>\n<\/div>\n<div id=\"highlighter--hover-tools\" style=\"display: none;\">\n<div id=\"highlighter--hover-tools--container\">\n<div class=\"highlighter--icon highlighter--icon-copy\" title=\"Copy\"><\/div>\n<div class=\"highlighter--icon highlighter--icon-change-color\" title=\"Change Color\"><\/div>\n<div class=\"highlighter--icon highlighter--icon-delete\" title=\"Delete\"><\/div>\n<\/div>\n<\/div>\n<div id=\"highlighter--hover-tools\" style=\"display: none;\">\n<div id=\"highlighter--hover-tools--container\">\n<div class=\"highlighter--icon highlighter--icon-copy\" title=\"Copy\"><\/div>\n<div class=\"highlighter--icon highlighter--icon-change-color\" title=\"Change Color\"><\/div>\n<div class=\"highlighter--icon highlighter--icon-delete\" title=\"Delete\"><\/div>\n<\/div>\n<\/div>\n<p>&nbsp;<\/p>\n<\/p>\n    <\/div>\n<\/div>\t\t    <\/div>\n    \t\t\t\t\t\t\t<figure class=\"tpstyle-19 tppost-812\">\n  <div class=\"tpstyle-19-image\">\n    <a href=\"https:\/\/basel.upthere.studio\/?ex_team=tiphaine-charretier-ilgun\" class=\"\">\n      <img loading=\"lazy\" decoding=\"async\" width=\"500\" height=\"500\" src=\"https:\/\/basel.upthere.studio\/\/wp-content\/uploads\/2019\/12\/Tiphaine_Charretier_53a_web.jpg.jpg\" class=\"attachment-full size-full wp-post-image\" alt=\"\" srcset=\"https:\/\/basel.upthere.studio\/\/wp-content\/uploads\/2019\/12\/Tiphaine_Charretier_53a_web.jpg.jpg 500w, https:\/\/basel.upthere.studio\/\/wp-content\/uploads\/2019\/12\/Tiphaine_Charretier_53a_web.jpg-300x300.jpg 300w, https:\/\/basel.upthere.studio\/\/wp-content\/uploads\/2019\/12\/Tiphaine_Charretier_53a_web.jpg-150x150.jpg 150w, https:\/\/basel.upthere.studio\/\/wp-content\/uploads\/2019\/12\/Tiphaine_Charretier_53a_web.jpg-100x100.jpg 100w, https:\/\/basel.upthere.studio\/\/wp-content\/uploads\/2019\/12\/Tiphaine_Charretier_53a_web.jpg-140x140.jpg 140w, https:\/\/basel.upthere.studio\/\/wp-content\/uploads\/2019\/12\/Tiphaine_Charretier_53a_web.jpg-350x350.jpg 350w\" sizes=\"(max-width: 500px) 100vw, 500px\" \/>          <\/a>\n    \t<p>Click for full profile<\/p>\n\t  <\/div>\n  <figcaption>\n    <h3><a href=\"https:\/\/basel.upthere.studio\/?ex_team=tiphaine-charretier-ilgun\">Tiphaine Charretier-Ilg\u00fcn<\/a><\/h3>\n            <h5>Community Manager<\/h5>\n        <div class=\"tpstyle-19-icons\">\n      <ul class ='ex-social-account'><li class='teampress-linkedin'><a href='https:\/\/www.linkedin.com\/in\/tiphaine-charretier-4171529b\/'><i class='fab fa-linkedin-in'><\/i><\/a><\/li><li class='teampress-email'><a href='mailto:tiphaine.charretier@baselarea.swiss'><i class='far fa-envelope'><\/i><\/a><\/li><\/ul>    <\/div>\n  <\/figcaption>\n  \t<style type=\"text\/css\">\n\t\t\t\t\t#extp-7135.ex-tplist .tppost-812 h5{ color:#ae1022}\n\t\t\t#extp-7135.ex-tplist .tppost-812 .tpstyle-19-image{ border-color:#ae1022}\n\t\t\t#extp-7135.ex-tplist .tppost-812 .tpstyle-19-image:before{ border-top-color:#ae1022}\n\t\t\t#extp-7135.ex-tplist .tppost-812 { background:#ae1022}\n\t\t\n\t<\/style>\n\t<\/figure>\t\t\t\t\t<div class=\"exclearfix\"><\/div>\n\t\t\t\t\t<\/div>\n\t\t\t\t\t<\/div><div class=\"item-grid\" data-id=\"ex_id-extp-7135-963\"> \t\t\t\t\t<div class=\"exp-arrow exlightbox exlb-extp-7135\" \n\t\t\t\t\t href=\"https:\/\/basel.upthere.studio\/\/wp-content\/uploads\/2019\/12\/Team-profile-dept-red.jpg\" data-glightbox=\"descPosition: right;\" data-class=\"exlb-extp-7135\" >\n\t\t\t\t\t\t\t\t\t<div class=\"glightbox-desc\">\n\t\t      <div class=\"exp-lightbox-info\">\n\t<div class=\"lb-image\"><a href=\"https:\/\/basel.upthere.studio\/?ex_team=board\"><img decoding=\"async\" width=\"500\" height=\"500\" src=\"https:\/\/basel.upthere.studio\/\/wp-content\/uploads\/2019\/12\/Team-profile-dept-red.jpg\" class=\"attachment-full size-full wp-post-image\" alt=\"\" srcset=\"https:\/\/basel.upthere.studio\/\/wp-content\/uploads\/2019\/12\/Team-profile-dept-red.jpg 500w, https:\/\/basel.upthere.studio\/\/wp-content\/uploads\/2019\/12\/Team-profile-dept-red-300x300.jpg 300w, https:\/\/basel.upthere.studio\/\/wp-content\/uploads\/2019\/12\/Team-profile-dept-red-150x150.jpg 150w, https:\/\/basel.upthere.studio\/\/wp-content\/uploads\/2019\/12\/Team-profile-dept-red-100x100.jpg 100w, https:\/\/basel.upthere.studio\/\/wp-content\/uploads\/2019\/12\/Team-profile-dept-red-140x140.jpg 140w, https:\/\/basel.upthere.studio\/\/wp-content\/uploads\/2019\/12\/Team-profile-dept-red-350x350.jpg 350w\" sizes=\"(max-width: 500px) 100vw, 500px\" \/><\/a><\/div>\n    <div class=\"lb-info\">\n        <h3><a href=\"https:\/\/basel.upthere.studio\/?ex_team=board\">Board<\/a><\/h3>\n        <div class=\"exp-lightbox-meta\">\n            <div class=\"lb-social\"><ul class ='ex-social-account'><\/ul><\/div>\n                                            <\/div>\n        <p><\/p>\n    <\/div>\n<\/div>\t\t    <\/div>\n    \t\t\t\t\t\t\t<figure class=\"tpstyle-19 tppost-963\">\n  <div class=\"tpstyle-19-image\">\n    <a href=\"https:\/\/basel.upthere.studio\/?ex_team=board\" class=\"\">\n      <img decoding=\"async\" width=\"500\" height=\"500\" src=\"https:\/\/basel.upthere.studio\/\/wp-content\/uploads\/2019\/12\/Team-profile-dept-red.jpg\" class=\"attachment-full size-full wp-post-image\" alt=\"\" srcset=\"https:\/\/basel.upthere.studio\/\/wp-content\/uploads\/2019\/12\/Team-profile-dept-red.jpg 500w, https:\/\/basel.upthere.studio\/\/wp-content\/uploads\/2019\/12\/Team-profile-dept-red-300x300.jpg 300w, https:\/\/basel.upthere.studio\/\/wp-content\/uploads\/2019\/12\/Team-profile-dept-red-150x150.jpg 150w, https:\/\/basel.upthere.studio\/\/wp-content\/uploads\/2019\/12\/Team-profile-dept-red-100x100.jpg 100w, https:\/\/basel.upthere.studio\/\/wp-content\/uploads\/2019\/12\/Team-profile-dept-red-140x140.jpg 140w, https:\/\/basel.upthere.studio\/\/wp-content\/uploads\/2019\/12\/Team-profile-dept-red-350x350.jpg 350w\" sizes=\"(max-width: 500px) 100vw, 500px\" \/>          <\/a>\n    \t<p><\/p>\n\t  <\/div>\n  <figcaption>\n    <h3><a href=\"https:\/\/basel.upthere.studio\/?ex_team=board\">Board<\/a><\/h3>\n        <div class=\"tpstyle-19-icons\">\n      <ul class ='ex-social-account'><\/ul>    <\/div>\n  <\/figcaption>\n  \t<style type=\"text\/css\">\n\t\t\t\t\t#extp-7135.ex-tplist .tppost-963 h5{ color:#ae1022}\n\t\t\t#extp-7135.ex-tplist .tppost-963 .tpstyle-19-image{ border-color:#ae1022}\n\t\t\t#extp-7135.ex-tplist .tppost-963 .tpstyle-19-image:before{ border-top-color:#ae1022}\n\t\t\t#extp-7135.ex-tplist .tppost-963 { background:#ae1022}\n\t\t\n\t<\/style>\n\t<\/figure>\t\t\t\t\t<div class=\"exclearfix\"><\/div>\n\t\t\t\t\t<\/div>\n\t\t\t\t\t<\/div><div class=\"item-grid\" data-id=\"ex_id-extp-7135-869\"> \t\t\t\t\t<div class=\"exp-arrow exlightbox exlb-extp-7135\" \n\t\t\t\t\t href=\"https:\/\/basel.upthere.studio\/\/wp-content\/uploads\/2019\/12\/Test-team-DomenicoScala.jpg\" data-glightbox=\"descPosition: right;\" data-class=\"exlb-extp-7135\" >\n\t\t\t\t\t\t\t\t\t<div class=\"glightbox-desc\">\n\t\t      <div class=\"exp-lightbox-info\">\n\t<div class=\"lb-image\"><a href=\"https:\/\/basel.upthere.studio\/?ex_team=domenico-scala\"><img loading=\"lazy\" decoding=\"async\" width=\"500\" height=\"500\" src=\"https:\/\/basel.upthere.studio\/\/wp-content\/uploads\/2019\/12\/Test-team-DomenicoScala.jpg\" class=\"attachment-full size-full wp-post-image\" alt=\"\" srcset=\"https:\/\/basel.upthere.studio\/\/wp-content\/uploads\/2019\/12\/Test-team-DomenicoScala.jpg 500w, https:\/\/basel.upthere.studio\/\/wp-content\/uploads\/2019\/12\/Test-team-DomenicoScala-300x300.jpg 300w, https:\/\/basel.upthere.studio\/\/wp-content\/uploads\/2019\/12\/Test-team-DomenicoScala-150x150.jpg 150w, https:\/\/basel.upthere.studio\/\/wp-content\/uploads\/2019\/12\/Test-team-DomenicoScala-100x100.jpg 100w, https:\/\/basel.upthere.studio\/\/wp-content\/uploads\/2019\/12\/Test-team-DomenicoScala-140x140.jpg 140w, https:\/\/basel.upthere.studio\/\/wp-content\/uploads\/2019\/12\/Test-team-DomenicoScala-350x350.jpg 350w\" sizes=\"(max-width: 500px) 100vw, 500px\" \/><\/a><\/div>\n    <div class=\"lb-info\">\n        <h3><a href=\"https:\/\/basel.upthere.studio\/?ex_team=domenico-scala\">Domenico Scala<\/a><\/h3>\n        <div class=\"exp-lightbox-meta\">\n            <div class=\"lb-social\"><ul class ='ex-social-account'><li class='teampress-linkedin'><a href='https:\/\/www.linkedin.com\/in\/domenico-scala-6377113b\/'><i class='fab fa-linkedin-in'><\/i><\/a><\/li><li class='teampress-email'><a href='mailto:domenico.scala@baselarea.swiss'><i class='far fa-envelope'><\/i><\/a><\/li><\/ul><\/div>\n                          <h5><span>Position: <\/span>President<\/h5>\n                                                  <h5><span> Email: <\/span><a href=\"mailto:domenico.scala@baselarea.swiss\">domenico.scala@baselarea.swiss<\/a><\/h5>\n                    <\/div>\n        <p><p>Domenico Scala has served as President of Basel Area Business &amp; Innovation since 1 January 2016.<\/p>\n<p>He has been Chairman of the Board of Directors of Basilea Pharmaceutica AG since April 2016, Chairman of the Board of Directors of BAK Economics AG since May 2014, and Chairman of the Board of Directors of Oettinger Davidoff AG since August 2017. He is also a member of the Bank Council of the Basler Kantonalbank. In addition, Domenico Scala is a member of the Healthcare Advisory Board of an equity investment and M&amp;A company and a board member of two private US biotech companies.<\/p>\n<p>Mr Scala studied economics at the University of Basel and holds executive development degrees from INSEAD and the London Business School. He began his career working for Nestl\u00e9 and Panalpina and from 1995 to 2003 served in various senior management positions at Roche, most recently as Group Treasurer. From 2003 to 2007, Domenico Scala was CFO of Syngenta AG, and from 2007 to 2011, CEO of Nobel Biocare AG. In 2004, he was selected as a &#8220;Young Global Leader&#8221; by the World Economic Forum (WEF). Between May 2012 and May 2016, Mr Scala was Chairman of FIFA&#8217;s Audit and Compliance Committee.<\/p>\n<div id=\"highlighter--hover-tools\" style=\"display: none;\">\n<div id=\"highlighter--hover-tools--container\">\n<div class=\"highlighter--icon highlighter--icon-copy\" title=\"Copy\"><\/div>\n<div class=\"highlighter--icon highlighter--icon-change-color\" title=\"Change Color\"><\/div>\n<div class=\"highlighter--icon highlighter--icon-delete\" title=\"Delete\"><\/div>\n<\/div>\n<\/div>\n<div id=\"highlighter--hover-tools\" style=\"display: none;\">\n<div id=\"highlighter--hover-tools--container\">\n<div class=\"highlighter--icon highlighter--icon-copy\" title=\"Copy\"><\/div>\n<div class=\"highlighter--icon highlighter--icon-change-color\" title=\"Change Color\"><\/div>\n<div class=\"highlighter--icon highlighter--icon-delete\" title=\"Delete\"><\/div>\n<\/div>\n<\/div>\n    <\/div>\n<\/div>\t\t    <\/div>\n    \t\t\t\t\t\t\t<figure class=\"tpstyle-19 tppost-869\">\n  <div class=\"tpstyle-19-image\">\n    <a href=\"https:\/\/basel.upthere.studio\/?ex_team=domenico-scala\" class=\"\">\n      <img loading=\"lazy\" decoding=\"async\" width=\"500\" height=\"500\" src=\"https:\/\/basel.upthere.studio\/\/wp-content\/uploads\/2019\/12\/Test-team-DomenicoScala.jpg\" class=\"attachment-full size-full wp-post-image\" alt=\"\" srcset=\"https:\/\/basel.upthere.studio\/\/wp-content\/uploads\/2019\/12\/Test-team-DomenicoScala.jpg 500w, https:\/\/basel.upthere.studio\/\/wp-content\/uploads\/2019\/12\/Test-team-DomenicoScala-300x300.jpg 300w, https:\/\/basel.upthere.studio\/\/wp-content\/uploads\/2019\/12\/Test-team-DomenicoScala-150x150.jpg 150w, https:\/\/basel.upthere.studio\/\/wp-content\/uploads\/2019\/12\/Test-team-DomenicoScala-100x100.jpg 100w, https:\/\/basel.upthere.studio\/\/wp-content\/uploads\/2019\/12\/Test-team-DomenicoScala-140x140.jpg 140w, https:\/\/basel.upthere.studio\/\/wp-content\/uploads\/2019\/12\/Test-team-DomenicoScala-350x350.jpg 350w\" sizes=\"(max-width: 500px) 100vw, 500px\" \/>          <\/a>\n    \t<p>Click for full profile<\/p>\n\t  <\/div>\n  <figcaption>\n    <h3><a href=\"https:\/\/basel.upthere.studio\/?ex_team=domenico-scala\">Domenico Scala<\/a><\/h3>\n            <h5>President<\/h5>\n        <div class=\"tpstyle-19-icons\">\n      <ul class ='ex-social-account'><li class='teampress-linkedin'><a href='https:\/\/www.linkedin.com\/in\/domenico-scala-6377113b\/'><i class='fab fa-linkedin-in'><\/i><\/a><\/li><li class='teampress-email'><a href='mailto:domenico.scala@baselarea.swiss'><i class='far fa-envelope'><\/i><\/a><\/li><\/ul>    <\/div>\n  <\/figcaption>\n  \t<style type=\"text\/css\">\n\t\t\t\t\t#extp-7135.ex-tplist .tppost-869 h5{ color:#ae1022}\n\t\t\t#extp-7135.ex-tplist .tppost-869 .tpstyle-19-image{ border-color:#ae1022}\n\t\t\t#extp-7135.ex-tplist .tppost-869 .tpstyle-19-image:before{ border-top-color:#ae1022}\n\t\t\t#extp-7135.ex-tplist .tppost-869 { background:#ae1022}\n\t\t\n\t<\/style>\n\t<\/figure>\t\t\t\t\t<div class=\"exclearfix\"><\/div>\n\t\t\t\t\t<\/div>\n\t\t\t\t\t<\/div><div class=\"item-grid\" data-id=\"ex_id-extp-7135-902\"> \t\t\t\t\t<div class=\"exp-arrow exlightbox exlb-extp-7135\" \n\t\t\t\t\t href=\"https:\/\/basel.upthere.studio\/\/wp-content\/uploads\/2019\/12\/Team-profile-Samuel-Hess.jpg\" data-glightbox=\"descPosition: right;\" data-class=\"exlb-extp-7135\" >\n\t\t\t\t\t\t\t\t\t<div class=\"glightbox-desc\">\n\t\t      <div class=\"exp-lightbox-info\">\n\t<div class=\"lb-image\"><a href=\"https:\/\/basel.upthere.studio\/?ex_team=samuel-hess\"><img loading=\"lazy\" decoding=\"async\" width=\"500\" height=\"500\" src=\"https:\/\/basel.upthere.studio\/\/wp-content\/uploads\/2019\/12\/Team-profile-Samuel-Hess.jpg\" class=\"attachment-full size-full wp-post-image\" alt=\"\" srcset=\"https:\/\/basel.upthere.studio\/\/wp-content\/uploads\/2019\/12\/Team-profile-Samuel-Hess.jpg 500w, https:\/\/basel.upthere.studio\/\/wp-content\/uploads\/2019\/12\/Team-profile-Samuel-Hess-300x300.jpg 300w, https:\/\/basel.upthere.studio\/\/wp-content\/uploads\/2019\/12\/Team-profile-Samuel-Hess-150x150.jpg 150w, https:\/\/basel.upthere.studio\/\/wp-content\/uploads\/2019\/12\/Team-profile-Samuel-Hess-100x100.jpg 100w, https:\/\/basel.upthere.studio\/\/wp-content\/uploads\/2019\/12\/Team-profile-Samuel-Hess-140x140.jpg 140w, https:\/\/basel.upthere.studio\/\/wp-content\/uploads\/2019\/12\/Team-profile-Samuel-Hess-350x350.jpg 350w\" sizes=\"(max-width: 500px) 100vw, 500px\" \/><\/a><\/div>\n    <div class=\"lb-info\">\n        <h3><a href=\"https:\/\/basel.upthere.studio\/?ex_team=samuel-hess\">Samuel Hess<\/a><\/h3>\n        <div class=\"exp-lightbox-meta\">\n            <div class=\"lb-social\"><ul class ='ex-social-account'><li class='teampress-linkedin'><a href='https:\/\/www.linkedin.com\/in\/samuel-hess-8bb92a7\/'><i class='fab fa-linkedin-in'><\/i><\/a><\/li><li class='teampress-email'><a href='mailto:info@baselarea.swiss'><i class='far fa-envelope'><\/i><\/a><\/li><\/ul><\/div>\n                          <h5><span>Position: <\/span>Vice-President<\/h5>\n                                                  <h5><span> Email: <\/span><a href=\"mailto:info@baselarea.swiss\">info@baselarea.swiss<\/a><\/h5>\n                    <\/div>\n        <p><p>Samuel Hess (*1962) has been a member of the Management Board of i-net since April 2012 and since January 2016 member of the Management Board of Basel Area Business &amp; Innovation.<\/p>\n<p>As Head of Economic Affairs in the Office of Economy and Labour, he is responsible for economic promotion and development and policy in Canton Basel-Stadt. Hess has worked in various functions in Canton Basel-Stadt since 1998. Among other things, he was responsible for setting up and managing the city marketing operation and for the Campus Plus project with Novartis. He worked for consulting firm INFRAS in Bern and Zurich from 1991 to 1997, including a spell as project manager, and was information editor with Swiss Radio (DRS) from 1987 to 1990.<\/p>\n<p>Samuel Hess studied international relations at the University of St. Gallen and environmental and resource economics at University College London.<\/p>\n<div id=\"highlighter--hover-tools\" style=\"display: none;\">\n<div id=\"highlighter--hover-tools--container\">\n<div class=\"highlighter--icon highlighter--icon-copy\" title=\"Copy\"><\/div>\n<div class=\"highlighter--icon highlighter--icon-change-color\" title=\"Change Color\"><\/div>\n<div class=\"highlighter--icon highlighter--icon-delete\" title=\"Delete\"><\/div>\n<\/div>\n<\/div>\n<div id=\"highlighter--hover-tools\" style=\"display: none;\">\n<div id=\"highlighter--hover-tools--container\">\n<div class=\"highlighter--icon highlighter--icon-copy\" title=\"Copy\"><\/div>\n<div class=\"highlighter--icon highlighter--icon-change-color\" title=\"Change Color\"><\/div>\n<div class=\"highlighter--icon highlighter--icon-delete\" title=\"Delete\"><\/div>\n<\/div>\n<\/div>\n    <\/div>\n<\/div>\t\t    <\/div>\n    \t\t\t\t\t\t\t<figure class=\"tpstyle-19 tppost-902\">\n  <div class=\"tpstyle-19-image\">\n    <a href=\"https:\/\/basel.upthere.studio\/?ex_team=samuel-hess\" class=\"\">\n      <img loading=\"lazy\" decoding=\"async\" width=\"500\" height=\"500\" src=\"https:\/\/basel.upthere.studio\/\/wp-content\/uploads\/2019\/12\/Team-profile-Samuel-Hess.jpg\" class=\"attachment-full size-full wp-post-image\" alt=\"\" srcset=\"https:\/\/basel.upthere.studio\/\/wp-content\/uploads\/2019\/12\/Team-profile-Samuel-Hess.jpg 500w, https:\/\/basel.upthere.studio\/\/wp-content\/uploads\/2019\/12\/Team-profile-Samuel-Hess-300x300.jpg 300w, https:\/\/basel.upthere.studio\/\/wp-content\/uploads\/2019\/12\/Team-profile-Samuel-Hess-150x150.jpg 150w, https:\/\/basel.upthere.studio\/\/wp-content\/uploads\/2019\/12\/Team-profile-Samuel-Hess-100x100.jpg 100w, https:\/\/basel.upthere.studio\/\/wp-content\/uploads\/2019\/12\/Team-profile-Samuel-Hess-140x140.jpg 140w, https:\/\/basel.upthere.studio\/\/wp-content\/uploads\/2019\/12\/Team-profile-Samuel-Hess-350x350.jpg 350w\" sizes=\"(max-width: 500px) 100vw, 500px\" \/>          <\/a>\n    \t<p>Click for full profile<\/p>\n\t  <\/div>\n  <figcaption>\n    <h3><a href=\"https:\/\/basel.upthere.studio\/?ex_team=samuel-hess\">Samuel Hess<\/a><\/h3>\n            <h5>Vice-President<\/h5>\n        <div class=\"tpstyle-19-icons\">\n      <ul class ='ex-social-account'><li class='teampress-linkedin'><a href='https:\/\/www.linkedin.com\/in\/samuel-hess-8bb92a7\/'><i class='fab fa-linkedin-in'><\/i><\/a><\/li><li class='teampress-email'><a href='mailto:info@baselarea.swiss'><i class='far fa-envelope'><\/i><\/a><\/li><\/ul>    <\/div>\n  <\/figcaption>\n  \t<style type=\"text\/css\">\n\t\t\t\t\t#extp-7135.ex-tplist .tppost-902 h5{ color:#ae1022}\n\t\t\t#extp-7135.ex-tplist .tppost-902 .tpstyle-19-image{ border-color:#ae1022}\n\t\t\t#extp-7135.ex-tplist .tppost-902 .tpstyle-19-image:before{ border-top-color:#ae1022}\n\t\t\t#extp-7135.ex-tplist .tppost-902 { background:#ae1022}\n\t\t\n\t<\/style>\n\t<\/figure>\t\t\t\t\t<div class=\"exclearfix\"><\/div>\n\t\t\t\t\t<\/div>\n\t\t\t\t\t<\/div><div class=\"item-grid\" data-id=\"ex_id-extp-7135-893\"> \t\t\t\t\t<div class=\"exp-arrow exlightbox exlb-extp-7135\" \n\t\t\t\t\t href=\"https:\/\/basel.upthere.studio\/\/wp-content\/uploads\/2019\/01\/Team-profile-AhmetMuderris.jpg\" data-glightbox=\"descPosition: right;\" data-class=\"exlb-extp-7135\" >\n\t\t\t\t\t\t\t\t\t<div class=\"glightbox-desc\">\n\t\t      <div class=\"exp-lightbox-info\">\n\t<div class=\"lb-image\"><a href=\"https:\/\/basel.upthere.studio\/?ex_team=ahmet-muderris\"><img loading=\"lazy\" decoding=\"async\" width=\"500\" height=\"500\" src=\"https:\/\/basel.upthere.studio\/\/wp-content\/uploads\/2019\/01\/Team-profile-AhmetMuderris.jpg\" class=\"attachment-full size-full wp-post-image\" alt=\"\" srcset=\"https:\/\/basel.upthere.studio\/\/wp-content\/uploads\/2019\/01\/Team-profile-AhmetMuderris.jpg 500w, https:\/\/basel.upthere.studio\/\/wp-content\/uploads\/2019\/01\/Team-profile-AhmetMuderris-300x300.jpg 300w, https:\/\/basel.upthere.studio\/\/wp-content\/uploads\/2019\/01\/Team-profile-AhmetMuderris-150x150.jpg 150w, https:\/\/basel.upthere.studio\/\/wp-content\/uploads\/2019\/01\/Team-profile-AhmetMuderris-100x100.jpg 100w, https:\/\/basel.upthere.studio\/\/wp-content\/uploads\/2019\/01\/Team-profile-AhmetMuderris-140x140.jpg 140w, https:\/\/basel.upthere.studio\/\/wp-content\/uploads\/2019\/01\/Team-profile-AhmetMuderris-350x350.jpg 350w\" sizes=\"(max-width: 500px) 100vw, 500px\" \/><\/a><\/div>\n    <div class=\"lb-info\">\n        <h3><a href=\"https:\/\/basel.upthere.studio\/?ex_team=ahmet-muderris\">Ahmet Muderris<\/a><\/h3>\n        <div class=\"exp-lightbox-meta\">\n            <div class=\"lb-social\"><ul class ='ex-social-account'><li class='teampress-linkedin'><a href='https:\/\/www.linkedin.com\/in\/ahmet-muderris-2451141\/'><i class='fab fa-linkedin-in'><\/i><\/a><\/li><li class='teampress-email'><a href='mailto:info@baselarea.swiss'><i class='far fa-envelope'><\/i><\/a><\/li><\/ul><\/div>\n                          <h5><span>Position: <\/span>Member of the Board<\/h5>\n                                                  <h5><span> Email: <\/span><a href=\"mailto:info@baselarea.swiss\">info@baselarea.swiss<\/a><\/h5>\n                    <\/div>\n        <p><p>Ahmet Muderris has been a member of the Board of i-net since April 2012 and since 1 January 2016 member of the Board of Basel Area Business &amp; Innovation.<\/p>\n<p>He is Managing Director of Composite Busch S.A. in Porrentruy since 2000. He previously worked for British-based John Laing plc for 12 years, his last position being Regional Manager Central Asia.<\/p>\n<p>Ahmet Muderris studied civil engineering at Loughborough University in Great Britain and is an alumnus of Harvard Business School.<\/p>\n<div id=\"highlighter--hover-tools\" style=\"display: none;\">\n<div id=\"highlighter--hover-tools--container\">\n<div class=\"highlighter--icon highlighter--icon-copy\" title=\"Copy\"><\/div>\n<div class=\"highlighter--icon highlighter--icon-change-color\" title=\"Change Color\"><\/div>\n<div class=\"highlighter--icon highlighter--icon-delete\" title=\"Delete\"><\/div>\n<\/div>\n<\/div>\n<div id=\"highlighter--hover-tools\" style=\"display: none;\">\n<div id=\"highlighter--hover-tools--container\">\n<div class=\"highlighter--icon highlighter--icon-copy\" title=\"Copy\"><\/div>\n<div class=\"highlighter--icon highlighter--icon-change-color\" title=\"Change Color\"><\/div>\n<div class=\"highlighter--icon highlighter--icon-delete\" title=\"Delete\"><\/div>\n<\/div>\n<\/div>\n    <\/div>\n<\/div>\t\t    <\/div>\n    \t\t\t\t\t\t\t<figure class=\"tpstyle-19 tppost-893\">\n  <div class=\"tpstyle-19-image\">\n    <a href=\"https:\/\/basel.upthere.studio\/?ex_team=ahmet-muderris\" class=\"\">\n      <img loading=\"lazy\" decoding=\"async\" width=\"500\" height=\"500\" src=\"https:\/\/basel.upthere.studio\/\/wp-content\/uploads\/2019\/01\/Team-profile-AhmetMuderris.jpg\" class=\"attachment-full size-full wp-post-image\" alt=\"\" srcset=\"https:\/\/basel.upthere.studio\/\/wp-content\/uploads\/2019\/01\/Team-profile-AhmetMuderris.jpg 500w, https:\/\/basel.upthere.studio\/\/wp-content\/uploads\/2019\/01\/Team-profile-AhmetMuderris-300x300.jpg 300w, https:\/\/basel.upthere.studio\/\/wp-content\/uploads\/2019\/01\/Team-profile-AhmetMuderris-150x150.jpg 150w, https:\/\/basel.upthere.studio\/\/wp-content\/uploads\/2019\/01\/Team-profile-AhmetMuderris-100x100.jpg 100w, https:\/\/basel.upthere.studio\/\/wp-content\/uploads\/2019\/01\/Team-profile-AhmetMuderris-140x140.jpg 140w, https:\/\/basel.upthere.studio\/\/wp-content\/uploads\/2019\/01\/Team-profile-AhmetMuderris-350x350.jpg 350w\" sizes=\"(max-width: 500px) 100vw, 500px\" \/>          <\/a>\n    \t<p>Click for full profile<\/p>\n\t  <\/div>\n  <figcaption>\n    <h3><a href=\"https:\/\/basel.upthere.studio\/?ex_team=ahmet-muderris\">Ahmet Muderris<\/a><\/h3>\n            <h5>Member of the Board<\/h5>\n        <div class=\"tpstyle-19-icons\">\n      <ul class ='ex-social-account'><li class='teampress-linkedin'><a href='https:\/\/www.linkedin.com\/in\/ahmet-muderris-2451141\/'><i class='fab fa-linkedin-in'><\/i><\/a><\/li><li class='teampress-email'><a href='mailto:info@baselarea.swiss'><i class='far fa-envelope'><\/i><\/a><\/li><\/ul>    <\/div>\n  <\/figcaption>\n  \t<style type=\"text\/css\">\n\t\t\t\t\t#extp-7135.ex-tplist .tppost-893 h5{ color:#ae1022}\n\t\t\t#extp-7135.ex-tplist .tppost-893 .tpstyle-19-image{ border-color:#ae1022}\n\t\t\t#extp-7135.ex-tplist .tppost-893 .tpstyle-19-image:before{ border-top-color:#ae1022}\n\t\t\t#extp-7135.ex-tplist .tppost-893 { background:#ae1022}\n\t\t\n\t<\/style>\n\t<\/figure>\t\t\t\t\t<div class=\"exclearfix\"><\/div>\n\t\t\t\t\t<\/div>\n\t\t\t\t\t<\/div><div class=\"item-grid\" data-id=\"ex_id-extp-7135-151585\"> \t\t\t\t\t<div class=\"exp-arrow exlightbox exlb-extp-7135\" \n\t\t\t\t\t href=\"https:\/\/basel.upthere.studio\/\/wp-content\/uploads\/2023\/09\/Alexandra-Beckstein.jpg\" data-glightbox=\"descPosition: right;\" data-class=\"exlb-extp-7135\" >\n\t\t\t\t\t\t\t\t\t<div class=\"glightbox-desc\">\n\t\t      <div class=\"exp-lightbox-info\">\n\t<div class=\"lb-image\"><a href=\"https:\/\/basel.upthere.studio\/?ex_team=alexandra-beckstein\"><img loading=\"lazy\" decoding=\"async\" width=\"500\" height=\"500\" src=\"https:\/\/basel.upthere.studio\/\/wp-content\/uploads\/2023\/09\/Alexandra-Beckstein.jpg\" class=\"attachment-full size-full wp-post-image\" alt=\"\" srcset=\"https:\/\/basel.upthere.studio\/\/wp-content\/uploads\/2023\/09\/Alexandra-Beckstein.jpg 500w, https:\/\/basel.upthere.studio\/\/wp-content\/uploads\/2023\/09\/Alexandra-Beckstein-300x300.jpg 300w, https:\/\/basel.upthere.studio\/\/wp-content\/uploads\/2023\/09\/Alexandra-Beckstein-150x150.jpg 150w, https:\/\/basel.upthere.studio\/\/wp-content\/uploads\/2023\/09\/Alexandra-Beckstein-140x140.jpg 140w, https:\/\/basel.upthere.studio\/\/wp-content\/uploads\/2023\/09\/Alexandra-Beckstein-100x100.jpg 100w, https:\/\/basel.upthere.studio\/\/wp-content\/uploads\/2023\/09\/Alexandra-Beckstein-350x350.jpg 350w\" sizes=\"(max-width: 500px) 100vw, 500px\" \/><\/a><\/div>\n    <div class=\"lb-info\">\n        <h3><a href=\"https:\/\/basel.upthere.studio\/?ex_team=alexandra-beckstein\">Alexandra Beckstein<\/a><\/h3>\n        <div class=\"exp-lightbox-meta\">\n            <div class=\"lb-social\"><ul class ='ex-social-account'><li class='teampress-linkedin'><a href='https:\/\/www.linkedin.com\/in\/alexandra-beckstein\/'><i class='fab fa-linkedin-in'><\/i><\/a><\/li><li class='teampress-email'><a href='mailto:info@baselarea.swiss'><i class='far fa-envelope'><\/i><\/a><\/li><\/ul><\/div>\n                          <h5><span>Position: <\/span>Member of the Board<\/h5>\n                                                  <h5><span> Email: <\/span><a href=\"mailto:info@baselarea.swiss\">info@baselarea.swiss<\/a><\/h5>\n                    <\/div>\n        <p><p>Alexandra Beckstein has been a member of the board of Basel Area Business &amp; Innovation since 2023.<\/p>\n<p>She is the founder and head of QAI Ventures, a company focused on ecosystem building by providing capital and acceleration for quantum and AI start-ups. In the uptownBasel project, from which the company emerged, she was responsible for the strategy development as well as building the start-up ecosystem.<\/p>\n<p>Alexandra Beckstein has worked for start-ups, SMEs, and government. She founded a company in the field of renewable energy in Berlin and is author of the book Bossing It\u2014The Future Belongs to the Bold.<\/p>\n<p>Alexandra Beckstein is a geoscientist by training with advanced education in business and leadership.<\/p>\n<\/p>\n    <\/div>\n<\/div>\t\t    <\/div>\n    \t\t\t\t\t\t\t<figure class=\"tpstyle-19 tppost-151585\">\n  <div class=\"tpstyle-19-image\">\n    <a href=\"https:\/\/basel.upthere.studio\/?ex_team=alexandra-beckstein\" class=\"\">\n      <img loading=\"lazy\" decoding=\"async\" width=\"500\" height=\"500\" src=\"https:\/\/basel.upthere.studio\/\/wp-content\/uploads\/2023\/09\/Alexandra-Beckstein.jpg\" class=\"attachment-full size-full wp-post-image\" alt=\"\" srcset=\"https:\/\/basel.upthere.studio\/\/wp-content\/uploads\/2023\/09\/Alexandra-Beckstein.jpg 500w, https:\/\/basel.upthere.studio\/\/wp-content\/uploads\/2023\/09\/Alexandra-Beckstein-300x300.jpg 300w, https:\/\/basel.upthere.studio\/\/wp-content\/uploads\/2023\/09\/Alexandra-Beckstein-150x150.jpg 150w, https:\/\/basel.upthere.studio\/\/wp-content\/uploads\/2023\/09\/Alexandra-Beckstein-140x140.jpg 140w, https:\/\/basel.upthere.studio\/\/wp-content\/uploads\/2023\/09\/Alexandra-Beckstein-100x100.jpg 100w, https:\/\/basel.upthere.studio\/\/wp-content\/uploads\/2023\/09\/Alexandra-Beckstein-350x350.jpg 350w\" sizes=\"(max-width: 500px) 100vw, 500px\" \/>          <\/a>\n    \t<p>Click for full profile<\/p>\n\t  <\/div>\n  <figcaption>\n    <h3><a href=\"https:\/\/basel.upthere.studio\/?ex_team=alexandra-beckstein\">Alexandra Beckstein<\/a><\/h3>\n            <h5>Member of the Board<\/h5>\n        <div class=\"tpstyle-19-icons\">\n      <ul class ='ex-social-account'><li class='teampress-linkedin'><a href='https:\/\/www.linkedin.com\/in\/alexandra-beckstein\/'><i class='fab fa-linkedin-in'><\/i><\/a><\/li><li class='teampress-email'><a href='mailto:info@baselarea.swiss'><i class='far fa-envelope'><\/i><\/a><\/li><\/ul>    <\/div>\n  <\/figcaption>\n  \t<style type=\"text\/css\">\n\t\t\t\t\t#extp-7135.ex-tplist .tppost-151585 h5{ color:#ae1022}\n\t\t\t#extp-7135.ex-tplist .tppost-151585 .tpstyle-19-image{ border-color:#ae1022}\n\t\t\t#extp-7135.ex-tplist .tppost-151585 .tpstyle-19-image:before{ border-top-color:#ae1022}\n\t\t\t#extp-7135.ex-tplist .tppost-151585 { background:#ae1022}\n\t\t\n\t<\/style>\n\t<\/figure>\t\t\t\t\t<div class=\"exclearfix\"><\/div>\n\t\t\t\t\t<\/div>\n\t\t\t\t\t<\/div><div class=\"item-grid\" data-id=\"ex_id-extp-7135-151616\"> \t\t\t\t\t<div class=\"exp-arrow exlightbox exlb-extp-7135\" \n\t\t\t\t\t href=\"https:\/\/basel.upthere.studio\/\/wp-content\/uploads\/2023\/09\/Beat-Luthi.jpg\" data-glightbox=\"descPosition: right;\" data-class=\"exlb-extp-7135\" >\n\t\t\t\t\t\t\t\t\t<div class=\"glightbox-desc\">\n\t\t      <div class=\"exp-lightbox-info\">\n\t<div class=\"lb-image\"><a href=\"https:\/\/basel.upthere.studio\/?ex_team=beat-luthi\"><img loading=\"lazy\" decoding=\"async\" width=\"500\" height=\"500\" src=\"https:\/\/basel.upthere.studio\/\/wp-content\/uploads\/2023\/09\/Beat-Luthi.jpg\" class=\"attachment-full size-full wp-post-image\" alt=\"\" srcset=\"https:\/\/basel.upthere.studio\/\/wp-content\/uploads\/2023\/09\/Beat-Luthi.jpg 500w, https:\/\/basel.upthere.studio\/\/wp-content\/uploads\/2023\/09\/Beat-Luthi-300x300.jpg 300w, https:\/\/basel.upthere.studio\/\/wp-content\/uploads\/2023\/09\/Beat-Luthi-150x150.jpg 150w, https:\/\/basel.upthere.studio\/\/wp-content\/uploads\/2023\/09\/Beat-Luthi-140x140.jpg 140w, https:\/\/basel.upthere.studio\/\/wp-content\/uploads\/2023\/09\/Beat-Luthi-100x100.jpg 100w, https:\/\/basel.upthere.studio\/\/wp-content\/uploads\/2023\/09\/Beat-Luthi-350x350.jpg 350w\" sizes=\"(max-width: 500px) 100vw, 500px\" \/><\/a><\/div>\n    <div class=\"lb-info\">\n        <h3><a href=\"https:\/\/basel.upthere.studio\/?ex_team=beat-luthi\">Beat L\u00fcthi<\/a><\/h3>\n        <div class=\"exp-lightbox-meta\">\n            <div class=\"lb-social\"><ul class ='ex-social-account'><li class='teampress-email'><a href='mailto:info@baselarea.swiss'><i class='far fa-envelope'><\/i><\/a><\/li><\/ul><\/div>\n                          <h5><span>Position: <\/span>Member of the Board<\/h5>\n                                                  <h5><span> Email: <\/span><a href=\"mailto:info@baselarea.swiss\">info@baselarea.swiss<\/a><\/h5>\n                    <\/div>\n        <p><p>Beat L\u00fcthi has been a member of the board of Basel Area Business &amp; Innovation since 2023.<\/p>\n<p>Beat L\u00fcthi has been CEO of CTC Analytics AG, a laboratory robot maker in Zwingen, since 2008. He additionally sits on the boards of Skan in Allschwil and Apaco in Grellingen, companies that are both located in Basel-Landschaft. From 2010 to 2023, he also oversaw the company Straumann as a member of its board of directors.<\/p>\n<p>Beat L\u00fcthi\u2019s career has seen him in positions at Zellweger-Uster, Feintool, and Mettler-Toledo. He studied Electrical Technology at ETH Zurich, completed a doctorate at the BWI, the business management institute at ETH; and obtained an Executive MBA at INSEAD.<\/p>\n<\/p>\n    <\/div>\n<\/div>\t\t    <\/div>\n    \t\t\t\t\t\t\t<figure class=\"tpstyle-19 tppost-151616\">\n  <div class=\"tpstyle-19-image\">\n    <a href=\"https:\/\/basel.upthere.studio\/?ex_team=beat-luthi\" class=\"\">\n      <img loading=\"lazy\" decoding=\"async\" width=\"500\" height=\"500\" src=\"https:\/\/basel.upthere.studio\/\/wp-content\/uploads\/2023\/09\/Beat-Luthi.jpg\" class=\"attachment-full size-full wp-post-image\" alt=\"\" srcset=\"https:\/\/basel.upthere.studio\/\/wp-content\/uploads\/2023\/09\/Beat-Luthi.jpg 500w, https:\/\/basel.upthere.studio\/\/wp-content\/uploads\/2023\/09\/Beat-Luthi-300x300.jpg 300w, https:\/\/basel.upthere.studio\/\/wp-content\/uploads\/2023\/09\/Beat-Luthi-150x150.jpg 150w, https:\/\/basel.upthere.studio\/\/wp-content\/uploads\/2023\/09\/Beat-Luthi-140x140.jpg 140w, https:\/\/basel.upthere.studio\/\/wp-content\/uploads\/2023\/09\/Beat-Luthi-100x100.jpg 100w, https:\/\/basel.upthere.studio\/\/wp-content\/uploads\/2023\/09\/Beat-Luthi-350x350.jpg 350w\" sizes=\"(max-width: 500px) 100vw, 500px\" \/>          <\/a>\n    \t<p>Click for full profile<\/p>\n\t  <\/div>\n  <figcaption>\n    <h3><a href=\"https:\/\/basel.upthere.studio\/?ex_team=beat-luthi\">Beat L\u00fcthi<\/a><\/h3>\n            <h5>Member of the Board<\/h5>\n        <div class=\"tpstyle-19-icons\">\n      <ul class ='ex-social-account'><li class='teampress-email'><a href='mailto:info@baselarea.swiss'><i class='far fa-envelope'><\/i><\/a><\/li><\/ul>    <\/div>\n  <\/figcaption>\n  \t<style type=\"text\/css\">\n\t\t\t\t\t#extp-7135.ex-tplist .tppost-151616 h5{ color:#ae1022}\n\t\t\t#extp-7135.ex-tplist .tppost-151616 .tpstyle-19-image{ border-color:#ae1022}\n\t\t\t#extp-7135.ex-tplist .tppost-151616 .tpstyle-19-image:before{ border-top-color:#ae1022}\n\t\t\t#extp-7135.ex-tplist .tppost-151616 { background:#ae1022}\n\t\t\n\t<\/style>\n\t<\/figure>\t\t\t\t\t<div class=\"exclearfix\"><\/div>\n\t\t\t\t\t<\/div>\n\t\t\t\t\t<\/div><div class=\"item-grid\" data-id=\"ex_id-extp-7135-2400\"> \t\t\t\t\t<div class=\"exp-arrow exlightbox exlb-extp-7135\" \n\t\t\t\t\t href=\"https:\/\/basel.upthere.studio\/\/wp-content\/uploads\/2020\/03\/Claude-Henri_Schaller_001_15-cropped-for-site.jpg\" data-glightbox=\"descPosition: right;\" data-class=\"exlb-extp-7135\" >\n\t\t\t\t\t\t\t\t\t<div class=\"glightbox-desc\">\n\t\t      <div class=\"exp-lightbox-info\">\n\t<div class=\"lb-image\"><a href=\"https:\/\/basel.upthere.studio\/?ex_team=claude-henri-schaller\"><img loading=\"lazy\" decoding=\"async\" width=\"500\" height=\"500\" src=\"https:\/\/basel.upthere.studio\/\/wp-content\/uploads\/2020\/03\/Claude-Henri_Schaller_001_15-cropped-for-site.jpg\" class=\"attachment-full size-full wp-post-image\" alt=\"\" srcset=\"https:\/\/basel.upthere.studio\/\/wp-content\/uploads\/2020\/03\/Claude-Henri_Schaller_001_15-cropped-for-site.jpg 500w, https:\/\/basel.upthere.studio\/\/wp-content\/uploads\/2020\/03\/Claude-Henri_Schaller_001_15-cropped-for-site-300x300.jpg 300w, https:\/\/basel.upthere.studio\/\/wp-content\/uploads\/2020\/03\/Claude-Henri_Schaller_001_15-cropped-for-site-150x150.jpg 150w, https:\/\/basel.upthere.studio\/\/wp-content\/uploads\/2020\/03\/Claude-Henri_Schaller_001_15-cropped-for-site-100x100.jpg 100w, https:\/\/basel.upthere.studio\/\/wp-content\/uploads\/2020\/03\/Claude-Henri_Schaller_001_15-cropped-for-site-140x140.jpg 140w, https:\/\/basel.upthere.studio\/\/wp-content\/uploads\/2020\/03\/Claude-Henri_Schaller_001_15-cropped-for-site-350x350.jpg 350w\" sizes=\"(max-width: 500px) 100vw, 500px\" \/><\/a><\/div>\n    <div class=\"lb-info\">\n        <h3><a href=\"https:\/\/basel.upthere.studio\/?ex_team=claude-henri-schaller\">Claude-Henri Schaller<\/a><\/h3>\n        <div class=\"exp-lightbox-meta\">\n            <div class=\"lb-social\"><ul class ='ex-social-account'><li class='teampress-linkedin'><a href='https:\/\/www.linkedin.com\/in\/claude-henri-schaller-b801916b\/'><i class='fab fa-linkedin-in'><\/i><\/a><\/li><li class='teampress-email'><a href='mailto:info@baselarea.swiss'><i class='far fa-envelope'><\/i><\/a><\/li><\/ul><\/div>\n                          <h5><span>Position: <\/span>Member of the Board<\/h5>\n                                                  <h5><span> Email: <\/span><a href=\"mailto:info@baselarea.swiss\">info@baselarea.swiss<\/a><\/h5>\n                    <\/div>\n        <p><p>Claude-Henri Schaller is Head of the Office of Economy and Employment of the Republic and Canton of Jura since June 2015.\u00a0In 2012, he was elected as a full time Communal councillor, in charge of institutional, financial and economic issues, in the new Commune of Val-de-Ruz, resulting from the fusion of 15 communes and 10 intercomunal syndicates.<\/p>\n<p>In 2001 he was appointed by the Government of the Republic and Canton of Neuch\u00e2tel as Secretary general of the Departement of Education and Culture and, since 2005, of the Department of Justice, Security and Finances.\u00a0He started his career at the Swiss Red Cross Training Center, from 1991 to 1993. He moved to the Secretariat general of the Federal Department of Defence in 1994 as a staff member and was spokesman of the DoD from 1999 to 2001.<\/p>\n<p>Claude-Henri Schaller graduated in Geography and History from the University of Neuch\u00e2tel and post-graduated in International Security Policy from the Graduate Institute of International and Development Studies in Geneva. Claude-Henri Schaller is married and father of two children.<\/p>\n<div id=\"highlighter--hover-tools\" style=\"display: none;\">\n<div id=\"highlighter--hover-tools--container\">\n<div class=\"highlighter--icon highlighter--icon-copy\" title=\"Copy\"><\/div>\n<div class=\"highlighter--icon highlighter--icon-change-color\" title=\"Change Color\"><\/div>\n<div class=\"highlighter--icon highlighter--icon-delete\" title=\"Delete\"><\/div>\n<\/div>\n<\/div>\n<div id=\"highlighter--hover-tools\" style=\"display: none;\">\n<div id=\"highlighter--hover-tools--container\">\n<div class=\"highlighter--icon highlighter--icon-copy\" title=\"Copy\"><\/div>\n<div class=\"highlighter--icon highlighter--icon-change-color\" title=\"Change Color\"><\/div>\n<div class=\"highlighter--icon highlighter--icon-delete\" title=\"Delete\"><\/div>\n<\/div>\n<\/div>\n<div id=\"highlighter--hover-tools\" style=\"display: none;\">\n<div id=\"highlighter--hover-tools--container\">\n<div class=\"highlighter--icon highlighter--icon-copy\" title=\"Copy\"><\/div>\n<div class=\"highlighter--icon highlighter--icon-change-color\" title=\"Change Color\"><\/div>\n<div class=\"highlighter--icon highlighter--icon-delete\" title=\"Delete\"><\/div>\n<\/div>\n<\/div>\n    <\/div>\n<\/div>\t\t    <\/div>\n    \t\t\t\t\t\t\t<figure class=\"tpstyle-19 tppost-2400\">\n  <div class=\"tpstyle-19-image\">\n    <a href=\"https:\/\/basel.upthere.studio\/?ex_team=claude-henri-schaller\" class=\"\">\n      <img loading=\"lazy\" decoding=\"async\" width=\"500\" height=\"500\" src=\"https:\/\/basel.upthere.studio\/\/wp-content\/uploads\/2020\/03\/Claude-Henri_Schaller_001_15-cropped-for-site.jpg\" class=\"attachment-full size-full wp-post-image\" alt=\"\" srcset=\"https:\/\/basel.upthere.studio\/\/wp-content\/uploads\/2020\/03\/Claude-Henri_Schaller_001_15-cropped-for-site.jpg 500w, https:\/\/basel.upthere.studio\/\/wp-content\/uploads\/2020\/03\/Claude-Henri_Schaller_001_15-cropped-for-site-300x300.jpg 300w, https:\/\/basel.upthere.studio\/\/wp-content\/uploads\/2020\/03\/Claude-Henri_Schaller_001_15-cropped-for-site-150x150.jpg 150w, https:\/\/basel.upthere.studio\/\/wp-content\/uploads\/2020\/03\/Claude-Henri_Schaller_001_15-cropped-for-site-100x100.jpg 100w, https:\/\/basel.upthere.studio\/\/wp-content\/uploads\/2020\/03\/Claude-Henri_Schaller_001_15-cropped-for-site-140x140.jpg 140w, https:\/\/basel.upthere.studio\/\/wp-content\/uploads\/2020\/03\/Claude-Henri_Schaller_001_15-cropped-for-site-350x350.jpg 350w\" sizes=\"(max-width: 500px) 100vw, 500px\" \/>          <\/a>\n    \t<p>Click for full profile<\/p>\n\t  <\/div>\n  <figcaption>\n    <h3><a href=\"https:\/\/basel.upthere.studio\/?ex_team=claude-henri-schaller\">Claude-Henri Schaller<\/a><\/h3>\n            <h5>Member of the Board<\/h5>\n        <div class=\"tpstyle-19-icons\">\n      <ul class ='ex-social-account'><li class='teampress-linkedin'><a href='https:\/\/www.linkedin.com\/in\/claude-henri-schaller-b801916b\/'><i class='fab fa-linkedin-in'><\/i><\/a><\/li><li class='teampress-email'><a href='mailto:info@baselarea.swiss'><i class='far fa-envelope'><\/i><\/a><\/li><\/ul>    <\/div>\n  <\/figcaption>\n  \t<style type=\"text\/css\">\n\t\t\t\t\t#extp-7135.ex-tplist .tppost-2400 h5{ color:#ae1022}\n\t\t\t#extp-7135.ex-tplist .tppost-2400 .tpstyle-19-image{ border-color:#ae1022}\n\t\t\t#extp-7135.ex-tplist .tppost-2400 .tpstyle-19-image:before{ border-top-color:#ae1022}\n\t\t\t#extp-7135.ex-tplist .tppost-2400 { background:#ae1022}\n\t\t\n\t<\/style>\n\t<\/figure>\t\t\t\t\t<div class=\"exclearfix\"><\/div>\n\t\t\t\t\t<\/div>\n\t\t\t\t\t<\/div><div class=\"item-grid\" data-id=\"ex_id-extp-7135-151609\"> \t\t\t\t\t<div class=\"exp-arrow exlightbox exlb-extp-7135\" \n\t\t\t\t\t href=\"https:\/\/basel.upthere.studio\/\/wp-content\/uploads\/2023\/09\/Lukas-Schupbach.jpg\" data-glightbox=\"descPosition: right;\" data-class=\"exlb-extp-7135\" >\n\t\t\t\t\t\t\t\t\t<div class=\"glightbox-desc\">\n\t\t      <div class=\"exp-lightbox-info\">\n\t<div class=\"lb-image\"><a href=\"https:\/\/basel.upthere.studio\/?ex_team=lukas-schupbach\"><img loading=\"lazy\" decoding=\"async\" width=\"500\" height=\"500\" src=\"https:\/\/basel.upthere.studio\/\/wp-content\/uploads\/2023\/09\/Lukas-Schupbach.jpg\" class=\"attachment-full size-full wp-post-image\" alt=\"\" srcset=\"https:\/\/basel.upthere.studio\/\/wp-content\/uploads\/2023\/09\/Lukas-Schupbach.jpg 500w, https:\/\/basel.upthere.studio\/\/wp-content\/uploads\/2023\/09\/Lukas-Schupbach-300x300.jpg 300w, https:\/\/basel.upthere.studio\/\/wp-content\/uploads\/2023\/09\/Lukas-Schupbach-150x150.jpg 150w, https:\/\/basel.upthere.studio\/\/wp-content\/uploads\/2023\/09\/Lukas-Schupbach-140x140.jpg 140w, https:\/\/basel.upthere.studio\/\/wp-content\/uploads\/2023\/09\/Lukas-Schupbach-100x100.jpg 100w, https:\/\/basel.upthere.studio\/\/wp-content\/uploads\/2023\/09\/Lukas-Schupbach-350x350.jpg 350w\" sizes=\"(max-width: 500px) 100vw, 500px\" \/><\/a><\/div>\n    <div class=\"lb-info\">\n        <h3><a href=\"https:\/\/basel.upthere.studio\/?ex_team=lukas-schupbach\">Lukas Sch\u00fcpbach<\/a><\/h3>\n        <div class=\"exp-lightbox-meta\">\n            <div class=\"lb-social\"><ul class ='ex-social-account'><li class='teampress-linkedin'><a href='https:\/\/www.linkedin.com\/in\/l-schuepbach\/'><i class='fab fa-linkedin-in'><\/i><\/a><\/li><li class='teampress-email'><a href='mailto:info@baselarea.swiss'><i class='far fa-envelope'><\/i><\/a><\/li><\/ul><\/div>\n                          <h5><span>Position: <\/span>Member of the Board<\/h5>\n                                                  <h5><span> Email: <\/span><a href=\"mailto:info@baselarea.swiss\">info@baselarea.swiss<\/a><\/h5>\n                    <\/div>\n        <p><p>Lukas Sch\u00fcpbach has been a member of the board of Basel Area Business &amp; Innovation since 2023.<\/p>\n<p>He was previously CEO of Bacthera, a joint venture between Lonza &amp; Chr Hansen, and cofounder of Innojection. Lukas has also held senior leadership positions at a Roivant Sciences portfolio company, Syngenta, and Novartis. He started his career as a Principal in Management Consulting at PwC.<\/p>\n<p>Lukas Sch\u00fcpbach holds a master\u2019s degree in Business &amp; General Management from the University of Basel and a master\u2019s degree in Economics from HEC Lausanne. He is also an alumnus of several executive management programs at IMD and Harvard Business School.<\/p>\n<\/p>\n    <\/div>\n<\/div>\t\t    <\/div>\n    \t\t\t\t\t\t\t<figure class=\"tpstyle-19 tppost-151609\">\n  <div class=\"tpstyle-19-image\">\n    <a href=\"https:\/\/basel.upthere.studio\/?ex_team=lukas-schupbach\" class=\"\">\n      <img loading=\"lazy\" decoding=\"async\" width=\"500\" height=\"500\" src=\"https:\/\/basel.upthere.studio\/\/wp-content\/uploads\/2023\/09\/Lukas-Schupbach.jpg\" class=\"attachment-full size-full wp-post-image\" alt=\"\" srcset=\"https:\/\/basel.upthere.studio\/\/wp-content\/uploads\/2023\/09\/Lukas-Schupbach.jpg 500w, https:\/\/basel.upthere.studio\/\/wp-content\/uploads\/2023\/09\/Lukas-Schupbach-300x300.jpg 300w, https:\/\/basel.upthere.studio\/\/wp-content\/uploads\/2023\/09\/Lukas-Schupbach-150x150.jpg 150w, https:\/\/basel.upthere.studio\/\/wp-content\/uploads\/2023\/09\/Lukas-Schupbach-140x140.jpg 140w, https:\/\/basel.upthere.studio\/\/wp-content\/uploads\/2023\/09\/Lukas-Schupbach-100x100.jpg 100w, https:\/\/basel.upthere.studio\/\/wp-content\/uploads\/2023\/09\/Lukas-Schupbach-350x350.jpg 350w\" sizes=\"(max-width: 500px) 100vw, 500px\" \/>          <\/a>\n    \t<p>Click for full profile<\/p>\n\t  <\/div>\n  <figcaption>\n    <h3><a href=\"https:\/\/basel.upthere.studio\/?ex_team=lukas-schupbach\">Lukas Sch\u00fcpbach<\/a><\/h3>\n            <h5>Member of the Board<\/h5>\n        <div class=\"tpstyle-19-icons\">\n      <ul class ='ex-social-account'><li class='teampress-linkedin'><a href='https:\/\/www.linkedin.com\/in\/l-schuepbach\/'><i class='fab fa-linkedin-in'><\/i><\/a><\/li><li class='teampress-email'><a href='mailto:info@baselarea.swiss'><i class='far fa-envelope'><\/i><\/a><\/li><\/ul>    <\/div>\n  <\/figcaption>\n  \t<style type=\"text\/css\">\n\t\t\t\t\t#extp-7135.ex-tplist .tppost-151609 h5{ color:#ae1022}\n\t\t\t#extp-7135.ex-tplist .tppost-151609 .tpstyle-19-image{ border-color:#ae1022}\n\t\t\t#extp-7135.ex-tplist .tppost-151609 .tpstyle-19-image:before{ border-top-color:#ae1022}\n\t\t\t#extp-7135.ex-tplist .tppost-151609 { background:#ae1022}\n\t\t\n\t<\/style>\n\t<\/figure>\t\t\t\t\t<div class=\"exclearfix\"><\/div>\n\t\t\t\t\t<\/div>\n\t\t\t\t\t<\/div><div class=\"item-grid\" data-id=\"ex_id-extp-7135-151593\"> \t\t\t\t\t<div class=\"exp-arrow exlightbox exlb-extp-7135\" \n\t\t\t\t\t href=\"https:\/\/basel.upthere.studio\/\/wp-content\/uploads\/2023\/09\/Marie-Leblanc.jpg\" data-glightbox=\"descPosition: right;\" data-class=\"exlb-extp-7135\" >\n\t\t\t\t\t\t\t\t\t<div class=\"glightbox-desc\">\n\t\t      <div class=\"exp-lightbox-info\">\n\t<div class=\"lb-image\"><a href=\"https:\/\/basel.upthere.studio\/?ex_team=marie-leblanc\"><img loading=\"lazy\" decoding=\"async\" width=\"500\" height=\"500\" src=\"https:\/\/basel.upthere.studio\/\/wp-content\/uploads\/2023\/09\/Marie-Leblanc.jpg\" class=\"attachment-full size-full wp-post-image\" alt=\"\" srcset=\"https:\/\/basel.upthere.studio\/\/wp-content\/uploads\/2023\/09\/Marie-Leblanc.jpg 500w, https:\/\/basel.upthere.studio\/\/wp-content\/uploads\/2023\/09\/Marie-Leblanc-300x300.jpg 300w, https:\/\/basel.upthere.studio\/\/wp-content\/uploads\/2023\/09\/Marie-Leblanc-150x150.jpg 150w, https:\/\/basel.upthere.studio\/\/wp-content\/uploads\/2023\/09\/Marie-Leblanc-140x140.jpg 140w, https:\/\/basel.upthere.studio\/\/wp-content\/uploads\/2023\/09\/Marie-Leblanc-100x100.jpg 100w, https:\/\/basel.upthere.studio\/\/wp-content\/uploads\/2023\/09\/Marie-Leblanc-350x350.jpg 350w\" sizes=\"(max-width: 500px) 100vw, 500px\" \/><\/a><\/div>\n    <div class=\"lb-info\">\n        <h3><a href=\"https:\/\/basel.upthere.studio\/?ex_team=marie-leblanc\">Marie Leblanc<\/a><\/h3>\n        <div class=\"exp-lightbox-meta\">\n            <div class=\"lb-social\"><ul class ='ex-social-account'><li class='teampress-linkedin'><a href='https:\/\/www.linkedin.com\/in\/marieleblanc-basel\/'><i class='fab fa-linkedin-in'><\/i><\/a><\/li><li class='teampress-email'><a href='mailto:info@baselarea.swiss'><i class='far fa-envelope'><\/i><\/a><\/li><\/ul><\/div>\n                          <h5><span>Position: <\/span>Member of the Board<\/h5>\n                                                  <h5><span> Email: <\/span><a href=\"mailto:info@baselarea.swiss\">info@baselarea.swiss<\/a><\/h5>\n                    <\/div>\n        <p><p>Marie Leblanc has been a member of the board of Basel Area Business &amp; Innovation since 2023.<\/p>\n<p>She is currently Executive Vice President of Life Sciences at Biosynth. Marie started her career at Lonza in 2006 and subsequently served in various positions of increasing seniority in sales, account management, strategic marketing, and commercial development across the company\u2019s portfolio of technologies. Marie started at Biosynth in 2025.<\/p>\n<p>Marie Leblanc has a PhD in organic chemistry, polymers and computational chemistry from Aix-Marseille University, France, and holds an MBA from the University of St. Gallen, Switzerland.<\/p>\n<\/p>\n    <\/div>\n<\/div>\t\t    <\/div>\n    \t\t\t\t\t\t\t<figure class=\"tpstyle-19 tppost-151593\">\n  <div class=\"tpstyle-19-image\">\n    <a href=\"https:\/\/basel.upthere.studio\/?ex_team=marie-leblanc\" class=\"\">\n      <img loading=\"lazy\" decoding=\"async\" width=\"500\" height=\"500\" src=\"https:\/\/basel.upthere.studio\/\/wp-content\/uploads\/2023\/09\/Marie-Leblanc.jpg\" class=\"attachment-full size-full wp-post-image\" alt=\"\" srcset=\"https:\/\/basel.upthere.studio\/\/wp-content\/uploads\/2023\/09\/Marie-Leblanc.jpg 500w, https:\/\/basel.upthere.studio\/\/wp-content\/uploads\/2023\/09\/Marie-Leblanc-300x300.jpg 300w, https:\/\/basel.upthere.studio\/\/wp-content\/uploads\/2023\/09\/Marie-Leblanc-150x150.jpg 150w, https:\/\/basel.upthere.studio\/\/wp-content\/uploads\/2023\/09\/Marie-Leblanc-140x140.jpg 140w, https:\/\/basel.upthere.studio\/\/wp-content\/uploads\/2023\/09\/Marie-Leblanc-100x100.jpg 100w, https:\/\/basel.upthere.studio\/\/wp-content\/uploads\/2023\/09\/Marie-Leblanc-350x350.jpg 350w\" sizes=\"(max-width: 500px) 100vw, 500px\" \/>          <\/a>\n    \t<p>Click for full profile<\/p>\n\t  <\/div>\n  <figcaption>\n    <h3><a href=\"https:\/\/basel.upthere.studio\/?ex_team=marie-leblanc\">Marie Leblanc<\/a><\/h3>\n            <h5>Member of the Board<\/h5>\n        <div class=\"tpstyle-19-icons\">\n      <ul class ='ex-social-account'><li class='teampress-linkedin'><a href='https:\/\/www.linkedin.com\/in\/marieleblanc-basel\/'><i class='fab fa-linkedin-in'><\/i><\/a><\/li><li class='teampress-email'><a href='mailto:info@baselarea.swiss'><i class='far fa-envelope'><\/i><\/a><\/li><\/ul>    <\/div>\n  <\/figcaption>\n  \t<style type=\"text\/css\">\n\t\t\t\t\t#extp-7135.ex-tplist .tppost-151593 h5{ color:#ae1022}\n\t\t\t#extp-7135.ex-tplist .tppost-151593 .tpstyle-19-image{ border-color:#ae1022}\n\t\t\t#extp-7135.ex-tplist .tppost-151593 .tpstyle-19-image:before{ border-top-color:#ae1022}\n\t\t\t#extp-7135.ex-tplist .tppost-151593 { background:#ae1022}\n\t\t\n\t<\/style>\n\t<\/figure>\t\t\t\t\t<div class=\"exclearfix\"><\/div>\n\t\t\t\t\t<\/div>\n\t\t\t\t\t<\/div><div class=\"item-grid\" data-id=\"ex_id-extp-7135-885\"> \t\t\t\t\t<div class=\"exp-arrow exlightbox exlb-extp-7135\" \n\t\t\t\t\t href=\"https:\/\/basel.upthere.studio\/\/wp-content\/uploads\/2019\/12\/Team-profile-MartinDa\u0308twyler.jpg\" data-glightbox=\"descPosition: right;\" data-class=\"exlb-extp-7135\" >\n\t\t\t\t\t\t\t\t\t<div class=\"glightbox-desc\">\n\t\t      <div class=\"exp-lightbox-info\">\n\t<div class=\"lb-image\"><a href=\"https:\/\/basel.upthere.studio\/?ex_team=martin-datwyler\"><img loading=\"lazy\" decoding=\"async\" width=\"500\" height=\"500\" src=\"https:\/\/basel.upthere.studio\/\/wp-content\/uploads\/2019\/12\/Team-profile-MartinDa\u0308twyler.jpg\" class=\"attachment-full size-full wp-post-image\" alt=\"\" srcset=\"https:\/\/basel.upthere.studio\/\/wp-content\/uploads\/2019\/12\/Team-profile-MartinDa\u0308twyler.jpg 500w, https:\/\/basel.upthere.studio\/\/wp-content\/uploads\/2019\/12\/Team-profile-MartinDa\u0308twyler-300x300.jpg 300w, https:\/\/basel.upthere.studio\/\/wp-content\/uploads\/2019\/12\/Team-profile-MartinDa\u0308twyler-150x150.jpg 150w, https:\/\/basel.upthere.studio\/\/wp-content\/uploads\/2019\/12\/Team-profile-MartinDa\u0308twyler-100x100.jpg 100w, https:\/\/basel.upthere.studio\/\/wp-content\/uploads\/2019\/12\/Team-profile-MartinDa\u0308twyler-140x140.jpg 140w, https:\/\/basel.upthere.studio\/\/wp-content\/uploads\/2019\/12\/Team-profile-MartinDa\u0308twyler-350x350.jpg 350w\" sizes=\"(max-width: 500px) 100vw, 500px\" \/><\/a><\/div>\n    <div class=\"lb-info\">\n        <h3><a href=\"https:\/\/basel.upthere.studio\/?ex_team=martin-datwyler\">Martin D\u00e4twyler<\/a><\/h3>\n        <div class=\"exp-lightbox-meta\">\n            <div class=\"lb-social\"><ul class ='ex-social-account'><li class='teampress-linkedin'><a href='https:\/\/www.linkedin.com\/in\/martindtwyler\/'><i class='fab fa-linkedin-in'><\/i><\/a><\/li><li class='teampress-email'><a href='mailto:info@baselarea.swiss'><i class='far fa-envelope'><\/i><\/a><\/li><\/ul><\/div>\n                          <h5><span>Position: <\/span>Member of the Board<\/h5>\n                                                  <h5><span> Email: <\/span><a href=\"mailto:info@baselarea.swiss\">info@baselarea.swiss<\/a><\/h5>\n                    <\/div>\n        <p><p>Martin D\u00e4twyler (*1969) has been a member of the board of Basel Area Business &amp; Innovation since 2019.<\/p>\n<p>In 2002 he joined the HKBB Handelskammer beider Basel (Chamber of Commerce and Industry of both Basel) as head of the section transport, energy and spatial development. Prior to that, he held a leading position at the Federal Department of the Environment, Transport, Energy and Communications (DETEC). As from 2011, he led the division of location policy and was deputy director. Since April 2018 he has been managing director of the Chamber of Commerce and Industry of both Basel.<\/p>\n<p>Martin D\u00e4twyler has an excellent network in the region of Basel and beyond. He is a member of important regional, national and trinational economic bodies. In March 2019 he was elected into the legislature of the parliament in Baselland. Among other things, he is also vice president of the board of the TCS Section of both Basel.<\/p>\n<p>Martin D\u00e4twyler studied geografy and biology at the University of Bern. He also holds a postgraduate degree in NDS executive MBA integrated management and CAS in politics and economics from the University of St. Gallen.<\/p>\n<div id=\"highlighter--hover-tools\" style=\"display: none;\">\n<div id=\"highlighter--hover-tools--container\">\n<div class=\"highlighter--icon highlighter--icon-copy\" title=\"Copy\"><\/div>\n<div class=\"highlighter--icon highlighter--icon-change-color\" title=\"Change Color\"><\/div>\n<div class=\"highlighter--icon highlighter--icon-delete\" title=\"Delete\"><\/div>\n<\/div>\n<\/div>\n<div id=\"highlighter--hover-tools\" style=\"display: none;\">\n<div id=\"highlighter--hover-tools--container\">\n<div class=\"highlighter--icon highlighter--icon-copy\" title=\"Copy\"><\/div>\n<div class=\"highlighter--icon highlighter--icon-change-color\" title=\"Change Color\"><\/div>\n<div class=\"highlighter--icon highlighter--icon-delete\" title=\"Delete\"><\/div>\n<\/div>\n<\/div>\n    <\/div>\n<\/div>\t\t    <\/div>\n    \t\t\t\t\t\t\t<figure class=\"tpstyle-19 tppost-885\">\n  <div class=\"tpstyle-19-image\">\n    <a href=\"https:\/\/basel.upthere.studio\/?ex_team=martin-datwyler\" class=\"\">\n      <img loading=\"lazy\" decoding=\"async\" width=\"500\" height=\"500\" src=\"https:\/\/basel.upthere.studio\/\/wp-content\/uploads\/2019\/12\/Team-profile-MartinDa\u0308twyler.jpg\" class=\"attachment-full size-full wp-post-image\" alt=\"\" srcset=\"https:\/\/basel.upthere.studio\/\/wp-content\/uploads\/2019\/12\/Team-profile-MartinDa\u0308twyler.jpg 500w, https:\/\/basel.upthere.studio\/\/wp-content\/uploads\/2019\/12\/Team-profile-MartinDa\u0308twyler-300x300.jpg 300w, https:\/\/basel.upthere.studio\/\/wp-content\/uploads\/2019\/12\/Team-profile-MartinDa\u0308twyler-150x150.jpg 150w, https:\/\/basel.upthere.studio\/\/wp-content\/uploads\/2019\/12\/Team-profile-MartinDa\u0308twyler-100x100.jpg 100w, https:\/\/basel.upthere.studio\/\/wp-content\/uploads\/2019\/12\/Team-profile-MartinDa\u0308twyler-140x140.jpg 140w, https:\/\/basel.upthere.studio\/\/wp-content\/uploads\/2019\/12\/Team-profile-MartinDa\u0308twyler-350x350.jpg 350w\" sizes=\"(max-width: 500px) 100vw, 500px\" \/>          <\/a>\n    \t<p>Click for full profile<\/p>\n\t  <\/div>\n  <figcaption>\n    <h3><a href=\"https:\/\/basel.upthere.studio\/?ex_team=martin-datwyler\">Martin D\u00e4twyler<\/a><\/h3>\n            <h5>Member of the Board<\/h5>\n        <div class=\"tpstyle-19-icons\">\n      <ul class ='ex-social-account'><li class='teampress-linkedin'><a href='https:\/\/www.linkedin.com\/in\/martindtwyler\/'><i class='fab fa-linkedin-in'><\/i><\/a><\/li><li class='teampress-email'><a href='mailto:info@baselarea.swiss'><i class='far fa-envelope'><\/i><\/a><\/li><\/ul>    <\/div>\n  <\/figcaption>\n  \t<style type=\"text\/css\">\n\t\t\t\t\t#extp-7135.ex-tplist .tppost-885 h5{ color:#ae1022}\n\t\t\t#extp-7135.ex-tplist .tppost-885 .tpstyle-19-image{ border-color:#ae1022}\n\t\t\t#extp-7135.ex-tplist .tppost-885 .tpstyle-19-image:before{ border-top-color:#ae1022}\n\t\t\t#extp-7135.ex-tplist .tppost-885 { background:#ae1022}\n\t\t\n\t<\/style>\n\t<\/figure>\t\t\t\t\t<div class=\"exclearfix\"><\/div>\n\t\t\t\t\t<\/div>\n\t\t\t\t\t<\/div><div class=\"item-grid\" data-id=\"ex_id-extp-7135-876\"> \t\t\t\t\t<div class=\"exp-arrow exlightbox exlb-extp-7135\" \n\t\t\t\t\t href=\"https:\/\/basel.upthere.studio\/\/wp-content\/uploads\/2019\/12\/Team-profile-event-Pierre-AlainBerret.jpg\" data-glightbox=\"descPosition: right;\" data-class=\"exlb-extp-7135\" >\n\t\t\t\t\t\t\t\t\t<div class=\"glightbox-desc\">\n\t\t      <div class=\"exp-lightbox-info\">\n\t<div class=\"lb-image\"><a href=\"https:\/\/basel.upthere.studio\/?ex_team=pierre-alain-berret\"><img loading=\"lazy\" decoding=\"async\" width=\"500\" height=\"500\" src=\"https:\/\/basel.upthere.studio\/\/wp-content\/uploads\/2019\/12\/Team-profile-event-Pierre-AlainBerret.jpg\" class=\"attachment-full size-full wp-post-image\" alt=\"\" srcset=\"https:\/\/basel.upthere.studio\/\/wp-content\/uploads\/2019\/12\/Team-profile-event-Pierre-AlainBerret.jpg 500w, https:\/\/basel.upthere.studio\/\/wp-content\/uploads\/2019\/12\/Team-profile-event-Pierre-AlainBerret-300x300.jpg 300w, https:\/\/basel.upthere.studio\/\/wp-content\/uploads\/2019\/12\/Team-profile-event-Pierre-AlainBerret-150x150.jpg 150w, https:\/\/basel.upthere.studio\/\/wp-content\/uploads\/2019\/12\/Team-profile-event-Pierre-AlainBerret-100x100.jpg 100w, https:\/\/basel.upthere.studio\/\/wp-content\/uploads\/2019\/12\/Team-profile-event-Pierre-AlainBerret-140x140.jpg 140w, https:\/\/basel.upthere.studio\/\/wp-content\/uploads\/2019\/12\/Team-profile-event-Pierre-AlainBerret-350x350.jpg 350w\" sizes=\"(max-width: 500px) 100vw, 500px\" \/><\/a><\/div>\n    <div class=\"lb-info\">\n        <h3><a href=\"https:\/\/basel.upthere.studio\/?ex_team=pierre-alain-berret\">Pierre-Alain Berret<\/a><\/h3>\n        <div class=\"exp-lightbox-meta\">\n            <div class=\"lb-social\"><ul class ='ex-social-account'><li class='teampress-linkedin'><a href='https:\/\/www.linkedin.com\/in\/pierre-alain-berret-b8a7aa20\/'><i class='fab fa-linkedin-in'><\/i><\/a><\/li><li class='teampress-email'><a href='mailto:info@baselarea.swiss'><i class='far fa-envelope'><\/i><\/a><\/li><\/ul><\/div>\n                          <h5><span>Position: <\/span>Member of the Board<\/h5>\n                                                  <h5><span> Email: <\/span><a href=\"mailto:info@baselarea.swiss\">info@baselarea.swiss<\/a><\/h5>\n                    <\/div>\n        <p><p>Pierre-Alain Berret (*1968) has been a member of the management board of Basel Area Business &amp; Innovation since 2019.<\/p>\n<p>Since 1 December 2018, he has been in charge of the CCIJ Chambre de commerce et d&#8217;industrie du Jura (Jura Chamber of Commerce and Industry) in Del\u00e9mont. Previously, he held various management positions within the Federation of the Swiss watch industry and the Republic and Canton of Jura, where he acted as government spokesman for 15 years. He is a member of the board of directors of the Coll\u00e8ge et Lyc\u00e9e St-Charles, a private school with an international orientation, in Porrentruy. He was also mayor of his municipality.<\/p>\n<p>Pierre-Alain Berret studied Economic and Social Sciences at the University of Fribourg and holds a degree in Journalism.<\/p>\n<div id=\"highlighter--hover-tools\" style=\"display: none;\">\n<div id=\"highlighter--hover-tools--container\">\n<div class=\"highlighter--icon highlighter--icon-copy\" title=\"Copy\"><\/div>\n<div class=\"highlighter--icon highlighter--icon-change-color\" title=\"Change Color\"><\/div>\n<div class=\"highlighter--icon highlighter--icon-delete\" title=\"Delete\"><\/div>\n<\/div>\n<\/div>\n<div id=\"highlighter--hover-tools\" style=\"display: none;\">\n<div id=\"highlighter--hover-tools--container\">\n<div class=\"highlighter--icon highlighter--icon-copy\" title=\"Copy\"><\/div>\n<div class=\"highlighter--icon highlighter--icon-change-color\" title=\"Change Color\"><\/div>\n<div class=\"highlighter--icon highlighter--icon-delete\" title=\"Delete\"><\/div>\n<\/div>\n<\/div>\n    <\/div>\n<\/div>\t\t    <\/div>\n    \t\t\t\t\t\t\t<figure class=\"tpstyle-19 tppost-876\">\n  <div class=\"tpstyle-19-image\">\n    <a href=\"https:\/\/basel.upthere.studio\/?ex_team=pierre-alain-berret\" class=\"\">\n      <img loading=\"lazy\" decoding=\"async\" width=\"500\" height=\"500\" src=\"https:\/\/basel.upthere.studio\/\/wp-content\/uploads\/2019\/12\/Team-profile-event-Pierre-AlainBerret.jpg\" class=\"attachment-full size-full wp-post-image\" alt=\"\" srcset=\"https:\/\/basel.upthere.studio\/\/wp-content\/uploads\/2019\/12\/Team-profile-event-Pierre-AlainBerret.jpg 500w, https:\/\/basel.upthere.studio\/\/wp-content\/uploads\/2019\/12\/Team-profile-event-Pierre-AlainBerret-300x300.jpg 300w, https:\/\/basel.upthere.studio\/\/wp-content\/uploads\/2019\/12\/Team-profile-event-Pierre-AlainBerret-150x150.jpg 150w, https:\/\/basel.upthere.studio\/\/wp-content\/uploads\/2019\/12\/Team-profile-event-Pierre-AlainBerret-100x100.jpg 100w, https:\/\/basel.upthere.studio\/\/wp-content\/uploads\/2019\/12\/Team-profile-event-Pierre-AlainBerret-140x140.jpg 140w, https:\/\/basel.upthere.studio\/\/wp-content\/uploads\/2019\/12\/Team-profile-event-Pierre-AlainBerret-350x350.jpg 350w\" sizes=\"(max-width: 500px) 100vw, 500px\" \/>          <\/a>\n    \t<p>Click for full profile<\/p>\n\t  <\/div>\n  <figcaption>\n    <h3><a href=\"https:\/\/basel.upthere.studio\/?ex_team=pierre-alain-berret\">Pierre-Alain Berret<\/a><\/h3>\n            <h5>Member of the Board<\/h5>\n        <div class=\"tpstyle-19-icons\">\n      <ul class ='ex-social-account'><li class='teampress-linkedin'><a href='https:\/\/www.linkedin.com\/in\/pierre-alain-berret-b8a7aa20\/'><i class='fab fa-linkedin-in'><\/i><\/a><\/li><li class='teampress-email'><a href='mailto:info@baselarea.swiss'><i class='far fa-envelope'><\/i><\/a><\/li><\/ul>    <\/div>\n  <\/figcaption>\n  \t<style type=\"text\/css\">\n\t\t\t\t\t#extp-7135.ex-tplist .tppost-876 h5{ color:#ae1022}\n\t\t\t#extp-7135.ex-tplist .tppost-876 .tpstyle-19-image{ border-color:#ae1022}\n\t\t\t#extp-7135.ex-tplist .tppost-876 .tpstyle-19-image:before{ border-top-color:#ae1022}\n\t\t\t#extp-7135.ex-tplist .tppost-876 { background:#ae1022}\n\t\t\n\t<\/style>\n\t<\/figure>\t\t\t\t\t<div class=\"exclearfix\"><\/div>\n\t\t\t\t\t<\/div>\n\t\t\t\t\t<\/div><div class=\"item-grid\" data-id=\"ex_id-extp-7135-903\"> \t\t\t\t\t<div class=\"exp-arrow exlightbox exlb-extp-7135\" \n\t\t\t\t\t href=\"https:\/\/basel.upthere.studio\/\/wp-content\/uploads\/2021\/02\/Thomas-Kuebler.jpg\" data-glightbox=\"descPosition: right;\" data-class=\"exlb-extp-7135\" >\n\t\t\t\t\t\t\t\t\t<div class=\"glightbox-desc\">\n\t\t      <div class=\"exp-lightbox-info\">\n\t<div class=\"lb-image\"><a href=\"https:\/\/basel.upthere.studio\/?ex_team=thomas-kubler\"><img loading=\"lazy\" decoding=\"async\" width=\"500\" height=\"500\" src=\"https:\/\/basel.upthere.studio\/\/wp-content\/uploads\/2021\/02\/Thomas-Kuebler.jpg\" class=\"attachment-full size-full wp-post-image\" alt=\"Thomas-Kuebler\" srcset=\"https:\/\/basel.upthere.studio\/\/wp-content\/uploads\/2021\/02\/Thomas-Kuebler.jpg 500w, https:\/\/basel.upthere.studio\/\/wp-content\/uploads\/2021\/02\/Thomas-Kuebler-300x300.jpg 300w, https:\/\/basel.upthere.studio\/\/wp-content\/uploads\/2021\/02\/Thomas-Kuebler-150x150.jpg 150w, https:\/\/basel.upthere.studio\/\/wp-content\/uploads\/2021\/02\/Thomas-Kuebler-100x100.jpg 100w, https:\/\/basel.upthere.studio\/\/wp-content\/uploads\/2021\/02\/Thomas-Kuebler-140x140.jpg 140w, https:\/\/basel.upthere.studio\/\/wp-content\/uploads\/2021\/02\/Thomas-Kuebler-350x350.jpg 350w\" sizes=\"(max-width: 500px) 100vw, 500px\" \/><\/a><\/div>\n    <div class=\"lb-info\">\n        <h3><a href=\"https:\/\/basel.upthere.studio\/?ex_team=thomas-kubler\">Thomas K\u00fcbler<\/a><\/h3>\n        <div class=\"exp-lightbox-meta\">\n            <div class=\"lb-social\"><ul class ='ex-social-account'><li class='teampress-linkedin'><a href='https:\/\/www.linkedin.com\/in\/thomas-kbler-a45a6857\/'><i class='fab fa-linkedin-in'><\/i><\/a><\/li><li class='teampress-email'><a href='mailto:info@baselarea.swiss'><i class='far fa-envelope'><\/i><\/a><\/li><\/ul><\/div>\n                          <h5><span>Position: <\/span>Member of the Board<\/h5>\n                                                  <h5><span> Email: <\/span><a href=\"mailto:info@baselarea.swiss\">info@baselarea.swiss<\/a><\/h5>\n                    <\/div>\n        <p><p>Thomas K\u00fcbler has been on the board of Basel Area Business &amp; Innovation since 1 January 2016 as government representative of Canton Baselland.<\/p>\n<p>Thomas K\u00fcbler has been a delegate of the Governing Council of Baselland and Head of Inward Investment Promotion for Baselland since 1 January 2016. Before this he managed his own company, providing consultancy services to board directors as an economic adviser, to executive committees on strategy issues and to pension funds as an investment coach. Until 31 December 2015 he was chairman of BAKBASEL Economics and a member of the boards of Elektra Birseck M\u00fcnchenstein and the Baselland Pension Fund. For these he remains a member of the board and chairman of the investments committee.<\/p>\n<p>In previous appointments, Thomas K\u00fcbler was Head of Institutional Clients with a private bank and a delegate for regional business contacts of the Swiss National Bank in Northwest Switzerland.<\/p>\n<p>Thomas K\u00fcbler studied Business Administration at the University of St. Gallen (HSG).<\/p>\n<div id=\"highlighter--hover-tools\" style=\"display: none;\">\n<div id=\"highlighter--hover-tools--container\">\n<div class=\"highlighter--icon highlighter--icon-copy\" title=\"Copy\"><\/div>\n<div class=\"highlighter--icon highlighter--icon-change-color\" title=\"Change Color\"><\/div>\n<div class=\"highlighter--icon highlighter--icon-delete\" title=\"Delete\"><\/div>\n<\/div>\n<\/div>\n<div id=\"highlighter--hover-tools\" style=\"display: none;\">\n<div id=\"highlighter--hover-tools--container\">\n<div class=\"highlighter--icon highlighter--icon-copy\" title=\"Copy\"><\/div>\n<div class=\"highlighter--icon highlighter--icon-change-color\" title=\"Change Color\"><\/div>\n<div class=\"highlighter--icon highlighter--icon-delete\" title=\"Delete\"><\/div>\n<\/div>\n<\/div>\n<div id=\"highlighter--hover-tools\" style=\"display: none;\">\n<div id=\"highlighter--hover-tools--container\">\n<div class=\"highlighter--icon highlighter--icon-copy\" title=\"Copy\"><\/div>\n<div class=\"highlighter--icon highlighter--icon-change-color\" title=\"Change Color\"><\/div>\n<div class=\"highlighter--icon highlighter--icon-delete\" title=\"Delete\"><\/div>\n<\/div>\n<\/div>\n<div id=\"highlighter--hover-tools\" style=\"display: none;\">\n<div id=\"highlighter--hover-tools--container\">\n<div class=\"highlighter--icon highlighter--icon-copy\" title=\"Copy\"><\/div>\n<div class=\"highlighter--icon highlighter--icon-change-color\" title=\"Change Color\"><\/div>\n<div class=\"highlighter--icon highlighter--icon-delete\" title=\"Delete\"><\/div>\n<\/div>\n<\/div>\n    <\/div>\n<\/div>\t\t    <\/div>\n    \t\t\t\t\t\t\t<figure class=\"tpstyle-19 tppost-903\">\n  <div class=\"tpstyle-19-image\">\n    <a href=\"https:\/\/basel.upthere.studio\/?ex_team=thomas-kubler\" class=\"\">\n      <img loading=\"lazy\" decoding=\"async\" width=\"500\" height=\"500\" src=\"https:\/\/basel.upthere.studio\/\/wp-content\/uploads\/2021\/02\/Thomas-Kuebler.jpg\" class=\"attachment-full size-full wp-post-image\" alt=\"Thomas-Kuebler\" srcset=\"https:\/\/basel.upthere.studio\/\/wp-content\/uploads\/2021\/02\/Thomas-Kuebler.jpg 500w, https:\/\/basel.upthere.studio\/\/wp-content\/uploads\/2021\/02\/Thomas-Kuebler-300x300.jpg 300w, https:\/\/basel.upthere.studio\/\/wp-content\/uploads\/2021\/02\/Thomas-Kuebler-150x150.jpg 150w, https:\/\/basel.upthere.studio\/\/wp-content\/uploads\/2021\/02\/Thomas-Kuebler-100x100.jpg 100w, https:\/\/basel.upthere.studio\/\/wp-content\/uploads\/2021\/02\/Thomas-Kuebler-140x140.jpg 140w, https:\/\/basel.upthere.studio\/\/wp-content\/uploads\/2021\/02\/Thomas-Kuebler-350x350.jpg 350w\" sizes=\"(max-width: 500px) 100vw, 500px\" \/>          <\/a>\n    \t<p>Click for full profile<\/p>\n\t  <\/div>\n  <figcaption>\n    <h3><a href=\"https:\/\/basel.upthere.studio\/?ex_team=thomas-kubler\">Thomas K\u00fcbler<\/a><\/h3>\n            <h5>Member of the Board<\/h5>\n        <div class=\"tpstyle-19-icons\">\n      <ul class ='ex-social-account'><li class='teampress-linkedin'><a href='https:\/\/www.linkedin.com\/in\/thomas-kbler-a45a6857\/'><i class='fab fa-linkedin-in'><\/i><\/a><\/li><li class='teampress-email'><a href='mailto:info@baselarea.swiss'><i class='far fa-envelope'><\/i><\/a><\/li><\/ul>    <\/div>\n  <\/figcaption>\n  \t<style type=\"text\/css\">\n\t\t\t\t\t#extp-7135.ex-tplist .tppost-903 h5{ color:#ae1022}\n\t\t\t#extp-7135.ex-tplist .tppost-903 .tpstyle-19-image{ border-color:#ae1022}\n\t\t\t#extp-7135.ex-tplist .tppost-903 .tpstyle-19-image:before{ border-top-color:#ae1022}\n\t\t\t#extp-7135.ex-tplist .tppost-903 { background:#ae1022}\n\t\t\n\t<\/style>\n\t<\/figure>\t\t\t\t\t<div class=\"exclearfix\"><\/div>\n\t\t\t\t\t<\/div>\n\t\t\t\t\t<\/div><div class=\"item-grid\" data-id=\"ex_id-extp-7135-151603\"> \t\t\t\t\t<div class=\"exp-arrow exlightbox exlb-extp-7135\" \n\t\t\t\t\t href=\"https:\/\/basel.upthere.studio\/\/wp-content\/uploads\/2023\/09\/Ursula-Bausch.jpg\" data-glightbox=\"descPosition: right;\" data-class=\"exlb-extp-7135\" >\n\t\t\t\t\t\t\t\t\t<div class=\"glightbox-desc\">\n\t\t      <div class=\"exp-lightbox-info\">\n\t<div class=\"lb-image\"><a href=\"https:\/\/basel.upthere.studio\/?ex_team=ursula-j-bausch-phd\"><img loading=\"lazy\" decoding=\"async\" width=\"500\" height=\"500\" src=\"https:\/\/basel.upthere.studio\/\/wp-content\/uploads\/2023\/09\/Ursula-Bausch.jpg\" class=\"attachment-full size-full wp-post-image\" alt=\"\" srcset=\"https:\/\/basel.upthere.studio\/\/wp-content\/uploads\/2023\/09\/Ursula-Bausch.jpg 500w, https:\/\/basel.upthere.studio\/\/wp-content\/uploads\/2023\/09\/Ursula-Bausch-300x300.jpg 300w, https:\/\/basel.upthere.studio\/\/wp-content\/uploads\/2023\/09\/Ursula-Bausch-150x150.jpg 150w, https:\/\/basel.upthere.studio\/\/wp-content\/uploads\/2023\/09\/Ursula-Bausch-140x140.jpg 140w, https:\/\/basel.upthere.studio\/\/wp-content\/uploads\/2023\/09\/Ursula-Bausch-100x100.jpg 100w, https:\/\/basel.upthere.studio\/\/wp-content\/uploads\/2023\/09\/Ursula-Bausch-350x350.jpg 350w\" sizes=\"(max-width: 500px) 100vw, 500px\" \/><\/a><\/div>\n    <div class=\"lb-info\">\n        <h3><a href=\"https:\/\/basel.upthere.studio\/?ex_team=ursula-j-bausch-phd\">Ursula J. Bausch PhD<\/a><\/h3>\n        <div class=\"exp-lightbox-meta\">\n            <div class=\"lb-social\"><ul class ='ex-social-account'><li class='teampress-linkedin'><a href='https:\/\/www.linkedin.com\/in\/ursula-bausch\/'><i class='fab fa-linkedin-in'><\/i><\/a><\/li><li class='teampress-email'><a href='mailto:info@baselarea.swiss'><i class='far fa-envelope'><\/i><\/a><\/li><\/ul><\/div>\n                          <h5><span>Position: <\/span>Member of the Board<\/h5>\n                                                  <h5><span> Email: <\/span><a href=\"mailto:info@baselarea.swiss\">info@baselarea.swiss<\/a><\/h5>\n                    <\/div>\n        <p><p>Ursula Bausch has been a member of the board of Basel Area Business &amp; Innovation since 2023.<\/p>\n<p>In 2005, she was appointed CEO of Baccinex SA in Courroux and is President of the Board. Before that, she held positions at Pfizer in Illertissen and Bristol-Myers-Squibb in Munich as Clinical Supplies Coordinator and Clinical Trial Scientist in the Clinical Trial Management Team.<\/p>\n<p>Ursula Bausch graduated in Pharmacy at Eberhard-Karls-University, T\u00fcbingen. She completed her PhD at the Institute of Pharmaceutical Technology of the University of Basel. In 2020, she obtained an MBA from the University of Applied Sciences and Arts Northwestern Switzerland.<\/p>\n<\/p>\n    <\/div>\n<\/div>\t\t    <\/div>\n    \t\t\t\t\t\t\t<figure class=\"tpstyle-19 tppost-151603\">\n  <div class=\"tpstyle-19-image\">\n    <a href=\"https:\/\/basel.upthere.studio\/?ex_team=ursula-j-bausch-phd\" class=\"\">\n      <img loading=\"lazy\" decoding=\"async\" width=\"500\" height=\"500\" src=\"https:\/\/basel.upthere.studio\/\/wp-content\/uploads\/2023\/09\/Ursula-Bausch.jpg\" class=\"attachment-full size-full wp-post-image\" alt=\"\" srcset=\"https:\/\/basel.upthere.studio\/\/wp-content\/uploads\/2023\/09\/Ursula-Bausch.jpg 500w, https:\/\/basel.upthere.studio\/\/wp-content\/uploads\/2023\/09\/Ursula-Bausch-300x300.jpg 300w, https:\/\/basel.upthere.studio\/\/wp-content\/uploads\/2023\/09\/Ursula-Bausch-150x150.jpg 150w, https:\/\/basel.upthere.studio\/\/wp-content\/uploads\/2023\/09\/Ursula-Bausch-140x140.jpg 140w, https:\/\/basel.upthere.studio\/\/wp-content\/uploads\/2023\/09\/Ursula-Bausch-100x100.jpg 100w, https:\/\/basel.upthere.studio\/\/wp-content\/uploads\/2023\/09\/Ursula-Bausch-350x350.jpg 350w\" sizes=\"(max-width: 500px) 100vw, 500px\" \/>          <\/a>\n    \t<p>Click for full profile<\/p>\n\t  <\/div>\n  <figcaption>\n    <h3><a href=\"https:\/\/basel.upthere.studio\/?ex_team=ursula-j-bausch-phd\">Ursula J. Bausch PhD<\/a><\/h3>\n            <h5>Member of the Board<\/h5>\n        <div class=\"tpstyle-19-icons\">\n      <ul class ='ex-social-account'><li class='teampress-linkedin'><a href='https:\/\/www.linkedin.com\/in\/ursula-bausch\/'><i class='fab fa-linkedin-in'><\/i><\/a><\/li><li class='teampress-email'><a href='mailto:info@baselarea.swiss'><i class='far fa-envelope'><\/i><\/a><\/li><\/ul>    <\/div>\n  <\/figcaption>\n  \t<style type=\"text\/css\">\n\t\t\t\t\t#extp-7135.ex-tplist .tppost-151603 h5{ color:#ae1022}\n\t\t\t#extp-7135.ex-tplist .tppost-151603 .tpstyle-19-image{ border-color:#ae1022}\n\t\t\t#extp-7135.ex-tplist .tppost-151603 .tpstyle-19-image:before{ border-top-color:#ae1022}\n\t\t\t#extp-7135.ex-tplist .tppost-151603 { background:#ae1022}\n\t\t\n\t<\/style>\n\t<\/figure>\t\t\t\t\t<div class=\"exclearfix\"><\/div>\n\t\t\t\t\t<\/div>\n\t\t\t\t\t<\/div>\t\t<\/div>\n\t\t        \n\t\t\n\t\t\t<div class=\"ex-loadmore\">\n\t\t\t\t<input type=\"hidden\"  name=\"id_grid\" value=\"extp-7135\">\n\t\t\t\t<input type=\"hidden\"  name=\"num_page\" value=\"1\">\n\t\t\t\t<input type=\"hidden\"  name=\"num_page_uu\" value=\"1\">\n\t\t\t\t<input type=\"hidden\"  name=\"current_page\" value=\"1\">\n\t\t\t\t<input type=\"hidden\"  name=\"ajax_url\" value=\"https:\/\/basel.upthere.studio\/wp-admin\/admin-ajax.php\">\n\t\t\t\t<input type=\"hidden\"  name=\"param_query\" value=\"{&quot;post_type&quot;:[&quot;ex_team&quot;],&quot;posts_per_page&quot;:&quot;100&quot;,&quot;post_status&quot;:[&quot;publish&quot;,&quot;future&quot;],&quot;tag&quot;:&quot;&quot;,&quot;order&quot;:&quot;ASC&quot;,&quot;orderby&quot;:&quot;date&quot;,&quot;meta_key&quot;:&quot;&quot;,&quot;ignore_sticky_posts&quot;:1,&quot;tax_query&quot;:{&quot;relation&quot;:&quot;OR&quot;,&quot;0&quot;:{&quot;taxonomy&quot;:&quot;extp_cat&quot;,&quot;field&quot;:&quot;slug&quot;,&quot;terms&quot;:&quot;board&quot;},&quot;1&quot;:{&quot;taxonomy&quot;:&quot;extp_cat&quot;,&quot;field&quot;:&quot;slug&quot;,&quot;terms&quot;:&quot;management&quot;},&quot;2&quot;:{&quot;taxonomy&quot;:&quot;extp_cat&quot;,&quot;field&quot;:&quot;slug&quot;,&quot;terms&quot;:&quot;innovation-entrepreneurship&quot;},&quot;3&quot;:{&quot;taxonomy&quot;:&quot;extp_cat&quot;,&quot;field&quot;:&quot;slug&quot;,&quot;terms&quot;:&quot;international-markets-business-affairs&quot;},&quot;4&quot;:{&quot;taxonomy&quot;:&quot;extp_cat&quot;,&quot;field&quot;:&quot;slug&quot;,&quot;terms&quot;:&quot;marketing-communications&quot;},&quot;5&quot;:{&quot;taxonomy&quot;:&quot;extp_cat&quot;,&quot;field&quot;:&quot;slug&quot;,&quot;terms&quot;:&quot;shared-services&quot;},&quot;6&quot;:{&quot;taxonomy&quot;:&quot;extp_cat&quot;,&quot;field&quot;:&quot;slug&quot;,&quot;terms&quot;:&quot;innovation-space-infrastructure&quot;}}}\">\n\t\t\t\t<input type=\"hidden\"  name=\"param_ids\" value=\"[865,930,154902,687,157433,84343,155408,137964,138222,677,150313,638,644,158434,141588,137968,147623,951,143167,751,721,731,152032,145851,955,778,83234,141185,153960,158425,145839,158418,155827,158410,788,140054,959,807,837,136970,852,147616,847,80857,158761,151689,80166,80169,138216,827,143439,155883,155563,697,158775,152253,812,963,869,902,893,151585,151616,2400,151609,151593,885,876,903,151603]\">\n\t\t\t\t<input type=\"hidden\" id=\"param_shortcode\" name=\"param_shortcode\" value=\"{&quot;style&quot;:&quot;19&quot;,&quot;column&quot;:&quot;5&quot;,&quot;count&quot;:&quot;9&quot;,&quot;posts_per_page&quot;:&quot;100&quot;,&quot;fullcontent_in&quot;:&quot;lightbox&quot;,&quot;ids&quot;:&quot;&quot;,&quot;cat&quot;:&quot;board,management,innovation-entrepreneurship,international-markets-business-affairs,marketing-communications,shared-services,innovation-space-infrastructure&quot;,&quot;location&quot;:&quot;&quot;,&quot;order&quot;:&quot;ASC&quot;,&quot;orderby&quot;:&quot;date&quot;,&quot;meta_key&quot;:&quot;&quot;,&quot;meta_value&quot;:&quot;&quot;,&quot;number_excerpt&quot;:&quot;&quot;,&quot;alphab_filter&quot;:&quot;&quot;,&quot;search_box&quot;:&quot;show&quot;,&quot;category_style&quot;:&quot;&quot;,&quot;order_cat&quot;:&quot;yes&quot;,&quot;location_box&quot;:&quot;hide&quot;,&quot;location_style&quot;:&quot;&quot;,&quot;order_location&quot;:&quot;&quot;,&quot;masonry&quot;:&quot;&quot;,&quot;page_navi&quot;:&quot;loadmore&quot;,&quot;ID&quot;:&quot;extp-7135&quot;}\">\n\t\t<\/div>\t<\/div>\n\t[\/vc_column_text][\/vc_column][\/vc_row]\n","protected":false},"excerpt":{"rendered":"<p>[vc_row type=&#8221;full_width_background&#8221; full_screen_row_position=&#8221;middle&#8221; column_margin=&#8221;default&#8221; equal_height=&#8221;yes&#8221; content_placement=&#8221;middle&#8221; column_direction=&#8221;default&#8221; column_direction_tablet=&#8221;default&#8221; column_direction_phone=&#8221;default&#8221; bg_image=&#8221;306&#8243; bg_position=&#8221;center center&#8221; background_image_loading=&#8221;lazy-load&#8221; bg_repeat=&#8221;no-repeat&#8221; scene_position=&#8221;center&#8221; text_color=&#8221;dark&#8221; text_align=&#8221;left&#8221; row_border_radius=&#8221;none&#8221; row_border_radius_applies=&#8221;bg&#8221; overflow=&#8221;visible&#8221; class=&#8221;heroimage&#8221; overlay_strength=&#8221;0.3&#8243; gradient_direction=&#8221;left_to_right&#8221; shape_divider_position=&#8221;bottom&#8221; bg_image_animation=&#8221;none&#8221; shape_type=&#8221;&#8221; gradient_type=&#8221;default&#8221;][vc_column column_padding=&#8221;no-extra-padding&#8221; column_padding_tablet=&#8221;inherit&#8221; column_padding_phone=&#8221;inherit&#8221;&#8230;<\/p>\n","protected":false},"author":2,"featured_media":0,"parent":0,"menu_order":10,"comment_status":"closed","ping_status":"closed","template":"","meta":{"footnotes":""},"class_list":["post-383","page","type-page","status-publish"],"yoast_head":"<!-- This site is optimized with the Yoast SEO Premium plugin v26.8 (Yoast SEO v26.8) - https:\/\/yoast.com\/product\/yoast-seo-premium-wordpress\/ -->\n<title>The experts from the Basel Area team are here to help you.<\/title>\n<meta name=\"description\" content=\"Our team assists you in corporate taxes, business launch, funding, loans, real estate, technology, employment law, and more.\" \/>\n<meta name=\"robots\" content=\"noindex, follow, max-snippet:-1, max-image-preview:large, max-video-preview:-1\" \/>\n<meta property=\"og:locale\" content=\"en_US\" \/>\n<meta property=\"og:type\" content=\"article\" \/>\n<meta property=\"og:title\" content=\"Team\" \/>\n<meta property=\"og:description\" content=\"Our team assists you in corporate taxes, business launch, funding, loans, real estate, technology, employment law, and more.\" \/>\n<meta property=\"og:url\" content=\"https:\/\/basel.upthere.studio\/?page_id=383\" \/>\n<meta property=\"og:site_name\" content=\"Basel Area Business &amp; Innovation\" \/>\n<meta property=\"article:modified_time\" content=\"2024-08-27T09:44:30+00:00\" \/>\n<meta property=\"og:image\" content=\"https:\/\/basel.upthere.studio\/\/wp-content\/uploads\/2020\/06\/2560x1440.jpg\" \/>\n\t<meta property=\"og:image:width\" content=\"2560\" \/>\n\t<meta property=\"og:image:height\" content=\"1440\" \/>\n\t<meta property=\"og:image:type\" content=\"image\/jpeg\" \/>\n<meta name=\"twitter:card\" content=\"summary_large_image\" \/>\n<meta name=\"twitter:site\" content=\"@BaselArea\" \/>\n<meta name=\"twitter:label1\" content=\"Est. reading time\" \/>\n\t<meta name=\"twitter:data1\" content=\"2 minutes\" \/>\n<script type=\"application\/ld+json\" class=\"yoast-schema-graph\">{\"@context\":\"https:\/\/schema.org\",\"@graph\":[{\"@type\":\"WebPage\",\"@id\":\"https:\/\/basel.upthere.studio\/?page_id=383\",\"url\":\"https:\/\/basel.upthere.studio\/?page_id=383\",\"name\":\"The experts from the Basel Area team are here to help you.\",\"isPartOf\":{\"@id\":\"https:\/\/basel.upthere.studio\/#website\"},\"datePublished\":\"2019-12-03T12:47:54+00:00\",\"dateModified\":\"2024-08-27T09:44:30+00:00\",\"description\":\"Our team assists you in corporate taxes, business launch, funding, loans, real estate, technology, employment law, and more.\",\"breadcrumb\":{\"@id\":\"https:\/\/basel.upthere.studio\/?page_id=383#breadcrumb\"},\"inLanguage\":\"en-US\",\"potentialAction\":[{\"@type\":\"ReadAction\",\"target\":[\"https:\/\/basel.upthere.studio\/?page_id=383\"]}]},{\"@type\":\"BreadcrumbList\",\"@id\":\"https:\/\/basel.upthere.studio\/?page_id=383#breadcrumb\",\"itemListElement\":[{\"@type\":\"ListItem\",\"position\":1,\"name\":\"Home\",\"item\":\"https:\/\/basel.upthere.studio\/\"},{\"@type\":\"ListItem\",\"position\":2,\"name\":\"Team\"}]},{\"@type\":\"WebSite\",\"@id\":\"https:\/\/basel.upthere.studio\/#website\",\"url\":\"https:\/\/basel.upthere.studio\/\",\"name\":\"Basel Area Business &amp; Innovation\",\"description\":\"About Basel Area Business &amp; Innovation\",\"potentialAction\":[{\"@type\":\"SearchAction\",\"target\":{\"@type\":\"EntryPoint\",\"urlTemplate\":\"https:\/\/basel.upthere.studio\/?s={search_term_string}\"},\"query-input\":{\"@type\":\"PropertyValueSpecification\",\"valueRequired\":true,\"valueName\":\"search_term_string\"}}],\"inLanguage\":\"en-US\"}]}<\/script>\n<!-- \/ Yoast SEO Premium plugin. -->","yoast_head_json":{"title":"The experts from the Basel Area team are here to help you.","description":"Our team assists you in corporate taxes, business launch, funding, loans, real estate, technology, employment law, and more.","robots":{"index":"noindex","follow":"follow","max-snippet":"max-snippet:-1","max-image-preview":"max-image-preview:large","max-video-preview":"max-video-preview:-1"},"og_locale":"en_US","og_type":"article","og_title":"Team","og_description":"Our team assists you in corporate taxes, business launch, funding, loans, real estate, technology, employment law, and more.","og_url":"https:\/\/basel.upthere.studio\/?page_id=383","og_site_name":"Basel Area Business &amp; Innovation","article_modified_time":"2024-08-27T09:44:30+00:00","og_image":[{"width":2560,"height":1440,"url":"https:\/\/basel.upthere.studio\/\/wp-content\/uploads\/2020\/06\/2560x1440.jpg","type":"image\/jpeg"}],"twitter_card":"summary_large_image","twitter_site":"@BaselArea","twitter_misc":{"Est. reading time":"2 minutes"},"schema":{"@context":"https:\/\/schema.org","@graph":[{"@type":"WebPage","@id":"https:\/\/basel.upthere.studio\/?page_id=383","url":"https:\/\/basel.upthere.studio\/?page_id=383","name":"The experts from the Basel Area team are here to help you.","isPartOf":{"@id":"https:\/\/basel.upthere.studio\/#website"},"datePublished":"2019-12-03T12:47:54+00:00","dateModified":"2024-08-27T09:44:30+00:00","description":"Our team assists you in corporate taxes, business launch, funding, loans, real estate, technology, employment law, and more.","breadcrumb":{"@id":"https:\/\/basel.upthere.studio\/?page_id=383#breadcrumb"},"inLanguage":"en-US","potentialAction":[{"@type":"ReadAction","target":["https:\/\/basel.upthere.studio\/?page_id=383"]}]},{"@type":"BreadcrumbList","@id":"https:\/\/basel.upthere.studio\/?page_id=383#breadcrumb","itemListElement":[{"@type":"ListItem","position":1,"name":"Home","item":"https:\/\/basel.upthere.studio\/"},{"@type":"ListItem","position":2,"name":"Team"}]},{"@type":"WebSite","@id":"https:\/\/basel.upthere.studio\/#website","url":"https:\/\/basel.upthere.studio\/","name":"Basel Area Business &amp; Innovation","description":"About Basel Area Business &amp; Innovation","potentialAction":[{"@type":"SearchAction","target":{"@type":"EntryPoint","urlTemplate":"https:\/\/basel.upthere.studio\/?s={search_term_string}"},"query-input":{"@type":"PropertyValueSpecification","valueRequired":true,"valueName":"search_term_string"}}],"inLanguage":"en-US"}]}},"_links":{"self":[{"href":"https:\/\/basel.upthere.studio\/index.php?rest_route=\/wp\/v2\/pages\/383","targetHints":{"allow":["GET"]}}],"collection":[{"href":"https:\/\/basel.upthere.studio\/index.php?rest_route=\/wp\/v2\/pages"}],"about":[{"href":"https:\/\/basel.upthere.studio\/index.php?rest_route=\/wp\/v2\/types\/page"}],"author":[{"embeddable":true,"href":"https:\/\/basel.upthere.studio\/index.php?rest_route=\/wp\/v2\/users\/2"}],"replies":[{"embeddable":true,"href":"https:\/\/basel.upthere.studio\/index.php?rest_route=%2Fwp%2Fv2%2Fcomments&post=383"}],"version-history":[{"count":42,"href":"https:\/\/basel.upthere.studio\/index.php?rest_route=\/wp\/v2\/pages\/383\/revisions"}],"predecessor-version":[{"id":158852,"href":"https:\/\/basel.upthere.studio\/index.php?rest_route=\/wp\/v2\/pages\/383\/revisions\/158852"}],"wp:attachment":[{"href":"https:\/\/basel.upthere.studio\/index.php?rest_route=%2Fwp%2Fv2%2Fmedia&parent=383"}],"curies":[{"name":"wp","href":"https:\/\/api.w.org\/{rel}","templated":true}]}}